{"id":1529,"date":"2021-04-16T15:51:17","date_gmt":"2021-04-16T18:51:17","guid":{"rendered":"https:\/\/www.samnaz.org\/?page_id=1529"},"modified":"2026-03-02T12:02:19","modified_gmt":"2026-03-02T15:02:19","slug":"nuestro-equipo","status":"publish","type":"page","link":"https:\/\/www.samnaz.org\/pt\/nuestro-equipo\/","title":{"rendered":"Nossa equipe"},"content":{"rendered":"<p>[et_pb_section fb_built=\u00bb1&#8243; _builder_version=\u00bb4.16&#8243; _module_preset=\u00bbdefault\u00bb background_image=\u00bbhttps:\/\/www.samnaz.org\/wp-content\/uploads\/2021\/04\/Nuestro-equipo-1680x-min.png\u00bb z_index=\u00bb2&#8243; custom_padding=\u00bb||0px|||\u00bb global_colors_info=\u00bb{}\u00bb][et_pb_row _builder_version=\u00bb4.16&#8243; _module_preset=\u00bbdefault\u00bb global_colors_info=\u00bb{}\u00bb][et_pb_column type=\u00bb4_4&#8243; _builder_version=\u00bb4.16&#8243; _module_preset=\u00bbdefault\u00bb global_colors_info=\u00bb{}\u00bb][et_pb_text _builder_version=\u00bb4.16&#8243; _dynamic_attributes=\u00bbcontent\u00bb _module_preset=\u00bbdefault\u00bb text_font=\u00bb|600|||||||\u00bb text_text_color=\u00bb#FFFFFF\u00bb text_font_size=\u00bb50px\u00bb header_text_color=\u00bb#FFFFFF\u00bb header_font_size=\u00bb50px\u00bb background_color=\u00bb#000000&#8243; transform_translate=\u00bb0px|142px\u00bb text_orientation=\u00bbcenter\u00bb width=\u00bb44%\u00bb width_tablet=\u00bb95%\u00bb width_phone=\u00bb100%\u00bb width_last_edited=\u00bbon|phone\u00bb module_alignment=\u00bbcenter\u00bb custom_padding=\u00bb30px||30px||true|false\u00bb text_font_size_tablet=\u00bb\u00bb text_font_size_phone=\u00bb30px\u00bb text_font_size_last_edited=\u00bbon|phone\u00bb global_colors_info=\u00bb{}\u00bb]@ET-DC@eyJkeW5hbWljIjp0cnVlLCJjb250ZW50IjoicG9zdF90aXRsZSIsInNldHRpbmdzIjp7ImJlZm9yZSI6IiIsImFmdGVyIjoiIn19@[\/et_pb_text][\/et_pb_column][\/et_pb_row][et_pb_row custom_padding_last_edited=\u00bbon|tablet\u00bb _builder_version=\u00bb4.16&#8243; _module_preset=\u00bbdefault\u00bb transform_translate=\u00bb0px|59px\u00bb custom_margin=\u00bb0px||0px||false|false\u00bb custom_padding=\u00bb0px|||||\u00bb custom_padding_tablet=\u00bb0px|0px||0px|false|false\u00bb custom_padding_phone=\u00bb\u00bb global_colors_info=\u00bb{}\u00bb][et_pb_column type=\u00bb4_4&#8243; _builder_version=\u00bb4.16&#8243; _module_preset=\u00bbdefault\u00bb global_colors_info=\u00bb{}\u00bb][et_pb_text _builder_version=\u00bb4.16&#8243; _module_preset=\u00bbdefault\u00bb text_text_color=\u00bb#FFFFFF\u00bb text_font_size=\u00bb20px\u00bb background_enable_color=\u00bboff\u00bb use_background_color_gradient=\u00bbon\u00bb background_color_gradient_direction=\u00bb65deg\u00bb background_color_gradient_stops=\u00bbrgba(43,135,218,0.9) 0%|rgba(41,196,169,0.9) 82%\u00bb background_color_gradient_start=\u00bbrgba(43,135,218,0.9)\u00bb background_color_gradient_end=\u00bbrgba(41,196,169,0.9)\u00bb background_color_gradient_end_position=\u00bb82%\u00bb width=\u00bb100%\u00bb max_width=\u00bb100%\u00bb module_alignment=\u00bbcenter\u00bb custom_padding=\u00bb70px|200px|70px|200px|false|false\u00bb custom_padding_tablet=\u00bb70px|30px|70px|30px|false|false\u00bb custom_padding_phone=\u00bb|10px||10px|false|false\u00bb custom_padding_last_edited=\u00bbon|phone\u00bb border_width_all=\u00bb2px\u00bb border_color_all=\u00bb#FFFFFF\u00bb global_colors_info=\u00bb{}\u00bb]<\/p>\n<p style=\"text-align: center;\" class=\"translation-block\"><p>Nosso prop\u00f3sito \u00e9 a multiplica\u00e7\u00e3o de&nbsp;<strong>servos-disc\u00edpulos-l\u00edderes<\/strong>&nbsp;do&nbsp;<strong>Senhor Jesus Cristo<\/strong>, comprometidos a serem semelhantes a Ele, e desenvolver a igreja local de maneira abrangente para estabelecer o reino de Deus em sua comunidade, facilitando assim o cumprimento da&nbsp;<strong>Grande Comiss\u00e3o<\/strong>.<\/p><\/p>\n<p>[\/et_pb_text][\/et_pb_column][\/et_pb_row][\/et_pb_section][et_pb_section fb_built=\u00bb1&#8243; fullwidth=\u00bbon\u00bb _builder_version=\u00bb4.16&#8243; _module_preset=\u00bbdefault\u00bb global_colors_info=\u00bb{}\u00bb][et_pb_fullwidth_image src=\u00bbhttps:\/\/www.samnaz.org\/wp-content\/uploads\/2021\/01\/dotted-grid-black.png\u00bb title_text=\u00bbdotted-grid-black\u00bb _builder_version=\u00bb4.16&#8243; _module_preset=\u00bbdefault\u00bb transform_translate=\u00bb0px|4px\u00bb global_colors_info=\u00bb{}\u00bb][\/et_pb_fullwidth_image][\/et_pb_section][et_pb_section fb_built=\u00bb1&#8243; _builder_version=\u00bb4.17.2&#8243; _module_preset=\u00bbdefault\u00bb global_colors_info=\u00bb{}\u00bb][et_pb_row _builder_version=\u00bb4.16&#8243; _module_preset=\u00bbdefault\u00bb global_colors_info=\u00bb{}\u00bb][et_pb_column type=\u00bb4_4&#8243; _builder_version=\u00bb4.16&#8243; _module_preset=\u00bbdefault\u00bb global_colors_info=\u00bb{}\u00bb][et_pb_text _builder_version=\u00bb4.16&#8243; _module_preset=\u00bbdefault\u00bb width=\u00bb500px\u00bb width_tablet=\u00bb\u00bb width_phone=\u00bb100%\u00bb width_last_edited=\u00bbon|phone\u00bb global_colors_info=\u00bb{}\u00bb]<\/p>\n<h1 style=\"text-align: center;\" class=\"puntosBlack\"><strong>CONHE\u00c7A NOSSA EQUIPE\u00a0<\/strong><\/h1>\n<p>[\/et_pb_text][\/et_pb_column][\/et_pb_row][et_pb_row column_structure=\u00bb1_3,1_3,1_3&#8243; module_class=\u00bbmaginNorm\u00bb _builder_version=\u00bb4.16&#8243; _module_preset=\u00bbdefault\u00bb width=\u00bb100%\u00bb max_width=\u00bb1400px\u00bb max_width_tablet=\u00bb\u00bb max_width_phone=\u00bb\u00bb max_width_last_edited=\u00bbon|desktop\u00bb module_alignment=\u00bbcenter\u00bb custom_margin=\u00bb||||false|false\u00bb locked=\u00bboff\u00bb global_colors_info=\u00bb{}\u00bb][et_pb_column type=\u00bb1_3&#8243; _builder_version=\u00bb4.16&#8243; _module_preset=\u00bbdefault\u00bb global_colors_info=\u00bb{}\u00bb][et_pb_team_member name=\u00bbAlessandro Polonio\u00bb position=\u00bbDirector Regional\u00bb image_url=\u00bbhttps:\/\/www.samnaz.org\/wp-content\/uploads\/2022\/05\/10.png\u00bb module_class=\u00bbboxTeam\u00bb _builder_version=\u00bb4.24.0&#8243; _module_preset=\u00bbdefault\u00bb header_font_size=\u00bb20px\u00bb header_line_height=\u00bb1.3em\u00bb position_font_size=\u00bb16px\u00bb module_alignment=\u00bbcenter\u00bb custom_padding=\u00bb||||false|false\u00bb custom_padding_tablet=\u00bb|||20px|false|false\u00bb custom_padding_phone=\u00bb\u00bb custom_padding_last_edited=\u00bbon|tablet\u00bb border_radii_image=\u00bbon|100px|100px|100px|100px\u00bb global_colors_info=\u00bb{}\u00bb][\/et_pb_team_member][\/et_pb_column][et_pb_column type=\u00bb1_3&#8243; _builder_version=\u00bb4.16&#8243; _module_preset=\u00bbdefault\u00bb global_colors_info=\u00bb{}\u00bb][et_pb_team_member name=\u00bbDr. Carla D. Sunberg\u00bb position=\u00bbSuperintendente General en Jurisdicci\u00f3n\u00bb image_url=\u00bbhttps:\/\/www.samnaz.org\/wp-content\/uploads\/2026\/03\/Sunberg.webp\u00bb module_class=\u00bbboxTeam\u00bb _builder_version=\u00bb4.27.6&#8243; _module_preset=\u00bbdefault\u00bb header_font_size=\u00bb20px\u00bb header_line_height=\u00bb1.3em\u00bb position_font_size=\u00bb16px\u00bb module_alignment=\u00bbcenter\u00bb custom_margin=\u00bb|||-2px||\u00bb custom_padding=\u00bb||||false|false\u00bb custom_padding_tablet=\u00bb|||20px|false|false\u00bb custom_padding_phone=\u00bb\u00bb custom_padding_last_edited=\u00bbon|tablet\u00bb border_radii_image=\u00bbon|100px|100px|100px|100px\u00bb global_colors_info=\u00bb{}\u00bb][\/et_pb_team_member][\/et_pb_column][et_pb_column type=\u00bb1_3&#8243; _builder_version=\u00bb4.16&#8243; _module_preset=\u00bbdefault\u00bb global_colors_info=\u00bb{}\u00bb][et_pb_team_member name=\u00bbLucas Neves\u00bb position=\u00bbCoordinador de Finanzas\u00bb image_url=\u00bbhttps:\/\/www.samnaz.org\/wp-content\/uploads\/2025\/04\/Lucas-Neves.jpg\u00bb module_class=\u00bbboxTeam\u00bb _builder_version=\u00bb4.27.4&#8243; _module_preset=\u00bbdefault\u00bb header_font_size=\u00bb20px\u00bb header_line_height=\u00bb1.3em\u00bb position_font_size=\u00bb16px\u00bb module_alignment=\u00bbcenter\u00bb custom_padding=\u00bb||||false|false\u00bb custom_padding_tablet=\u00bb|||20px|false|false\u00bb custom_padding_phone=\u00bb\u00bb custom_padding_last_edited=\u00bbon|tablet\u00bb border_radii_image=\u00bbon|100px|100px|100px|100px\u00bb locked=\u00bboff\u00bb global_colors_info=\u00bb{}\u00bb][\/et_pb_team_member][\/et_pb_column][\/et_pb_row][et_pb_row column_structure=\u00bb1_3,1_3,1_3&#8243; module_class=\u00bbmaginNorm\u00bb _builder_version=\u00bb4.16&#8243; _module_preset=\u00bbdefault\u00bb width=\u00bb100%\u00bb max_width=\u00bb1400px\u00bb max_width_tablet=\u00bb\u00bb max_width_phone=\u00bb\u00bb max_width_last_edited=\u00bbon|desktop\u00bb module_alignment=\u00bbcenter\u00bb custom_margin=\u00bb||||false|false\u00bb locked=\u00bboff\u00bb global_colors_info=\u00bb{}\u00bb][et_pb_column type=\u00bb1_3&#8243; _builder_version=\u00bb4.16&#8243; _module_preset=\u00bbdefault\u00bb global_colors_info=\u00bb{}\u00bb][et_pb_team_member name=\u00bbLucas Neves\u00bb position=\u00bbAuditor Regional\u00bb image_url=\u00bbhttps:\/\/www.samnaz.org\/wp-content\/uploads\/2025\/04\/Lucas-Neves.jpg\u00bb module_class=\u00bbboxTeam\u00bb _builder_version=\u00bb4.27.4&#8243; _module_preset=\u00bbdefault\u00bb header_font_size=\u00bb20px\u00bb header_line_height=\u00bb1.3em\u00bb position_font_size=\u00bb16px\u00bb module_alignment=\u00bbcenter\u00bb custom_padding=\u00bb||||false|false\u00bb custom_padding_tablet=\u00bb|||20px|false|false\u00bb custom_padding_phone=\u00bb\u00bb custom_padding_last_edited=\u00bbon|tablet\u00bb border_radii_image=\u00bbon|100px|100px|100px|100px\u00bb global_colors_info=\u00bb{}\u00bb][\/et_pb_team_member][\/et_pb_column][et_pb_column type=\u00bb1_3&#8243; _builder_version=\u00bb4.16&#8243; _module_preset=\u00bbdefault\u00bb global_colors_info=\u00bb{}\u00bb][et_pb_team_member name=\u00bbCaroline Neves\u00bb position=\u00bbSecretaria Jurisdiccional\u00bb image_url=\u00bbhttps:\/\/www.samnaz.org\/wp-content\/uploads\/2022\/05\/08.png\u00bb module_class=\u00bbboxTeam\u00bb _builder_version=\u00bb4.17.2&#8243; _module_preset=\u00bbdefault\u00bb header_font_size=\u00bb20px\u00bb header_line_height=\u00bb1.3em\u00bb position_font_size=\u00bb16px\u00bb module_alignment=\u00bbcenter\u00bb custom_margin=\u00bb||||false|false\u00bb custom_padding=\u00bb|||3px|false|false\u00bb custom_padding_tablet=\u00bb|||20px|false|false\u00bb custom_padding_phone=\u00bb\u00bb custom_padding_last_edited=\u00bbon|desktop\u00bb border_radii_image=\u00bbon|100px|100px|100px|100px\u00bb global_colors_info=\u00bb{}\u00bb][\/et_pb_team_member][et_pb_team_member name=\u00bbScott Armstrong\u00bb position=\u00bbAsistente Regional: Proyectos Estrat\u00e9gicos\u00bb image_url=\u00bbhttps:\/\/www.samnaz.org\/wp-content\/uploads\/2024\/07\/Scott-torso.jpg\u00bb module_class=\u00bbboxTeam\u00bb _builder_version=\u00bb4.27.6&#8243; _module_preset=\u00bbdefault\u00bb header_font_size=\u00bb20px\u00bb header_line_height=\u00bb1.3em\u00bb position_font_size=\u00bb16px\u00bb module_alignment=\u00bbcenter\u00bb custom_margin=\u00bb||||false|false\u00bb custom_padding=\u00bb|||3px|false|false\u00bb custom_padding_tablet=\u00bb|||20px|false|false\u00bb custom_padding_phone=\u00bb\u00bb custom_padding_last_edited=\u00bbon|desktop\u00bb border_radii_image=\u00bbon|100px|100px|100px|100px\u00bb global_colors_info=\u00bb{}\u00bb][\/et_pb_team_member][\/et_pb_column][et_pb_column type=\u00bb1_3&#8243; _builder_version=\u00bb4.16&#8243; _module_preset=\u00bbdefault\u00bb global_colors_info=\u00bb{}\u00bb][et_pb_team_member name=\u00bbEmily Armstrong\u00bb position=\u00bbCoordinadora de Personal Misionero\u00bb image_url=\u00bbhttps:\/\/www.samnaz.org\/wp-content\/uploads\/2024\/07\/emily.jpg\u00bb module_class=\u00bbboxTeam\u00bb _builder_version=\u00bb4.26.0&#8243; _module_preset=\u00bbdefault\u00bb header_font=\u00bb||||||||\u00bb header_font_size=\u00bb20px\u00bb header_line_height=\u00bb1.3em\u00bb position_font_size=\u00bb16px\u00bb module_alignment=\u00bbcenter\u00bb custom_margin=\u00bb||1px|||\u00bb custom_padding=\u00bb||||false|false\u00bb custom_padding_tablet=\u00bb|||20px|false|false\u00bb custom_padding_phone=\u00bb\u00bb custom_padding_last_edited=\u00bbon|tablet\u00bb border_radii_image=\u00bbon|100px|100px|100px|100px\u00bb global_colors_info=\u00bb{}\u00bb][\/et_pb_team_member][\/et_pb_column][\/et_pb_row][et_pb_row _builder_version=\u00bb4.16&#8243; _module_preset=\u00bbdefault\u00bb global_colors_info=\u00bb{}\u00bb][et_pb_column type=\u00bb4_4&#8243; _builder_version=\u00bb4.16&#8243; _module_preset=\u00bbdefault\u00bb global_colors_info=\u00bb{}\u00bb][et_pb_text _builder_version=\u00bb4.26.0&#8243; _module_preset=\u00bbdefault\u00bb width=\u00bb600px\u00bb width_tablet=\u00bb\u00bb width_phone=\u00bb100%\u00bb width_last_edited=\u00bbon|phone\u00bb module_alignment=\u00bbcenter\u00bb custom_padding=\u00bb||||false|false\u00bb global_colors_info=\u00bb{}\u00bb]<\/p>\n<h2 style=\"text-align: center;\" class=\"puntosBlack\"><strong>Coordinadores de Estrategia de \u00c1rea<\/strong><\/h2>\n<p>[\/et_pb_text][\/et_pb_column][\/et_pb_row][et_pb_row column_structure=\u00bb1_3,1_3,1_3&#8243; module_class=\u00bbmaginNorm\u00bb _builder_version=\u00bb4.16&#8243; _module_preset=\u00bbdefault\u00bb width=\u00bb100%\u00bb max_width=\u00bb1400px\u00bb max_width_tablet=\u00bb\u00bb max_width_phone=\u00bb\u00bb max_width_last_edited=\u00bbon|desktop\u00bb module_alignment=\u00bbcenter\u00bb custom_margin=\u00bb||||false|false\u00bb locked=\u00bboff\u00bb global_colors_info=\u00bb{}\u00bb][et_pb_column type=\u00bb1_3&#8243; _builder_version=\u00bb4.16&#8243; _module_preset=\u00bbdefault\u00bb global_colors_info=\u00bb{}\u00bb][et_pb_team_member name=\u00bbJuan Carlos Soto\u00bb position=\u00bbAndino Norte\u00bb image_url=\u00bbhttps:\/\/www.samnaz.org\/wp-content\/uploads\/2022\/05\/06.png\u00bb module_class=\u00bbboxTeam\u00bb _builder_version=\u00bb4.24.0&#8243; _module_preset=\u00bbdefault\u00bb header_font_size=\u00bb20px\u00bb header_line_height=\u00bb1.3em\u00bb position_font_size=\u00bb16px\u00bb module_alignment=\u00bbcenter\u00bb custom_padding=\u00bb||||false|false\u00bb custom_padding_tablet=\u00bb|||20px|false|false\u00bb custom_padding_phone=\u00bb\u00bb custom_padding_last_edited=\u00bbon|tablet\u00bb border_radii_image=\u00bbon|100px|100px|100px|100px\u00bb global_colors_info=\u00bb{}\u00bb][\/et_pb_team_member][\/et_pb_column][et_pb_column type=\u00bb1_3&#8243; _builder_version=\u00bb4.16&#8243; _module_preset=\u00bbdefault\u00bb global_colors_info=\u00bb{}\u00bb][et_pb_team_member name=\u00bbEvelio V\u00e1squez\u00bb position=\u00bbAndino Central\u00bb image_url=\u00bbhttps:\/\/www.samnaz.org\/wp-content\/uploads\/2022\/05\/21.png\u00bb module_class=\u00bbboxTeam\u00bb _builder_version=\u00bb4.17.2&#8243; _module_preset=\u00bbdefault\u00bb header_font_size=\u00bb20px\u00bb header_line_height=\u00bb1.3em\u00bb position_font_size=\u00bb16px\u00bb module_alignment=\u00bbcenter\u00bb custom_padding=\u00bb||||false|false\u00bb custom_padding_tablet=\u00bb|||20px|false|false\u00bb custom_padding_phone=\u00bb\u00bb custom_padding_last_edited=\u00bbon|tablet\u00bb border_radii_image=\u00bbon|100px|100px|100px|100px\u00bb global_colors_info=\u00bb{}\u00bb][\/et_pb_team_member][\/et_pb_column][et_pb_column type=\u00bb1_3&#8243; _builder_version=\u00bb4.16&#8243; _module_preset=\u00bbdefault\u00bb global_colors_info=\u00bb{}\u00bb][et_pb_team_member name=\u00bbEduardo Meza\u00bb position=\u00bbCono sur\u00bb image_url=\u00bbhttps:\/\/www.samnaz.org\/wp-content\/uploads\/2022\/05\/09.png\u00bb module_class=\u00bbboxTeam\u00bb _builder_version=\u00bb4.27.0&#8243; _module_preset=\u00bbdefault\u00bb header_font_size=\u00bb20px\u00bb header_line_height=\u00bb1.3em\u00bb position_font_size=\u00bb16px\u00bb module_alignment=\u00bbcenter\u00bb custom_padding=\u00bb||||false|false\u00bb custom_padding_tablet=\u00bb|||20px|false|false\u00bb custom_padding_phone=\u00bb\u00bb custom_padding_last_edited=\u00bbon|tablet\u00bb border_radii_image=\u00bbon|100px|100px|100px|100px\u00bb global_colors_info=\u00bb{}\u00bb][\/et_pb_team_member][\/et_pb_column][\/et_pb_row][et_pb_row column_structure=\u00bb1_3,1_3,1_3&#8243; module_class=\u00bbmaginNorm\u00bb _builder_version=\u00bb4.16&#8243; _module_preset=\u00bbdefault\u00bb width=\u00bb100%\u00bb max_width=\u00bb1400px\u00bb max_width_tablet=\u00bb\u00bb max_width_phone=\u00bb\u00bb max_width_last_edited=\u00bbon|desktop\u00bb module_alignment=\u00bbcenter\u00bb custom_margin=\u00bb||||false|false\u00bb locked=\u00bboff\u00bb global_colors_info=\u00bb{}\u00bb][et_pb_column type=\u00bb1_3&#8243; _builder_version=\u00bb4.16&#8243; _module_preset=\u00bbdefault\u00bb global_colors_info=\u00bb{}\u00bb][et_pb_team_member name=\u00bbRomero Moreira\u00bb position=\u00bbBrasil Sur\u00bb image_url=\u00bbhttps:\/\/www.samnaz.org\/wp-content\/uploads\/2021\/09\/Distrito-Gaucho.jpg\u00bb module_class=\u00bbboxTeam\u00bb _builder_version=\u00bb4.16&#8243; _module_preset=\u00bbdefault\u00bb header_font_size=\u00bb20px\u00bb header_line_height=\u00bb1.3em\u00bb position_font_size=\u00bb16px\u00bb module_alignment=\u00bbcenter\u00bb custom_padding=\u00bb||||false|false\u00bb custom_padding_tablet=\u00bb|||20px|false|false\u00bb custom_padding_phone=\u00bb\u00bb custom_padding_last_edited=\u00bbon|tablet\u00bb border_radii_image=\u00bbon|100px|100px|100px|100px\u00bb global_colors_info=\u00bb{}\u00bb][\/et_pb_team_member][\/et_pb_column][et_pb_column type=\u00bb1_3&#8243; _builder_version=\u00bb4.16&#8243; _module_preset=\u00bbdefault\u00bb global_colors_info=\u00bb{}\u00bb][et_pb_team_member name=\u00bbManuel Lima\u00bb position=\u00bbDirector Sub-Regi\u00f3n Brasil\u00bb image_url=\u00bbhttps:\/\/www.samnaz.org\/wp-content\/uploads\/2021\/04\/Manuel-1.jpg\u00bb module_class=\u00bbboxTeam\u00bb _builder_version=\u00bb4.16&#8243; _module_preset=\u00bbdefault\u00bb header_font_size=\u00bb20px\u00bb header_line_height=\u00bb1.3em\u00bb position_font_size=\u00bb16px\u00bb module_alignment=\u00bbcenter\u00bb custom_padding=\u00bb||||false|false\u00bb custom_padding_tablet=\u00bb|||20px|false|false\u00bb custom_padding_phone=\u00bb\u00bb custom_padding_last_edited=\u00bbon|tablet\u00bb border_radii_image=\u00bbon|100px|100px|100px|100px\u00bb global_colors_info=\u00bb{}\u00bb][\/et_pb_team_member][\/et_pb_column][et_pb_column type=\u00bb1_3&#8243; _builder_version=\u00bb4.16&#8243; _module_preset=\u00bbdefault\u00bb global_colors_info=\u00bb{}\u00bb][et_pb_team_member name=\u00bbSeverino Jos\u00e9 Quirino\u00bb position=\u00bbBrasil Centro\u00bb image_url=\u00bbhttps:\/\/www.samnaz.org\/wp-content\/uploads\/2025\/05\/SeverinoQuirino.jpg\u00bb module_class=\u00bbboxTeam\u00bb _builder_version=\u00bb4.27.4&#8243; _module_preset=\u00bbdefault\u00bb header_font_size=\u00bb20px\u00bb header_line_height=\u00bb1.3em\u00bb position_font_size=\u00bb16px\u00bb module_alignment=\u00bbcenter\u00bb custom_padding=\u00bb||||false|false\u00bb custom_padding_tablet=\u00bb|||20px|false|false\u00bb custom_padding_phone=\u00bb\u00bb custom_padding_last_edited=\u00bbon|tablet\u00bb border_radii_image=\u00bbon|100px|100px|100px|100px\u00bb locked=\u00bboff\u00bb global_colors_info=\u00bb{}\u00bb][\/et_pb_team_member][\/et_pb_column][\/et_pb_row][et_pb_row column_structure=\u00bb1_3,1_3,1_3&#8243; module_class=\u00bbmaginNorm\u00bb _builder_version=\u00bb4.16&#8243; _module_preset=\u00bbdefault\u00bb width=\u00bb100%\u00bb max_width=\u00bb1400px\u00bb max_width_tablet=\u00bb\u00bb max_width_phone=\u00bb\u00bb max_width_last_edited=\u00bbon|desktop\u00bb module_alignment=\u00bbcenter\u00bb custom_margin=\u00bb||||false|false\u00bb locked=\u00bboff\u00bb global_colors_info=\u00bb{}\u00bb][et_pb_column type=\u00bb1_3&#8243; _builder_version=\u00bb4.16&#8243; _module_preset=\u00bbdefault\u00bb global_colors_info=\u00bb{}\u00bb][\/et_pb_column][et_pb_column type=\u00bb1_3&#8243; _builder_version=\u00bb4.16&#8243; _module_preset=\u00bbdefault\u00bb global_colors_info=\u00bb{}\u00bb][et_pb_team_member name=\u00bbDam\u00e1sio Morais\u00bb position=\u00bbBrasil Norte\/Nordeste\u00bb image_url=\u00bbhttps:\/\/www.samnaz.org\/wp-content\/uploads\/2025\/05\/DamasioMorais.jpg\u00bb module_class=\u00bbboxTeam\u00bb _builder_version=\u00bb4.27.4&#8243; _module_preset=\u00bbdefault\u00bb header_font_size=\u00bb20px\u00bb header_line_height=\u00bb1.3em\u00bb position_font_size=\u00bb16px\u00bb module_alignment=\u00bbcenter\u00bb custom_padding=\u00bb||||false|false\u00bb custom_padding_tablet=\u00bb|||20px|false|false\u00bb custom_padding_phone=\u00bb\u00bb custom_padding_last_edited=\u00bbon|tablet\u00bb border_radii_image=\u00bbon|100px|100px|100px|100px\u00bb global_colors_info=\u00bb{}\u00bb][\/et_pb_team_member][\/et_pb_column][et_pb_column type=\u00bb1_3&#8243; _builder_version=\u00bb4.16&#8243; _module_preset=\u00bbdefault\u00bb global_colors_info=\u00bb{}\u00bb][\/et_pb_column][\/et_pb_row][et_pb_row _builder_version=\u00bb4.16&#8243; _module_preset=\u00bbdefault\u00bb global_colors_info=\u00bb{}\u00bb][et_pb_column type=\u00bb4_4&#8243; _builder_version=\u00bb4.16&#8243; _module_preset=\u00bbdefault\u00bb global_colors_info=\u00bb{}\u00bb][et_pb_text _builder_version=\u00bb4.16&#8243; _module_preset=\u00bbdefault\u00bb width=\u00bb600px\u00bb width_tablet=\u00bb\u00bb width_phone=\u00bb100%\u00bb width_last_edited=\u00bbon|phone\u00bb module_alignment=\u00bbcenter\u00bb custom_padding=\u00bb||||false|false\u00bb global_colors_info=\u00bb{}\u00bb]<\/p>\n<h2 style=\"text-align: center;\" class=\"puntosBlack\"><strong>Coordenadores Regionais de Minist\u00e9rio<\/strong><\/h2>\n<p>[\/et_pb_text][\/et_pb_column][\/et_pb_row][et_pb_row column_structure=\u00bb1_3,1_3,1_3&#8243; module_class=\u00bbmaginNorm\u00bb _builder_version=\u00bb4.16&#8243; _module_preset=\u00bbdefault\u00bb width=\u00bb100%\u00bb max_width=\u00bb1400px\u00bb max_width_tablet=\u00bb\u00bb max_width_phone=\u00bb\u00bb max_width_last_edited=\u00bbon|desktop\u00bb module_alignment=\u00bbcenter\u00bb custom_margin=\u00bb||||false|false\u00bb locked=\u00bboff\u00bb global_colors_info=\u00bb{}\u00bb][et_pb_column type=\u00bb1_3&#8243; _builder_version=\u00bb4.16&#8243; _module_preset=\u00bbdefault\u00bb global_colors_info=\u00bb{}\u00bb][et_pb_team_member name=\u00bbRuth Bravo\u00bb position=\u00bbMNI\u00bb image_url=\u00bbhttps:\/\/www.samnaz.org\/wp-content\/uploads\/2022\/05\/12.png\u00bb module_class=\u00bbboxTeam\u00bb _builder_version=\u00bb4.17.2&#8243; _module_preset=\u00bbdefault\u00bb header_font_size=\u00bb20px\u00bb header_line_height=\u00bb1.3em\u00bb position_font_size=\u00bb16px\u00bb module_alignment=\u00bbcenter\u00bb custom_padding=\u00bb||||false|false\u00bb custom_padding_tablet=\u00bb|||20px|false|false\u00bb custom_padding_phone=\u00bb\u00bb custom_padding_last_edited=\u00bbon|tablet\u00bb border_radii_image=\u00bbon|100px|100px|100px|100px\u00bb global_colors_info=\u00bb{}\u00bb][\/et_pb_team_member][\/et_pb_column][et_pb_column type=\u00bb1_3&#8243; _builder_version=\u00bb4.16&#8243; _module_preset=\u00bbdefault\u00bb global_colors_info=\u00bb{}\u00bb][et_pb_team_member name=\u00bbScott Armstrong\u00bb position=\u00bbCoordinador Regional de Ministerios\u00bb image_url=\u00bbhttps:\/\/www.samnaz.org\/wp-content\/uploads\/2024\/07\/Scott-torso.jpg\u00bb module_class=\u00bbboxTeam\u00bb _builder_version=\u00bb4.27.6&#8243; _module_preset=\u00bbdefault\u00bb header_font_size=\u00bb20px\u00bb header_line_height=\u00bb1.3em\u00bb position_font_size=\u00bb16px\u00bb module_alignment=\u00bbcenter\u00bb custom_margin=\u00bb||1px|||\u00bb custom_padding=\u00bb||||false|false\u00bb custom_padding_tablet=\u00bb|||20px|false|false\u00bb custom_padding_phone=\u00bb\u00bb custom_padding_last_edited=\u00bbon|tablet\u00bb hover_enabled=\u00bb0&#8243; border_radii_image=\u00bbon|100px|100px|100px|100px\u00bb global_colors_info=\u00bb{}\u00bb sticky_enabled=\u00bb0&#8243;][\/et_pb_team_member][\/et_pb_column][et_pb_column type=\u00bb1_3&#8243; _builder_version=\u00bb4.16&#8243; _module_preset=\u00bbdefault\u00bb global_colors_info=\u00bb{}\u00bb][et_pb_team_member name=\u00bbCristiane Polonio\u00bb position=\u00bbCDC &#8211; Cuidando de los que Cuidan\u00bb image_url=\u00bbhttps:\/\/www.samnaz.org\/wp-content\/uploads\/2024\/02\/Cristiane-Polonio.jpg\u00bb module_class=\u00bbboxTeam\u00bb _builder_version=\u00bb4.24.0&#8243; _module_preset=\u00bbdefault\u00bb header_font_size=\u00bb20px\u00bb header_line_height=\u00bb1.3em\u00bb position_font_size=\u00bb16px\u00bb module_alignment=\u00bbcenter\u00bb custom_padding=\u00bb||||false|false\u00bb custom_padding_tablet=\u00bb|||20px|false|false\u00bb custom_padding_phone=\u00bb\u00bb custom_padding_last_edited=\u00bbon|tablet\u00bb border_radii_image=\u00bbon|100px|100px|100px|100px\u00bb global_colors_info=\u00bb{}\u00bb][\/et_pb_team_member][\/et_pb_column][\/et_pb_row][et_pb_row column_structure=\u00bb1_3,1_3,1_3&#8243; module_class=\u00bbmaginNorm\u00bb _builder_version=\u00bb4.19.4&#8243; _module_preset=\u00bbdefault\u00bb width=\u00bb100%\u00bb max_width=\u00bb1400px\u00bb max_width_tablet=\u00bb\u00bb max_width_phone=\u00bb\u00bb max_width_last_edited=\u00bbon|desktop\u00bb module_alignment=\u00bbcenter\u00bb custom_margin=\u00bb||||false|false\u00bb locked=\u00bboff\u00bb global_colors_info=\u00bb{}\u00bb][et_pb_column type=\u00bb1_3&#8243; _builder_version=\u00bb4.16&#8243; _module_preset=\u00bbdefault\u00bb global_colors_info=\u00bb{}\u00bb][et_pb_team_member name=\u00bbLeandro Barreto\u00bb position=\u00bbCoordinador de JNI\u00bb image_url=\u00bbhttps:\/\/www.samnaz.org\/wp-content\/uploads\/2024\/04\/leobarreto.jpg\u00bb module_class=\u00bbboxTeam\u00bb _builder_version=\u00bb4.25.0&#8243; _module_preset=\u00bbdefault\u00bb header_font_size=\u00bb20px\u00bb header_line_height=\u00bb1.3em\u00bb position_font_size=\u00bb16px\u00bb module_alignment=\u00bbcenter\u00bb custom_padding=\u00bb||||false|false\u00bb custom_padding_tablet=\u00bb|||20px|false|false\u00bb custom_padding_phone=\u00bb\u00bb custom_padding_last_edited=\u00bbon|tablet\u00bb border_radii_image=\u00bbon|100px|100px|100px|100px\u00bb global_colors_info=\u00bb{}\u00bb][\/et_pb_team_member][\/et_pb_column][et_pb_column type=\u00bb1_3&#8243; _builder_version=\u00bb4.16&#8243; _module_preset=\u00bbdefault\u00bb global_colors_info=\u00bb{}\u00bb][et_pb_team_member name=\u00bbJorge Julca\u00bb position=\u00bbEducaci\u00f3n Teol\u00f3gica\u00bb image_url=\u00bbhttps:\/\/www.samnaz.org\/wp-content\/uploads\/2022\/05\/23.png\u00bb module_class=\u00bbboxTeam\u00bb _builder_version=\u00bb4.17.2&#8243; _module_preset=\u00bbdefault\u00bb header_font_size=\u00bb20px\u00bb header_line_height=\u00bb1.3em\u00bb position_font_size=\u00bb16px\u00bb module_alignment=\u00bbcenter\u00bb custom_padding=\u00bb||||false|false\u00bb custom_padding_tablet=\u00bb|||20px|false|false\u00bb custom_padding_phone=\u00bb\u00bb custom_padding_last_edited=\u00bbon|tablet\u00bb border_radii_image=\u00bbon|100px|100px|100px|100px\u00bb global_colors_info=\u00bb{}\u00bb][\/et_pb_team_member][\/et_pb_column][et_pb_column type=\u00bb1_3&#8243; _builder_version=\u00bb4.16&#8243; _module_preset=\u00bbdefault\u00bb global_colors_info=\u00bb{}\u00bb][et_pb_team_member name=\u00bbLember Romero\u00bb position=\u00bbProdusam\u00bb image_url=\u00bbhttps:\/\/www.samnaz.org\/wp-content\/uploads\/2022\/05\/24.png\u00bb module_class=\u00bbboxTeam\u00bb _builder_version=\u00bb4.27.2&#8243; _module_preset=\u00bbdefault\u00bb header_font_size=\u00bb20px\u00bb header_line_height=\u00bb1.3em\u00bb position_font_size=\u00bb16px\u00bb module_alignment=\u00bbcenter\u00bb custom_margin=\u00bb||1px|||\u00bb custom_padding=\u00bb||||false|false\u00bb custom_padding_tablet=\u00bb|||20px|false|false\u00bb custom_padding_phone=\u00bb\u00bb custom_padding_last_edited=\u00bbon|tablet\u00bb border_radii_image=\u00bbon|100px|100px|100px|100px\u00bb global_colors_info=\u00bb{}\u00bb][\/et_pb_team_member][et_pb_social_media_follow icon_color=\u00bb#FFFFFF\u00bb use_icon_font_size=\u00bbon\u00bb icon_font_size=\u00bb12px\u00bb _builder_version=\u00bb4.19.4&#8243; _module_preset=\u00bbdefault\u00bb custom_button=\u00bbon\u00bb button_border_color=\u00bbRGBA(0,0,0,0)\u00bb transform_translate=\u00bb0px|37px\u00bb transform_translate_linked=\u00bboff\u00bb text_orientation=\u00bbleft\u00bb width=\u00bb48%\u00bb width_tablet=\u00bb61%\u00bb width_phone=\u00bb25%\u00bb width_last_edited=\u00bbon|tablet\u00bb module_alignment=\u00bbcenter\u00bb custom_margin=\u00bb-32px||||false|false\u00bb custom_margin_tablet=\u00bb-16px||||false|false\u00bb custom_margin_phone=\u00bb-15px||||false|false\u00bb custom_margin_last_edited=\u00bbon|phone\u00bb global_colors_info=\u00bb{}\u00bb][et_pb_social_media_follow_network social_network=\u00bbfacebook\u00bb url=\u00bbhttps:\/\/www.facebook.com\/lember.romero\u00bb _builder_version=\u00bb4.19.4&#8243; _module_preset=\u00bbdefault\u00bb background_color=\u00bb#3b5998&#8243; global_colors_info=\u00bb{}\u00bb follow_button=\u00bboff\u00bb url_new_window=\u00bbon\u00bb]facebook[\/et_pb_social_media_follow_network][et_pb_social_media_follow_network social_network=\u00bbinstagram\u00bb url=\u00bbhttps:\/\/www.instagram.com\/lemberr\/\u00bb _builder_version=\u00bb4.19.4&#8243; _module_preset=\u00bbdefault\u00bb background_color=\u00bb#ea2c59&#8243; global_colors_info=\u00bb{}\u00bb follow_button=\u00bboff\u00bb url_new_window=\u00bbon\u00bb]instagram[\/et_pb_social_media_follow_network][\/et_pb_social_media_follow][\/et_pb_column][\/et_pb_row][et_pb_row column_structure=\u00bb1_3,1_3,1_3&#8243; module_class=\u00bbmaginNorm\u00bb _builder_version=\u00bb4.16&#8243; _module_preset=\u00bbdefault\u00bb width=\u00bb100%\u00bb max_width=\u00bb1400px\u00bb max_width_tablet=\u00bb\u00bb max_width_phone=\u00bb\u00bb max_width_last_edited=\u00bbon|desktop\u00bb module_alignment=\u00bbcenter\u00bb custom_margin=\u00bb||||false|false\u00bb locked=\u00bboff\u00bb global_colors_info=\u00bb{}\u00bb][et_pb_column type=\u00bb1_3&#8243; _builder_version=\u00bb4.16&#8243; _module_preset=\u00bbdefault\u00bb global_colors_info=\u00bb{}\u00bb][et_pb_team_member name=\u00bbGustavo Mun\u0303oz\u00bb position=\u00bbLiteratura\u00bb image_url=\u00bbhttps:\/\/www.samnaz.org\/wp-content\/uploads\/2026\/03\/Gustavo-Munoz.png\u00bb module_class=\u00bbboxTeam\u00bb _builder_version=\u00bb4.27.6&#8243; _module_preset=\u00bbdefault\u00bb header_font_size=\u00bb20px\u00bb header_line_height=\u00bb1.3em\u00bb position_font_size=\u00bb16px\u00bb module_alignment=\u00bbcenter\u00bb custom_padding=\u00bb||||false|false\u00bb custom_padding_tablet=\u00bb|||20px|false|false\u00bb custom_padding_phone=\u00bb\u00bb custom_padding_last_edited=\u00bbon|tablet\u00bb border_radii_image=\u00bbon|100px|100px|100px|100px\u00bb global_colors_info=\u00bb{}\u00bb][\/et_pb_team_member][\/et_pb_column][et_pb_column type=\u00bb1_3&#8243; _builder_version=\u00bb4.16&#8243; _module_preset=\u00bbdefault\u00bb global_colors_info=\u00bb{}\u00bb][et_pb_team_member name=\u00bbAllan D\u00edaz\u00bb position=\u00bbDesarrollo de la iglesia\u00bb image_url=\u00bbhttps:\/\/www.samnaz.org\/wp-content\/uploads\/2026\/03\/Allan-Diaz.png\u00bb module_class=\u00bbboxTeam\u00bb _builder_version=\u00bb4.27.6&#8243; _module_preset=\u00bbdefault\u00bb header_font_size=\u00bb20px\u00bb header_line_height=\u00bb1.3em\u00bb position_font_size=\u00bb16px\u00bb module_alignment=\u00bbcenter\u00bb custom_padding=\u00bb||||false|false\u00bb custom_padding_tablet=\u00bb|||20px|false|false\u00bb custom_padding_phone=\u00bb\u00bb custom_padding_last_edited=\u00bbon|tablet\u00bb border_radii_image=\u00bbon|100px|100px|100px|100px\u00bb global_colors_info=\u00bb{}\u00bb][\/et_pb_team_member][\/et_pb_column][et_pb_column type=\u00bb1_3&#8243; _builder_version=\u00bb4.16&#8243; _module_preset=\u00bbdefault\u00bb global_colors_info=\u00bb{}\u00bb][et_pb_team_member name=\u00bbLorena No\u00e9\u00bb position=\u00bbMinisterios Nazarenos de Compasi\u00f3n\u00bb image_url=\u00bbhttps:\/\/www.samnaz.org\/wp-content\/uploads\/2024\/01\/Lorena-Noe-1.jpg\u00bb module_class=\u00bbboxTeam\u00bb _builder_version=\u00bb4.24.0&#8243; _module_preset=\u00bbdefault\u00bb header_font_size=\u00bb20px\u00bb header_line_height=\u00bb1.3em\u00bb position_font_size=\u00bb16px\u00bb module_alignment=\u00bbcenter\u00bb custom_padding=\u00bb||||false|false\u00bb custom_padding_tablet=\u00bb|||20px|false|false\u00bb custom_padding_phone=\u00bb\u00bb custom_padding_last_edited=\u00bbon|tablet\u00bb border_radii_image=\u00bbon|100px|100px|100px|100px\u00bb global_colors_info=\u00bb{}\u00bb][\/et_pb_team_member][\/et_pb_column][\/et_pb_row][et_pb_row column_structure=\u00bb1_3,1_3,1_3&#8243; module_class=\u00bbmaginNorm\u00bb _builder_version=\u00bb4.16&#8243; _module_preset=\u00bbdefault\u00bb width=\u00bb100%\u00bb max_width=\u00bb1400px\u00bb max_width_tablet=\u00bb\u00bb max_width_phone=\u00bb\u00bb max_width_last_edited=\u00bbon|desktop\u00bb module_alignment=\u00bbcenter\u00bb custom_margin=\u00bb|auto|-73px|auto|false|false\u00bb custom_padding=\u00bb||107px|||\u00bb locked=\u00bboff\u00bb global_colors_info=\u00bb{}\u00bb][et_pb_column type=\u00bb1_3&#8243; _builder_version=\u00bb4.16&#8243; _module_preset=\u00bbdefault\u00bb global_colors_info=\u00bb{}\u00bb][et_pb_team_member name=\u00bbMarcial Banda\u00bb position=\u00bbDNI\u00bb image_url=\u00bbhttps:\/\/www.samnaz.org\/wp-content\/uploads\/2022\/05\/28.png\u00bb module_class=\u00bbboxTeam\u00bb _builder_version=\u00bb4.17.2&#8243; _module_preset=\u00bbdefault\u00bb header_font_size=\u00bb20px\u00bb header_line_height=\u00bb1.3em\u00bb position_font_size=\u00bb16px\u00bb module_alignment=\u00bbcenter\u00bb custom_padding=\u00bb||||false|false\u00bb custom_padding_tablet=\u00bb|||20px|false|false\u00bb custom_padding_phone=\u00bb\u00bb custom_padding_last_edited=\u00bbon|tablet\u00bb border_radii_image=\u00bbon|100px|100px|100px|100px\u00bb global_colors_info=\u00bb{}\u00bb][\/et_pb_team_member][\/et_pb_column][et_pb_column type=\u00bb1_3&#8243; _builder_version=\u00bb4.16&#8243; _module_preset=\u00bbdefault\u00bb global_colors_info=\u00bb{}\u00bb][et_pb_team_member name=\u00bbJunior Rodrigues\u00bb position=\u00bbMisiones Globales\u00bb image_url=\u00bbhttps:\/\/www.samnaz.org\/wp-content\/uploads\/2022\/05\/25.png\u00bb module_class=\u00bbboxTeam\u00bb _builder_version=\u00bb4.17.2&#8243; _module_preset=\u00bbdefault\u00bb header_font_size=\u00bb20px\u00bb header_line_height=\u00bb1.3em\u00bb position_font_size=\u00bb16px\u00bb module_alignment=\u00bbcenter\u00bb custom_margin=\u00bb||-3px|||\u00bb custom_padding=\u00bb||||false|false\u00bb custom_padding_tablet=\u00bb|||20px|false|false\u00bb custom_padding_phone=\u00bb\u00bb custom_padding_last_edited=\u00bbon|tablet\u00bb border_radii_image=\u00bbon|100px|100px|100px|100px\u00bb global_colors_info=\u00bb{}\u00bb][\/et_pb_team_member][et_pb_social_media_follow icon_color=\u00bb#FFFFFF\u00bb use_icon_font_size=\u00bbon\u00bb icon_font_size=\u00bb12px\u00bb _builder_version=\u00bb4.17.2&#8243; _module_preset=\u00bbdefault\u00bb custom_button=\u00bbon\u00bb button_border_color=\u00bbRGBA(0,0,0,0)\u00bb transform_translate=\u00bb0px|37px\u00bb transform_translate_linked=\u00bboff\u00bb text_orientation=\u00bbleft\u00bb width=\u00bb48%\u00bb width_tablet=\u00bb61%\u00bb width_phone=\u00bb25%\u00bb width_last_edited=\u00bbon|tablet\u00bb module_alignment=\u00bbcenter\u00bb custom_margin=\u00bb-32px||||false|false\u00bb custom_margin_tablet=\u00bb\u00bb custom_margin_phone=\u00bb-15px||||false|false\u00bb custom_margin_last_edited=\u00bbon|phone\u00bb global_colors_info=\u00bb{}\u00bb][et_pb_social_media_follow_network social_network=\u00bbfacebook\u00bb url=\u00bbhttps:\/\/www.facebook.com\/missionarios.doreijesus%20&#8243; _builder_version=\u00bb4.16&#8243; _module_preset=\u00bbdefault\u00bb background_color=\u00bb#3b5998&#8243; global_colors_info=\u00bb{}\u00bb follow_button=\u00bboff\u00bb url_new_window=\u00bbon\u00bb]facebook[\/et_pb_social_media_follow_network][et_pb_social_media_follow_network social_network=\u00bbinstagram\u00bb url=\u00bbhttps:\/\/www.instagram.com\/familia_rodrigues77\/\u00bb _builder_version=\u00bb4.16&#8243; _module_preset=\u00bbdefault\u00bb background_color=\u00bb#ea2c59&#8243; global_colors_info=\u00bb{}\u00bb follow_button=\u00bboff\u00bb url_new_window=\u00bbon\u00bb]instagram[\/et_pb_social_media_follow_network][\/et_pb_social_media_follow][\/et_pb_column][et_pb_column type=\u00bb1_3&#8243; _builder_version=\u00bb4.16&#8243; _module_preset=\u00bbdefault\u00bb global_colors_info=\u00bb{}\u00bb][et_pb_team_member name=\u00bbOscar Benitez\u00bb position=\u00bbComunicaciones\u00bb image_url=\u00bbhttps:\/\/www.samnaz.org\/wp-content\/uploads\/2022\/01\/Oscar-Benitez.jpg\u00bb module_class=\u00bbboxTeam\u00bb _builder_version=\u00bb4.27.2&#8243; _module_preset=\u00bbdefault\u00bb header_font_size=\u00bb20px\u00bb header_line_height=\u00bb1.3em\u00bb position_font_size=\u00bb16px\u00bb module_alignment=\u00bbcenter\u00bb custom_padding=\u00bb||||false|false\u00bb custom_padding_tablet=\u00bb|||20px|false|false\u00bb custom_padding_phone=\u00bb\u00bb custom_padding_last_edited=\u00bbon|tablet\u00bb border_radii_image=\u00bbon|100px|100px|100px|100px\u00bb global_colors_info=\u00bb{}\u00bb][\/et_pb_team_member][\/et_pb_column][\/et_pb_row][et_pb_row column_structure=\u00bb1_3,1_3,1_3&#8243; module_class=\u00bbmaginNorm\u00bb _builder_version=\u00bb4.16&#8243; _module_preset=\u00bbdefault\u00bb width=\u00bb100%\u00bb max_width=\u00bb1400px\u00bb max_width_tablet=\u00bb\u00bb max_width_phone=\u00bb\u00bb max_width_last_edited=\u00bbon|desktop\u00bb module_alignment=\u00bbcenter\u00bb custom_margin=\u00bb|auto|-73px|auto|false|false\u00bb custom_padding=\u00bb||107px|||\u00bb locked=\u00bboff\u00bb global_colors_info=\u00bb{}\u00bb][et_pb_column type=\u00bb1_3&#8243; _builder_version=\u00bb4.16&#8243; _module_preset=\u00bbdefault\u00bb global_colors_info=\u00bb{}\u00bb][\/et_pb_column][et_pb_column type=\u00bb1_3&#8243; _builder_version=\u00bb4.16&#8243; _module_preset=\u00bbdefault\u00bb global_colors_info=\u00bb{}\u00bb][et_pb_team_member name=\u00bbSilvia Rodrigues\u00bb position=\u00bbMinisterio a la Mujer\u00bb image_url=\u00bbhttps:\/\/www.samnaz.org\/wp-content\/uploads\/2024\/11\/Rev.-Silvia-Rodrigues.jpg\u00bb module_class=\u00bbboxTeam\u00bb _builder_version=\u00bb4.27.2&#8243; _module_preset=\u00bbdefault\u00bb header_font_size=\u00bb20px\u00bb header_line_height=\u00bb1.3em\u00bb position_font_size=\u00bb16px\u00bb module_alignment=\u00bbcenter\u00bb custom_padding=\u00bb||||false|false\u00bb custom_padding_tablet=\u00bb|||20px|false|false\u00bb custom_padding_phone=\u00bb\u00bb custom_padding_last_edited=\u00bbon|tablet\u00bb border_radii_image=\u00bbon|100px|100px|100px|100px\u00bb global_colors_info=\u00bb{}\u00bb][\/et_pb_team_member][\/et_pb_column][et_pb_column type=\u00bb1_3&#8243; _builder_version=\u00bb4.16&#8243; _module_preset=\u00bbdefault\u00bb global_colors_info=\u00bb{}\u00bb][\/et_pb_column][\/et_pb_row][et_pb_row _builder_version=\u00bb4.16&#8243; _module_preset=\u00bbdefault\u00bb global_colors_info=\u00bb{}\u00bb][et_pb_column type=\u00bb4_4&#8243; _builder_version=\u00bb4.16&#8243; _module_preset=\u00bbdefault\u00bb global_colors_info=\u00bb{}\u00bb][et_pb_text _builder_version=\u00bb4.16&#8243; _module_preset=\u00bbdefault\u00bb width=\u00bb600px\u00bb width_tablet=\u00bb\u00bb width_phone=\u00bb100%\u00bb width_last_edited=\u00bbon|phone\u00bb module_alignment=\u00bbcenter\u00bb custom_padding=\u00bb||||false|false\u00bb global_colors_info=\u00bb{}\u00bb]<\/p>\n<h2 style=\"text-align: center;\" class=\"puntosBlack\"><strong>Coordenadores Integrais de Minist\u00e9rio<\/strong><\/h2>\n<p>[\/et_pb_text][\/et_pb_column][\/et_pb_row][et_pb_row column_structure=\u00bb1_3,1_3,1_3&#8243; module_class=\u00bbmaginNorm\u00bb _builder_version=\u00bb4.16&#8243; _module_preset=\u00bbdefault\u00bb width=\u00bb100%\u00bb max_width=\u00bb1400px\u00bb max_width_tablet=\u00bb\u00bb max_width_phone=\u00bb\u00bb max_width_last_edited=\u00bbon|desktop\u00bb module_alignment=\u00bbcenter\u00bb custom_margin=\u00bb||||false|false\u00bb locked=\u00bboff\u00bb global_colors_info=\u00bb{}\u00bb][et_pb_column type=\u00bb1_3&#8243; _builder_version=\u00bb4.16&#8243; _module_preset=\u00bbdefault\u00bb global_colors_info=\u00bb{}\u00bb][et_pb_team_member name=\u00bbCarlos Radi\u00bb position=\u00bbArgentina\u00bb image_url=\u00bbhttps:\/\/www.samnaz.org\/wp-content\/uploads\/2022\/05\/20.png\u00bb module_class=\u00bbboxTeam\u00bb _builder_version=\u00bb4.17.2&#8243; _module_preset=\u00bbdefault\u00bb header_font_size=\u00bb20px\u00bb header_line_height=\u00bb1.3em\u00bb position_font_size=\u00bb16px\u00bb module_alignment=\u00bbcenter\u00bb custom_padding=\u00bb||||false|false\u00bb custom_padding_tablet=\u00bb|||20px|false|false\u00bb custom_padding_phone=\u00bb\u00bb custom_padding_last_edited=\u00bbon|tablet\u00bb border_radii_image=\u00bbon|100px|100px|100px|100px\u00bb global_colors_info=\u00bb{}\u00bb][\/et_pb_team_member][\/et_pb_column][et_pb_column type=\u00bb1_3&#8243; _builder_version=\u00bb4.16&#8243; _module_preset=\u00bbdefault\u00bb global_colors_info=\u00bb{}\u00bb][et_pb_team_member name=\u00bbHerman Alc\u00e1ntara\u00bb position=\u00bbBol\u00edvia\u00bb image_url=\u00bbhttps:\/\/www.samnaz.org\/wp-content\/uploads\/2023\/01\/Herman-Alcantara.png\u00bb module_class=\u00bbboxTeam\u00bb _builder_version=\u00bb4.19.4&#8243; _module_preset=\u00bbdefault\u00bb header_font_size=\u00bb20px\u00bb header_line_height=\u00bb1.3em\u00bb position_font_size=\u00bb16px\u00bb module_alignment=\u00bbcenter\u00bb custom_padding=\u00bb||||false|false\u00bb custom_padding_tablet=\u00bb|||20px|false|false\u00bb custom_padding_phone=\u00bb\u00bb custom_padding_last_edited=\u00bbon|tablet\u00bb border_radii_image=\u00bbon|100px|100px|100px|100px\u00bb global_colors_info=\u00bb{}\u00bb][\/et_pb_team_member][\/et_pb_column][et_pb_column type=\u00bb1_3&#8243; _builder_version=\u00bb4.16&#8243; _module_preset=\u00bbdefault\u00bb global_colors_info=\u00bb{}\u00bb][et_pb_team_member name=\u00bbRafael Machado\u00bb position=\u00bbBrasil\u00bb image_url=\u00bbhttps:\/\/www.samnaz.org\/wp-content\/uploads\/2022\/01\/Brasil-Rafael-Machado.jpg\u00bb module_class=\u00bbboxTeam\u00bb _builder_version=\u00bb4.24.0&#8243; _module_preset=\u00bbdefault\u00bb header_font_size=\u00bb20px\u00bb header_line_height=\u00bb1.3em\u00bb position_font_size=\u00bb16px\u00bb module_alignment=\u00bbcenter\u00bb custom_margin=\u00bb||1px|||\u00bb custom_padding=\u00bb||||false|false\u00bb custom_padding_tablet=\u00bb|||20px|false|false\u00bb custom_padding_phone=\u00bb\u00bb custom_padding_last_edited=\u00bbon|tablet\u00bb border_radii_image=\u00bbon|100px|100px|100px|100px\u00bb global_colors_info=\u00bb{}\u00bb][\/et_pb_team_member][\/et_pb_column][\/et_pb_row][et_pb_row column_structure=\u00bb1_3,1_3,1_3&#8243; module_class=\u00bbmaginNorm\u00bb _builder_version=\u00bb4.16&#8243; _module_preset=\u00bbdefault\u00bb width=\u00bb100%\u00bb max_width=\u00bb1400px\u00bb max_width_tablet=\u00bb\u00bb max_width_phone=\u00bb\u00bb max_width_last_edited=\u00bbon|desktop\u00bb module_alignment=\u00bbcenter\u00bb custom_margin=\u00bb||||false|false\u00bb locked=\u00bboff\u00bb global_colors_info=\u00bb{}\u00bb][et_pb_column type=\u00bb1_3&#8243; _builder_version=\u00bb4.16&#8243; _module_preset=\u00bbdefault\u00bb global_colors_info=\u00bb{}\u00bb][et_pb_team_member name=\u00bbElizabeth Soto\u00bb position=\u00bbChile\u00bb image_url=\u00bbhttps:\/\/www.samnaz.org\/wp-content\/uploads\/2022\/05\/18.png\u00bb module_class=\u00bbboxTeam\u00bb _builder_version=\u00bb4.17.2&#8243; _module_preset=\u00bbdefault\u00bb header_font_size=\u00bb20px\u00bb header_line_height=\u00bb1.3em\u00bb position_font_size=\u00bb16px\u00bb module_alignment=\u00bbcenter\u00bb custom_padding=\u00bb||||false|false\u00bb custom_padding_tablet=\u00bb|||20px|false|false\u00bb custom_padding_phone=\u00bb\u00bb custom_padding_last_edited=\u00bbon|tablet\u00bb border_radii_image=\u00bbon|100px|100px|100px|100px\u00bb global_colors_info=\u00bb{}\u00bb][\/et_pb_team_member][\/et_pb_column][et_pb_column type=\u00bb1_3&#8243; _builder_version=\u00bb4.16&#8243; _module_preset=\u00bbdefault\u00bb global_colors_info=\u00bb{}\u00bb][et_pb_team_member name=\u00bbMilton Mateus\u00bb position=\u00bbColombia\u00bb image_url=\u00bbhttps:\/\/www.samnaz.org\/wp-content\/uploads\/2024\/04\/Milton-Mateus.jpg\u00bb module_class=\u00bbboxTeam\u00bb _builder_version=\u00bb4.25.0&#8243; _module_preset=\u00bbdefault\u00bb header_font_size=\u00bb20px\u00bb header_line_height=\u00bb1.3em\u00bb position_font_size=\u00bb16px\u00bb module_alignment=\u00bbcenter\u00bb custom_padding=\u00bb||||false|false\u00bb custom_padding_tablet=\u00bb|||20px|false|false\u00bb custom_padding_phone=\u00bb\u00bb custom_padding_last_edited=\u00bbon|tablet\u00bb border_radii_image=\u00bbon|100px|100px|100px|100px\u00bb global_colors_info=\u00bb{}\u00bb][\/et_pb_team_member][et_pb_social_media_follow icon_color=\u00bb#FFFFFF\u00bb use_icon_font_size=\u00bbon\u00bb icon_font_size=\u00bb12px\u00bb _builder_version=\u00bb4.25.0&#8243; _module_preset=\u00bbdefault\u00bb custom_button=\u00bbon\u00bb button_border_color=\u00bbRGBA(0,0,0,0)\u00bb text_orientation=\u00bbleft\u00bb width=\u00bb48%\u00bb width_tablet=\u00bb61%\u00bb width_phone=\u00bb25%\u00bb width_last_edited=\u00bbon|tablet\u00bb module_alignment=\u00bbcenter\u00bb custom_margin=\u00bb-32px||||false|false\u00bb custom_margin_tablet=\u00bb-26px||||false|false\u00bb custom_margin_phone=\u00bb-25px||||false|false\u00bb custom_margin_last_edited=\u00bbon|phone\u00bb locked=\u00bboff\u00bb global_colors_info=\u00bb{}\u00bb][et_pb_social_media_follow_network social_network=\u00bbfacebook\u00bb url=\u00bbhttps:\/\/www.facebook.com\/milton.matheus\u00bb _builder_version=\u00bb4.25.0&#8243; _module_preset=\u00bbdefault\u00bb background_color=\u00bb#3b5998&#8243; global_colors_info=\u00bb{}\u00bb follow_button=\u00bboff\u00bb url_new_window=\u00bbon\u00bb]facebook[\/et_pb_social_media_follow_network][\/et_pb_social_media_follow][\/et_pb_column][et_pb_column type=\u00bb1_3&#8243; _builder_version=\u00bb4.16&#8243; _module_preset=\u00bbdefault\u00bb global_colors_info=\u00bb{}\u00bb][et_pb_team_member name=\u00bbEsteban Albornoz\u00bb position=\u00bbEcuador\u00bb image_url=\u00bbhttps:\/\/www.samnaz.org\/wp-content\/uploads\/2024\/04\/Esteban-Albornoz.jpg\u00bb module_class=\u00bbboxTeam\u00bb _builder_version=\u00bb4.25.0&#8243; _module_preset=\u00bbdefault\u00bb header_font_size=\u00bb20px\u00bb header_line_height=\u00bb1.3em\u00bb position_font_size=\u00bb16px\u00bb module_alignment=\u00bbcenter\u00bb custom_padding=\u00bb||||false|false\u00bb custom_padding_tablet=\u00bb|||20px|false|false\u00bb custom_padding_phone=\u00bb\u00bb custom_padding_last_edited=\u00bbon|tablet\u00bb border_radii_image=\u00bbon|100px|100px|100px|100px\u00bb global_colors_info=\u00bb{}\u00bb][\/et_pb_team_member][\/et_pb_column][\/et_pb_row][et_pb_row column_structure=\u00bb1_3,1_3,1_3&#8243; module_class=\u00bbmaginNorm\u00bb _builder_version=\u00bb4.16&#8243; _module_preset=\u00bbdefault\u00bb width=\u00bb100%\u00bb max_width=\u00bb1400px\u00bb max_width_tablet=\u00bb\u00bb max_width_phone=\u00bb\u00bb max_width_last_edited=\u00bbon|desktop\u00bb module_alignment=\u00bbcenter\u00bb custom_margin=\u00bb||||false|false\u00bb locked=\u00bboff\u00bb global_colors_info=\u00bb{}\u00bb][et_pb_column type=\u00bb1_3&#8243; _builder_version=\u00bb4.16&#8243; _module_preset=\u00bbdefault\u00bb global_colors_info=\u00bb{}\u00bb][et_pb_team_member name=\u00bbMario Mart\u00ednez\u00bb position=\u00bbParaguay\u00bb image_url=\u00bbhttps:\/\/www.samnaz.org\/wp-content\/uploads\/2025\/05\/marioMartinez.jpg\u00bb module_class=\u00bbboxTeam\u00bb _builder_version=\u00bb4.27.4&#8243; _module_preset=\u00bbdefault\u00bb header_font_size=\u00bb20px\u00bb header_line_height=\u00bb1.3em\u00bb position_font_size=\u00bb16px\u00bb module_alignment=\u00bbcenter\u00bb custom_padding=\u00bb||||false|false\u00bb custom_padding_tablet=\u00bb|||20px|false|false\u00bb custom_padding_phone=\u00bb\u00bb custom_padding_last_edited=\u00bbon|tablet\u00bb border_radii_image=\u00bbon|100px|100px|100px|100px\u00bb global_colors_info=\u00bb{}\u00bb][\/et_pb_team_member][\/et_pb_column][et_pb_column type=\u00bb1_3&#8243; _builder_version=\u00bb4.16&#8243; _module_preset=\u00bbdefault\u00bb global_colors_info=\u00bb{}\u00bb][et_pb_team_member name=\u00bbJos\u00e9 David Acosta\u00bb position=\u00bbPer\u00fa\u00bb image_url=\u00bbhttps:\/\/www.samnaz.org\/wp-content\/uploads\/2022\/05\/11.png\u00bb module_class=\u00bbboxTeam\u00bb _builder_version=\u00bb4.17.2&#8243; _module_preset=\u00bbdefault\u00bb header_font_size=\u00bb20px\u00bb header_line_height=\u00bb1.3em\u00bb position_font_size=\u00bb16px\u00bb module_alignment=\u00bbcenter\u00bb custom_padding=\u00bb||||false|false\u00bb custom_padding_tablet=\u00bb|||20px|false|false\u00bb custom_padding_phone=\u00bb\u00bb custom_padding_last_edited=\u00bbon|tablet\u00bb border_radii_image=\u00bbon|100px|100px|100px|100px\u00bb global_colors_info=\u00bb{}\u00bb][\/et_pb_team_member][\/et_pb_column][et_pb_column type=\u00bb1_3&#8243; _builder_version=\u00bb4.16&#8243; _module_preset=\u00bbdefault\u00bb global_colors_info=\u00bb{}\u00bb][et_pb_team_member name=\u00bbLuis Espinoza\u00bb position=\u00bbUruguay\u00bb image_url=\u00bbhttps:\/\/www.samnaz.org\/wp-content\/uploads\/2024\/10\/Luis-Espinoza-y-Jenny-Arroba.jpg\u00bb module_class=\u00bbboxTeam\u00bb _builder_version=\u00bb4.27.2&#8243; _module_preset=\u00bbdefault\u00bb header_font_size=\u00bb20px\u00bb header_line_height=\u00bb1.3em\u00bb position_font_size=\u00bb16px\u00bb module_alignment=\u00bbcenter\u00bb custom_padding=\u00bb||||false|false\u00bb custom_padding_tablet=\u00bb|||20px|false|false\u00bb custom_padding_phone=\u00bb\u00bb custom_padding_last_edited=\u00bbon|tablet\u00bb border_radii_image=\u00bbon|100px|100px|100px|100px\u00bb global_colors_info=\u00bb{}\u00bb][\/et_pb_team_member][\/et_pb_column][\/et_pb_row][et_pb_row column_structure=\u00bb1_3,1_3,1_3&#8243; module_class=\u00bbmaginNorm\u00bb _builder_version=\u00bb4.16&#8243; _module_preset=\u00bbdefault\u00bb width=\u00bb100%\u00bb max_width=\u00bb1400px\u00bb max_width_tablet=\u00bb\u00bb max_width_phone=\u00bb\u00bb max_width_last_edited=\u00bbon|desktop\u00bb module_alignment=\u00bbcenter\u00bb custom_margin=\u00bb||||false|false\u00bb locked=\u00bboff\u00bb global_colors_info=\u00bb{}\u00bb][et_pb_column type=\u00bb1_3&#8243; _builder_version=\u00bb4.16&#8243; _module_preset=\u00bbdefault\u00bb global_colors_info=\u00bb{}\u00bb][\/et_pb_column][et_pb_column type=\u00bb1_3&#8243; _builder_version=\u00bb4.16&#8243; _module_preset=\u00bbdefault\u00bb global_colors_info=\u00bb{}\u00bb][et_pb_team_member name=\u00bbJairo Ceballos\u00bb position=\u00bbVenezuela\u00bb image_url=\u00bbhttps:\/\/www.samnaz.org\/wp-content\/uploads\/2022\/05\/26.png\u00bb module_class=\u00bbboxTeam\u00bb _builder_version=\u00bb4.17.2&#8243; _module_preset=\u00bbdefault\u00bb header_font_size=\u00bb20px\u00bb header_line_height=\u00bb1.3em\u00bb position_font_size=\u00bb16px\u00bb module_alignment=\u00bbcenter\u00bb custom_margin=\u00bb||1px|||\u00bb custom_padding=\u00bb||||false|false\u00bb custom_padding_tablet=\u00bb|||20px|false|false\u00bb custom_padding_phone=\u00bb\u00bb custom_padding_last_edited=\u00bbon|tablet\u00bb border_radii_image=\u00bbon|100px|100px|100px|100px\u00bb global_colors_info=\u00bb{}\u00bb][\/et_pb_team_member][et_pb_social_media_follow icon_color=\u00bb#FFFFFF\u00bb use_icon_font_size=\u00bbon\u00bb icon_font_size=\u00bb12px\u00bb _builder_version=\u00bb4.16&#8243; _module_preset=\u00bbdefault\u00bb custom_button=\u00bbon\u00bb button_border_color=\u00bbRGBA(0,0,0,0)\u00bb text_orientation=\u00bbleft\u00bb width=\u00bb48%\u00bb width_tablet=\u00bb61%\u00bb width_phone=\u00bb25%\u00bb width_last_edited=\u00bbon|tablet\u00bb module_alignment=\u00bbcenter\u00bb custom_margin=\u00bb-32px||||false|false\u00bb custom_margin_tablet=\u00bb-26px||||false|false\u00bb custom_margin_phone=\u00bb-25px||||false|false\u00bb custom_margin_last_edited=\u00bbon|phone\u00bb global_colors_info=\u00bb{}\u00bb][et_pb_social_media_follow_network social_network=\u00bbfacebook\u00bb url=\u00bbhttps:\/\/www.facebook.com\/jairo.ceballos.5688&#8243; _builder_version=\u00bb4.16&#8243; _module_preset=\u00bbdefault\u00bb background_color=\u00bb#3b5998&#8243; global_colors_info=\u00bb{}\u00bb follow_button=\u00bboff\u00bb url_new_window=\u00bbon\u00bb]facebook[\/et_pb_social_media_follow_network][et_pb_social_media_follow_network social_network=\u00bbinstagram\u00bb url=\u00bbhttps:\/\/www.instagram.com\/pastorjairo12\/\u00bb _builder_version=\u00bb4.16&#8243; _module_preset=\u00bbdefault\u00bb background_color=\u00bb#ea2c59&#8243; global_colors_info=\u00bb{}\u00bb follow_button=\u00bboff\u00bb url_new_window=\u00bbon\u00bb]instagram[\/et_pb_social_media_follow_network][et_pb_social_media_follow_network social_network=\u00bbtwitter\u00bb url=\u00bbhttps:\/\/twitter.com\/projairo7&#8243; _builder_version=\u00bb4.22.2&#8243; _module_preset=\u00bbdefault\u00bb background_color=\u00bb#000000&#8243; global_colors_info=\u00bb{}\u00bb follow_button=\u00bboff\u00bb url_new_window=\u00bbon\u00bb]twitter[\/et_pb_social_media_follow_network][\/et_pb_social_media_follow][\/et_pb_column][et_pb_column type=\u00bb1_3&#8243; _builder_version=\u00bb4.16&#8243; _module_preset=\u00bbdefault\u00bb global_colors_info=\u00bb{}\u00bb][\/et_pb_column][\/et_pb_row][\/et_pb_section]<\/p>\n<span class=\"et_bloom_bottom_trigger\"><\/span>","protected":false},"excerpt":{"rendered":"<p>Nuestro prop\u00f3sito en Am\u00e9rica del Sur es la multiplicaci\u00f3n de\u00a0siervos-disc\u00edpulos-l\u00edderes\u00a0del Se\u00f1or Jesucristo, comprometidos a ser semejantes a \u00c9l y desarrollar la iglesia local en manera integral para establecer el reino de Dios en su comunidad, facilitando as\u00ed el cumplimiento\u2028 de la\u00a0Gran Comisi\u00f3n\u00a0en las naciones.CONOCE NUESTRO EQUIPO\u00a0Coordinadores de Estrategia de \u00c1reaCoordinadores Regionales de MinisterioCoordinadores Integrales de [&hellip;]<\/p>","protected":false},"author":2,"featured_media":0,"parent":0,"menu_order":0,"comment_status":"closed","ping_status":"closed","template":"","meta":{"_et_pb_use_builder":"on","_et_pb_old_content":"","_et_gb_content_width":"","_monsterinsights_skip_tracking":false,"_monsterinsights_sitenote_active":false,"_monsterinsights_sitenote_note":"","_monsterinsights_sitenote_category":0,"_vp_format_video_url":"","_vp_image_focal_point":[],"footnotes":""},"class_list":["post-1529","page","type-page","status-publish","hentry"],"yoast_head":"<!-- This site is optimized with the Yoast SEO Premium plugin v23.6 (Yoast SEO v27.5) - https:\/\/yoast.com\/product\/yoast-seo-premium-wordpress\/ -->\n<title>Nuestro Equipo | Iglesia del Nazareno Am\u00e9rica del Sur samnaz<\/title>\n<meta name=\"description\" content=\"Iglesia del Nazareno Am\u00e9rica del Sur Nuestro Equipo Iglesia del Nazareno\" \/>\n<meta name=\"robots\" content=\"index, follow, max-snippet:-1, max-image-preview:large, max-video-preview:-1\" \/>\n<link rel=\"canonical\" href=\"https:\/\/www.samnaz.org\/pt\/nuestro-equipo\/\" \/>\n<meta property=\"og:locale\" content=\"pt_BR\" \/>\n<meta property=\"og:type\" content=\"article\" \/>\n<meta property=\"og:title\" content=\"Nuestro Equipo\" \/>\n<meta property=\"og:description\" content=\"Nuestro Equipo\" \/>\n<meta property=\"og:url\" content=\"https:\/\/www.samnaz.org\/pt\/nuestro-equipo\/\" \/>\n<meta property=\"og:site_name\" content=\"Iglesia del Nazareno Am\u00e9rica del Sur\" \/>\n<meta property=\"article:publisher\" content=\"https:\/\/www.facebook.com\/NazarenoEsp\" \/>\n<meta property=\"article:modified_time\" content=\"2026-03-02T15:02:19+00:00\" \/>\n<meta property=\"og:image\" content=\"https:\/\/www.samnaz.org\/wp-content\/uploads\/2021\/04\/Logo-3-ESP.png\" \/>\n\t<meta property=\"og:image:width\" content=\"1041\" \/>\n\t<meta property=\"og:image:height\" content=\"780\" \/>\n\t<meta property=\"og:image:type\" content=\"image\/png\" \/>\n<meta name=\"twitter:card\" content=\"summary_large_image\" \/>\n<meta name=\"twitter:label1\" content=\"Est. tempo de leitura\" \/>\n\t<meta name=\"twitter:data1\" content=\"28 minutos\" \/>\n<script type=\"application\/ld+json\" class=\"yoast-schema-graph\">{\"@context\":\"https:\\\/\\\/schema.org\",\"@graph\":[{\"@type\":\"WebPage\",\"@id\":\"https:\\\/\\\/www.samnaz.org\\\/nuestro-equipo\\\/\",\"url\":\"https:\\\/\\\/www.samnaz.org\\\/nuestro-equipo\\\/\",\"name\":\"Nuestro Equipo | Iglesia del Nazareno Am\u00e9rica del Sur samnaz\",\"isPartOf\":{\"@id\":\"https:\\\/\\\/www.samnaz.org\\\/#website\"},\"datePublished\":\"2021-04-16T18:51:17+00:00\",\"dateModified\":\"2026-03-02T15:02:19+00:00\",\"description\":\"Iglesia del Nazareno Am\u00e9rica del Sur Nuestro Equipo Iglesia del Nazareno\",\"inLanguage\":\"pt-BR\",\"potentialAction\":[{\"@type\":\"ReadAction\",\"target\":[\"https:\\\/\\\/www.samnaz.org\\\/nuestro-equipo\\\/\"]}]},{\"@type\":\"WebSite\",\"@id\":\"https:\\\/\\\/www.samnaz.org\\\/#website\",\"url\":\"https:\\\/\\\/www.samnaz.org\\\/\",\"name\":\"Haciendo Disc\u00edpulos Semejantes a Cristo en las naciones\",\"description\":\"Haciendo disc\u00edpulos semejantes a Cristo en las Naciones\",\"publisher\":{\"@id\":\"https:\\\/\\\/www.samnaz.org\\\/#organization\"},\"alternateName\":\"Viviendo la Gran Comisi\u00f3n\",\"potentialAction\":[{\"@type\":\"SearchAction\",\"target\":{\"@type\":\"EntryPoint\",\"urlTemplate\":\"https:\\\/\\\/www.samnaz.org\\\/?s={search_term_string}\"},\"query-input\":{\"@type\":\"PropertyValueSpecification\",\"valueRequired\":true,\"valueName\":\"search_term_string\"}}],\"inLanguage\":\"pt-BR\"},{\"@type\":\"Organization\",\"@id\":\"https:\\\/\\\/www.samnaz.org\\\/#organization\",\"name\":\"Iglesia del Nazareno Am\u00e9rica del Sur\",\"url\":\"https:\\\/\\\/www.samnaz.org\\\/\",\"logo\":{\"@type\":\"ImageObject\",\"inLanguage\":\"pt-BR\",\"@id\":\"https:\\\/\\\/www.samnaz.org\\\/#\\\/schema\\\/logo\\\/image\\\/\",\"url\":\"https:\\\/\\\/www.samnaz.org\\\/wp-content\\\/uploads\\\/2021\\\/04\\\/Logo-3-ESP.png\",\"contentUrl\":\"https:\\\/\\\/www.samnaz.org\\\/wp-content\\\/uploads\\\/2021\\\/04\\\/Logo-3-ESP.png\",\"width\":1041,\"height\":780,\"caption\":\"Iglesia del Nazareno Am\u00e9rica del Sur\"},\"image\":{\"@id\":\"https:\\\/\\\/www.samnaz.org\\\/#\\\/schema\\\/logo\\\/image\\\/\"},\"sameAs\":[\"https:\\\/\\\/www.facebook.com\\\/NazarenoEsp\",\"https:\\\/\\\/www.instagram.com\\\/nazarenoesp\\\/\"],\"publishingPrinciples\":\"https:\\\/\\\/www.samnaz.org\\\/\"}]}<\/script>\n<!-- \/ Yoast SEO Premium plugin. -->","yoast_head_json":{"title":"Nuestro Equipo | Iglesia del Nazareno Am\u00e9rica del Sur samnaz","description":"Iglesia del Nazareno Am\u00e9rica del Sur Nuestro Equipo Iglesia del Nazareno","robots":{"index":"index","follow":"follow","max-snippet":"max-snippet:-1","max-image-preview":"max-image-preview:large","max-video-preview":"max-video-preview:-1"},"canonical":"https:\/\/www.samnaz.org\/pt\/nuestro-equipo\/","og_locale":"pt_BR","og_type":"article","og_title":"Nuestro Equipo","og_description":"Nuestro Equipo","og_url":"https:\/\/www.samnaz.org\/pt\/nuestro-equipo\/","og_site_name":"Iglesia del Nazareno Am\u00e9rica del Sur","article_publisher":"https:\/\/www.facebook.com\/NazarenoEsp","article_modified_time":"2026-03-02T15:02:19+00:00","og_image":[{"width":1041,"height":780,"url":"https:\/\/www.samnaz.org\/wp-content\/uploads\/2021\/04\/Logo-3-ESP.png","type":"image\/png"}],"twitter_card":"summary_large_image","twitter_misc":{"Est. tempo de leitura":"28 minutos"},"schema":{"@context":"https:\/\/schema.org","@graph":[{"@type":"WebPage","@id":"https:\/\/www.samnaz.org\/nuestro-equipo\/","url":"https:\/\/www.samnaz.org\/nuestro-equipo\/","name":"Nuestro Equipo | Iglesia del Nazareno Am\u00e9rica del Sur samnaz","isPartOf":{"@id":"https:\/\/www.samnaz.org\/#website"},"datePublished":"2021-04-16T18:51:17+00:00","dateModified":"2026-03-02T15:02:19+00:00","description":"Iglesia del Nazareno Am\u00e9rica del Sur Nuestro Equipo Iglesia del Nazareno","inLanguage":"pt-BR","potentialAction":[{"@type":"ReadAction","target":["https:\/\/www.samnaz.org\/nuestro-equipo\/"]}]},{"@type":"WebSite","@id":"https:\/\/www.samnaz.org\/#website","url":"https:\/\/www.samnaz.org\/","name":"Haciendo Disc\u00edpulos Semejantes a Cristo en las naciones","description":"Haciendo disc\u00edpulos semejantes a Cristo en las Naciones","publisher":{"@id":"https:\/\/www.samnaz.org\/#organization"},"alternateName":"Viviendo la Gran Comisi\u00f3n","potentialAction":[{"@type":"SearchAction","target":{"@type":"EntryPoint","urlTemplate":"https:\/\/www.samnaz.org\/?s={search_term_string}"},"query-input":{"@type":"PropertyValueSpecification","valueRequired":true,"valueName":"search_term_string"}}],"inLanguage":"pt-BR"},{"@type":"Organization","@id":"https:\/\/www.samnaz.org\/#organization","name":"Iglesia del Nazareno Am\u00e9rica del Sur","url":"https:\/\/www.samnaz.org\/","logo":{"@type":"ImageObject","inLanguage":"pt-BR","@id":"https:\/\/www.samnaz.org\/#\/schema\/logo\/image\/","url":"https:\/\/www.samnaz.org\/wp-content\/uploads\/2021\/04\/Logo-3-ESP.png","contentUrl":"https:\/\/www.samnaz.org\/wp-content\/uploads\/2021\/04\/Logo-3-ESP.png","width":1041,"height":780,"caption":"Iglesia del Nazareno Am\u00e9rica del Sur"},"image":{"@id":"https:\/\/www.samnaz.org\/#\/schema\/logo\/image\/"},"sameAs":["https:\/\/www.facebook.com\/NazarenoEsp","https:\/\/www.instagram.com\/nazarenoesp\/"],"publishingPrinciples":"https:\/\/www.samnaz.org\/"}]}},"_links":{"self":[{"href":"https:\/\/www.samnaz.org\/pt\/wp-json\/wp\/v2\/pages\/1529","targetHints":{"allow":["GET"]}}],"collection":[{"href":"https:\/\/www.samnaz.org\/pt\/wp-json\/wp\/v2\/pages"}],"about":[{"href":"https:\/\/www.samnaz.org\/pt\/wp-json\/wp\/v2\/types\/page"}],"author":[{"embeddable":true,"href":"https:\/\/www.samnaz.org\/pt\/wp-json\/wp\/v2\/users\/2"}],"replies":[{"embeddable":true,"href":"https:\/\/www.samnaz.org\/pt\/wp-json\/wp\/v2\/comments?post=1529"}],"version-history":[{"count":87,"href":"https:\/\/www.samnaz.org\/pt\/wp-json\/wp\/v2\/pages\/1529\/revisions"}],"predecessor-version":[{"id":50711,"href":"https:\/\/www.samnaz.org\/pt\/wp-json\/wp\/v2\/pages\/1529\/revisions\/50711"}],"wp:attachment":[{"href":"https:\/\/www.samnaz.org\/pt\/wp-json\/wp\/v2\/media?parent=1529"}],"curies":[{"name":"wp","href":"https:\/\/api.w.org\/{rel}","templated":true}]}}