{"id":1600,"date":"2021-04-19T11:18:31","date_gmt":"2021-04-19T14:18:31","guid":{"rendered":"https:\/\/www.samnaz.org\/?page_id=1600"},"modified":"2022-01-31T12:23:25","modified_gmt":"2022-01-31T15:23:25","slug":"nuestros-valores","status":"publish","type":"page","link":"https:\/\/www.samnaz.org\/pt\/nuestros-valores\/","title":{"rendered":"Nossos valores"},"content":{"rendered":"<p>[et_pb_section fb_built=\u00bb1&#8243; _builder_version=\u00bb4.8.1&#8243; _module_preset=\u00bbdefault\u00bb background_image=\u00bbhttps:\/\/www.samnaz.org\/wp-content\/uploads\/2021\/04\/Valores-medulares-1680x-min.png\u00bb z_index=\u00bb2&#8243; custom_padding=\u00bb||0px|||\u00bb][et_pb_row _builder_version=\u00bb4.8.1&#8243; _module_preset=\u00bbdefault\u00bb][et_pb_column type=\u00bb4_4&#8243; _builder_version=\u00bb4.8.1&#8243; _module_preset=\u00bbdefault\u00bb][et_pb_text _builder_version=\u00bb4.8.1&#8243; _dynamic_attributes=\u00bbcontent\u00bb _module_preset=\u00bbdefault\u00bb text_font=\u00bb|600|||||||\u00bb text_text_color=\u00bb#FFFFFF\u00bb text_font_size=\u00bb50px\u00bb header_text_color=\u00bb#FFFFFF\u00bb header_font_size=\u00bb50px\u00bb background_color=\u00bb#000000&#8243; transform_translate=\u00bb0px|142px\u00bb text_orientation=\u00bbcenter\u00bb width=\u00bb44%\u00bb width_tablet=\u00bb95%\u00bb width_phone=\u00bb100%\u00bb width_last_edited=\u00bbon|phone\u00bb module_alignment=\u00bbcenter\u00bb custom_padding=\u00bb30px||30px||true|false\u00bb text_font_size_tablet=\u00bb\u00bb text_font_size_phone=\u00bb30px\u00bb text_font_size_last_edited=\u00bbon|phone\u00bb]@ET-DC@eyJkeW5hbWljIjp0cnVlLCJjb250ZW50IjoicG9zdF90aXRsZSIsInNldHRpbmdzIjp7ImJlZm9yZSI6IiIsImFmdGVyIjoiIn19@[\/et_pb_text][\/et_pb_column][\/et_pb_row][et_pb_row custom_padding_last_edited=\u00bbon|tablet\u00bb _builder_version=\u00bb4.8.1&#8243; _module_preset=\u00bbdefault\u00bb transform_translate=\u00bb0px|59px\u00bb custom_margin=\u00bb0px||0px||false|false\u00bb custom_padding=\u00bb0px|||||\u00bb custom_padding_tablet=\u00bb0px|0px||0px|false|false\u00bb custom_padding_phone=\u00bb\u00bb][et_pb_column type=\u00bb4_4&#8243; _builder_version=\u00bb4.8.1&#8243; _module_preset=\u00bbdefault\u00bb][et_pb_text _builder_version=\u00bb4.8.1&#8243; _module_preset=\u00bbdefault\u00bb text_text_color=\u00bb#FFFFFF\u00bb text_font_size=\u00bb20px\u00bb background_enable_color=\u00bboff\u00bb use_background_color_gradient=\u00bbon\u00bb background_color_gradient_start=\u00bbrgba(43,135,218,0.9)\u00bb background_color_gradient_end=\u00bbrgba(41,196,169,0.9)\u00bb background_color_gradient_direction=\u00bb65deg\u00bb background_color_gradient_end_position=\u00bb82%\u00bb width=\u00bb100%\u00bb max_width=\u00bb100%\u00bb module_alignment=\u00bbcenter\u00bb custom_padding=\u00bb70px|200px|70px|200px|false|false\u00bb custom_padding_tablet=\u00bb70px|30px|70px|30px|false|false\u00bb custom_padding_phone=\u00bb|10px||10px|false|false\u00bb custom_padding_last_edited=\u00bbon|phone\u00bb border_width_all=\u00bb2px\u00bb border_color_all=\u00bb#FFFFFF\u00bb]<\/p>\n<p style=\"text-align: center;\"><span>Qualquer organiza\u00e7\u00e3o que permane\u00e7a no tempo \u00e9 baseada em uma combina\u00e7\u00e3o profunda de prop\u00f3sito, cren\u00e7a e valores compartilhados. Isso \u00e9 o que acontece na Igreja do Nazareno. Nossa igreja foi fundada para transformar o mundo disseminando a santidade b\u00edblica. Somos uma igreja da Grande Comiss\u00e3o e de santidade ao mesmo tempo. Nossa miss\u00e3o \u00e9 fazer disc\u00edpulos semelhantes a Cristo nas na\u00e7\u00f5es.<\/span><\/p>\n<p>[\/et_pb_text][\/et_pb_column][\/et_pb_row][\/et_pb_section][et_pb_section fb_built=\u00bb1&#8243; fullwidth=\u00bbon\u00bb _builder_version=\u00bb4.8.1&#8243; _module_preset=\u00bbdefault\u00bb][et_pb_fullwidth_image src=\u00bbhttps:\/\/www.samnaz.org\/wp-content\/uploads\/2021\/01\/dotted-grid-black.png\u00bb title_text=\u00bbdotted-grid-black\u00bb _builder_version=\u00bb4.8.1&#8243; _module_preset=\u00bbdefault\u00bb transform_translate=\u00bb0px|4px\u00bb][\/et_pb_fullwidth_image][\/et_pb_section][et_pb_section fb_built=\u00bb1&#8243; _builder_version=\u00bb4.8.1&#8243; _module_preset=\u00bbdefault\u00bb][et_pb_row _builder_version=\u00bb4.8.1&#8243; _module_preset=\u00bbdefault\u00bb][et_pb_column type=\u00bb4_4&#8243; _builder_version=\u00bb4.8.1&#8243; _module_preset=\u00bbdefault\u00bb][et_pb_text module_class=\u00bbboxTextLeft\u00bb _builder_version=\u00bb4.8.1&#8243; _module_preset=\u00bbdefault\u00bb text_font_size=\u00bb20px\u00bb text_line_height=\u00bb1.3em\u00bb background_color=\u00bb#FFFFFF\u00bb custom_padding=\u00bb15px|30px|15px|30px|true|true\u00bb custom_padding_tablet=\u00bb\u00bb custom_padding_phone=\u00bb0px|10px|0px|10px|true|true\u00bb custom_padding_last_edited=\u00bbon|phone\u00bb hover_enabled=\u00bb0&#8243; border_width_all=\u00bb3px\u00bb border_color_all=\u00bb#0C71C3&#8243; sticky_enabled=\u00bb0&#8243;]<\/p>\n<p style=\"text-align: justify;\">A vida presente e futura da Igreja do Nazareno \u00e9 definida pela sua participa\u00e7\u00e3o na miss\u00e3o de Deus. \u00c9, portanto, uma express\u00e3o da igreja de Jesus Cristo e uma organiza\u00e7\u00e3o que se distingue n\u00e3o apenas por suas cren\u00e7as, mas tamb\u00e9m pela forma particular como contribui para o reino de Deus.<\/p>\n<p style=\"text-align: justify;\">Na Igreja do Nazareno, identificamos os aspectos distintivos que abra\u00e7amos e celebramos com alegria. Temos o prazer de oferecer nossos mais preciosos tesouros \u2013 nossa miss\u00e3o, chamado, cren\u00e7as e valores mais elevados \u2013 como um presente para as gera\u00e7\u00f5es futuras.<\/p>\n<p style=\"text-align: justify;\">Oramos para que nossos valores centrais continuem a servir como diretrizes para aqueles que t\u00eam que abrir caminho atrav\u00e9s das luzes e sombras das pr\u00f3ximas d\u00e9cadas.<\/p>\n<p>[\/et_pb_text][\/et_pb_column][\/et_pb_row][et_pb_row column_structure=\u00bb1_3,1_3,1_3&#8243; _builder_version=\u00bb4.8.1&#8243; _module_preset=\u00bbdefault\u00bb locked=\u00bboff\u00bb][et_pb_column type=\u00bb1_3&#8243; _builder_version=\u00bb4.8.1&#8243; _module_preset=\u00bbdefault\u00bb][et_pb_testimonial quote_icon_color=\u00bb#0066ba\u00bb quote_icon_background_color=\u00bb#FFFFFF\u00bb use_icon_font_size=\u00bbon\u00bb icon_font_size=\u00bb41px\u00bb _builder_version=\u00bb4.8.1&#8243; _module_preset=\u00bbdefault\u00bb body_text_color=\u00bb#FFFFFF\u00bb body_font_size=\u00bb18px\u00bb use_background_color_gradient=\u00bbon\u00bb background_color_gradient_start=\u00bbrgba(34,70,170,0.68)\u00bb background_color_gradient_end=\u00bbrgba(34,163,103,0.77)\u00bb background_color_gradient_direction=\u00bb112deg\u00bb hover_enabled=\u00bb0&#8243; sticky_enabled=\u00bb0&#8243;]<\/p>\n<h3 style=\"text-align: center;\"><strong>Somos um Povo Crist\u00e3o<\/strong><\/h3>\n<p style=\"text-align: left;\">Como membros da Igreja do Deus vivo, espalhada ao redor do mundo e atrav\u00e9s da hist\u00f3ria, nos unimos aos verdadeiros crist\u00e3os na proclama\u00e7\u00e3o do senhorio absoluto de Jesus Cristo.<\/p>\n<p>[\/et_pb_testimonial][\/et_pb_column][et_pb_column type=\u00bb1_3&#8243; _builder_version=\u00bb4.8.1&#8243; _module_preset=\u00bbdefault\u00bb][et_pb_testimonial quote_icon_color=\u00bb#0066ba\u00bb quote_icon_background_color=\u00bb#FFFFFF\u00bb use_icon_font_size=\u00bbon\u00bb icon_font_size=\u00bb41px\u00bb _builder_version=\u00bb4.8.1&#8243; _module_preset=\u00bbdefault\u00bb body_text_color=\u00bb#FFFFFF\u00bb body_font_size=\u00bb18px\u00bb use_background_color_gradient=\u00bbon\u00bb background_color_gradient_start=\u00bbrgba(34,70,170,0.68)\u00bb background_color_gradient_end=\u00bbrgba(34,163,103,0.77)\u00bb background_color_gradient_direction=\u00bb1deg\u00bb]<\/p>\n<h3 style=\"text-align: center;\"><strong>Somos um Povo de Santidade<\/strong><\/h3>\n<p>Somos chamados \u00e0 santidade pelo Deus Santo.<\/p>\n<p>Cremos que batizados no Esp\u00edrito Santo, podemos seguir a carreira que nos est\u00e1 proposta, e andar \u00e0 semelhan\u00e7a de Cristo Jesus, nosso SENHOR.<\/p>\n<p>La santidad en la vida de los creyentes se entiende m\u00e1s claramente como semejanza a Cristo.<\/p>\n<p>[\/et_pb_testimonial][\/et_pb_column][et_pb_column type=\u00bb1_3&#8243; _builder_version=\u00bb4.8.1&#8243; _module_preset=\u00bbdefault\u00bb][et_pb_testimonial author=\u00bb(2 Corintios 6:1)\u00bb quote_icon_color=\u00bb#0066ba\u00bb quote_icon_background_color=\u00bb#FFFFFF\u00bb use_icon_font_size=\u00bbon\u00bb icon_font_size=\u00bb41px\u00bb _builder_version=\u00bb4.8.1&#8243; _module_preset=\u00bbdefault\u00bb body_text_color=\u00bb#FFFFFF\u00bb body_font_size=\u00bb18px\u00bb author_text_align=\u00bbcenter\u00bb use_background_color_gradient=\u00bbon\u00bb background_color_gradient_start=\u00bbrgba(34,70,170,0.68)\u00bb background_color_gradient_end=\u00bbrgba(34,163,103,0.77)\u00bb background_color_gradient_direction=\u00bb236deg\u00bb]<\/p>\n<h3 style=\"text-align: center;\"><strong>Somos um Povo com uma Miss\u00e3o<\/strong><\/h3>\n<p>Fomos enviados ao mundo e respondemos ao chamado de Cristo. Somos capacitados pelo Esp\u00edrito Santo, para proclamar o Evangelho da Gra\u00e7a e cooperar ativamente na edifica\u00e7\u00e3o da Igreja e na expans\u00e3o do Reino Eterno do SENHOR.<\/p>\n<p>[\/et_pb_testimonial][\/et_pb_column][\/et_pb_row][\/et_pb_section]<\/p>\n<span class=\"et_bloom_bottom_trigger\"><\/span>","protected":false},"excerpt":{"rendered":"<p>Toda organizaci\u00f3n que permanece a trav\u00e9s del tiempo se basa en una profunda combinaci\u00f3n de prop\u00f3sito, creencia y valores compartidos. As\u00ed nos sucede en la Iglesia del Nazareno. Nuestra iglesia se fund\u00f3 para transformar al mundo diseminando la santidad b\u00edblica. Somos una iglesia de la Gran Comisi\u00f3n y de santidad al mismo tiempo. Nuestra misi\u00f3n [&hellip;]<\/p>","protected":false},"author":2,"featured_media":0,"parent":0,"menu_order":0,"comment_status":"closed","ping_status":"closed","template":"","meta":{"_et_pb_use_builder":"on","_et_pb_old_content":"","_et_gb_content_width":"","_monsterinsights_skip_tracking":false,"_monsterinsights_sitenote_active":false,"_monsterinsights_sitenote_note":"","_monsterinsights_sitenote_category":0,"_vp_format_video_url":"","_vp_image_focal_point":[],"footnotes":""},"class_list":["post-1600","page","type-page","status-publish","hentry"],"yoast_head":"<!-- This site is optimized with the Yoast SEO Premium plugin v23.6 (Yoast SEO v27.5) - https:\/\/yoast.com\/product\/yoast-seo-premium-wordpress\/ -->\n<title>Nuestros Valores | Iglesia del Nazareno Am\u00e9rica del Sur samnaz<\/title>\n<meta name=\"description\" content=\"Iglesia del Nazareno Am\u00e9rica del Sur Nuestros Valores Iglesia del Nazareno\" \/>\n<meta name=\"robots\" content=\"index, follow, max-snippet:-1, max-image-preview:large, max-video-preview:-1\" \/>\n<link rel=\"canonical\" href=\"https:\/\/www.samnaz.org\/pt\/nuestros-valores\/\" \/>\n<meta property=\"og:locale\" content=\"pt_BR\" \/>\n<meta property=\"og:type\" content=\"article\" \/>\n<meta property=\"og:title\" content=\"Nuestros Valores\" \/>\n<meta property=\"og:description\" content=\"Nuestros Valores\" \/>\n<meta property=\"og:url\" content=\"https:\/\/www.samnaz.org\/pt\/nuestros-valores\/\" \/>\n<meta property=\"og:site_name\" content=\"Iglesia del Nazareno Am\u00e9rica del Sur\" \/>\n<meta property=\"article:publisher\" content=\"https:\/\/www.facebook.com\/NazarenoEsp\" \/>\n<meta property=\"article:modified_time\" content=\"2022-01-31T15:23:25+00:00\" \/>\n<meta property=\"og:image\" content=\"https:\/\/www.samnaz.org\/wp-content\/uploads\/2021\/04\/Logo-3-ESP.png\" \/>\n\t<meta property=\"og:image:width\" content=\"1041\" \/>\n\t<meta property=\"og:image:height\" content=\"780\" \/>\n\t<meta property=\"og:image:type\" content=\"image\/png\" \/>\n<meta name=\"twitter:card\" content=\"summary_large_image\" \/>\n<meta name=\"twitter:label1\" content=\"Est. tempo de leitura\" \/>\n\t<meta name=\"twitter:data1\" content=\"5 minutos\" \/>\n<script type=\"application\/ld+json\" class=\"yoast-schema-graph\">{\"@context\":\"https:\\\/\\\/schema.org\",\"@graph\":[{\"@type\":\"WebPage\",\"@id\":\"https:\\\/\\\/www.samnaz.org\\\/nuestros-valores\\\/\",\"url\":\"https:\\\/\\\/www.samnaz.org\\\/nuestros-valores\\\/\",\"name\":\"Nuestros Valores | Iglesia del Nazareno Am\u00e9rica del Sur samnaz\",\"isPartOf\":{\"@id\":\"https:\\\/\\\/www.samnaz.org\\\/#website\"},\"datePublished\":\"2021-04-19T14:18:31+00:00\",\"dateModified\":\"2022-01-31T15:23:25+00:00\",\"description\":\"Iglesia del Nazareno Am\u00e9rica del Sur Nuestros Valores Iglesia del Nazareno\",\"inLanguage\":\"pt-BR\",\"potentialAction\":[{\"@type\":\"ReadAction\",\"target\":[\"https:\\\/\\\/www.samnaz.org\\\/nuestros-valores\\\/\"]}]},{\"@type\":\"WebSite\",\"@id\":\"https:\\\/\\\/www.samnaz.org\\\/#website\",\"url\":\"https:\\\/\\\/www.samnaz.org\\\/\",\"name\":\"Haciendo Disc\u00edpulos Semejantes a Cristo en las naciones\",\"description\":\"Haciendo disc\u00edpulos semejantes a Cristo en las Naciones\",\"publisher\":{\"@id\":\"https:\\\/\\\/www.samnaz.org\\\/#organization\"},\"alternateName\":\"Viviendo la Gran Comisi\u00f3n\",\"potentialAction\":[{\"@type\":\"SearchAction\",\"target\":{\"@type\":\"EntryPoint\",\"urlTemplate\":\"https:\\\/\\\/www.samnaz.org\\\/?s={search_term_string}\"},\"query-input\":{\"@type\":\"PropertyValueSpecification\",\"valueRequired\":true,\"valueName\":\"search_term_string\"}}],\"inLanguage\":\"pt-BR\"},{\"@type\":\"Organization\",\"@id\":\"https:\\\/\\\/www.samnaz.org\\\/#organization\",\"name\":\"Iglesia del Nazareno Am\u00e9rica del Sur\",\"url\":\"https:\\\/\\\/www.samnaz.org\\\/\",\"logo\":{\"@type\":\"ImageObject\",\"inLanguage\":\"pt-BR\",\"@id\":\"https:\\\/\\\/www.samnaz.org\\\/#\\\/schema\\\/logo\\\/image\\\/\",\"url\":\"https:\\\/\\\/www.samnaz.org\\\/wp-content\\\/uploads\\\/2021\\\/04\\\/Logo-3-ESP.png\",\"contentUrl\":\"https:\\\/\\\/www.samnaz.org\\\/wp-content\\\/uploads\\\/2021\\\/04\\\/Logo-3-ESP.png\",\"width\":1041,\"height\":780,\"caption\":\"Iglesia del Nazareno Am\u00e9rica del Sur\"},\"image\":{\"@id\":\"https:\\\/\\\/www.samnaz.org\\\/#\\\/schema\\\/logo\\\/image\\\/\"},\"sameAs\":[\"https:\\\/\\\/www.facebook.com\\\/NazarenoEsp\",\"https:\\\/\\\/www.instagram.com\\\/nazarenoesp\\\/\"],\"publishingPrinciples\":\"https:\\\/\\\/www.samnaz.org\\\/\"}]}<\/script>\n<!-- \/ Yoast SEO Premium plugin. -->","yoast_head_json":{"title":"Nuestros Valores | Iglesia del Nazareno Am\u00e9rica del Sur samnaz","description":"Iglesia del Nazareno Am\u00e9rica del Sur Nuestros Valores Iglesia del Nazareno","robots":{"index":"index","follow":"follow","max-snippet":"max-snippet:-1","max-image-preview":"max-image-preview:large","max-video-preview":"max-video-preview:-1"},"canonical":"https:\/\/www.samnaz.org\/pt\/nuestros-valores\/","og_locale":"pt_BR","og_type":"article","og_title":"Nuestros Valores","og_description":"Nuestros Valores","og_url":"https:\/\/www.samnaz.org\/pt\/nuestros-valores\/","og_site_name":"Iglesia del Nazareno Am\u00e9rica del Sur","article_publisher":"https:\/\/www.facebook.com\/NazarenoEsp","article_modified_time":"2022-01-31T15:23:25+00:00","og_image":[{"width":1041,"height":780,"url":"https:\/\/www.samnaz.org\/wp-content\/uploads\/2021\/04\/Logo-3-ESP.png","type":"image\/png"}],"twitter_card":"summary_large_image","twitter_misc":{"Est. tempo de leitura":"5 minutos"},"schema":{"@context":"https:\/\/schema.org","@graph":[{"@type":"WebPage","@id":"https:\/\/www.samnaz.org\/nuestros-valores\/","url":"https:\/\/www.samnaz.org\/nuestros-valores\/","name":"Nuestros Valores | Iglesia del Nazareno Am\u00e9rica del Sur samnaz","isPartOf":{"@id":"https:\/\/www.samnaz.org\/#website"},"datePublished":"2021-04-19T14:18:31+00:00","dateModified":"2022-01-31T15:23:25+00:00","description":"Iglesia del Nazareno Am\u00e9rica del Sur Nuestros Valores Iglesia del Nazareno","inLanguage":"pt-BR","potentialAction":[{"@type":"ReadAction","target":["https:\/\/www.samnaz.org\/nuestros-valores\/"]}]},{"@type":"WebSite","@id":"https:\/\/www.samnaz.org\/#website","url":"https:\/\/www.samnaz.org\/","name":"Haciendo Disc\u00edpulos Semejantes a Cristo en las naciones","description":"Haciendo disc\u00edpulos semejantes a Cristo en las Naciones","publisher":{"@id":"https:\/\/www.samnaz.org\/#organization"},"alternateName":"Viviendo la Gran Comisi\u00f3n","potentialAction":[{"@type":"SearchAction","target":{"@type":"EntryPoint","urlTemplate":"https:\/\/www.samnaz.org\/?s={search_term_string}"},"query-input":{"@type":"PropertyValueSpecification","valueRequired":true,"valueName":"search_term_string"}}],"inLanguage":"pt-BR"},{"@type":"Organization","@id":"https:\/\/www.samnaz.org\/#organization","name":"Iglesia del Nazareno Am\u00e9rica del Sur","url":"https:\/\/www.samnaz.org\/","logo":{"@type":"ImageObject","inLanguage":"pt-BR","@id":"https:\/\/www.samnaz.org\/#\/schema\/logo\/image\/","url":"https:\/\/www.samnaz.org\/wp-content\/uploads\/2021\/04\/Logo-3-ESP.png","contentUrl":"https:\/\/www.samnaz.org\/wp-content\/uploads\/2021\/04\/Logo-3-ESP.png","width":1041,"height":780,"caption":"Iglesia del Nazareno Am\u00e9rica del Sur"},"image":{"@id":"https:\/\/www.samnaz.org\/#\/schema\/logo\/image\/"},"sameAs":["https:\/\/www.facebook.com\/NazarenoEsp","https:\/\/www.instagram.com\/nazarenoesp\/"],"publishingPrinciples":"https:\/\/www.samnaz.org\/"}]}},"_links":{"self":[{"href":"https:\/\/www.samnaz.org\/pt\/wp-json\/wp\/v2\/pages\/1600","targetHints":{"allow":["GET"]}}],"collection":[{"href":"https:\/\/www.samnaz.org\/pt\/wp-json\/wp\/v2\/pages"}],"about":[{"href":"https:\/\/www.samnaz.org\/pt\/wp-json\/wp\/v2\/types\/page"}],"author":[{"embeddable":true,"href":"https:\/\/www.samnaz.org\/pt\/wp-json\/wp\/v2\/users\/2"}],"replies":[{"embeddable":true,"href":"https:\/\/www.samnaz.org\/pt\/wp-json\/wp\/v2\/comments?post=1600"}],"version-history":[{"count":4,"href":"https:\/\/www.samnaz.org\/pt\/wp-json\/wp\/v2\/pages\/1600\/revisions"}],"predecessor-version":[{"id":37689,"href":"https:\/\/www.samnaz.org\/pt\/wp-json\/wp\/v2\/pages\/1600\/revisions\/37689"}],"wp:attachment":[{"href":"https:\/\/www.samnaz.org\/pt\/wp-json\/wp\/v2\/media?parent=1600"}],"curies":[{"name":"wp","href":"https:\/\/api.w.org\/{rel}","templated":true}]}}