{"id":1636,"date":"2021-04-19T12:57:38","date_gmt":"2021-04-19T15:57:38","guid":{"rendered":"https:\/\/www.samnaz.org\/?page_id=1636"},"modified":"2025-05-15T13:59:27","modified_gmt":"2025-05-15T16:59:27","slug":"area-cono-sur","status":"publish","type":"page","link":"https:\/\/www.samnaz.org\/pt\/area-cono-sur\/","title":{"rendered":"\u00c1rea Cone Sul"},"content":{"rendered":"<p>[et_pb_section fb_built=\u00bb1&#8243; _builder_version=\u00bb4.16&#8243; _module_preset=\u00bbdefault\u00bb background_color_gradient_direction=\u00bb360deg\u00bb background_image=\u00bbhttps:\/\/www.samnaz.org\/wp-content\/uploads\/2021\/04\/Cono-1680.png\u00bb z_index=\u00bb2&#8243; custom_padding=\u00bb||0px|||\u00bb global_colors_info=\u00bb{}\u00bb][et_pb_row _builder_version=\u00bb4.16&#8243; _module_preset=\u00bbdefault\u00bb global_colors_info=\u00bb{}\u00bb][et_pb_column type=\u00bb4_4&#8243; _builder_version=\u00bb4.16&#8243; _module_preset=\u00bbdefault\u00bb global_colors_info=\u00bb{}\u00bb][et_pb_text _builder_version=\u00bb4.16&#8243; _dynamic_attributes=\u00bbcontent\u00bb _module_preset=\u00bbdefault\u00bb text_font=\u00bb|700|||||||\u00bb text_text_color=\u00bb#FFFFFF\u00bb text_font_size=\u00bb30px\u00bb header_text_color=\u00bb#FFFFFF\u00bb header_font_size=\u00bb50px\u00bb background_color=\u00bb#000000&#8243; transform_scale_tablet=\u00bb\u00bb transform_scale_phone=\u00bb\u00bb transform_scale_last_edited=\u00bbon|phone\u00bb transform_translate=\u00bb0px|111px\u00bb transform_translate_tablet=\u00bb\u00bb transform_translate_phone=\u00bb8px|111px\u00bb transform_translate_last_edited=\u00bbon|phone\u00bb transform_translate_linked=\u00bboff\u00bb transform_rotate_tablet=\u00bb\u00bb transform_rotate_phone=\u00bb\u00bb transform_rotate_last_edited=\u00bbon|phone\u00bb transform_skew_tablet=\u00bb\u00bb transform_skew_phone=\u00bb\u00bb transform_skew_last_edited=\u00bbon|phone\u00bb transform_origin_tablet=\u00bb\u00bb transform_origin_phone=\u00bb\u00bb transform_origin_last_edited=\u00bbon|phone\u00bb transform_styles_last_edited=\u00bbon|phone\u00bb text_orientation=\u00bbcenter\u00bb width=\u00bb44%\u00bb width_tablet=\u00bb85%\u00bb width_phone=\u00bb100%\u00bb width_last_edited=\u00bbon|tablet\u00bb module_alignment=\u00bbcenter\u00bb custom_padding=\u00bb30px||30px||false|false\u00bb transform_styles_tablet=\u00bb\u00bb transform_styles_phone=\u00bb\u00bb global_colors_info=\u00bb{}\u00bb width__hover_enabled=\u00bbon|desktop\u00bb width__hover=\u00bb44%\u00bb]@ET-DC@eyJkeW5hbWljIjp0cnVlLCJjb250ZW50IjoicG9zdF90aXRsZSIsInNldHRpbmdzIjp7ImJlZm9yZSI6IiIsImFmdGVyIjoiIn19@[\/et_pb_text][\/et_pb_column][\/et_pb_row][et_pb_row column_structure=\u00bb2_3,1_3&#8243; _builder_version=\u00bb4.16&#8243; _module_preset=\u00bbdefault\u00bb use_background_color_gradient=\u00bbon\u00bb background_color_gradient_direction=\u00bb134deg\u00bb background_color_gradient_stops=\u00bbrgba(34,70,170,0.68) 0%|rgba(41,196,169,0.77) 100%\u00bb background_color_gradient_start=\u00bbrgba(34,70,170,0.68)\u00bb background_color_gradient_end=\u00bbrgba(41,196,169,0.77)\u00bb transform_translate=\u00bb0px|43px\u00bb transform_translate_linked=\u00bboff\u00bb custom_margin=\u00bb0px||0px||false|false\u00bb custom_padding=\u00bb73px|50px|50px|50px|false|false\u00bb border_width_all=\u00bb3px\u00bb border_color_all=\u00bb#FFFFFF\u00bb global_colors_info=\u00bb{}\u00bb][et_pb_column type=\u00bb2_3&#8243; _builder_version=\u00bb4.16&#8243; _module_preset=\u00bbdefault\u00bb global_colors_info=\u00bb{}\u00bb][et_pb_text _builder_version=\u00bb4.25.1&#8243; _module_preset=\u00bbdefault\u00bb text_text_color=\u00bb#FFFFFF\u00bb text_font_size=\u00bb18px\u00bb header_text_color=\u00bb#FFFFFF\u00bb header_3_text_color=\u00bb#FFFFFF\u00bb text_orientation=\u00bbcenter\u00bb custom_padding_tablet=\u00bb\u00bb custom_padding_phone=\u00bb||150px||false|false\u00bb custom_padding_last_edited=\u00bbon|phone\u00bb global_colors_info=\u00bb{}\u00bb]<strong><\/strong><\/p>\n<h1 class=\"et_pb_module_header\"><strong>Eduardo Meza<\/strong><\/h1>\n<h3 class=\"et_pb_member_position\"><strong>Coordenador de Estrat\u00e9gia de \u00c1rea<\/strong><\/h3>\n<p>[\/et_pb_text][\/et_pb_column][et_pb_column type=\u00bb1_3&#8243; _builder_version=\u00bb4.16&#8243; _module_preset=\u00bbdefault\u00bb global_colors_info=\u00bb{}\u00bb][et_pb_image src=\u00bbhttps:\/\/www.samnaz.org\/wp-content\/uploads\/2023\/06\/eduardo.jpg\u00bb title_text=\u00bbeduardo\u00bb align=\u00bbcenter\u00bb _builder_version=\u00bb4.25.1&#8243; _module_preset=\u00bbdefault\u00bb transform_scale_tablet=\u00bb\u00bb transform_scale_phone=\u00bb\u00bb transform_scale_last_edited=\u00bbon|phone\u00bb transform_translate_tablet=\u00bb\u00bb transform_translate_phone=\u00bb-98px|-89px\u00bb transform_translate_last_edited=\u00bbon|tablet\u00bb transform_translate_linked_phone=\u00bboff\u00bb transform_rotate_tablet=\u00bb\u00bb transform_rotate_phone=\u00bb\u00bb transform_rotate_last_edited=\u00bbon|phone\u00bb transform_skew_tablet=\u00bb\u00bb transform_skew_phone=\u00bb\u00bb transform_skew_last_edited=\u00bbon|phone\u00bb transform_origin_tablet=\u00bb\u00bb transform_origin_phone=\u00bb\u00bb transform_origin_last_edited=\u00bbon|phone\u00bb transform_styles_last_edited=\u00bbon|tablet\u00bb positioning=\u00bbabsolute\u00bb position_origin_a=\u00bbtop_center\u00bb vertical_offset=\u00bb-24px\u00bb vertical_offset_tablet=\u00bb2px\u00bb vertical_offset_phone=\u00bb\u00bb vertical_offset_last_edited=\u00bbon|desktop\u00bb horizontal_offset_tablet=\u00bb181px\u00bb horizontal_offset_phone=\u00bb\u00bb horizontal_offset_last_edited=\u00bbon|tablet\u00bb position_origin_a_tablet=\u00bbtop_center\u00bb position_origin_a_phone=\u00bbcenter_center\u00bb position_origin_a_last_edited=\u00bbon|phone\u00bb position_origin_f_tablet=\u00bb\u00bb position_origin_f_phone=\u00bb\u00bb position_origin_f_last_edited=\u00bbon|tablet\u00bb position_origin_r_tablet=\u00bb\u00bb position_origin_r_phone=\u00bb\u00bb position_origin_r_last_edited=\u00bbon|tablet\u00bb width=\u00bb250px\u00bb width_tablet=\u00bb150px\u00bb width_phone=\u00bb200px\u00bb width_last_edited=\u00bbon|phone\u00bb transform_styles_tablet=\u00bb\u00bb transform_styles_phone=\u00bb\u00bb positioning_tablet=\u00bb\u00bb positioning_phone=\u00bb\u00bb positioning_last_edited=\u00bbon|tablet\u00bb border_radii=\u00bbon|100%|100%|100%|100%\u00bb border_width_all=\u00bb3px\u00bb border_color_all=\u00bb#FFFFFF\u00bb global_colors_info=\u00bb{}\u00bb][\/et_pb_image][\/et_pb_column][\/et_pb_row][\/et_pb_section][et_pb_section fb_built=\u00bb1&#8243; fullwidth=\u00bbon\u00bb _builder_version=\u00bb4.16&#8243; _module_preset=\u00bbdefault\u00bb global_colors_info=\u00bb{}\u00bb][et_pb_fullwidth_image src=\u00bbhttps:\/\/www.samnaz.org\/wp-content\/uploads\/2021\/01\/dotted-grid-black.png\u00bb title_text=\u00bbdotted-grid-black\u00bb _builder_version=\u00bb4.16&#8243; _module_preset=\u00bbdefault\u00bb transform_translate=\u00bb0px|4px\u00bb global_colors_info=\u00bb{}\u00bb][\/et_pb_fullwidth_image][\/et_pb_section][et_pb_section fb_built=\u00bb1&#8243; _builder_version=\u00bb4.16&#8243; _module_preset=\u00bbdefault\u00bb background_enable_image=\u00bboff\u00bb background_position=\u00bbtop_center\u00bb custom_margin=\u00bb21px|||||\u00bb custom_padding=\u00bb55px|||||\u00bb global_colors_info=\u00bb{}\u00bb][et_pb_row _builder_version=\u00bb4.16&#8243; _module_preset=\u00bbdefault\u00bb custom_margin=\u00bb||30px||false|false\u00bb custom_padding=\u00bb20px|20px|20px|20px|false|false\u00bb border_color_all=\u00bb#0C71C3&#8243; global_colors_info=\u00bb{}\u00bb][et_pb_column type=\u00bb4_4&#8243; _builder_version=\u00bb4.16&#8243; _module_preset=\u00bbdefault\u00bb global_colors_info=\u00bb{}\u00bb][et_pb_text _builder_version=\u00bb4.16&#8243; _module_preset=\u00bbdefault\u00bb text_font_size=\u00bb18px\u00bb global_colors_info=\u00bb{}\u00bb]<\/p>\n<p style=\"text-align: justify;\">\u201cSomos chamados a fazer disc\u00edpulos \u00e0 semelhan\u00e7a de Cristo nas Na\u00e7\u00f5es. Como \u00c1rea Cone Sul, estamos comprometidos com o desenvolvimento integral dos crentes, por meio de um sistema de mentoria e discipulado intencional, a prega\u00e7\u00e3o do evangelho da Santidade, a forma\u00e7\u00e3o de ministros teologicamente preparados, inteiramente santificados, comprometidos com o trabalho mission\u00e1rio e com o envio respons\u00e1vel de mission\u00e1rios \u00e0s na\u00e7\u00f5es\u201d.<\/p>\n<p>[\/et_pb_text][\/et_pb_column][\/et_pb_row][et_pb_row _builder_version=\u00bb4.16&#8243; _module_preset=\u00bbdefault\u00bb custom_margin=\u00bb2px|auto||auto|false|false\u00bb custom_padding=\u00bb20px|20px|20px|20px|false|false\u00bb border_color_all=\u00bb#0C71C3&#8243; global_colors_info=\u00bb{}\u00bb][et_pb_column type=\u00bb4_4&#8243; _builder_version=\u00bb4.16&#8243; _module_preset=\u00bbdefault\u00bb global_colors_info=\u00bb{}\u00bb][et_pb_text _builder_version=\u00bb4.16&#8243; _module_preset=\u00bbdefault\u00bb text_font_size=\u00bb18px\u00bb width=\u00bb700px\u00bb width_tablet=\u00bb\u00bb width_phone=\u00bb100%\u00bb width_last_edited=\u00bbon|phone\u00bb module_alignment=\u00bbleft\u00bb custom_margin=\u00bb|339px||||\u00bb custom_padding=\u00bb|0px||||\u00bb global_colors_info=\u00bb{}\u00bb]<\/p>\n<h2 class=\"et_pb_toggle_title puntosBlack\" style=\"text-align: center;\"><strong>Vis\u00e3o Ministerial<\/strong><\/h2>\n<p>[\/et_pb_text][\/et_pb_column][\/et_pb_row][et_pb_row _builder_version=\u00bb4.16&#8243; _module_preset=\u00bbdefault\u00bb custom_margin=\u00bb||30px||false|false\u00bb custom_padding=\u00bb20px|20px|20px|20px|false|false\u00bb border_color_all=\u00bb#0C71C3&#8243; global_colors_info=\u00bb{}\u00bb][et_pb_column type=\u00bb4_4&#8243; _builder_version=\u00bb4.16&#8243; _module_preset=\u00bbdefault\u00bb global_colors_info=\u00bb{}\u00bb][et_pb_text _builder_version=\u00bb4.16&#8243; _module_preset=\u00bbdefault\u00bb text_font_size=\u00bb18px\u00bb global_colors_info=\u00bb{}\u00bb]<\/p>\n<ul>\n<li style=\"text-align: justify;\">Coordenamos o trabalho mission\u00e1rio nos 4 pa\u00edses e mobilizamos novos mission\u00e1rios.<\/li>\n<li style=\"text-align: justify;\">Ajudamos no desenvolvimento dos 21 distritos com o objetivo de que todos se tornem Fase 3.<\/li>\n<li style=\"text-align: justify;\">Apoiamos as Igrejas e Distritos em diferentes projetos ministeriais como: compaix\u00e3o, alabastro, trabalho e testemunho, CDI's, evangelismo, MEDDI, bolsas acad\u00eamicas e outros.<\/li>\n<li style=\"text-align: justify;\">Trabalhamos com os distritos em quest\u00f5es jurisdicionais, estat\u00edsticas e assembleias distritais sob a delega\u00e7\u00e3o do Superintendente Geral em jurisdi\u00e7\u00e3o e do Diretor Regional.<\/li>\n<li style=\"text-align: justify;\">Desenvolvemos iniciativas de cuidado integral para pastores e mission\u00e1rios.<\/li>\n<\/ul>\n<p style=\"text-align: justify;\">Coordenamos a implementa\u00e7\u00e3o de iniciativas regionais nos diferentes contextos de cada pa\u00eds.<\/p>\n<p style=\"text-align: justify;\"><strong>Somos uma equipe ao seu servi\u00e7o e para a Gl\u00f3ria do Reino de Deus.<\/strong><\/p>\n<p>[\/et_pb_text][et_pb_text _builder_version=\u00bb4.16&#8243; _module_preset=\u00bbdefault\u00bb text_font_size=\u00bb18px\u00bb global_colors_info=\u00bb{}\u00bb][\/et_pb_text][\/et_pb_column][\/et_pb_row][et_pb_row _builder_version=\u00bb4.27.4&#8243; _module_preset=\u00bbdefault\u00bb column_structure=\u00bb1_2,1_2&#8243;][et_pb_column _builder_version=\u00bb4.27.4&#8243; _module_preset=\u00bbdefault\u00bb type=\u00bb1_2&#8243;][et_pb_image src=\u00bbhttps:\/\/www.samnaz.org\/wp-content\/uploads\/2025\/05\/ROCIO-MEZA-1-300&#215;300.jpg\u00bb _builder_version=\u00bb4.27.4&#8243; _module_preset=\u00bbdefault\u00bb title_text=\u00bbROCIO MEZA 1&#8243; border_radii=\u00bbon|624px|624px|624px|624px\u00bb border_width_all=\u00bb7px\u00bb border_color_all=\u00bb#f2f2f2&#8243; hover_enabled=\u00bb0&#8243; sticky_enabled=\u00bb0&#8243; align=\u00bbcenter\u00bb width=\u00bb200px\u00bb][\/et_pb_image][et_pb_text _builder_version=\u00bb4.27.4&#8243; _module_preset=\u00bbdefault\u00bb hover_enabled=\u00bb0&#8243; sticky_enabled=\u00bb0&#8243;]<\/p>\n<h3 style=\"text-align: center;\"><strong>Rev. Roc\u00edo Fonseca<br \/><\/strong><\/h3>\n<p style=\"text-align: center;\">Secretaria Jurisdiccional para el \u00c1rea Cono Sur<\/p>\n<p>[\/et_pb_text][\/et_pb_column][et_pb_column _builder_version=\u00bb4.27.4&#8243; _module_preset=\u00bbdefault\u00bb type=\u00bb1_2&#8243;][et_pb_image src=\u00bbhttps:\/\/www.samnaz.org\/wp-content\/uploads\/2025\/05\/AvatarSAM-1080-x-1080-px-300&#215;300.jpg\u00bb _builder_version=\u00bb4.27.4&#8243; _module_preset=\u00bbdefault\u00bb title_text=\u00bbAvatarSAM (1080 x 1080 px)\u00bb border_radii=\u00bbon|624px|624px|624px|624px\u00bb border_width_all=\u00bb7px\u00bb border_color_all=\u00bb#f2f2f2&#8243; hover_enabled=\u00bb0&#8243; sticky_enabled=\u00bb0&#8243; align=\u00bbcenter\u00bb width=\u00bb200px\u00bb][\/et_pb_image][et_pb_text _builder_version=\u00bb4.27.4&#8243; _module_preset=\u00bbdefault\u00bb hover_enabled=\u00bb0&#8243; sticky_enabled=\u00bb0&#8243;]<\/p>\n<h3 style=\"text-align: center;\"><strong>Rev. Heyner Rufasto<br \/><\/strong><\/h3>\n<p style=\"text-align: center;\"><span>Coordinador de Finanzas para el \u00c1rea Cono Sur<\/span><\/p>\n<p>[\/et_pb_text][\/et_pb_column][\/et_pb_row][et_pb_row column_structure=\u00bb1_4,1_4,1_4,1_4&#8243; _builder_version=\u00bb4.16&#8243; _module_preset=\u00bbdefault\u00bb use_background_color_gradient=\u00bbon\u00bb background_color_gradient_direction=\u00bb64deg\u00bb background_color_gradient_stops=\u00bbrgba(34,70,170,0.68) 0%|rgba(41,196,169,0.77) 100%\u00bb background_color_gradient_start=\u00bbrgba(34,70,170,0.68)\u00bb background_color_gradient_end=\u00bbrgba(41,196,169,0.77)\u00bb custom_padding=\u00bb20px|20px|20px|20px|false|false\u00bb global_colors_info=\u00bb{}\u00bb][et_pb_column type=\u00bb1_4&#8243; _builder_version=\u00bb4.16&#8243; _module_preset=\u00bbdefault\u00bb global_colors_info=\u00bb{}\u00bb][et_pb_blurb title=\u00bb \u00bb use_icon=\u00bbon\u00bb font_icon=\u00bb&#xe08b;||divi||400&#8243; icon_color=\u00bb#FFFFFF\u00bb image_icon_background_color=\u00bbRGBA(0,0,0,0)\u00bb image_icon_width=\u00bb48px\u00bb _builder_version=\u00bb4.16&#8243; _module_preset=\u00bbdefault\u00bb image_icon_custom_padding=\u00bb25px|25px|25px|25px|false|false\u00bb custom_margin=\u00bb0px|0px|0px|0px|false|false\u00bb custom_padding=\u00bb0px|0px|0px|0px|false|false\u00bb border_radii_image=\u00bbon|100%|100%|100%|100%\u00bb border_width_all_image=\u00bb3px\u00bb border_color_all_image=\u00bb#FFFFFF\u00bb use_circle=\u00bbon\u00bb use_circle_border=\u00bbon\u00bb circle_border_color=\u00bb#FFFFFF\u00bb circle_color=\u00bbRGBA(0,0,0,0)\u00bb global_colors_info=\u00bb{}\u00bb image_icon_background_color__sticky_enabled=\u00bb#110000&#8243; image_icon_background_color__sticky=\u00bb#110000&#8243;][\/et_pb_blurb][et_pb_number_counter title=\u00bbMiembros\u00bb number=\u00bb33.313&#8243; percent_sign=\u00bboff\u00bb _builder_version=\u00bb4.19.4&#8243; _module_preset=\u00bbdefault\u00bb title_text_color=\u00bb#FFFFFF\u00bb number_font=\u00bb|700|||||||\u00bb number_text_color=\u00bb#FFFFFF\u00bb number_font_size=\u00bb55px\u00bb custom_margin=\u00bb-27px|||||\u00bb global_colors_info=\u00bb{}\u00bb][\/et_pb_number_counter][\/et_pb_column][et_pb_column type=\u00bb1_4&#8243; _builder_version=\u00bb4.16&#8243; _module_preset=\u00bbdefault\u00bb global_colors_info=\u00bb{}\u00bb][et_pb_blurb title=\u00bb \u00bb use_icon=\u00bbon\u00bb font_icon=\u00bb&#xe074;||divi||400&#8243; icon_color=\u00bb#FFFFFF\u00bb image_icon_background_color=\u00bbRGBA(0,0,0,0)\u00bb image_icon_width=\u00bb48px\u00bb _builder_version=\u00bb4.16&#8243; _module_preset=\u00bbdefault\u00bb image_icon_custom_padding=\u00bb25px|25px|25px|25px|false|false\u00bb custom_margin=\u00bb0px|0px|0px|0px|false|false\u00bb custom_padding=\u00bb0px|0px|0px|0px|false|false\u00bb border_radii_image=\u00bbon|100%|100%|100%|100%\u00bb border_width_all_image=\u00bb3px\u00bb border_color_all_image=\u00bb#FFFFFF\u00bb use_circle=\u00bbon\u00bb use_circle_border=\u00bbon\u00bb circle_border_color=\u00bb#FFFFFF\u00bb circle_color=\u00bbRGBA(0,0,0,0)\u00bb global_colors_info=\u00bb{}\u00bb image_icon_background_color__sticky_enabled=\u00bb#110000&#8243; image_icon_background_color__sticky=\u00bb#110000&#8243;][\/et_pb_blurb][et_pb_number_counter title=\u00bbIglesias Organizadas\u00bb number=\u00bb397&#8243; percent_sign=\u00bboff\u00bb _builder_version=\u00bb4.19.4&#8243; _module_preset=\u00bbdefault\u00bb title_text_color=\u00bb#FFFFFF\u00bb number_font=\u00bb|700|||||||\u00bb number_text_color=\u00bb#FFFFFF\u00bb number_font_size=\u00bb55px\u00bb custom_margin=\u00bb-27px|||||\u00bb global_colors_info=\u00bb{}\u00bb][\/et_pb_number_counter][\/et_pb_column][et_pb_column type=\u00bb1_4&#8243; _builder_version=\u00bb4.16&#8243; _module_preset=\u00bbdefault\u00bb global_colors_info=\u00bb{}\u00bb][et_pb_blurb title=\u00bb \u00bb use_icon=\u00bbon\u00bb font_icon=\u00bb&#xe078;||divi||400&#8243; icon_color=\u00bb#FFFFFF\u00bb image_icon_background_color=\u00bbRGBA(0,0,0,0)\u00bb image_icon_width=\u00bb48px\u00bb _builder_version=\u00bb4.16&#8243; _module_preset=\u00bbdefault\u00bb image_icon_custom_padding=\u00bb25px|25px|25px|25px|false|false\u00bb custom_margin=\u00bb0px|0px|0px|0px|false|false\u00bb custom_padding=\u00bb0px|0px|0px|0px|false|false\u00bb border_radii_image=\u00bbon|100%|100%|100%|100%\u00bb border_width_all_image=\u00bb3px\u00bb border_color_all_image=\u00bb#FFFFFF\u00bb use_circle=\u00bbon\u00bb use_circle_border=\u00bbon\u00bb circle_border_color=\u00bb#FFFFFF\u00bb circle_color=\u00bbRGBA(0,0,0,0)\u00bb global_colors_info=\u00bb{}\u00bb image_icon_background_color__sticky_enabled=\u00bb#110000&#8243; image_icon_background_color__sticky=\u00bb#110000&#8243;][\/et_pb_blurb][et_pb_number_counter title=\u00bbMisiones\u00bb number=\u00bb24&#8243; percent_sign=\u00bboff\u00bb _builder_version=\u00bb4.19.4&#8243; _module_preset=\u00bbdefault\u00bb title_text_color=\u00bb#FFFFFF\u00bb number_font=\u00bb|700|||||||\u00bb number_text_color=\u00bb#FFFFFF\u00bb number_font_size=\u00bb55px\u00bb custom_margin=\u00bb-27px|||||\u00bb global_colors_info=\u00bb{}\u00bb][\/et_pb_number_counter][\/et_pb_column][et_pb_column type=\u00bb1_4&#8243; _builder_version=\u00bb4.16&#8243; _module_preset=\u00bbdefault\u00bb global_colors_info=\u00bb{}\u00bb][et_pb_blurb title=\u00bb \u00bb use_icon=\u00bbon\u00bb font_icon=\u00bb&#xe0fd;||divi||400&#8243; icon_color=\u00bb#FFFFFF\u00bb image_icon_background_color=\u00bbRGBA(0,0,0,0)\u00bb image_icon_width=\u00bb48px\u00bb _builder_version=\u00bb4.16&#8243; _module_preset=\u00bbdefault\u00bb image_icon_custom_padding=\u00bb25px|25px|25px|25px|false|false\u00bb custom_margin=\u00bb0px|0px|0px|0px|false|false\u00bb custom_padding=\u00bb0px|0px|0px|0px|false|false\u00bb border_radii_image=\u00bbon|100%|100%|100%|100%\u00bb border_width_all_image=\u00bb3px\u00bb border_color_all_image=\u00bb#FFFFFF\u00bb use_circle=\u00bbon\u00bb use_circle_border=\u00bbon\u00bb circle_border_color=\u00bb#FFFFFF\u00bb circle_color=\u00bbRGBA(0,0,0,0)\u00bb global_colors_info=\u00bb{}\u00bb image_icon_background_color__sticky_enabled=\u00bb#110000&#8243; image_icon_background_color__sticky=\u00bb#110000&#8243;][\/et_pb_blurb][et_pb_number_counter title=\u00bbDistritos\u00bb number=\u00bb21&#8243; percent_sign=\u00bboff\u00bb _builder_version=\u00bb4.16&#8243; _module_preset=\u00bbdefault\u00bb title_text_color=\u00bb#FFFFFF\u00bb number_font=\u00bb|700|||||||\u00bb number_text_color=\u00bb#FFFFFF\u00bb number_font_size=\u00bb55px\u00bb custom_margin=\u00bb-27px|||||\u00bb global_colors_info=\u00bb{}\u00bb][\/et_pb_number_counter][\/et_pb_column][\/et_pb_row][et_pb_row _builder_version=\u00bb4.16&#8243; _module_preset=\u00bbdefault\u00bb global_colors_info=\u00bb{}\u00bb disabled_on=\u00bbon|on|on\u00bb disabled=\u00bbon\u00bb][et_pb_column type=\u00bb4_4&#8243; _builder_version=\u00bb4.16&#8243; _module_preset=\u00bbdefault\u00bb global_colors_info=\u00bb{}\u00bb][et_pb_button button_url=\u00bbhttp:\/\/nazarenoconosur.org\/\u00bb url_new_window=\u00bbon\u00bb button_text=\u00bbSitio Web Cono Sur\u00bb button_alignment=\u00bbcenter\u00bb _builder_version=\u00bb4.16&#8243; _module_preset=\u00bbdefault\u00bb custom_button=\u00bbon\u00bb button_text_color=\u00bb#FFFFFF\u00bb button_bg_color=\u00bb#4e66f8&#8243; button_border_radius=\u00bb10px\u00bb global_colors_info=\u00bb{}\u00bb][\/et_pb_button][\/et_pb_column][\/et_pb_row][\/et_pb_section]<\/p>\n<span class=\"et_bloom_bottom_trigger\"><\/span>","protected":false},"excerpt":{"rendered":"<p>Eduardo Meza Coordinador de Estrategia de \u00c1rea\u201cNosotros somos llamados para hacer disc\u00edpulos semejantes a Cristo en las Naciones. Como \u00c1rea Cono Sur estamos comprometidos con el desarrollo integral de los creyentes, a trav\u00e9s de un sistema de mentoreo y discipulado intencional, la predicaci\u00f3n del evangelio de Santidad, la formaci\u00f3n de ministros preparados teol\u00f3gicamente, enteramente santificados, [&hellip;]<\/p>","protected":false},"author":2,"featured_media":0,"parent":0,"menu_order":0,"comment_status":"closed","ping_status":"closed","template":"","meta":{"_et_pb_use_builder":"on","_et_pb_old_content":"","_et_gb_content_width":"","_monsterinsights_skip_tracking":false,"_monsterinsights_sitenote_active":false,"_monsterinsights_sitenote_note":"","_monsterinsights_sitenote_category":0,"_vp_format_video_url":"","_vp_image_focal_point":[],"footnotes":""},"class_list":["post-1636","page","type-page","status-publish","hentry"],"yoast_head":"<!-- This site is optimized with the Yoast SEO Premium plugin v23.6 (Yoast SEO v27.4) - https:\/\/yoast.com\/product\/yoast-seo-premium-wordpress\/ -->\n<title>\u00c1rea Cono Sur | Iglesia del Nazareno Am\u00e9rica del Sur samnaz<\/title>\n<meta name=\"description\" content=\"Iglesia del Nazareno Am\u00e9rica del Sur \u00c1rea Cono Sur Iglesia del Nazareno\" \/>\n<meta name=\"robots\" content=\"index, follow, max-snippet:-1, max-image-preview:large, max-video-preview:-1\" \/>\n<link rel=\"canonical\" href=\"https:\/\/www.samnaz.org\/pt\/area-cono-sur\/\" \/>\n<meta property=\"og:locale\" content=\"pt_BR\" \/>\n<meta property=\"og:type\" content=\"article\" \/>\n<meta property=\"og:title\" content=\"\u00c1rea Cono Sur\" \/>\n<meta property=\"og:description\" content=\"\u00c1rea Cono Sur\" \/>\n<meta property=\"og:url\" content=\"https:\/\/www.samnaz.org\/pt\/area-cono-sur\/\" \/>\n<meta property=\"og:site_name\" content=\"Iglesia del Nazareno Am\u00e9rica del Sur\" \/>\n<meta property=\"article:publisher\" content=\"https:\/\/www.facebook.com\/NazarenoEsp\" \/>\n<meta property=\"article:modified_time\" content=\"2025-05-15T16:59:27+00:00\" \/>\n<meta property=\"og:image\" content=\"https:\/\/www.samnaz.org\/wp-content\/uploads\/2021\/04\/Logo-3-ESP.png\" \/>\n\t<meta property=\"og:image:width\" content=\"1041\" \/>\n\t<meta property=\"og:image:height\" content=\"780\" \/>\n\t<meta property=\"og:image:type\" content=\"image\/png\" \/>\n<meta name=\"twitter:card\" content=\"summary_large_image\" \/>\n<meta name=\"twitter:label1\" content=\"Est. tempo de leitura\" \/>\n\t<meta name=\"twitter:data1\" content=\"10 minutos\" \/>\n<script type=\"application\/ld+json\" class=\"yoast-schema-graph\">{\"@context\":\"https:\\\/\\\/schema.org\",\"@graph\":[{\"@type\":\"WebPage\",\"@id\":\"https:\\\/\\\/www.samnaz.org\\\/area-cono-sur\\\/\",\"url\":\"https:\\\/\\\/www.samnaz.org\\\/area-cono-sur\\\/\",\"name\":\"\u00c1rea Cono Sur | Iglesia del Nazareno Am\u00e9rica del Sur samnaz\",\"isPartOf\":{\"@id\":\"https:\\\/\\\/www.samnaz.org\\\/#website\"},\"datePublished\":\"2021-04-19T15:57:38+00:00\",\"dateModified\":\"2025-05-15T16:59:27+00:00\",\"description\":\"Iglesia del Nazareno Am\u00e9rica del Sur \u00c1rea Cono Sur Iglesia del Nazareno\",\"inLanguage\":\"pt-BR\",\"potentialAction\":[{\"@type\":\"ReadAction\",\"target\":[\"https:\\\/\\\/www.samnaz.org\\\/area-cono-sur\\\/\"]}]},{\"@type\":\"WebSite\",\"@id\":\"https:\\\/\\\/www.samnaz.org\\\/#website\",\"url\":\"https:\\\/\\\/www.samnaz.org\\\/\",\"name\":\"Haciendo Disc\u00edpulos Semejantes a Cristo en las naciones\",\"description\":\"Haciendo disc\u00edpulos semejantes a Cristo en las Naciones\",\"publisher\":{\"@id\":\"https:\\\/\\\/www.samnaz.org\\\/#organization\"},\"alternateName\":\"Viviendo la Gran Comisi\u00f3n\",\"potentialAction\":[{\"@type\":\"SearchAction\",\"target\":{\"@type\":\"EntryPoint\",\"urlTemplate\":\"https:\\\/\\\/www.samnaz.org\\\/?s={search_term_string}\"},\"query-input\":{\"@type\":\"PropertyValueSpecification\",\"valueRequired\":true,\"valueName\":\"search_term_string\"}}],\"inLanguage\":\"pt-BR\"},{\"@type\":\"Organization\",\"@id\":\"https:\\\/\\\/www.samnaz.org\\\/#organization\",\"name\":\"Iglesia del Nazareno Am\u00e9rica del Sur\",\"url\":\"https:\\\/\\\/www.samnaz.org\\\/\",\"logo\":{\"@type\":\"ImageObject\",\"inLanguage\":\"pt-BR\",\"@id\":\"https:\\\/\\\/www.samnaz.org\\\/#\\\/schema\\\/logo\\\/image\\\/\",\"url\":\"https:\\\/\\\/www.samnaz.org\\\/wp-content\\\/uploads\\\/2021\\\/04\\\/Logo-3-ESP.png\",\"contentUrl\":\"https:\\\/\\\/www.samnaz.org\\\/wp-content\\\/uploads\\\/2021\\\/04\\\/Logo-3-ESP.png\",\"width\":1041,\"height\":780,\"caption\":\"Iglesia del Nazareno Am\u00e9rica del Sur\"},\"image\":{\"@id\":\"https:\\\/\\\/www.samnaz.org\\\/#\\\/schema\\\/logo\\\/image\\\/\"},\"sameAs\":[\"https:\\\/\\\/www.facebook.com\\\/NazarenoEsp\",\"https:\\\/\\\/www.instagram.com\\\/nazarenoesp\\\/\"],\"publishingPrinciples\":\"https:\\\/\\\/www.samnaz.org\\\/\"}]}<\/script>\n<!-- \/ Yoast SEO Premium plugin. -->","yoast_head_json":{"title":"\u00c1rea Cono Sur | Iglesia del Nazareno Am\u00e9rica del Sur samnaz","description":"Iglesia del Nazareno Am\u00e9rica del Sur \u00c1rea Cono Sur Iglesia del Nazareno","robots":{"index":"index","follow":"follow","max-snippet":"max-snippet:-1","max-image-preview":"max-image-preview:large","max-video-preview":"max-video-preview:-1"},"canonical":"https:\/\/www.samnaz.org\/pt\/area-cono-sur\/","og_locale":"pt_BR","og_type":"article","og_title":"\u00c1rea Cono Sur","og_description":"\u00c1rea Cono Sur","og_url":"https:\/\/www.samnaz.org\/pt\/area-cono-sur\/","og_site_name":"Iglesia del Nazareno Am\u00e9rica del Sur","article_publisher":"https:\/\/www.facebook.com\/NazarenoEsp","article_modified_time":"2025-05-15T16:59:27+00:00","og_image":[{"width":1041,"height":780,"url":"https:\/\/www.samnaz.org\/wp-content\/uploads\/2021\/04\/Logo-3-ESP.png","type":"image\/png"}],"twitter_card":"summary_large_image","twitter_misc":{"Est. tempo de leitura":"10 minutos"},"schema":{"@context":"https:\/\/schema.org","@graph":[{"@type":"WebPage","@id":"https:\/\/www.samnaz.org\/area-cono-sur\/","url":"https:\/\/www.samnaz.org\/area-cono-sur\/","name":"\u00c1rea Cono Sur | Iglesia del Nazareno Am\u00e9rica del Sur samnaz","isPartOf":{"@id":"https:\/\/www.samnaz.org\/#website"},"datePublished":"2021-04-19T15:57:38+00:00","dateModified":"2025-05-15T16:59:27+00:00","description":"Iglesia del Nazareno Am\u00e9rica del Sur \u00c1rea Cono Sur Iglesia del Nazareno","inLanguage":"pt-BR","potentialAction":[{"@type":"ReadAction","target":["https:\/\/www.samnaz.org\/area-cono-sur\/"]}]},{"@type":"WebSite","@id":"https:\/\/www.samnaz.org\/#website","url":"https:\/\/www.samnaz.org\/","name":"Haciendo Disc\u00edpulos Semejantes a Cristo en las naciones","description":"Haciendo disc\u00edpulos semejantes a Cristo en las Naciones","publisher":{"@id":"https:\/\/www.samnaz.org\/#organization"},"alternateName":"Viviendo la Gran Comisi\u00f3n","potentialAction":[{"@type":"SearchAction","target":{"@type":"EntryPoint","urlTemplate":"https:\/\/www.samnaz.org\/?s={search_term_string}"},"query-input":{"@type":"PropertyValueSpecification","valueRequired":true,"valueName":"search_term_string"}}],"inLanguage":"pt-BR"},{"@type":"Organization","@id":"https:\/\/www.samnaz.org\/#organization","name":"Iglesia del Nazareno Am\u00e9rica del Sur","url":"https:\/\/www.samnaz.org\/","logo":{"@type":"ImageObject","inLanguage":"pt-BR","@id":"https:\/\/www.samnaz.org\/#\/schema\/logo\/image\/","url":"https:\/\/www.samnaz.org\/wp-content\/uploads\/2021\/04\/Logo-3-ESP.png","contentUrl":"https:\/\/www.samnaz.org\/wp-content\/uploads\/2021\/04\/Logo-3-ESP.png","width":1041,"height":780,"caption":"Iglesia del Nazareno Am\u00e9rica del Sur"},"image":{"@id":"https:\/\/www.samnaz.org\/#\/schema\/logo\/image\/"},"sameAs":["https:\/\/www.facebook.com\/NazarenoEsp","https:\/\/www.instagram.com\/nazarenoesp\/"],"publishingPrinciples":"https:\/\/www.samnaz.org\/"}]}},"_links":{"self":[{"href":"https:\/\/www.samnaz.org\/pt\/wp-json\/wp\/v2\/pages\/1636","targetHints":{"allow":["GET"]}}],"collection":[{"href":"https:\/\/www.samnaz.org\/pt\/wp-json\/wp\/v2\/pages"}],"about":[{"href":"https:\/\/www.samnaz.org\/pt\/wp-json\/wp\/v2\/types\/page"}],"author":[{"embeddable":true,"href":"https:\/\/www.samnaz.org\/pt\/wp-json\/wp\/v2\/users\/2"}],"replies":[{"embeddable":true,"href":"https:\/\/www.samnaz.org\/pt\/wp-json\/wp\/v2\/comments?post=1636"}],"version-history":[{"count":19,"href":"https:\/\/www.samnaz.org\/pt\/wp-json\/wp\/v2\/pages\/1636\/revisions"}],"predecessor-version":[{"id":48686,"href":"https:\/\/www.samnaz.org\/pt\/wp-json\/wp\/v2\/pages\/1636\/revisions\/48686"}],"wp:attachment":[{"href":"https:\/\/www.samnaz.org\/pt\/wp-json\/wp\/v2\/media?parent=1636"}],"curies":[{"name":"wp","href":"https:\/\/api.w.org\/{rel}","templated":true}]}}