{"id":1654,"date":"2021-04-19T14:25:34","date_gmt":"2021-04-19T17:25:34","guid":{"rendered":"https:\/\/www.samnaz.org\/?page_id=1654"},"modified":"2025-01-30T20:29:01","modified_gmt":"2025-01-30T23:29:01","slug":"comunicaciones","status":"publish","type":"page","link":"https:\/\/www.samnaz.org\/pt\/comunicaciones\/","title":{"rendered":"Comunica\u00e7\u00f5es"},"content":{"rendered":"<p>[et_pb_section fb_built=\u00bb1&#8243; _builder_version=\u00bb4.16&#8243; _module_preset=\u00bbdefault\u00bb background_color_gradient_direction=\u00bb360deg\u00bb background_image=\u00bbhttps:\/\/www.samnaz.org\/wp-content\/uploads\/2021\/04\/Comunicaciones-1680x-min.png\u00bb z_index=\u00bb2&#8243; custom_padding=\u00bb||0px|||\u00bb global_colors_info=\u00bb{}\u00bb][et_pb_row _builder_version=\u00bb4.16&#8243; _module_preset=\u00bbdefault\u00bb global_colors_info=\u00bb{}\u00bb][et_pb_column type=\u00bb4_4&#8243; _builder_version=\u00bb4.16&#8243; _module_preset=\u00bbdefault\u00bb global_colors_info=\u00bb{}\u00bb][et_pb_text _builder_version=\u00bb4.16&#8243; _dynamic_attributes=\u00bbcontent\u00bb _module_preset=\u00bbdefault\u00bb text_font=\u00bb|700|||||||\u00bb text_text_color=\u00bb#FFFFFF\u00bb text_font_size=\u00bb30px\u00bb header_text_color=\u00bb#FFFFFF\u00bb header_font_size=\u00bb50px\u00bb background_color=\u00bb#000000&#8243; transform_scale_tablet=\u00bb\u00bb transform_scale_phone=\u00bb\u00bb transform_scale_last_edited=\u00bbon|phone\u00bb transform_translate=\u00bb0px|111px\u00bb transform_translate_tablet=\u00bb\u00bb transform_translate_phone=\u00bb8px|111px\u00bb transform_translate_last_edited=\u00bbon|phone\u00bb transform_translate_linked=\u00bboff\u00bb transform_rotate_tablet=\u00bb\u00bb transform_rotate_phone=\u00bb\u00bb transform_rotate_last_edited=\u00bbon|phone\u00bb transform_skew_tablet=\u00bb\u00bb transform_skew_phone=\u00bb\u00bb transform_skew_last_edited=\u00bbon|phone\u00bb transform_origin_tablet=\u00bb\u00bb transform_origin_phone=\u00bb\u00bb transform_origin_last_edited=\u00bbon|phone\u00bb transform_styles_last_edited=\u00bbon|phone\u00bb text_orientation=\u00bbcenter\u00bb width=\u00bb44%\u00bb width_tablet=\u00bb85%\u00bb width_phone=\u00bb100%\u00bb width_last_edited=\u00bbon|tablet\u00bb module_alignment=\u00bbcenter\u00bb custom_padding=\u00bb30px||30px||false|false\u00bb transform_styles_tablet=\u00bb\u00bb transform_styles_phone=\u00bb\u00bb global_colors_info=\u00bb{}\u00bb width__hover_enabled=\u00bbon|desktop\u00bb width__hover=\u00bb44%\u00bb]@ET-DC@eyJkeW5hbWljIjp0cnVlLCJjb250ZW50IjoicG9zdF90aXRsZSIsInNldHRpbmdzIjp7ImJlZm9yZSI6IiIsImFmdGVyIjoiIn19@[\/et_pb_text][\/et_pb_column][\/et_pb_row][et_pb_row column_structure=\u00bb2_3,1_3&#8243; _builder_version=\u00bb4.16&#8243; _module_preset=\u00bbdefault\u00bb use_background_color_gradient=\u00bbon\u00bb background_color_gradient_direction=\u00bb134deg\u00bb background_color_gradient_stops=\u00bbrgba(34,70,170,0.68) 0%|rgba(41,196,169,0.77) 100%\u00bb background_color_gradient_start=\u00bbrgba(34,70,170,0.68)\u00bb background_color_gradient_end=\u00bbrgba(41,196,169,0.77)\u00bb transform_translate=\u00bb0px|43px\u00bb transform_translate_linked=\u00bboff\u00bb custom_margin=\u00bb0px||0px||false|false\u00bb custom_padding=\u00bb73px|50px|50px|50px|false|false\u00bb border_width_all=\u00bb3px\u00bb border_color_all=\u00bb#FFFFFF\u00bb global_colors_info=\u00bb{}\u00bb][et_pb_column type=\u00bb2_3&#8243; _builder_version=\u00bb4.16&#8243; _module_preset=\u00bbdefault\u00bb global_colors_info=\u00bb{}\u00bb][et_pb_text _builder_version=\u00bb4.27.2&#8243; _module_preset=\u00bbdefault\u00bb text_text_color=\u00bb#FFFFFF\u00bb text_font_size=\u00bb18px\u00bb header_text_color=\u00bb#FFFFFF\u00bb header_3_text_color=\u00bb#FFFFFF\u00bb text_orientation=\u00bbcenter\u00bb custom_padding_tablet=\u00bb\u00bb custom_padding_phone=\u00bb||150px||false|false\u00bb custom_padding_last_edited=\u00bbon|phone\u00bb global_colors_info=\u00bb{}\u00bb]<\/p>\n<p><strong><\/strong><\/p>\n<h1 class=\"et_pb_module_header\"><strong>Oscar Ben\u00edtez<\/strong><\/h1>\n<h3 class=\"et_pb_member_position\"><strong>Coordenador Regional<\/strong><\/h3>\n<p>[\/et_pb_text][\/et_pb_column][et_pb_column type=\u00bb1_3&#8243; _builder_version=\u00bb4.16&#8243; _module_preset=\u00bbdefault\u00bb global_colors_info=\u00bb{}\u00bb][et_pb_image src=\u00bbhttps:\/\/www.samnaz.org\/wp-content\/uploads\/2022\/01\/Oscar-Benitez.jpg\u00bb title_text=\u00bbOscar-Benitez\u00bb align=\u00bbcenter\u00bb _builder_version=\u00bb4.27.2&#8243; _module_preset=\u00bbdefault\u00bb transform_scale_tablet=\u00bb\u00bb transform_scale_phone=\u00bb\u00bb transform_scale_last_edited=\u00bbon|phone\u00bb transform_translate_tablet=\u00bb\u00bb transform_translate_phone=\u00bb-98px|-89px\u00bb transform_translate_last_edited=\u00bbon|tablet\u00bb transform_translate_linked_phone=\u00bboff\u00bb transform_rotate_tablet=\u00bb\u00bb transform_rotate_phone=\u00bb\u00bb transform_rotate_last_edited=\u00bbon|phone\u00bb transform_skew_tablet=\u00bb\u00bb transform_skew_phone=\u00bb\u00bb transform_skew_last_edited=\u00bbon|phone\u00bb transform_origin_tablet=\u00bb\u00bb transform_origin_phone=\u00bb\u00bb transform_origin_last_edited=\u00bbon|phone\u00bb transform_styles_last_edited=\u00bbon|tablet\u00bb positioning=\u00bbabsolute\u00bb position_origin_a=\u00bbtop_center\u00bb vertical_offset=\u00bb-20px\u00bb vertical_offset_tablet=\u00bb2px\u00bb vertical_offset_phone=\u00bb\u00bb vertical_offset_last_edited=\u00bbon|desktop\u00bb horizontal_offset_tablet=\u00bb181px\u00bb horizontal_offset_phone=\u00bb\u00bb horizontal_offset_last_edited=\u00bbon|tablet\u00bb position_origin_a_tablet=\u00bbtop_center\u00bb position_origin_a_phone=\u00bbcenter_center\u00bb position_origin_a_last_edited=\u00bbon|phone\u00bb position_origin_f_tablet=\u00bb\u00bb position_origin_f_phone=\u00bb\u00bb position_origin_f_last_edited=\u00bbon|tablet\u00bb position_origin_r_tablet=\u00bb\u00bb position_origin_r_phone=\u00bb\u00bb position_origin_r_last_edited=\u00bbon|tablet\u00bb width=\u00bb250px\u00bb width_tablet=\u00bb150px\u00bb width_phone=\u00bb200px\u00bb width_last_edited=\u00bbon|phone\u00bb transform_styles_tablet=\u00bb\u00bb transform_styles_phone=\u00bb\u00bb positioning_tablet=\u00bb\u00bb positioning_phone=\u00bb\u00bb positioning_last_edited=\u00bbon|tablet\u00bb border_radii=\u00bbon|100%|100%|100%|100%\u00bb border_width_all=\u00bb3px\u00bb border_color_all=\u00bb#FFFFFF\u00bb global_colors_info=\u00bb{}\u00bb][\/et_pb_image][\/et_pb_column][\/et_pb_row][\/et_pb_section][et_pb_section fb_built=\u00bb1&#8243; fullwidth=\u00bbon\u00bb _builder_version=\u00bb4.16&#8243; _module_preset=\u00bbdefault\u00bb global_colors_info=\u00bb{}\u00bb][et_pb_fullwidth_image src=\u00bbhttps:\/\/www.samnaz.org\/wp-content\/uploads\/2021\/01\/dotted-grid-black.png\u00bb title_text=\u00bbdotted-grid-black\u00bb _builder_version=\u00bb4.16&#8243; _module_preset=\u00bbdefault\u00bb transform_translate=\u00bb0px|4px\u00bb global_colors_info=\u00bb{}\u00bb][\/et_pb_fullwidth_image][\/et_pb_section][et_pb_section fb_built=\u00bb1&#8243; _builder_version=\u00bb4.16&#8243; _module_preset=\u00bbdefault\u00bb background_enable_image=\u00bboff\u00bb background_position=\u00bbtop_center\u00bb custom_margin=\u00bb21px|||||\u00bb custom_padding=\u00bb55px|||||\u00bb global_colors_info=\u00bb{}\u00bb][et_pb_row _builder_version=\u00bb4.16&#8243; _module_preset=\u00bbdefault\u00bb custom_padding=\u00bb20px|20px|20px|20px|false|false\u00bb border_color_all=\u00bb#0C71C3&#8243; global_colors_info=\u00bb{}\u00bb][et_pb_column type=\u00bb4_4&#8243; _builder_version=\u00bb4.16&#8243; _module_preset=\u00bbdefault\u00bb global_colors_info=\u00bb{}\u00bb][et_pb_text _builder_version=\u00bb4.16&#8243; _module_preset=\u00bbdefault\u00bb text_font_size=\u00bb18px\u00bb width=\u00bb400px\u00bb width_tablet=\u00bb\u00bb width_phone=\u00bb100%\u00bb width_last_edited=\u00bbon|phone\u00bb module_alignment=\u00bbleft\u00bb global_colors_info=\u00bb{}\u00bb]<\/p>\n<h2 class=\"\" style=\"text-align: center;\"><strong>Um Deus que se comunica!<\/strong><\/h2>\n<p>[\/et_pb_text][et_pb_text _builder_version=\u00bb4.16&#8243; _module_preset=\u00bbdefault\u00bb text_font_size=\u00bb18px\u00bb text_orientation=\u00bbjustified\u00bb custom_margin=\u00bb||35px|||\u00bb global_colors_info=\u00bb{}\u00bb]<\/p>\n<p style=\"text-align: left;\">Quando olhamos para as hist\u00f3rias b\u00edblicas, algo sempre que \u00e9 sempre recorrente \u00e9 Deus se comunicar. Mais que isso, a pr\u00f3pria iniciativa de Deus em reunir essas diversas hist\u00f3rias na B\u00edblia como registro comunicativo seu para conosco, deve nos deixar claro a import\u00e2ncia da comunica\u00e7\u00e3o para n\u00f3s crist\u00e3os.<\/p>\n<p>Como mencionado, a B\u00edblia nos afirma que Deus est\u00e1 se comunicando at\u00e9 hoje. \u00c9 nesse contexto que como minist\u00e9rio encontramos a tarefa da igreja, como detentora da responsabilidade de comunicar o Evangelho a todos, ou seja, tanto aqueles que ainda n\u00e3o se entregaram ao Senhor Jesus, quanto aos que j\u00e1 chamamos de irm\u00e3os na f\u00e9.<\/p>\n<p>A iniciativa de comunica\u00e7\u00e3o \u00e9 do pr\u00f3prio Deus, entretanto Ele partilha essa tarefa com sua igreja. Assim, nos cabe evangelizar e ensinar sempre na depend\u00eancia do Esp\u00edrito Santo, mas sem negligenciar a excel\u00eancia que nos \u00e9 exigida nessa tarefa de comunica\u00e7\u00e3o, articulando diferentes meios e formas a partir de uma cosmovis\u00e3o crist\u00e3.<\/p>\n<p>[\/et_pb_text][et_pb_text _builder_version=\u00bb4.16&#8243; _module_preset=\u00bbdefault\u00bb text_font_size=\u00bb18px\u00bb width=\u00bb500px\u00bb width_tablet=\u00bb\u00bb width_phone=\u00bb100%\u00bb width_last_edited=\u00bbon|phone\u00bb module_alignment=\u00bbleft\u00bb global_colors_info=\u00bb{}\u00bb]<\/p>\n<p class=\"puntosBlack\" style=\"text-align: center;\"><strong> <\/strong><\/p>\n<h2 class=\"puntosBlack\" style=\"text-align: center;\"><strong>COMUNICA\u00c7\u00d5ES NAZARENAS<\/strong><\/h2>\n<p>[\/et_pb_text][et_pb_text _builder_version=\u00bb4.16&#8243; _module_preset=\u00bbdefault\u00bb text_font_size=\u00bb18px\u00bb text_orientation=\u00bbjustified\u00bb global_colors_info=\u00bb{}\u00bb]<\/p>\n<p>Comunica\u00e7\u00f5es Nazarenas \u00e9 um Minist\u00e9rio da Igreja do Nazareno que funciona como um bra\u00e7o de apoio aos demais minist\u00e9rios, provendo recursos e ajudando no planejamento e produ\u00e7\u00e3o de materiais audiovisuais e outros recursos tecnol\u00f3gicos adequeados para o contexto no qual s\u00e3o utilizados. Fazemos isso para contribuir com o cumprimento da Miss\u00e3o da Igreja do Nazareno: \u201cFazer disc\u00edpulos semelhantes a Cristo nas na\u00e7\u00f5es\u201d.\u00a0<\/p>\n<p>Outro aspecto importante do minist\u00e9rio \u00e9 fazer disc\u00edpulos nas distintas \u00e1reas das comunica\u00e7\u00f5es, para que juntos como equipe possamos compartilhar o que Deus est\u00e1 fazendo atrav\u00e9s da Igreja do Nazareno na Am\u00e9rica do Sul.<\/p>\n<p>[\/et_pb_text][et_pb_text _builder_version=\u00bb4.16&#8243; _module_preset=\u00bbdefault\u00bb text_font_size=\u00bb18px\u00bb width=\u00bb500px\u00bb width_tablet=\u00bb\u00bb width_phone=\u00bb100%\u00bb width_last_edited=\u00bbon|phone\u00bb module_alignment=\u00bbcenter\u00bb global_colors_info=\u00bb{}\u00bb]<\/p>\n<h2 class=\"\" style=\"text-align: center;\"><strong>OBJETIVOS<\/strong><\/h2>\n<p>[\/et_pb_text][et_pb_text _builder_version=\u00bb4.16&#8243; _module_preset=\u00bbdefault\u00bb text_font_size=\u00bb18px\u00bb text_orientation=\u00bbjustified\u00bb global_colors_info=\u00bb{}\u00bb]<\/p>\n<ul>\n<li>Facilitar a comunica\u00e7\u00e3o e o acesso aos recursos para a igreja local.<\/li>\n<li>Ajudar a Igreja com minist\u00e9rios e projetos espec\u00edficos nas \u00e1reas de comunica\u00e7\u00f5es.<\/li>\n<\/ul>\n<p>[\/et_pb_text][et_pb_text _builder_version=\u00bb4.16&#8243; _module_preset=\u00bbdefault\u00bb text_font_size=\u00bb18px\u00bb width=\u00bb500px\u00bb width_tablet=\u00bb\u00bb width_phone=\u00bb100%\u00bb width_last_edited=\u00bbon|phone\u00bb module_alignment=\u00bbcenter\u00bb global_colors_info=\u00bb{}\u00bb]<\/p>\n<h2 class=\"\" style=\"text-align: center;\"><strong>COMO SE ENVOLVER?<\/strong><\/h2>\n<p>[\/et_pb_text][et_pb_text _builder_version=\u00bb4.16&#8243; _module_preset=\u00bbdefault\u00bb text_font_size=\u00bb18px\u00bb text_orientation=\u00bbjustified\u00bb global_colors_info=\u00bb{}\u00bb]<\/p>\n<p>Se voc\u00ea deseja fazer parte do minist\u00e9rio de comunica\u00e7\u00f5es existem diversas \u00e1reas para servir, algumas delas s\u00e3o: Design Gr\u00e1fico, Edi\u00e7\u00e3o de V\u00eddeo, Produ\u00e7\u00e3o de \u00c1udio e V\u00eddeo, Locu\u00e7\u00e3o, Tradu\u00e7\u00e3o, Reda\u00e7\u00e3o, Web Design, entre outros. Para mais informa\u00e7\u00f5es, escreva para cnsam@samnaz.org.<\/p>\n<p>[\/et_pb_text][\/et_pb_column][\/et_pb_row][\/et_pb_section][et_pb_section fb_built=\u00bb1&#8243; fullwidth=\u00bbon\u00bb _builder_version=\u00bb4.16&#8243; _module_preset=\u00bbdefault\u00bb locked=\u00bboff\u00bb global_colors_info=\u00bb{}\u00bb][et_pb_fullwidth_image src=\u00bbhttps:\/\/www.samnaz.org\/wp-content\/uploads\/2021\/01\/layout-bottom-border-scaled.jpg\u00bb title_text=\u00bblayout-bottom-border\u00bb _builder_version=\u00bb4.16&#8243; _module_preset=\u00bbdefault\u00bb global_colors_info=\u00bb{}\u00bb][\/et_pb_fullwidth_image][\/et_pb_section][et_pb_section fb_built=\u00bb1&#8243; module_id=\u00bbequipo\u00bb _builder_version=\u00bb4.16&#8243; _module_preset=\u00bbdefault\u00bb background_enable_color=\u00bboff\u00bb background_image=\u00bbhttps:\/\/www.samnaz.org\/wp-content\/uploads\/2021\/01\/dotted-gray-background2-scaled.jpg\u00bb custom_padding=\u00bb4px|||||\u00bb top_divider_color=\u00bb#FFFFFF\u00bb top_divider_repeat=\u00bb0x\u00bb top_divider_flip=\u00bbvertical\u00bb locked=\u00bboff\u00bb global_colors_info=\u00bb{}\u00bb][et_pb_row _builder_version=\u00bb4.16&#8243; _module_preset=\u00bbdefault\u00bb global_colors_info=\u00bb{}\u00bb][et_pb_column type=\u00bb4_4&#8243; _builder_version=\u00bb4.16&#8243; _module_preset=\u00bbdefault\u00bb global_colors_info=\u00bb{}\u00bb][et_pb_text _builder_version=\u00bb4.16&#8243; _module_preset=\u00bbdefault\u00bb text_font=\u00bb|||on|||||\u00bb text_text_color=\u00bb#FFFFFF\u00bb text_font_size=\u00bb34px\u00bb text_line_height=\u00bb1.8em\u00bb text_orientation=\u00bbcenter\u00bb width=\u00bb49%\u00bb width_tablet=\u00bb100%\u00bb width_phone=\u00bb\u00bb width_last_edited=\u00bbon|desktop\u00bb text_font_size_tablet=\u00bb\u00bb text_font_size_phone=\u00bb23px\u00bb text_font_size_last_edited=\u00bbon|desktop\u00bb global_colors_info=\u00bb{}\u00bb]<\/p>\n<p><span class=\"puntos\">Equipo Regional<\/span><\/p>\n<p>[\/et_pb_text][\/et_pb_column][\/et_pb_row][et_pb_row column_structure=\u00bb1_3,1_3,1_3&#8243; _builder_version=\u00bb4.19.5&#8243; _module_preset=\u00bbdefault\u00bb width=\u00bb100%\u00bb max_width=\u00bb1500px\u00bb global_colors_info=\u00bb{}\u00bb][et_pb_column type=\u00bb1_3&#8243; _builder_version=\u00bb4.16&#8243; _module_preset=\u00bbdefault\u00bb global_colors_info=\u00bb{}\u00bb][et_pb_blurb title=\u00bbCarlos Ju\u00e1rez\u00bb image=\u00bbhttps:\/\/www.samnaz.org\/wp-content\/uploads\/2022\/01\/Carlos-Juarez.jpg\u00bb image_icon_width=\u00bb40%\u00bb _builder_version=\u00bb4.27.2&#8243; _module_preset=\u00bbdefault\u00bb header_font=\u00bb||||||||\u00bb header_text_align=\u00bbcenter\u00bb header_text_color=\u00bb#FFFFFF\u00bb header_font_size=\u00bb22px\u00bb body_text_align=\u00bbcenter\u00bb body_text_color=\u00bb#00bbff\u00bb body_font_size=\u00bb18px\u00bb child_filter_brightness=\u00bb99%\u00bb animation=\u00bboff\u00bb header_text_shadow_style=\u00bbpreset1&#8243; body_text_shadow_style=\u00bbpreset1&#8243; border_radii_image=\u00bbon|100%|100%|100%|100%\u00bb box_shadow_style_image=\u00bbpreset1&#8243; image_max_width=\u00bb60%\u00bb global_colors_info=\u00bb{}\u00bb][\/et_pb_blurb][\/et_pb_column][et_pb_column type=\u00bb1_3&#8243; _builder_version=\u00bb4.16&#8243; _module_preset=\u00bbdefault\u00bb global_colors_info=\u00bb{}\u00bb][et_pb_blurb title=\u00bbDavid Huanca\u00bb image=\u00bbhttps:\/\/www.samnaz.org\/wp-content\/uploads\/2023\/01\/15.png\u00bb image_icon_width=\u00bb40%\u00bb _builder_version=\u00bb4.19.4&#8243; _module_preset=\u00bbdefault\u00bb header_font=\u00bb||||||||\u00bb header_text_align=\u00bbcenter\u00bb header_text_color=\u00bb#FFFFFF\u00bb header_font_size=\u00bb22px\u00bb body_text_align=\u00bbcenter\u00bb body_text_color=\u00bb#00bbff\u00bb body_font_size=\u00bb18px\u00bb child_filter_brightness=\u00bb99%\u00bb animation=\u00bboff\u00bb header_text_shadow_style=\u00bbpreset1&#8243; body_text_shadow_style=\u00bbpreset1&#8243; border_radii_image=\u00bbon|100%|100%|100%|100%\u00bb box_shadow_style_image=\u00bbpreset1&#8243; image_max_width=\u00bb60%\u00bb global_colors_info=\u00bb{}\u00bb][\/et_pb_blurb][\/et_pb_column][et_pb_column type=\u00bb1_3&#8243; _builder_version=\u00bb4.16&#8243; _module_preset=\u00bbdefault\u00bb global_colors_info=\u00bb{}\u00bb][et_pb_blurb title=\u00bbRony Cabarcas\u00bb image=\u00bbhttps:\/\/www.samnaz.org\/wp-content\/uploads\/2024\/05\/rony-cabarcas-2.jpg\u00bb image_icon_width=\u00bb40%\u00bb _builder_version=\u00bb4.25.1&#8243; _module_preset=\u00bbdefault\u00bb header_font=\u00bb||||||||\u00bb header_text_align=\u00bbcenter\u00bb header_text_color=\u00bb#FFFFFF\u00bb header_font_size=\u00bb22px\u00bb body_text_align=\u00bbcenter\u00bb body_text_color=\u00bb#00bbff\u00bb body_font_size=\u00bb18px\u00bb child_filter_brightness=\u00bb99%\u00bb animation=\u00bboff\u00bb header_text_shadow_style=\u00bbpreset1&#8243; body_text_shadow_style=\u00bbpreset1&#8243; border_radii_image=\u00bbon|100%|100%|100%|100%\u00bb box_shadow_style_image=\u00bbpreset1&#8243; image_max_width=\u00bb60%\u00bb global_colors_info=\u00bb{}\u00bb][\/et_pb_blurb][\/et_pb_column][\/et_pb_row][et_pb_row _builder_version=\u00bb4.16&#8243; _module_preset=\u00bbdefault\u00bb custom_padding=\u00bb35px|||||\u00bb global_colors_info=\u00bb{}\u00bb][et_pb_column type=\u00bb4_4&#8243; _builder_version=\u00bb4.16&#8243; _module_preset=\u00bbdefault\u00bb global_colors_info=\u00bb{}\u00bb][et_pb_text _builder_version=\u00bb4.16&#8243; _module_preset=\u00bbdefault\u00bb header_2_text_align=\u00bbcenter\u00bb header_2_text_color=\u00bb#FFFFFF\u00bb header_2_font_size=\u00bb40px\u00bb width=\u00bb700px\u00bb width_tablet=\u00bb100%\u00bb width_phone=\u00bb\u00bb width_last_edited=\u00bbon|desktop\u00bb module_alignment=\u00bbcenter\u00bb global_colors_info=\u00bb{}\u00bb]<\/p>\n<h2 class=\"puntos\">COORDENADORES NACIONAIS<\/h2>\n<p>[\/et_pb_text][\/et_pb_column][\/et_pb_row][et_pb_row column_structure=\u00bb1_5,1_5,1_5,1_5,1_5&#8243; disabled_on=\u00bboff|off|off\u00bb _builder_version=\u00bb4.19.5&#8243; _module_preset=\u00bbdefault\u00bb width=\u00bb100%\u00bb max_width=\u00bb1500px\u00bb global_colors_info=\u00bb{}\u00bb][et_pb_column type=\u00bb1_5&#8243; _builder_version=\u00bb4.16&#8243; _module_preset=\u00bbdefault\u00bb global_colors_info=\u00bb{}\u00bb][et_pb_blurb title=\u00bbPeniel Valenzuela\u00bb image=\u00bbhttps:\/\/www.samnaz.org\/wp-content\/uploads\/2025\/01\/PenielValenzuela.jpeg\u00bb image_icon_width=\u00bb60%\u00bb _builder_version=\u00bb4.27.4&#8243; _module_preset=\u00bbdefault\u00bb header_font=\u00bb||||||||\u00bb header_text_align=\u00bbcenter\u00bb header_text_color=\u00bb#FFFFFF\u00bb header_font_size=\u00bb22px\u00bb body_text_align=\u00bbcenter\u00bb body_text_color=\u00bb#00bbff\u00bb body_font_size=\u00bb18px\u00bb child_filter_brightness=\u00bb99%\u00bb animation=\u00bboff\u00bb hover_enabled=\u00bb0&#8243; header_text_shadow_style=\u00bbpreset1&#8243; body_text_shadow_style=\u00bbpreset1&#8243; border_radii_image=\u00bbon|100%|100%|100%|100%\u00bb box_shadow_style_image=\u00bbpreset1&#8243; image_max_width=\u00bb60%\u00bb global_colors_info=\u00bb{}\u00bb sticky_enabled=\u00bb0&#8243; title_text=\u00bbPenielValenzuela\u00bb]<span>Argentina\u00a0<\/span><br \/>\n[\/et_pb_blurb][et_pb_social_media_follow _builder_version=\u00bb4.27.4&#8243; _module_preset=\u00bbdefault\u00bb text_orientation=\u00bbcenter\u00bb custom_margin=\u00bb-20px|||||\u00bb hover_enabled=\u00bb0&#8243; global_colors_info=\u00bb{}\u00bb sticky_enabled=\u00bb0&#8243;][et_pb_social_media_follow_network social_network=\u00bbinstagram\u00bb url=\u00bbhttps:\/\/www.instagram.com\/peniel.valenzuela\/\u00bb _builder_version=\u00bb4.27.4&#8243; _module_preset=\u00bbdefault\u00bb background_color=\u00bb#ea2c59&#8243; hover_enabled=\u00bb0&#8243; global_colors_info=\u00bb{}\u00bb follow_button=\u00bboff\u00bb url_new_window=\u00bbon\u00bb sticky_enabled=\u00bb0&#8243;]instagram[\/et_pb_social_media_follow_network][\/et_pb_social_media_follow][\/et_pb_column][et_pb_column type=\u00bb1_5&#8243; _builder_version=\u00bb4.16&#8243; _module_preset=\u00bbdefault\u00bb global_colors_info=\u00bb{}\u00bb][et_pb_blurb title=\u00bbRafael Machado\u00bb image=\u00bbhttps:\/\/www.samnaz.org\/wp-content\/uploads\/2022\/01\/Brasil-Rafael-Machado.jpg\u00bb image_icon_width=\u00bb60%\u00bb _builder_version=\u00bb4.16&#8243; _module_preset=\u00bbdefault\u00bb header_font=\u00bb||||||||\u00bb header_text_align=\u00bbcenter\u00bb header_text_color=\u00bb#FFFFFF\u00bb header_font_size=\u00bb22px\u00bb body_text_align=\u00bbcenter\u00bb body_text_color=\u00bb#00bbff\u00bb body_font_size=\u00bb18px\u00bb child_filter_brightness=\u00bb99%\u00bb animation=\u00bboff\u00bb header_text_shadow_style=\u00bbpreset1&#8243; body_text_shadow_style=\u00bbpreset1&#8243; border_radii_image=\u00bbon|100%|100%|100%|100%\u00bb box_shadow_style_image=\u00bbpreset1&#8243; image_max_width=\u00bb60%\u00bb global_colors_info=\u00bb{}\u00bb]<\/p>\n<p><span>Brasil<\/span><\/p>\n<p>[\/et_pb_blurb][et_pb_social_media_follow _builder_version=\u00bb4.27.4&#8243; _module_preset=\u00bbdefault\u00bb text_orientation=\u00bbcenter\u00bb custom_margin=\u00bb-20px|||||\u00bb hover_enabled=\u00bb0&#8243; global_colors_info=\u00bb{}\u00bb sticky_enabled=\u00bb0&#8243;][et_pb_social_media_follow_network social_network=\u00bbfacebook\u00bb url=\u00bbhttps:\/\/www.facebook.com\/rafaeletalita\u00bb _builder_version=\u00bb4.16&#8243; _module_preset=\u00bbdefault\u00bb background_color=\u00bb#3b5998&#8243; global_colors_info=\u00bb{}\u00bb follow_button=\u00bboff\u00bb url_new_window=\u00bbon\u00bb]facebook[\/et_pb_social_media_follow_network][et_pb_social_media_follow_network social_network=\u00bbinstagram\u00bb url=\u00bbhttps:\/\/www.instagram.com\/pr.rafamachado\/\u00bb _builder_version=\u00bb4.27.4&#8243; _module_preset=\u00bbdefault\u00bb background_color=\u00bb#ea2c59&#8243; hover_enabled=\u00bb0&#8243; global_colors_info=\u00bb{}\u00bb follow_button=\u00bboff\u00bb url_new_window=\u00bbon\u00bb sticky_enabled=\u00bb0&#8243;]instagram[\/et_pb_social_media_follow_network][\/et_pb_social_media_follow][\/et_pb_column][et_pb_column type=\u00bb1_5&#8243; _builder_version=\u00bb4.16&#8243; _module_preset=\u00bbdefault\u00bb global_colors_info=\u00bb{}\u00bb][et_pb_blurb title=\u00bbVeronica Triguero\u00bb image=\u00bbhttps:\/\/www.samnaz.org\/wp-content\/uploads\/2025\/01\/VeronicaTriguero-300&#215;300.jpg\u00bb image_icon_width=\u00bb60%\u00bb _builder_version=\u00bb4.27.4&#8243; _module_preset=\u00bbdefault\u00bb header_font=\u00bb||||||||\u00bb header_text_align=\u00bbcenter\u00bb header_text_color=\u00bb#FFFFFF\u00bb header_font_size=\u00bb22px\u00bb body_text_align=\u00bbcenter\u00bb body_text_color=\u00bb#00bbff\u00bb body_font_size=\u00bb18px\u00bb child_filter_brightness=\u00bb99%\u00bb animation=\u00bboff\u00bb hover_enabled=\u00bb0&#8243; header_text_shadow_style=\u00bbpreset1&#8243; body_text_shadow_style=\u00bbpreset1&#8243; border_radii_image=\u00bbon|100%|100%|100%|100%\u00bb box_shadow_style_image=\u00bbpreset1&#8243; image_max_width=\u00bb60%\u00bb global_colors_info=\u00bb{}\u00bb title_text=\u00bbVeronicaTriguero\u00bb sticky_enabled=\u00bb0&#8243;]<\/p>\n<p><span>Bol\u00edvia<\/span><\/p>\n<p>[\/et_pb_blurb][et_pb_social_media_follow _builder_version=\u00bb4.27.4&#8243; _module_preset=\u00bbdefault\u00bb text_orientation=\u00bbcenter\u00bb custom_margin=\u00bb-20px|||||\u00bb hover_enabled=\u00bb0&#8243; global_colors_info=\u00bb{}\u00bb sticky_enabled=\u00bb0&#8243;][et_pb_social_media_follow_network social_network=\u00bbfacebook\u00bb url=\u00bbhttps:\/\/www.facebook.com\/veronica.triguerotarqui\u00bb _builder_version=\u00bb4.27.4&#8243; _module_preset=\u00bbdefault\u00bb background_color=\u00bb#3b5998&#8243; hover_enabled=\u00bb0&#8243; global_colors_info=\u00bb{}\u00bb follow_button=\u00bboff\u00bb url_new_window=\u00bbon\u00bb sticky_enabled=\u00bb0&#8243;]facebook[\/et_pb_social_media_follow_network][et_pb_social_media_follow_network social_network=\u00bbinstagram\u00bb background_color=\u00bb#ea2c59&#8243; _builder_version=\u00bb4.27.4&#8243; _module_preset=\u00bbdefault\u00bb follow_button=\u00bboff\u00bb url_new_window=\u00bbon\u00bb url=\u00bbhttps:\/\/www.instagram.com\/vertritar\u00bb hover_enabled=\u00bb0&#8243; sticky_enabled=\u00bb0&#8243;]instagram[\/et_pb_social_media_follow_network][\/et_pb_social_media_follow][\/et_pb_column][et_pb_column type=\u00bb1_5&#8243; _builder_version=\u00bb4.16&#8243; _module_preset=\u00bbdefault\u00bb global_colors_info=\u00bb{}\u00bb][et_pb_blurb title=\u00bbDavid Huanca\u00bb image=\u00bbhttps:\/\/www.samnaz.org\/wp-content\/uploads\/2023\/01\/15.png\u00bb image_icon_width=\u00bb60%\u00bb _builder_version=\u00bb4.24.0&#8243; _module_preset=\u00bbdefault\u00bb header_font=\u00bb||||||||\u00bb header_text_align=\u00bbcenter\u00bb header_text_color=\u00bb#FFFFFF\u00bb header_font_size=\u00bb22px\u00bb body_text_align=\u00bbcenter\u00bb body_text_color=\u00bb#00bbff\u00bb body_font_size=\u00bb18px\u00bb child_filter_brightness=\u00bb99%\u00bb animation=\u00bboff\u00bb header_text_shadow_style=\u00bbpreset1&#8243; body_text_shadow_style=\u00bbpreset1&#8243; border_radii_image=\u00bbon|100%|100%|100%|100%\u00bb box_shadow_style_image=\u00bbpreset1&#8243; image_max_width=\u00bb60%\u00bb global_colors_info=\u00bb{}\u00bb]<\/p>\n<p><span>Chile<\/span><\/p>\n<p>[\/et_pb_blurb][et_pb_social_media_follow _builder_version=\u00bb4.16&#8243; _module_preset=\u00bbdefault\u00bb text_orientation=\u00bbcenter\u00bb custom_margin=\u00bb-20px|||||\u00bb global_colors_info=\u00bb{}\u00bb][et_pb_social_media_follow_network social_network=\u00bbfacebook\u00bb url=\u00bbhttps:\/\/www.facebook.com\/ferchoradio\/\u00bb _builder_version=\u00bb4.16&#8243; _module_preset=\u00bbdefault\u00bb background_color=\u00bb#3b5998&#8243; hover_enabled=\u00bb0&#8243; global_colors_info=\u00bb{}\u00bb follow_button=\u00bboff\u00bb url_new_window=\u00bbon\u00bb sticky_enabled=\u00bb0&#8243;]facebook[\/et_pb_social_media_follow_network][\/et_pb_social_media_follow][\/et_pb_column][et_pb_column type=\u00bb1_5&#8243; _builder_version=\u00bb4.19.5&#8243; _module_preset=\u00bbdefault\u00bb global_colors_info=\u00bb{}\u00bb][et_pb_blurb title=\u00bbLuis Fernando Quishpi\u00bb image=\u00bbhttps:\/\/www.samnaz.org\/wp-content\/uploads\/2022\/01\/Ecuador-Luis-Fernando-Quishpi.jpg\u00bb image_icon_width=\u00bb60%\u00bb disabled_on=\u00bboff|on|off\u00bb _builder_version=\u00bb4.19.5&#8243; _module_preset=\u00bbdefault\u00bb header_font=\u00bb||||||||\u00bb header_text_align=\u00bbcenter\u00bb header_text_color=\u00bb#FFFFFF\u00bb header_font_size=\u00bb22px\u00bb body_text_align=\u00bbcenter\u00bb body_text_color=\u00bb#00bbff\u00bb body_font_size=\u00bb18px\u00bb child_filter_brightness=\u00bb99%\u00bb animation=\u00bboff\u00bb header_text_shadow_style=\u00bbpreset1&#8243; body_text_shadow_style=\u00bbpreset1&#8243; border_radii_image=\u00bbon|100%|100%|100%|100%\u00bb box_shadow_style_image=\u00bbpreset1&#8243; image_max_width=\u00bb60%\u00bb global_colors_info=\u00bb{}\u00bb]<\/p>\n<p><span>Equador<\/span><\/p>\n<p>[\/et_pb_blurb][\/et_pb_column][\/et_pb_row][et_pb_row column_structure=\u00bb1_5,1_5,1_5,1_5,1_5&#8243; _builder_version=\u00bb4.19.5&#8243; _module_preset=\u00bbdefault\u00bb width=\u00bb100%\u00bb max_width=\u00bb1500px\u00bb global_colors_info=\u00bb{}\u00bb][et_pb_column type=\u00bb1_5&#8243; _builder_version=\u00bb4.16&#8243; _module_preset=\u00bbdefault\u00bb global_colors_info=\u00bb{}\u00bb][et_pb_blurb title=\u00bbSebasti\u00e1n M\u00e9ndez\u00bb image=\u00bbhttps:\/\/www.samnaz.org\/wp-content\/uploads\/2024\/02\/sebastian-mendez.jpg\u00bb image_icon_width=\u00bb60%\u00bb _builder_version=\u00bb4.24.0&#8243; _module_preset=\u00bbdefault\u00bb header_font=\u00bb||||||||\u00bb header_text_align=\u00bbcenter\u00bb header_text_color=\u00bb#FFFFFF\u00bb header_font_size=\u00bb22px\u00bb body_text_align=\u00bbcenter\u00bb body_text_color=\u00bb#00bbff\u00bb body_font_size=\u00bb18px\u00bb child_filter_brightness=\u00bb99%\u00bb animation=\u00bboff\u00bb header_text_shadow_style=\u00bbpreset1&#8243; body_text_shadow_style=\u00bbpreset1&#8243; border_radii_image=\u00bbon|100%|100%|100%|100%\u00bb box_shadow_style_image=\u00bbpreset1&#8243; image_max_width=\u00bb60%\u00bb global_colors_info=\u00bb{}\u00bb]<\/p>\n<p>Paraguai<\/p>\n<p>[\/et_pb_blurb][et_pb_social_media_follow _builder_version=\u00bb4.16&#8243; _module_preset=\u00bbdefault\u00bb text_orientation=\u00bbcenter\u00bb custom_margin=\u00bb-20px|||||\u00bb global_colors_info=\u00bb{}\u00bb][et_pb_social_media_follow_network social_network=\u00bbinstagram\u00bb url=\u00bbhttps:\/\/www.instagram.com\/sebastian_mendez93&#8243; _builder_version=\u00bb4.16&#8243; _module_preset=\u00bbdefault\u00bb background_color=\u00bb#ea2c59&#8243; global_colors_info=\u00bb{}\u00bb follow_button=\u00bboff\u00bb url_new_window=\u00bbon\u00bb]instagram[\/et_pb_social_media_follow_network][\/et_pb_social_media_follow][\/et_pb_column][et_pb_column type=\u00bb1_5&#8243; _builder_version=\u00bb4.16&#8243; _module_preset=\u00bbdefault\u00bb global_colors_info=\u00bb{}\u00bb][et_pb_blurb title=\u00bbLuis Barcelo\u00bb image=\u00bbhttps:\/\/www.samnaz.org\/wp-content\/uploads\/2023\/09\/LuisWBarcelo.png\u00bb image_icon_width=\u00bb60%\u00bb _builder_version=\u00bb4.22.1&#8243; _module_preset=\u00bbdefault\u00bb header_font=\u00bb||||||||\u00bb header_text_align=\u00bbcenter\u00bb header_text_color=\u00bb#FFFFFF\u00bb header_font_size=\u00bb22px\u00bb body_text_align=\u00bbcenter\u00bb body_text_color=\u00bb#00bbff\u00bb body_font_size=\u00bb18px\u00bb child_filter_brightness=\u00bb99%\u00bb animation=\u00bboff\u00bb header_text_shadow_style=\u00bbpreset1&#8243; body_text_shadow_style=\u00bbpreset1&#8243; border_radii_image=\u00bbon|100%|100%|100%|100%\u00bb box_shadow_style_image=\u00bbpreset1&#8243; image_max_width=\u00bb60%\u00bb global_colors_info=\u00bb{}\u00bb]<\/p>\n<p><span>Uruguai<\/span><\/p>\n<p>[\/et_pb_blurb][et_pb_social_media_follow disabled_on=\u00bboff|on|off\u00bb _builder_version=\u00bb4.22.1&#8243; _module_preset=\u00bbdefault\u00bb text_orientation=\u00bbcenter\u00bb custom_margin=\u00bb-20px|||||\u00bb locked=\u00bboff\u00bb global_colors_info=\u00bb{}\u00bb][et_pb_social_media_follow_network social_network=\u00bblinkedin\u00bb url=\u00bbhttps:\/\/www.linkedin.com\/in\/luiswbarcelo\/\u00bb _builder_version=\u00bb4.22.1&#8243; _module_preset=\u00bbdefault\u00bb background_color=\u00bb#007bb6&#8243; global_colors_info=\u00bb{}\u00bb follow_button=\u00bboff\u00bb url_new_window=\u00bbon\u00bb]linkedin[\/et_pb_social_media_follow_network][et_pb_social_media_follow_network social_network=\u00bbfacebook\u00bb url=\u00bbhttps:\/\/www.facebook.com\/Luis.W.Barcelo\/\u00bb _builder_version=\u00bb4.22.1&#8243; _module_preset=\u00bbdefault\u00bb background_color=\u00bb#3b5998&#8243; global_colors_info=\u00bb{}\u00bb follow_button=\u00bboff\u00bb url_new_window=\u00bbon\u00bb]facebook[\/et_pb_social_media_follow_network][et_pb_social_media_follow_network social_network=\u00bbinstagram\u00bb url=\u00bbhttps:\/\/www.instagram.com\/barcelo.tk\/\u00bb _builder_version=\u00bb4.22.1&#8243; _module_preset=\u00bbdefault\u00bb background_color=\u00bb#ea2c59&#8243; global_colors_info=\u00bb{}\u00bb follow_button=\u00bboff\u00bb url_new_window=\u00bbon\u00bb]instagram[\/et_pb_social_media_follow_network][et_pb_social_media_follow_network social_network=\u00bbtwitter\u00bb url=\u00bbhttps:\/\/twitter.com\/LuisWBarcelo\u00bb _builder_version=\u00bb4.22.2&#8243; _module_preset=\u00bbdefault\u00bb background_color=\u00bb#000000&#8243; global_colors_info=\u00bb{}\u00bb follow_button=\u00bboff\u00bb url_new_window=\u00bbon\u00bb]twitter[\/et_pb_social_media_follow_network][\/et_pb_social_media_follow][\/et_pb_column][et_pb_column type=\u00bb1_5&#8243; _builder_version=\u00bb4.16&#8243; _module_preset=\u00bbdefault\u00bb global_colors_info=\u00bb{}\u00bb][et_pb_blurb title=\u00bbGeremias Torres S\u00e1nchez\u00bb image=\u00bbhttps:\/\/www.samnaz.org\/wp-content\/uploads\/2023\/01\/geremia.png\u00bb image_icon_width=\u00bb60%\u00bb _builder_version=\u00bb4.19.4&#8243; _module_preset=\u00bbdefault\u00bb header_font=\u00bb||||||||\u00bb header_text_align=\u00bbcenter\u00bb header_text_color=\u00bb#FFFFFF\u00bb header_font_size=\u00bb22px\u00bb body_text_align=\u00bbcenter\u00bb body_text_color=\u00bb#00bbff\u00bb body_font_size=\u00bb18px\u00bb child_filter_brightness=\u00bb99%\u00bb animation=\u00bboff\u00bb header_text_shadow_style=\u00bbpreset1&#8243; body_text_shadow_style=\u00bbpreset1&#8243; border_radii_image=\u00bbon|100%|100%|100%|100%\u00bb box_shadow_style_image=\u00bbpreset1&#8243; image_max_width=\u00bb60%\u00bb global_colors_info=\u00bb{}\u00bb]<\/p>\n<p><span>Peru<\/span><\/p>\n<p>[\/et_pb_blurb][et_pb_social_media_follow _builder_version=\u00bb4.19.4&#8243; _module_preset=\u00bbdefault\u00bb text_orientation=\u00bbcenter\u00bb custom_margin=\u00bb-20px|||||\u00bb global_colors_info=\u00bb{}\u00bb][et_pb_social_media_follow_network social_network=\u00bbfacebook\u00bb url=\u00bbhttps:\/\/www.facebook.com\/GeremiasT?mibextid=ZbWKwL\u00bb _builder_version=\u00bb4.19.4&#8243; _module_preset=\u00bbdefault\u00bb background_color=\u00bb#3b5998&#8243; global_colors_info=\u00bb{}\u00bb follow_button=\u00bboff\u00bb url_new_window=\u00bbon\u00bb]facebook[\/et_pb_social_media_follow_network][\/et_pb_social_media_follow][\/et_pb_column][et_pb_column type=\u00bb1_5&#8243; _builder_version=\u00bb4.16&#8243; _module_preset=\u00bbdefault\u00bb global_colors_info=\u00bb{}\u00bb][et_pb_blurb title=\u00bbLeidy Cordero\u00bb image=\u00bbhttps:\/\/www.samnaz.org\/wp-content\/uploads\/2022\/01\/Venezuela-Leidy-Cordero.jpg\u00bb image_icon_width=\u00bb60%\u00bb _builder_version=\u00bb4.16&#8243; _module_preset=\u00bbdefault\u00bb header_font=\u00bb||||||||\u00bb header_text_align=\u00bbcenter\u00bb header_text_color=\u00bb#FFFFFF\u00bb header_font_size=\u00bb22px\u00bb body_text_align=\u00bbcenter\u00bb body_text_color=\u00bb#00bbff\u00bb body_font_size=\u00bb18px\u00bb child_filter_brightness=\u00bb99%\u00bb animation=\u00bboff\u00bb header_text_shadow_style=\u00bbpreset1&#8243; body_text_shadow_style=\u00bbpreset1&#8243; border_radii_image=\u00bbon|100%|100%|100%|100%\u00bb box_shadow_style_image=\u00bbpreset1&#8243; image_max_width=\u00bb60%\u00bb global_colors_info=\u00bb{}\u00bb]<\/p>\n<p><span>Venezuela<\/span><\/p>\n<p>[\/et_pb_blurb][et_pb_social_media_follow _builder_version=\u00bb4.16&#8243; _module_preset=\u00bbdefault\u00bb text_orientation=\u00bbcenter\u00bb custom_margin=\u00bb-20px|||||\u00bb global_colors_info=\u00bb{}\u00bb][et_pb_social_media_follow_network social_network=\u00bbfacebook\u00bb url=\u00bbhttps:\/\/www.facebook.com\/leidy.c.tapia\u00bb _builder_version=\u00bb4.16&#8243; _module_preset=\u00bbdefault\u00bb background_color=\u00bb#3b5998&#8243; global_colors_info=\u00bb{}\u00bb follow_button=\u00bboff\u00bb url_new_window=\u00bbon\u00bb]facebook[\/et_pb_social_media_follow_network][\/et_pb_social_media_follow][\/et_pb_column][et_pb_column type=\u00bb1_5&#8243; disabled_on=\u00bboff|off|off\u00bb _builder_version=\u00bb4.19.5&#8243; _module_preset=\u00bbdefault\u00bb global_colors_info=\u00bb{}\u00bb][et_pb_blurb title=\u00bbJeremy Mateus\u00bb image=\u00bbhttps:\/\/www.samnaz.org\/wp-content\/uploads\/2023\/02\/Jeremy-Mateus-1.jpg\u00bb image_icon_width=\u00bb60%\u00bb disabled_on=\u00bboff|on|off\u00bb _builder_version=\u00bb4.19.5&#8243; _module_preset=\u00bbdefault\u00bb header_font=\u00bb||||||||\u00bb header_text_align=\u00bbcenter\u00bb header_text_color=\u00bb#FFFFFF\u00bb header_font_size=\u00bb22px\u00bb body_text_align=\u00bbcenter\u00bb body_text_color=\u00bb#00bbff\u00bb body_font_size=\u00bb18px\u00bb child_filter_brightness=\u00bb99%\u00bb animation=\u00bboff\u00bb header_text_shadow_style=\u00bbpreset1&#8243; body_text_shadow_style=\u00bbpreset1&#8243; border_radii_image=\u00bbon|100%|100%|100%|100%\u00bb box_shadow_style_image=\u00bbpreset1&#8243; image_max_width=\u00bb60%\u00bb global_colors_info=\u00bb{}\u00bb]<\/p>\n<p>Col\u00f4mbia<\/p>\n<p>[\/et_pb_blurb][et_pb_social_media_follow disabled_on=\u00bboff|on|off\u00bb _builder_version=\u00bb4.19.5&#8243; _module_preset=\u00bbdefault\u00bb text_orientation=\u00bbcenter\u00bb custom_margin=\u00bb-20px|||||\u00bb global_colors_info=\u00bb{}\u00bb][et_pb_social_media_follow_network social_network=\u00bbinstagram\u00bb url=\u00bbhttps:\/\/instagram.com\/jeremy_matheus_?igshid=ZDdkNTZiNTM=\u00bb _builder_version=\u00bb4.19.5&#8243; _module_preset=\u00bbdefault\u00bb background_color=\u00bb#ea2c59&#8243; global_colors_info=\u00bb{}\u00bb follow_button=\u00bboff\u00bb url_new_window=\u00bbon\u00bb]instagram[\/et_pb_social_media_follow_network][et_pb_social_media_follow_network social_network=\u00bbfacebook\u00bb url=\u00bbhttps:\/\/www.facebook.com\/jeremyjairmatheus?mibextid=ZbWKwL\u00bb _builder_version=\u00bb4.19.5&#8243; _module_preset=\u00bbdefault\u00bb background_color=\u00bb#3b5998&#8243; global_colors_info=\u00bb{}\u00bb follow_button=\u00bboff\u00bb url_new_window=\u00bbon\u00bb]facebook[\/et_pb_social_media_follow_network][\/et_pb_social_media_follow][\/et_pb_column][\/et_pb_row][et_pb_row column_structure=\u00bb1_5,1_5,1_5,1_5,1_5&#8243; disabled_on=\u00bbon|off|on\u00bb _builder_version=\u00bb4.19.5&#8243; _module_preset=\u00bbdefault\u00bb width=\u00bb100%\u00bb max_width=\u00bb1500px\u00bb global_colors_info=\u00bb{}\u00bb][et_pb_column type=\u00bb1_5&#8243; _builder_version=\u00bb4.16&#8243; _module_preset=\u00bbdefault\u00bb global_colors_info=\u00bb{}\u00bb][et_pb_blurb title=\u00bbLuis Fernando Quishpi\u00bb image=\u00bbhttps:\/\/www.samnaz.org\/wp-content\/uploads\/2022\/01\/Ecuador-Luis-Fernando-Quishpi.jpg\u00bb image_icon_width=\u00bb60%\u00bb _builder_version=\u00bb4.16&#8243; _module_preset=\u00bbdefault\u00bb header_font=\u00bb||||||||\u00bb header_text_align=\u00bbcenter\u00bb header_text_color=\u00bb#FFFFFF\u00bb header_font_size=\u00bb22px\u00bb body_text_align=\u00bbcenter\u00bb body_text_color=\u00bb#00bbff\u00bb body_font_size=\u00bb18px\u00bb child_filter_brightness=\u00bb99%\u00bb animation=\u00bboff\u00bb header_text_shadow_style=\u00bbpreset1&#8243; body_text_shadow_style=\u00bbpreset1&#8243; border_radii_image=\u00bbon|100%|100%|100%|100%\u00bb box_shadow_style_image=\u00bbpreset1&#8243; image_max_width=\u00bb60%\u00bb locked=\u00bboff\u00bb global_colors_info=\u00bb{}\u00bb]<\/p>\n<p><span>Equador<\/span><\/p>\n<p>[\/et_pb_blurb][et_pb_social_media_follow _builder_version=\u00bb4.19.4&#8243; _module_preset=\u00bbdefault\u00bb text_orientation=\u00bbcenter\u00bb custom_margin=\u00bb-20px|||||\u00bb global_colors_info=\u00bb{}\u00bb][et_pb_social_media_follow_network social_network=\u00bbfacebook\u00bb url=\u00bbhttps:\/\/www.facebook.com\/GeremiasT?mibextid=ZbWKwL\u00bb _builder_version=\u00bb4.19.4&#8243; _module_preset=\u00bbdefault\u00bb background_color=\u00bb#3b5998&#8243; global_colors_info=\u00bb{}\u00bb follow_button=\u00bboff\u00bb url_new_window=\u00bbon\u00bb]facebook[\/et_pb_social_media_follow_network][\/et_pb_social_media_follow][\/et_pb_column][et_pb_column type=\u00bb1_5&#8243; _builder_version=\u00bb4.16&#8243; _module_preset=\u00bbdefault\u00bb global_colors_info=\u00bb{}\u00bb][et_pb_blurb title=\u00bbJeremy Mateus\u00bb image=\u00bbhttps:\/\/www.samnaz.org\/wp-content\/uploads\/2023\/02\/Jeremy-Mateus-1.jpg\u00bb image_icon_width=\u00bb60%\u00bb _builder_version=\u00bb4.19.5&#8243; _module_preset=\u00bbdefault\u00bb header_font=\u00bb||||||||\u00bb header_text_align=\u00bbcenter\u00bb header_text_color=\u00bb#FFFFFF\u00bb header_font_size=\u00bb22px\u00bb body_text_align=\u00bbcenter\u00bb body_text_color=\u00bb#00bbff\u00bb body_font_size=\u00bb18px\u00bb child_filter_brightness=\u00bb99%\u00bb animation=\u00bboff\u00bb header_text_shadow_style=\u00bbpreset1&#8243; body_text_shadow_style=\u00bbpreset1&#8243; border_radii_image=\u00bbon|100%|100%|100%|100%\u00bb box_shadow_style_image=\u00bbpreset1&#8243; image_max_width=\u00bb60%\u00bb global_colors_info=\u00bb{}\u00bb]<\/p>\n<p>Col\u00f4mbia<\/p>\n<p>[\/et_pb_blurb][et_pb_social_media_follow _builder_version=\u00bb4.19.5&#8243; _module_preset=\u00bbdefault\u00bb text_orientation=\u00bbcenter\u00bb custom_margin=\u00bb-20px|||||\u00bb global_colors_info=\u00bb{}\u00bb][et_pb_social_media_follow_network social_network=\u00bbinstagram\u00bb url=\u00bbhttps:\/\/instagram.com\/jeremy_matheus_?igshid=ZDdkNTZiNTM=\u00bb _builder_version=\u00bb4.19.5&#8243; _module_preset=\u00bbdefault\u00bb background_color=\u00bb#ea2c59&#8243; global_colors_info=\u00bb{}\u00bb follow_button=\u00bboff\u00bb url_new_window=\u00bbon\u00bb]instagram[\/et_pb_social_media_follow_network][et_pb_social_media_follow_network social_network=\u00bbfacebook\u00bb url=\u00bbhttps:\/\/www.facebook.com\/jeremyjairmatheus?mibextid=ZbWKwL\u00bb _builder_version=\u00bb4.19.5&#8243; _module_preset=\u00bbdefault\u00bb background_color=\u00bb#3b5998&#8243; global_colors_info=\u00bb{}\u00bb follow_button=\u00bboff\u00bb url_new_window=\u00bbon\u00bb]facebook[\/et_pb_social_media_follow_network][\/et_pb_social_media_follow][\/et_pb_column][et_pb_column type=\u00bb1_5&#8243; _builder_version=\u00bb4.16&#8243; _module_preset=\u00bbdefault\u00bb global_colors_info=\u00bb{}\u00bb][\/et_pb_column][et_pb_column type=\u00bb1_5&#8243; _builder_version=\u00bb4.16&#8243; _module_preset=\u00bbdefault\u00bb global_colors_info=\u00bb{}\u00bb][\/et_pb_column][et_pb_column type=\u00bb1_5&#8243; _builder_version=\u00bb4.16&#8243; _module_preset=\u00bbdefault\u00bb global_colors_info=\u00bb{}\u00bb][\/et_pb_column][\/et_pb_row][\/et_pb_section]<\/p>\n<span class=\"et_bloom_bottom_trigger\"><\/span>","protected":false},"excerpt":{"rendered":"<p>Oscar Ben\u00edtez Coordinador Regional\u00a1Un Dios que se comunica!Cuando miramos las historias b\u00edblicas, algo que vemos recurrentemente es a Dios comunic\u00e1ndose. M\u00e1s que eso, la iniciativa de Dios de reunir esas variadas historias de la Biblia como registro comunicativo suyo para con nosotros, debe dejarnos muy claro la importancia de la comunicaci\u00f3n para nosotros como cristianos. [&hellip;]<\/p>","protected":false},"author":2,"featured_media":0,"parent":0,"menu_order":0,"comment_status":"closed","ping_status":"closed","template":"","meta":{"_et_pb_use_builder":"on","_et_pb_old_content":"","_et_gb_content_width":"","_monsterinsights_skip_tracking":false,"_monsterinsights_sitenote_active":false,"_monsterinsights_sitenote_note":"","_monsterinsights_sitenote_category":0,"_vp_format_video_url":"","_vp_image_focal_point":[],"footnotes":""},"class_list":["post-1654","page","type-page","status-publish","hentry"],"yoast_head":"<!-- This site is optimized with the Yoast SEO Premium plugin v23.6 (Yoast SEO v27.5) - https:\/\/yoast.com\/product\/yoast-seo-premium-wordpress\/ -->\n<title>Comunicaciones | Iglesia del Nazareno Am\u00e9rica del Sur samnaz<\/title>\n<meta name=\"description\" content=\"Iglesia del Nazareno Am\u00e9rica del Sur Comunicaciones Iglesia del Nazareno\" \/>\n<meta name=\"robots\" content=\"index, follow, max-snippet:-1, max-image-preview:large, max-video-preview:-1\" \/>\n<link rel=\"canonical\" href=\"https:\/\/www.samnaz.org\/pt\/comunicaciones\/\" \/>\n<meta property=\"og:locale\" content=\"pt_BR\" \/>\n<meta property=\"og:type\" content=\"article\" \/>\n<meta property=\"og:title\" content=\"Comunicaciones\" \/>\n<meta property=\"og:description\" content=\"Comunicaciones\" \/>\n<meta property=\"og:url\" content=\"https:\/\/www.samnaz.org\/pt\/comunicaciones\/\" \/>\n<meta property=\"og:site_name\" content=\"Iglesia del Nazareno Am\u00e9rica del Sur\" \/>\n<meta property=\"article:publisher\" content=\"https:\/\/www.facebook.com\/NazarenoEsp\" \/>\n<meta property=\"article:modified_time\" content=\"2025-01-30T23:29:01+00:00\" \/>\n<meta property=\"og:image\" content=\"https:\/\/www.samnaz.org\/wp-content\/uploads\/2021\/04\/Logo-3-ESP.png\" \/>\n\t<meta property=\"og:image:width\" content=\"1041\" \/>\n\t<meta property=\"og:image:height\" content=\"780\" \/>\n\t<meta property=\"og:image:type\" content=\"image\/png\" \/>\n<meta name=\"twitter:card\" content=\"summary_large_image\" \/>\n<meta name=\"twitter:label1\" content=\"Est. tempo de leitura\" \/>\n\t<meta name=\"twitter:data1\" content=\"21 minutos\" \/>\n<script type=\"application\/ld+json\" class=\"yoast-schema-graph\">{\"@context\":\"https:\\\/\\\/schema.org\",\"@graph\":[{\"@type\":\"WebPage\",\"@id\":\"https:\\\/\\\/www.samnaz.org\\\/comunicaciones\\\/\",\"url\":\"https:\\\/\\\/www.samnaz.org\\\/comunicaciones\\\/\",\"name\":\"Comunicaciones | Iglesia del Nazareno Am\u00e9rica del Sur samnaz\",\"isPartOf\":{\"@id\":\"https:\\\/\\\/www.samnaz.org\\\/#website\"},\"datePublished\":\"2021-04-19T17:25:34+00:00\",\"dateModified\":\"2025-01-30T23:29:01+00:00\",\"description\":\"Iglesia del Nazareno Am\u00e9rica del Sur Comunicaciones Iglesia del Nazareno\",\"inLanguage\":\"pt-BR\",\"potentialAction\":[{\"@type\":\"ReadAction\",\"target\":[\"https:\\\/\\\/www.samnaz.org\\\/comunicaciones\\\/\"]}]},{\"@type\":\"WebSite\",\"@id\":\"https:\\\/\\\/www.samnaz.org\\\/#website\",\"url\":\"https:\\\/\\\/www.samnaz.org\\\/\",\"name\":\"Haciendo Disc\u00edpulos Semejantes a Cristo en las naciones\",\"description\":\"Haciendo disc\u00edpulos semejantes a Cristo en las Naciones\",\"publisher\":{\"@id\":\"https:\\\/\\\/www.samnaz.org\\\/#organization\"},\"alternateName\":\"Viviendo la Gran Comisi\u00f3n\",\"potentialAction\":[{\"@type\":\"SearchAction\",\"target\":{\"@type\":\"EntryPoint\",\"urlTemplate\":\"https:\\\/\\\/www.samnaz.org\\\/?s={search_term_string}\"},\"query-input\":{\"@type\":\"PropertyValueSpecification\",\"valueRequired\":true,\"valueName\":\"search_term_string\"}}],\"inLanguage\":\"pt-BR\"},{\"@type\":\"Organization\",\"@id\":\"https:\\\/\\\/www.samnaz.org\\\/#organization\",\"name\":\"Iglesia del Nazareno Am\u00e9rica del Sur\",\"url\":\"https:\\\/\\\/www.samnaz.org\\\/\",\"logo\":{\"@type\":\"ImageObject\",\"inLanguage\":\"pt-BR\",\"@id\":\"https:\\\/\\\/www.samnaz.org\\\/#\\\/schema\\\/logo\\\/image\\\/\",\"url\":\"https:\\\/\\\/www.samnaz.org\\\/wp-content\\\/uploads\\\/2021\\\/04\\\/Logo-3-ESP.png\",\"contentUrl\":\"https:\\\/\\\/www.samnaz.org\\\/wp-content\\\/uploads\\\/2021\\\/04\\\/Logo-3-ESP.png\",\"width\":1041,\"height\":780,\"caption\":\"Iglesia del Nazareno Am\u00e9rica del Sur\"},\"image\":{\"@id\":\"https:\\\/\\\/www.samnaz.org\\\/#\\\/schema\\\/logo\\\/image\\\/\"},\"sameAs\":[\"https:\\\/\\\/www.facebook.com\\\/NazarenoEsp\",\"https:\\\/\\\/www.instagram.com\\\/nazarenoesp\\\/\"],\"publishingPrinciples\":\"https:\\\/\\\/www.samnaz.org\\\/\"}]}<\/script>\n<!-- \/ Yoast SEO Premium plugin. -->","yoast_head_json":{"title":"Comunicaciones | Iglesia del Nazareno Am\u00e9rica del Sur samnaz","description":"Iglesia del Nazareno Am\u00e9rica del Sur Comunicaciones Iglesia del Nazareno","robots":{"index":"index","follow":"follow","max-snippet":"max-snippet:-1","max-image-preview":"max-image-preview:large","max-video-preview":"max-video-preview:-1"},"canonical":"https:\/\/www.samnaz.org\/pt\/comunicaciones\/","og_locale":"pt_BR","og_type":"article","og_title":"Comunicaciones","og_description":"Comunicaciones","og_url":"https:\/\/www.samnaz.org\/pt\/comunicaciones\/","og_site_name":"Iglesia del Nazareno Am\u00e9rica del Sur","article_publisher":"https:\/\/www.facebook.com\/NazarenoEsp","article_modified_time":"2025-01-30T23:29:01+00:00","og_image":[{"width":1041,"height":780,"url":"https:\/\/www.samnaz.org\/wp-content\/uploads\/2021\/04\/Logo-3-ESP.png","type":"image\/png"}],"twitter_card":"summary_large_image","twitter_misc":{"Est. tempo de leitura":"21 minutos"},"schema":{"@context":"https:\/\/schema.org","@graph":[{"@type":"WebPage","@id":"https:\/\/www.samnaz.org\/comunicaciones\/","url":"https:\/\/www.samnaz.org\/comunicaciones\/","name":"Comunicaciones | Iglesia del Nazareno Am\u00e9rica del Sur samnaz","isPartOf":{"@id":"https:\/\/www.samnaz.org\/#website"},"datePublished":"2021-04-19T17:25:34+00:00","dateModified":"2025-01-30T23:29:01+00:00","description":"Iglesia del Nazareno Am\u00e9rica del Sur Comunicaciones Iglesia del Nazareno","inLanguage":"pt-BR","potentialAction":[{"@type":"ReadAction","target":["https:\/\/www.samnaz.org\/comunicaciones\/"]}]},{"@type":"WebSite","@id":"https:\/\/www.samnaz.org\/#website","url":"https:\/\/www.samnaz.org\/","name":"Haciendo Disc\u00edpulos Semejantes a Cristo en las naciones","description":"Haciendo disc\u00edpulos semejantes a Cristo en las Naciones","publisher":{"@id":"https:\/\/www.samnaz.org\/#organization"},"alternateName":"Viviendo la Gran Comisi\u00f3n","potentialAction":[{"@type":"SearchAction","target":{"@type":"EntryPoint","urlTemplate":"https:\/\/www.samnaz.org\/?s={search_term_string}"},"query-input":{"@type":"PropertyValueSpecification","valueRequired":true,"valueName":"search_term_string"}}],"inLanguage":"pt-BR"},{"@type":"Organization","@id":"https:\/\/www.samnaz.org\/#organization","name":"Iglesia del Nazareno Am\u00e9rica del Sur","url":"https:\/\/www.samnaz.org\/","logo":{"@type":"ImageObject","inLanguage":"pt-BR","@id":"https:\/\/www.samnaz.org\/#\/schema\/logo\/image\/","url":"https:\/\/www.samnaz.org\/wp-content\/uploads\/2021\/04\/Logo-3-ESP.png","contentUrl":"https:\/\/www.samnaz.org\/wp-content\/uploads\/2021\/04\/Logo-3-ESP.png","width":1041,"height":780,"caption":"Iglesia del Nazareno Am\u00e9rica del Sur"},"image":{"@id":"https:\/\/www.samnaz.org\/#\/schema\/logo\/image\/"},"sameAs":["https:\/\/www.facebook.com\/NazarenoEsp","https:\/\/www.instagram.com\/nazarenoesp\/"],"publishingPrinciples":"https:\/\/www.samnaz.org\/"}]}},"_links":{"self":[{"href":"https:\/\/www.samnaz.org\/pt\/wp-json\/wp\/v2\/pages\/1654","targetHints":{"allow":["GET"]}}],"collection":[{"href":"https:\/\/www.samnaz.org\/pt\/wp-json\/wp\/v2\/pages"}],"about":[{"href":"https:\/\/www.samnaz.org\/pt\/wp-json\/wp\/v2\/types\/page"}],"author":[{"embeddable":true,"href":"https:\/\/www.samnaz.org\/pt\/wp-json\/wp\/v2\/users\/2"}],"replies":[{"embeddable":true,"href":"https:\/\/www.samnaz.org\/pt\/wp-json\/wp\/v2\/comments?post=1654"}],"version-history":[{"count":39,"href":"https:\/\/www.samnaz.org\/pt\/wp-json\/wp\/v2\/pages\/1654\/revisions"}],"predecessor-version":[{"id":48095,"href":"https:\/\/www.samnaz.org\/pt\/wp-json\/wp\/v2\/pages\/1654\/revisions\/48095"}],"wp:attachment":[{"href":"https:\/\/www.samnaz.org\/pt\/wp-json\/wp\/v2\/media?parent=1654"}],"curies":[{"name":"wp","href":"https:\/\/api.w.org\/{rel}","templated":true}]}}