{"id":1667,"date":"2021-04-19T14:38:50","date_gmt":"2021-04-19T17:38:50","guid":{"rendered":"https:\/\/www.samnaz.org\/?page_id=1667"},"modified":"2025-09-23T16:14:01","modified_gmt":"2025-09-23T19:14:01","slug":"educacion-teologica","status":"publish","type":"page","link":"https:\/\/www.samnaz.org\/pt\/educacion-teologica\/","title":{"rendered":"Educa\u00e7\u00e3o Teol\u00f3gica"},"content":{"rendered":"<p>[et_pb_section fb_built=\u00bb1&#8243; _builder_version=\u00bb4.16&#8243; _module_preset=\u00bbdefault\u00bb background_color_gradient_direction=\u00bb360deg\u00bb background_image=\u00bbhttps:\/\/www.samnaz.org\/wp-content\/uploads\/2021\/04\/Educacio\u0301n-Teolo\u0301gica-1680x-min.png\u00bb z_index=\u00bb2&#8243; custom_padding=\u00bb||0px|||\u00bb global_colors_info=\u00bb{}\u00bb][et_pb_row _builder_version=\u00bb4.16&#8243; _module_preset=\u00bbdefault\u00bb global_colors_info=\u00bb{}\u00bb][et_pb_column type=\u00bb4_4&#8243; _builder_version=\u00bb4.16&#8243; _module_preset=\u00bbdefault\u00bb global_colors_info=\u00bb{}\u00bb][et_pb_text _builder_version=\u00bb4.16&#8243; _dynamic_attributes=\u00bbcontent\u00bb _module_preset=\u00bbdefault\u00bb text_font=\u00bb|700|||||||\u00bb text_text_color=\u00bb#FFFFFF\u00bb text_font_size=\u00bb30px\u00bb header_text_color=\u00bb#FFFFFF\u00bb header_font_size=\u00bb50px\u00bb background_color=\u00bb#000000&#8243; transform_scale_tablet=\u00bb\u00bb transform_scale_phone=\u00bb\u00bb transform_scale_last_edited=\u00bbon|phone\u00bb transform_translate=\u00bb0px|111px\u00bb transform_translate_tablet=\u00bb\u00bb transform_translate_phone=\u00bb8px|111px\u00bb transform_translate_last_edited=\u00bbon|phone\u00bb transform_translate_linked=\u00bboff\u00bb transform_rotate_tablet=\u00bb\u00bb transform_rotate_phone=\u00bb\u00bb transform_rotate_last_edited=\u00bbon|phone\u00bb transform_skew_tablet=\u00bb\u00bb transform_skew_phone=\u00bb\u00bb transform_skew_last_edited=\u00bbon|phone\u00bb transform_origin_tablet=\u00bb\u00bb transform_origin_phone=\u00bb\u00bb transform_origin_last_edited=\u00bbon|phone\u00bb transform_styles_last_edited=\u00bbon|phone\u00bb text_orientation=\u00bbcenter\u00bb width=\u00bb44%\u00bb width_tablet=\u00bb85%\u00bb width_phone=\u00bb100%\u00bb width_last_edited=\u00bbon|tablet\u00bb module_alignment=\u00bbcenter\u00bb custom_padding=\u00bb30px||30px||false|false\u00bb transform_styles_tablet=\u00bb\u00bb transform_styles_phone=\u00bb\u00bb global_colors_info=\u00bb{}\u00bb width__hover_enabled=\u00bbon|desktop\u00bb width__hover=\u00bb44%\u00bb]@ET-DC@eyJkeW5hbWljIjp0cnVlLCJjb250ZW50IjoicG9zdF90aXRsZSIsInNldHRpbmdzIjp7ImJlZm9yZSI6IiIsImFmdGVyIjoiIn19@[\/et_pb_text][\/et_pb_column][\/et_pb_row][et_pb_row column_structure=\u00bb2_3,1_3&#8243; _builder_version=\u00bb4.16&#8243; _module_preset=\u00bbdefault\u00bb use_background_color_gradient=\u00bbon\u00bb background_color_gradient_direction=\u00bb134deg\u00bb background_color_gradient_stops=\u00bbrgba(34,70,170,0.68) 0%|rgba(41,196,169,0.77) 100%\u00bb background_color_gradient_start=\u00bbrgba(34,70,170,0.68)\u00bb background_color_gradient_end=\u00bbrgba(41,196,169,0.77)\u00bb transform_translate=\u00bb0px|43px\u00bb transform_translate_linked=\u00bboff\u00bb custom_margin=\u00bb0px||0px||false|false\u00bb custom_padding=\u00bb73px|50px|50px|50px|false|false\u00bb border_width_all=\u00bb3px\u00bb border_color_all=\u00bb#FFFFFF\u00bb global_colors_info=\u00bb{}\u00bb][et_pb_column type=\u00bb2_3&#8243; _builder_version=\u00bb4.16&#8243; _module_preset=\u00bbdefault\u00bb global_colors_info=\u00bb{}\u00bb][et_pb_text _builder_version=\u00bb4.16&#8243; _module_preset=\u00bbdefault\u00bb text_text_color=\u00bb#FFFFFF\u00bb text_font_size=\u00bb18px\u00bb header_text_color=\u00bb#FFFFFF\u00bb header_3_text_color=\u00bb#FFFFFF\u00bb text_orientation=\u00bbcenter\u00bb custom_padding_tablet=\u00bb\u00bb custom_padding_phone=\u00bb||150px||false|false\u00bb custom_padding_last_edited=\u00bbon|phone\u00bb global_colors_info=\u00bb{}\u00bb]<\/p>\n<p><strong><\/strong><\/p>\n<h1 class=\"et_pb_module_header\"><strong>Jorge Julca<\/strong><\/h1>\n<h3 class=\"et_pb_member_position\"><strong>Coordenador Regional<\/strong><\/h3>\n<p>[\/et_pb_text][\/et_pb_column][et_pb_column type=\u00bb1_3&#8243; _builder_version=\u00bb4.16&#8243; _module_preset=\u00bbdefault\u00bb global_colors_info=\u00bb{}\u00bb][et_pb_image src=\u00bbhttps:\/\/www.samnaz.org\/wp-content\/uploads\/2022\/05\/23.png\u00bb title_text=\u00bb23&#8243; align=\u00bbcenter\u00bb _builder_version=\u00bb4.17.2&#8243; _module_preset=\u00bbdefault\u00bb transform_scale_tablet=\u00bb\u00bb transform_scale_phone=\u00bb\u00bb transform_scale_last_edited=\u00bbon|phone\u00bb transform_translate_tablet=\u00bb\u00bb transform_translate_phone=\u00bb-98px|-89px\u00bb transform_translate_last_edited=\u00bbon|tablet\u00bb transform_translate_linked_phone=\u00bboff\u00bb transform_rotate_tablet=\u00bb\u00bb transform_rotate_phone=\u00bb\u00bb transform_rotate_last_edited=\u00bbon|phone\u00bb transform_skew_tablet=\u00bb\u00bb transform_skew_phone=\u00bb\u00bb transform_skew_last_edited=\u00bbon|phone\u00bb transform_origin_tablet=\u00bb\u00bb transform_origin_phone=\u00bb\u00bb transform_origin_last_edited=\u00bbon|phone\u00bb transform_styles_last_edited=\u00bbon|tablet\u00bb positioning=\u00bbabsolute\u00bb position_origin_a=\u00bbtop_center\u00bb vertical_offset=\u00bb-27px\u00bb vertical_offset_tablet=\u00bb2px\u00bb vertical_offset_phone=\u00bb\u00bb vertical_offset_last_edited=\u00bbon|desktop\u00bb horizontal_offset_tablet=\u00bb181px\u00bb horizontal_offset_phone=\u00bb\u00bb horizontal_offset_last_edited=\u00bbon|tablet\u00bb position_origin_a_tablet=\u00bbtop_center\u00bb position_origin_a_phone=\u00bbcenter_center\u00bb position_origin_a_last_edited=\u00bbon|phone\u00bb position_origin_f_tablet=\u00bb\u00bb position_origin_f_phone=\u00bb\u00bb position_origin_f_last_edited=\u00bbon|tablet\u00bb position_origin_r_tablet=\u00bb\u00bb position_origin_r_phone=\u00bb\u00bb position_origin_r_last_edited=\u00bbon|tablet\u00bb width=\u00bb250px\u00bb width_tablet=\u00bb150px\u00bb width_phone=\u00bb200px\u00bb width_last_edited=\u00bbon|phone\u00bb transform_styles_tablet=\u00bb\u00bb transform_styles_phone=\u00bb\u00bb positioning_tablet=\u00bb\u00bb positioning_phone=\u00bb\u00bb positioning_last_edited=\u00bbon|tablet\u00bb border_radii=\u00bbon|100%|100%|100%|100%\u00bb border_width_all=\u00bb3px\u00bb border_color_all=\u00bb#FFFFFF\u00bb global_colors_info=\u00bb{}\u00bb][\/et_pb_image][\/et_pb_column][\/et_pb_row][\/et_pb_section][et_pb_section fb_built=\u00bb1&#8243; fullwidth=\u00bbon\u00bb _builder_version=\u00bb4.16&#8243; _module_preset=\u00bbdefault\u00bb global_colors_info=\u00bb{}\u00bb][et_pb_fullwidth_image src=\u00bbhttps:\/\/www.samnaz.org\/wp-content\/uploads\/2021\/01\/dotted-grid-black.png\u00bb title_text=\u00bbdotted-grid-black\u00bb _builder_version=\u00bb4.16&#8243; _module_preset=\u00bbdefault\u00bb transform_translate=\u00bb0px|4px\u00bb global_colors_info=\u00bb{}\u00bb][\/et_pb_fullwidth_image][\/et_pb_section][et_pb_section fb_built=\u00bb1&#8243; _builder_version=\u00bb4.16&#8243; _module_preset=\u00bbdefault\u00bb background_enable_image=\u00bboff\u00bb background_position=\u00bbtop_center\u00bb custom_margin=\u00bb21px|||||\u00bb custom_padding=\u00bb55px|||||\u00bb global_colors_info=\u00bb{}\u00bb][et_pb_row _builder_version=\u00bb4.16&#8243; _module_preset=\u00bbdefault\u00bb global_colors_info=\u00bb{}\u00bb][et_pb_column type=\u00bb4_4&#8243; _builder_version=\u00bb4.16&#8243; _module_preset=\u00bbdefault\u00bb global_colors_info=\u00bb{}\u00bb][et_pb_text _builder_version=\u00bb4.16&#8243; _module_preset=\u00bbdefault\u00bb header_2_text_align=\u00bbcenter\u00bb width=\u00bb450px\u00bb width_tablet=\u00bb100%\u00bb width_phone=\u00bb\u00bb width_last_edited=\u00bbon|desktop\u00bb global_colors_info=\u00bb{}\u00bb]<\/p>\n<h2 class=\"\"><strong>Nosso Chamado e Miss\u00e3o<\/strong><\/h2>\n<p>[\/et_pb_text][\/et_pb_column][\/et_pb_row][et_pb_row _builder_version=\u00bb4.16&#8243; _module_preset=\u00bbdefault\u00bb custom_padding=\u00bb3px|||||\u00bb global_colors_info=\u00bb{}\u00bb][et_pb_column type=\u00bb4_4&#8243; _builder_version=\u00bb4.16&#8243; _module_preset=\u00bbdefault\u00bb global_colors_info=\u00bb{}\u00bb][et_pb_text _builder_version=\u00bb4.16&#8243; _module_preset=\u00bbdefault\u00bb text_font_size=\u00bb18px\u00bb text_line_height=\u00bb1.4em\u00bb global_colors_info=\u00bb{}\u00bb]<\/p>\n<p style=\"text-align: justify;\">O crescimento sustentado da Igreja do Nazareno na Am\u00e9rica do Sul nos \u00faltimos anos gerou a necessidade de reafirmar mais do que nunca a identidade nazarena em diferentes n\u00edveis de nossa igreja. Como wesleyanos acreditamos na import\u00e2ncia do discipulado crist\u00e3o e da educa\u00e7\u00e3o do minist\u00e9rio como elementos cruciais para manter a integridade de nossa igreja, coer\u00eancia teol\u00f3gica e, assim, garantir o futuro de nossas pr\u00f3ximas gera\u00e7\u00f5es de nazarenos.<\/p>\n<p style=\"text-align: justify;\">Como minist\u00e9rio da Educa\u00e7\u00e3o Teol\u00f3gica estamos comprometidos com a miss\u00e3o de formar ministros semelhantes a Cristo em todos os pa\u00edses da Am\u00e9rica do Sul.<\/p>\n<p>[\/et_pb_text][\/et_pb_column][\/et_pb_row][et_pb_row _builder_version=\u00bb4.16&#8243; _module_preset=\u00bbdefault\u00bb global_colors_info=\u00bb{}\u00bb][et_pb_column type=\u00bb4_4&#8243; _builder_version=\u00bb4.16&#8243; _module_preset=\u00bbdefault\u00bb global_colors_info=\u00bb{}\u00bb][et_pb_text _builder_version=\u00bb4.16&#8243; _module_preset=\u00bbdefault\u00bb header_2_text_align=\u00bbcenter\u00bb width=\u00bb317px\u00bb width_tablet=\u00bb100%\u00bb width_phone=\u00bb\u00bb width_last_edited=\u00bbon|desktop\u00bb global_colors_info=\u00bb{}\u00bb]<\/p>\n<p class=\"\"><strong><\/strong><\/p>\n<h2 class=\"\"><strong>Nossa Hist\u00f3ria<\/strong><\/h2>\n<p>[\/et_pb_text][et_pb_text _builder_version=\u00bb4.16&#8243; _module_preset=\u00bbdefault\u00bb text_font_size=\u00bb18px\u00bb text_line_height=\u00bb1.4em\u00bb global_colors_info=\u00bb{}\u00bb]<\/p>\n<p style=\"text-align: justify;\">Desde sua cria\u00e7\u00e3o, a Igreja do Nazareno considera a educa\u00e7\u00e3o teol\u00f3gica como um dos pilares vitais do desenvolvimento de seu minist\u00e9rio.  Ao longo da hist\u00f3ria nazarena com dedica\u00e7\u00e3o e esfor\u00e7o muitas gera\u00e7\u00f5es de ministros ao redor do mundo foram criadas para servir a Deus na proclama\u00e7\u00e3o da mensagem de salva\u00e7\u00e3o e santidade.<\/p>\n<p style=\"text-align: justify;\">A Junta Internacional de Educa\u00e7\u00e3o da Igreja do Nazareno (IBOE, sigla em ingl\u00eas) reconhece e apoia o desenvolvimento do ensino superior atrav\u00e9s de 51 institui\u00e7\u00f5es de ensino superior em todo o mundo que atendem a um amplo corpo discente de mais de 50.000 estudantes espalhados por seis continentes.<\/p>\n<p>[\/et_pb_text][et_pb_text _builder_version=\u00bb4.16&#8243; _module_preset=\u00bbdefault\u00bb header_2_text_align=\u00bbcenter\u00bb width=\u00bb317px\u00bb width_tablet=\u00bb100%\u00bb width_phone=\u00bb\u00bb width_last_edited=\u00bbon|desktop\u00bb global_colors_info=\u00bb{}\u00bb]<\/p>\n<p class=\"\"><strong><\/strong><\/p>\n<h2 class=\"\"><strong>Nossos Objetivos<\/strong><\/h2>\n<p>[\/et_pb_text][et_pb_blurb use_icon=\u00bbon\u00bb font_icon=\u00bb&#xe052;||divi||400&#8243; icon_color=\u00bb#0C71C3&#8243; icon_placement=\u00bbleft\u00bb image_icon_width=\u00bb30px\u00bb content_max_width=\u00bb100%\u00bb _builder_version=\u00bb4.16&#8243; _module_preset=\u00bbdefault\u00bb header_text_color=\u00bb#000000&#8243; body_font_size=\u00bb18px\u00bb icon_font_size=\u00bb30px\u00bb global_colors_info=\u00bb{}\u00bb]<\/p>\n<p><span>Gerar um sistema de educa\u00e7\u00e3o teol\u00f3gica que acompanha TODA a igreja no cumprimento de sua miss\u00e3o diante dos desafios contempor\u00e2neos.<\/span><\/p>\n<p>[\/et_pb_blurb][et_pb_blurb use_icon=\u00bbon\u00bb font_icon=\u00bb&#xe052;||divi||400&#8243; icon_color=\u00bb#0C71C3&#8243; icon_placement=\u00bbleft\u00bb image_icon_width=\u00bb30px\u00bb content_max_width=\u00bb100%\u00bb _builder_version=\u00bb4.16&#8243; _module_preset=\u00bbdefault\u00bb header_text_color=\u00bb#000000&#8243; body_font_size=\u00bb18px\u00bb icon_font_size=\u00bb30px\u00bb global_colors_info=\u00bb{}\u00bb]<\/p>\n<p><span>Facilitar os processos necess\u00e1rios para a forma\u00e7\u00e3o do maior n\u00famero de excelentes ministros crist\u00e3os em diferentes n\u00edveis em toda a Regi\u00e3o SAM.<\/span><\/p>\n<p>[\/et_pb_blurb][et_pb_blurb use_icon=\u00bbon\u00bb font_icon=\u00bb&#xe052;||divi||400&#8243; icon_color=\u00bb#0C71C3&#8243; icon_placement=\u00bbleft\u00bb image_icon_width=\u00bb30px\u00bb content_max_width=\u00bb100%\u00bb _builder_version=\u00bb4.16&#8243; _module_preset=\u00bbdefault\u00bb header_text_color=\u00bb#000000&#8243; body_font_size=\u00bb18px\u00bb icon_font_size=\u00bb30px\u00bb global_colors_info=\u00bb{}\u00bb]<\/p>\n<p>Consolidar e reafirmar nossa identidade e heran\u00e7a doutrin\u00e1ria na sucess\u00e3o ministerial.\u00a0<\/p>\n<p><span><\/span><\/p>\n<p>[\/et_pb_blurb][et_pb_text _builder_version=\u00bb4.16&#8243; _module_preset=\u00bbdefault\u00bb header_2_text_align=\u00bbcenter\u00bb width=\u00bb317px\u00bb width_tablet=\u00bb100%\u00bb width_phone=\u00bb\u00bb width_last_edited=\u00bbon|desktop\u00bb global_colors_info=\u00bb{}\u00bb]<\/p>\n<p class=\"\"><strong><\/strong><\/p>\n<h2 class=\"\"><strong>Nossos Programas<\/strong><\/h2>\n<p>[\/et_pb_text][et_pb_text _builder_version=\u00bb4.16&#8243; _module_preset=\u00bbdefault\u00bb text_font_size=\u00bb18px\u00bb text_line_height=\u00bb1.4em\u00bb global_colors_info=\u00bb{}\u00bb]<\/p>\n<p style=\"text-align: justify;\">Atrav\u00e9s da rede de nossas institui\u00e7\u00f5es oferecemos diversos programas acad\u00eamicos para acompanhar na forma\u00e7\u00e3o de servos-l\u00edderes em diferentes n\u00edveis de minist\u00e9rio. <span><a href=\"mailto:contacto@seminarionazareno.online\">contacto@seminarionazareno.online<\/a><\/span><\/p>\n<p>[\/et_pb_text][et_pb_blurb use_icon=\u00bbon\u00bb font_icon=\u00bb&#xe052;||divi||400&#8243; icon_color=\u00bb#0C71C3&#8243; icon_placement=\u00bbleft\u00bb image_icon_width=\u00bb30px\u00bb content_max_width=\u00bb100%\u00bb _builder_version=\u00bb4.16&#8243; _module_preset=\u00bbdefault\u00bb header_text_color=\u00bb#000000&#8243; body_font=\u00bb|700|||||||\u00bb body_font_size=\u00bb20px\u00bb icon_font_size=\u00bb30px\u00bb global_colors_info=\u00bb{}\u00bb]<\/p>\n<p>Certificado em Estudos Ministeriais (Ordena\u00e7\u00e3o)<\/p>\n<p>[\/et_pb_blurb][et_pb_blurb use_icon=\u00bbon\u00bb font_icon=\u00bb&#xe052;||divi||400&#8243; icon_color=\u00bb#0C71C3&#8243; icon_placement=\u00bbleft\u00bb image_icon_width=\u00bb30px\u00bb content_max_width=\u00bb100%\u00bb _builder_version=\u00bb4.16&#8243; _module_preset=\u00bbdefault\u00bb header_text_color=\u00bb#000000&#8243; body_font=\u00bb|700|||||||\u00bb body_font_size=\u00bb20px\u00bb custom_margin=\u00bb||11px|||\u00bb icon_font_size=\u00bb30px\u00bb global_colors_info=\u00bb{}\u00bb]<\/p>\n<p>Diploma:<\/p>\n<p>[\/et_pb_blurb][et_pb_text _builder_version=\u00bb4.21.0&#8243; _module_preset=\u00bbdefault\u00bb text_font_size=\u00bb18px\u00bb text_line_height=\u00bb1.4em\u00bb custom_margin=\u00bb||5px|||\u00bb custom_padding=\u00bb|||30px|false|false\u00bb custom_padding_tablet=\u00bb\u00bb custom_padding_phone=\u00bb\u00bb custom_padding_last_edited=\u00bbon|desktop\u00bb global_colors_info=\u00bb{}\u00bb]<\/p>\n<ul>\n<li>Diploma em Teologia<\/li>\n<li>Diploma em Minist\u00e9rios da Juventude<\/li>\n<li>Diploma em Educa\u00e7\u00e3o Crist\u00e3<\/li>\n<li>Diploma em Desenvolvimento Integral de Crian\u00e7as e Adolescentes<\/li>\n<li>Diploma em Miss\u00f5es Interculturais<\/li>\n<li>Diplomado en Pastoral Familiar<\/li>\n<li>Diplomado en M\u00fasica Eclesi\u00e1stica<\/li>\n<\/ul>\n<p>[\/et_pb_text][et_pb_blurb use_icon=\u00bbon\u00bb font_icon=\u00bb&#xe052;||divi||400&#8243; icon_color=\u00bb#0C71C3&#8243; icon_placement=\u00bbleft\u00bb image_icon_width=\u00bb30px\u00bb content_max_width=\u00bb100%\u00bb _builder_version=\u00bb4.16&#8243; _module_preset=\u00bbdefault\u00bb header_text_color=\u00bb#000000&#8243; body_font=\u00bb|700|||||||\u00bb body_font_size=\u00bb20px\u00bb custom_margin=\u00bb||11px|||\u00bb icon_font_size=\u00bb30px\u00bb global_colors_info=\u00bb{}\u00bb]<\/p>\n<p>Diplomados:<\/p>\n<p>[\/et_pb_blurb][et_pb_text _builder_version=\u00bb4.16&#8243; _module_preset=\u00bbdefault\u00bb text_font_size=\u00bb18px\u00bb text_line_height=\u00bb1.4em\u00bb custom_margin=\u00bb||7px|||\u00bb custom_padding=\u00bb|||30px|false|false\u00bb custom_padding_tablet=\u00bb\u00bb custom_padding_phone=\u00bb\u00bb custom_padding_last_edited=\u00bbon|desktop\u00bb global_colors_info=\u00bb{}\u00bb]<\/p>\n<ul>\n<li>Diplomado Superior em Teologia<\/li>\n<li>Diplomado em Minist\u00e9rio da Juventude<\/li>\n<li>Diplomado em Desenvolvimento Integral da Inf\u00e2ncia e Adolesc\u00eancia<\/li>\n<\/ul>\n<p>[\/et_pb_text][et_pb_blurb use_icon=\u00bbon\u00bb font_icon=\u00bb&#xe052;||divi||400&#8243; icon_color=\u00bb#0C71C3&#8243; icon_placement=\u00bbleft\u00bb image_icon_width=\u00bb30px\u00bb content_max_width=\u00bb100%\u00bb _builder_version=\u00bb4.16&#8243; _module_preset=\u00bbdefault\u00bb header_text_color=\u00bb#000000&#8243; body_font=\u00bb|700|||||||\u00bb body_font_size=\u00bb20px\u00bb custom_margin=\u00bb||11px|||\u00bb icon_font_size=\u00bb30px\u00bb global_colors_info=\u00bb{}\u00bb]<\/p>\n<p>Bacharel em Teologia<\/p>\n<p>[\/et_pb_blurb][et_pb_blurb use_icon=\u00bbon\u00bb font_icon=\u00bb&#xe052;||divi||400&#8243; icon_color=\u00bb#0C71C3&#8243; icon_placement=\u00bbleft\u00bb image_icon_width=\u00bb30px\u00bb content_max_width=\u00bb100%\u00bb _builder_version=\u00bb4.16&#8243; _module_preset=\u00bbdefault\u00bb header_text_color=\u00bb#000000&#8243; body_font=\u00bb|700|||||||\u00bb body_font_size=\u00bb20px\u00bb custom_margin=\u00bb||11px|||\u00bb icon_font_size=\u00bb30px\u00bb global_colors_info=\u00bb{}\u00bb]<\/p>\n<p>Mestrado em Minist\u00e9rio com \u00canfase em Lideran\u00e7a Pastoral<\/p>\n<p>[\/et_pb_blurb][\/et_pb_column][\/et_pb_row][et_pb_row _builder_version=\u00bb4.16&#8243; _module_preset=\u00bbdefault\u00bb global_colors_info=\u00bb{}\u00bb][et_pb_column type=\u00bb4_4&#8243; _builder_version=\u00bb4.16&#8243; _module_preset=\u00bbdefault\u00bb global_colors_info=\u00bb{}\u00bb][et_pb_text _builder_version=\u00bb4.16&#8243; _module_preset=\u00bbdefault\u00bb header_2_text_align=\u00bbcenter\u00bb width=\u00bb400px\u00bb width_tablet=\u00bb100%\u00bb width_phone=\u00bb\u00bb width_last_edited=\u00bbon|desktop\u00bb global_colors_info=\u00bb{}\u00bb]<\/p>\n<p class=\"\"><strong><\/strong><\/p>\n<h2 class=\"\"><strong>Nossas Possibilidades<\/strong><\/h2>\n<p>[\/et_pb_text][et_pb_text _builder_version=\u00bb4.16&#8243; _module_preset=\u00bbdefault\u00bb text_font_size=\u00bb18px\u00bb text_line_height=\u00bb1.4em\u00bb global_colors_info=\u00bb{}\u00bb]<\/p>\n<p style=\"text-align: justify;\">Oferecemos nossos programas acad\u00eamicos e outras possibilidades de treinamento em diversas modalidades e sistemas como os mencionados abaixo:<\/p>\n<p>[\/et_pb_text][et_pb_text _builder_version=\u00bb4.16&#8243; _module_preset=\u00bbdefault\u00bb text_font_size=\u00bb18px\u00bb text_line_height=\u00bb1.4em\u00bb custom_margin=\u00bb||61px|||\u00bb global_colors_info=\u00bb{}\u00bb]<\/p>\n<p style=\"text-align: justify;\"><strong>Educa\u00e7\u00e3o Teol\u00f3gica Descentralizada (ETED)<\/strong>Atrav\u00e9s de 168 Centros de Educa\u00e7\u00e3o Descentralizados distribu\u00eddos nos 10 pa\u00edses da Am\u00e9rica do Sul oferecemos nossos diferentes programas.<\/p>\n<p style=\"text-align: justify;\"><strong>Modalidade Virtual<\/strong> O Semin\u00e1rio Nazareno Virtual (SNV), que \u00e9 uma Alian\u00e7a Estrat\u00e9gica entre todos os semin\u00e1rios da Am\u00e9rica Latina, oferece os 30 Cursos de Ordena\u00e7\u00e3o ao Minist\u00e9rio na Igreja do Nazareno. Tamb\u00e9m nessa modalidade e utilizando plataformas virtuais de \u00faltima gera\u00e7\u00e3o, s\u00e3o oferecidos os diferentes programas acad\u00eamicos.<\/p>\n<p style=\"text-align: justify;\"><strong>Modalidade H\u00edbrida<\/strong>\u00a0 \u00c9 uma possibilidade educacional que, em resposta aos diferentes contextos e necessidades, combine a sincronia (Aulas por V\u00eddeo Confer\u00eancia ou presencial) ou a ass\u00edncrona (aulas por plataformas virtuais).<\/p>\n<p style=\"text-align: justify;\"><strong>Faculdade Descentralizada<\/strong>Nossas institui\u00e7\u00f5es oferecem atualiza\u00e7\u00f5es permanentes de ensino aos 533 professores que lecionam em diversos programas e modalidades. Alguns desses treinamentos s\u00e3o presenciais e outros online.<\/p>\n<p style=\"text-align: justify;\"><strong>Biblioteca Digital Wesleyana<\/strong>Como parte da rede de institui\u00e7\u00f5es de ensino nazarenas em todo o mundo, oferecemos o servi\u00e7o da Biblioteca Digital Wesleyana, que \u00e9 a maior cole\u00e7\u00e3o online de livros e materiais online. Voc\u00ea pode baixar livros da tradi\u00e7\u00e3o wesleyana, legalmente e gratuitamente no seguinte link: <span style=\"color: #0000ff;\"><a href=\"http:\/\/www.whdl.org\" style=\"color: #0000ff;\">www.whdl.org<\/a><\/span><\/p>\n<p>[\/et_pb_text][et_pb_text _builder_version=\u00bb4.16&#8243; _module_preset=\u00bbdefault\u00bb header_2_text_align=\u00bbcenter\u00bb width=\u00bb400px\u00bb width_tablet=\u00bb100%\u00bb width_phone=\u00bb\u00bb width_last_edited=\u00bbon|desktop\u00bb global_colors_info=\u00bb{}\u00bb]<\/p>\n<p class=\"\"><strong><\/strong><\/p>\n<h2 class=\"\"><strong>Nossas Institui\u00e7\u00f5es<\/strong><\/h2>\n<p>[\/et_pb_text][et_pb_text _builder_version=\u00bb4.16&#8243; _module_preset=\u00bbdefault\u00bb text_font_size=\u00bb18px\u00bb text_line_height=\u00bb1.4em\u00bb global_colors_info=\u00bb{}\u00bb]<\/p>\n<p style=\"text-align: justify;\">Nosso sistema de educa\u00e7\u00e3o teol\u00f3gica nazarena na Am\u00e9rica do Sul inclui uma forte rede de seis Semin\u00e1rios, distribu\u00eddos nos 10 pa\u00edses da regi\u00e3o, atendendo milhares de estudantes que est\u00e3o matriculados em diferentes programas.<\/p>\n<p>[\/et_pb_text][\/et_pb_column][\/et_pb_row][et_pb_row column_structure=\u00bb1_3,1_3,1_3&#8243; _builder_version=\u00bb4.16&#8243; _module_preset=\u00bbdefault\u00bb global_colors_info=\u00bb{}\u00bb][et_pb_column type=\u00bb1_3&#8243; _builder_version=\u00bb4.16&#8243; _module_preset=\u00bbdefault\u00bb global_colors_info=\u00bb{}\u00bb][et_pb_image src=\u00bbhttps:\/\/www.samnaz.org\/wp-content\/uploads\/2021\/11\/sanc-2.png\u00bb title_text=\u00bbsanc\u00bb _builder_version=\u00bb4.16&#8243; _module_preset=\u00bbdefault\u00bb global_colors_info=\u00bb{}\u00bb][\/et_pb_image][et_pb_text _builder_version=\u00bb4.16&#8243; _module_preset=\u00bbdefault\u00bb text_font_size=\u00bb18px\u00bb text_orientation=\u00bbcenter\u00bb global_colors_info=\u00bb{}\u00bb]<\/p>\n<p>Seminario Teol\u00f3gico Nazareno Sudamericano (STNS) \u2013 Ecuador, Colombia y Venezuela<\/p>\n<p><strong><span style=\"color: #0000ff;\"><a href=\"http:\/\/www.stns.ec\" target=\"_blank\" rel=\"noopener noreferrer\" style=\"color: #0000ff;\">www.stns.ec<\/a><\/span><\/strong>\u00a0<\/p>\n<p>[\/et_pb_text][et_pb_image src=\u00bbhttps:\/\/www.samnaz.org\/wp-content\/uploads\/2025\/09\/quinatoa-300&#215;300.png\u00bb title_text=\u00bbquinatoa\u00bb align=\u00bbcenter\u00bb _builder_version=\u00bb4.27.4&#8243; _module_preset=\u00bbdefault\u00bb width=\u00bb180px\u00bb module_alignment=\u00bbcenter\u00bb hover_enabled=\u00bb0&#8243; border_radii=\u00bboff|100%|100%|100%|100%\u00bb box_shadow_style=\u00bbpreset3&#8243; global_colors_info=\u00bb{}\u00bb sticky_enabled=\u00bb0&#8243;][\/et_pb_image][et_pb_text _builder_version=\u00bb4.27.4&#8243; _module_preset=\u00bbdefault\u00bb text_font_size=\u00bb18px\u00bb text_orientation=\u00bbcenter\u00bb hover_enabled=\u00bb0&#8243; global_colors_info=\u00bb{}\u00bb sticky_enabled=\u00bb0&#8243;]<\/p>\n<p style=\"text-align: center;\">Dr. Roberto Quinatoa<\/p>\n<p>[\/et_pb_text][\/et_pb_column][et_pb_column type=\u00bb1_3&#8243; _builder_version=\u00bb4.16&#8243; _module_preset=\u00bbdefault\u00bb global_colors_info=\u00bb{}\u00bb][et_pb_image src=\u00bbhttps:\/\/www.samnaz.org\/wp-content\/uploads\/2021\/11\/sanbol.png\u00bb title_text=\u00bbsanbol\u00bb _builder_version=\u00bb4.16&#8243; _module_preset=\u00bbdefault\u00bb global_colors_info=\u00bb{}\u00bb][\/et_pb_image][et_pb_text _builder_version=\u00bb4.24.0&#8243; _module_preset=\u00bbdefault\u00bb text_font_size=\u00bb18px\u00bb text_orientation=\u00bbcenter\u00bb custom_margin=\u00bb||59px|||\u00bb global_colors_info=\u00bb{}\u00bb]<\/p>\n<p>Seminario Nazareno Boliviano (SENABOL) \u2013 Bolivia<\/p>\n<p><a href=\"https:\/\/www.senabol.org.bo\/\">www.senabol.org.bo<\/a><\/p>\n<p>&nbsp;<\/p>\n<p>[\/et_pb_text][et_pb_image src=\u00bbhttps:\/\/www.samnaz.org\/wp-content\/uploads\/2023\/05\/Luis-Adolfo.jpg\u00bb title_text=\u00bbLuis-Adolfo\u00bb align=\u00bbcenter\u00bb _builder_version=\u00bb4.21.0&#8243; _module_preset=\u00bbdefault\u00bb width=\u00bb180px\u00bb module_alignment=\u00bbcenter\u00bb border_radii=\u00bboff|100%|100%|100%|100%\u00bb box_shadow_style=\u00bbpreset3&#8243; global_colors_info=\u00bb{}\u00bb][\/et_pb_image][et_pb_text _builder_version=\u00bb4.21.0&#8243; _module_preset=\u00bbdefault\u00bb text_font_size=\u00bb18px\u00bb text_orientation=\u00bbcenter\u00bb global_colors_info=\u00bb{}\u00bb]<\/p>\n<p style=\"text-align: center;\">Mgt. Luis Adolfo Ch\u00e1vez Ticona, Rector<\/p>\n<p>[\/et_pb_text][\/et_pb_column][et_pb_column type=\u00bb1_3&#8243; _builder_version=\u00bb4.16&#8243; _module_preset=\u00bbdefault\u00bb global_colors_info=\u00bb{}\u00bb][et_pb_image src=\u00bbhttps:\/\/www.samnaz.org\/wp-content\/uploads\/2021\/11\/sbn-logo-sombra-text.2.png\u00bb title_text=\u00bbsbn-logo-sombra-text.2&#8243; _builder_version=\u00bb4.16&#8243; _module_preset=\u00bbdefault\u00bb width=\u00bb138px\u00bb module_alignment=\u00bbcenter\u00bb global_colors_info=\u00bb{}\u00bb][\/et_pb_image][et_pb_text _builder_version=\u00bb4.24.0&#8243; _module_preset=\u00bbdefault\u00bb text_font_size=\u00bb18px\u00bb text_orientation=\u00bbcenter\u00bb custom_margin=\u00bb||56px|||\u00bb global_colors_info=\u00bb{}\u00bb]Seminario B\u00edblico Nazareno (SBN) \u2013 Chile<\/p>\n<p><a href=\"https:\/\/sbn.samnaz.org\" target=\"_blank\" rel=\"noopener\"><span style=\"color: #3366ff;\"><strong>sbn.samnaz.org<\/strong><\/span><\/a>[\/et_pb_text][et_pb_image src=\u00bbhttps:\/\/www.samnaz.org\/wp-content\/uploads\/2021\/11\/patricio.png\u00bb title_text=\u00bbpatricio\u00bb align=\u00bbcenter\u00bb _builder_version=\u00bb4.16&#8243; _module_preset=\u00bbdefault\u00bb width=\u00bb180px\u00bb module_alignment=\u00bbcenter\u00bb border_radii=\u00bboff|100%|100%|100%|100%\u00bb box_shadow_style=\u00bbpreset3&#8243; global_colors_info=\u00bb{}\u00bb][\/et_pb_image][et_pb_text _builder_version=\u00bb4.16&#8243; _module_preset=\u00bbdefault\u00bb text_font_size=\u00bb18px\u00bb text_orientation=\u00bbcenter\u00bb global_colors_info=\u00bb{}\u00bb]<\/p>\n<p style=\"text-align: center;\">Mgt. Patricio Huanca, Reitor<\/p>\n<p>[\/et_pb_text][\/et_pb_column][\/et_pb_row][et_pb_row column_structure=\u00bb1_3,1_3,1_3&#8243; _builder_version=\u00bb4.16&#8243; _module_preset=\u00bbdefault\u00bb custom_margin=\u00bb70px|auto||auto||\u00bb global_colors_info=\u00bb{}\u00bb][et_pb_column type=\u00bb1_3&#8243; _builder_version=\u00bb4.16&#8243; _module_preset=\u00bbdefault\u00bb global_colors_info=\u00bb{}\u00bb][et_pb_image src=\u00bbhttps:\/\/www.samnaz.org\/wp-content\/uploads\/2021\/11\/logo001.png\u00bb title_text=\u00bblogo001&#8243; _builder_version=\u00bb4.16&#8243; _module_preset=\u00bbdefault\u00bb global_colors_info=\u00bb{}\u00bb][\/et_pb_image][et_pb_text _builder_version=\u00bb4.16&#8243; _module_preset=\u00bbdefault\u00bb text_font_size=\u00bb18px\u00bb text_orientation=\u00bbcenter\u00bb global_colors_info=\u00bb{}\u00bb]<\/p>\n<p>Seminario Teol\u00f3gico Nazareno del Cono Sur (STNCS) \u2013 Argentina, Uruguay y Paraguay<\/p>\n<p><strong><span style=\"color: #0000ff;\"><a href=\"http:\/\/www.seminarionazareno.com.ar\" target=\"_blank\" rel=\"noopener noreferrer\" style=\"color: #0000ff;\">www.seminarionazareno.com.ar<\/a><\/span><\/strong><\/p>\n<p>[\/et_pb_text][et_pb_image src=\u00bbhttps:\/\/www.samnaz.org\/wp-content\/uploads\/2022\/01\/JJ.jpg\u00bb title_text=\u00bbJJ\u00bb align=\u00bbcenter\u00bb _builder_version=\u00bb4.16&#8243; _module_preset=\u00bbdefault\u00bb width=\u00bb180px\u00bb module_alignment=\u00bbcenter\u00bb border_radii=\u00bboff|100%|100%|100%|100%\u00bb box_shadow_style=\u00bbpreset3&#8243; global_colors_info=\u00bb{}\u00bb][\/et_pb_image][et_pb_text _builder_version=\u00bb4.16&#8243; _module_preset=\u00bbdefault\u00bb text_font_size=\u00bb18px\u00bb text_orientation=\u00bbcenter\u00bb global_colors_info=\u00bb{}\u00bb]<\/p>\n<p style=\"text-align: center;\">Dr. Jorge L. Julca, Reitor<\/p>\n<p>[\/et_pb_text][\/et_pb_column][et_pb_column type=\u00bb1_3&#8243; _builder_version=\u00bb4.16&#8243; _module_preset=\u00bbdefault\u00bb global_colors_info=\u00bb{}\u00bb][et_pb_image src=\u00bbhttps:\/\/www.samnaz.org\/wp-content\/uploads\/2021\/11\/perio.png\u00bb title_text=\u00bbperio\u00bb _builder_version=\u00bb4.16&#8243; _module_preset=\u00bbdefault\u00bb width=\u00bb181px\u00bb module_alignment=\u00bbcenter\u00bb global_colors_info=\u00bb{}\u00bb][\/et_pb_image][et_pb_text _builder_version=\u00bb4.16&#8243; _module_preset=\u00bbdefault\u00bb text_font_size=\u00bb18px\u00bb text_orientation=\u00bbcenter\u00bb custom_margin=\u00bb||68px|||\u00bb global_colors_info=\u00bb{}\u00bb]<\/p>\n<p>Seminario Teol\u00f3gico Nazareno del Per\u00fa (STNP) \u2013 Per\u00fa<\/p>\n<p><strong><a href=\"http:\/\/www.stnperu.com\" target=\"_blank\" rel=\"noopener noreferrer\"><span style=\"color: #0000ff;\">www.stnperu.com<\/span><\/a><\/strong><\/p>\n<p>[\/et_pb_text][et_pb_image src=\u00bbhttps:\/\/www.samnaz.org\/wp-content\/uploads\/2021\/11\/palmeira.png\u00bb title_text=\u00bbpalmeira\u00bb align=\u00bbcenter\u00bb _builder_version=\u00bb4.16&#8243; _module_preset=\u00bbdefault\u00bb width=\u00bb180px\u00bb module_alignment=\u00bbcenter\u00bb border_radii=\u00bboff|100%|100%|100%|100%\u00bb box_shadow_style=\u00bbpreset3&#8243; global_colors_info=\u00bb{}\u00bb][\/et_pb_image][et_pb_text _builder_version=\u00bb4.16&#8243; _module_preset=\u00bbdefault\u00bb text_font_size=\u00bb18px\u00bb text_orientation=\u00bbcenter\u00bb global_colors_info=\u00bb{}\u00bb]<\/p>\n<p>Dr. Herbert Barco, Reitor<\/p>\n<p>[\/et_pb_text][\/et_pb_column][et_pb_column type=\u00bb1_3&#8243; _builder_version=\u00bb4.16&#8243; _module_preset=\u00bbdefault\u00bb global_colors_info=\u00bb{}\u00bb][et_pb_image src=\u00bbhttps:\/\/www.samnaz.org\/wp-content\/uploads\/2021\/11\/stnb-grande.png\u00bb title_text=\u00bbstnb-grande\u00bb _builder_version=\u00bb4.16&#8243; _module_preset=\u00bbdefault\u00bb width=\u00bb276px\u00bb module_alignment=\u00bbcenter\u00bb global_colors_info=\u00bb{}\u00bb][\/et_pb_image][et_pb_text _builder_version=\u00bb4.16&#8243; _module_preset=\u00bbdefault\u00bb text_font_size=\u00bb18px\u00bb text_orientation=\u00bbcenter\u00bb custom_margin=\u00bb||56px|||\u00bb global_colors_info=\u00bb{}\u00bb]<\/p>\n<p>Seminario Teol\u00f3gico Nazareno Do Brasil (STNB) \u2013 Brasil<\/p>\n<p><span style=\"color: #0000ff;\"><strong><a href=\"http:\/\/www.stnb.com.br\" target=\"_blank\" rel=\"noopener noreferrer\" style=\"color: #0000ff;\">www.stnb.com.br<\/a><\/strong><\/span><\/p>\n<p>[\/et_pb_text][et_pb_image src=\u00bbhttps:\/\/www.samnaz.org\/wp-content\/uploads\/2023\/01\/Dr-Carlos-Abejer.jpg\u00bb title_text=\u00bbDr-Carlos-Abejer\u00bb align=\u00bbcenter\u00bb _builder_version=\u00bb4.19.4&#8243; _module_preset=\u00bbdefault\u00bb width=\u00bb180px\u00bb module_alignment=\u00bbcenter\u00bb border_radii=\u00bboff|100%|100%|100%|100%\u00bb box_shadow_style=\u00bbpreset3&#8243; global_colors_info=\u00bb{}\u00bb][\/et_pb_image][et_pb_text _builder_version=\u00bb4.21.0&#8243; _module_preset=\u00bbdefault\u00bb text_font_size=\u00bb18px\u00bb text_orientation=\u00bbcenter\u00bb global_colors_info=\u00bb{}\u00bb]<\/p>\n<p><span>Dr. Carlos Abejer, Rector<\/span><\/p>\n<p>[\/et_pb_text][\/et_pb_column][\/et_pb_row][\/et_pb_section][et_pb_section fb_built=\u00bb1&#8243; _builder_version=\u00bb4.24.0&#8243; _module_preset=\u00bbdefault\u00bb background_color=\u00bb#002d47&#8243; global_colors_info=\u00bb{}\u00bb][et_pb_row column_structure=\u00bb1_2,1_2&#8243; _builder_version=\u00bb4.24.0&#8243; _module_preset=\u00bbdefault\u00bb global_colors_info=\u00bb{}\u00bb][et_pb_column type=\u00bb1_2&#8243; _builder_version=\u00bb4.24.0&#8243; _module_preset=\u00bbdefault\u00bb global_colors_info=\u00bb{}\u00bb][et_pb_text _builder_version=\u00bb4.24.0&#8243; _module_preset=\u00bbdefault\u00bb text_text_color=\u00bb#FFFFFF\u00bb text_font_size=\u00bb20px\u00bb header_2_text_color=\u00bb#FFFFFF\u00bb header_2_font_size=\u00bb37px\u00bb global_colors_info=\u00bb{}\u00bb]<\/p>\n<h2><span>Digitalizaci\u00f3n de publicaciones hist\u00f3ricas<\/span><\/h2>\n<p><span>El Heraldo de Santidad, en Espa\u00f1ol<\/span><\/p>\n<p><span>Vol\u00famenes subidos en la WHDL<\/span><\/p>\n<p>[\/et_pb_text][et_pb_button button_url=\u00bbhttps:\/\/infosweb.my.canva.site\/el-heraldo-de-santidad\u00bb url_new_window=\u00bbon\u00bb button_text=\u00bbLINKS DE DESCARGA\u00bb _builder_version=\u00bb4.24.0&#8243; _module_preset=\u00bbdefault\u00bb background_layout=\u00bbdark\u00bb global_colors_info=\u00bb{}\u00bb][\/et_pb_button][\/et_pb_column][et_pb_column type=\u00bb1_2&#8243; _builder_version=\u00bb4.24.0&#8243; _module_preset=\u00bbdefault\u00bb global_colors_info=\u00bb{}\u00bb][et_pb_video src=\u00bbhttps:\/\/www.samnaz.org\/wp-content\/uploads\/2024\/02\/Digitalizacion-de-publicaciones-historicas-El-Heraldo-de-Santidad-en-Espanol-desde-1948_1080p.mp4&#8243; _builder_version=\u00bb4.24.0&#8243; _module_preset=\u00bbdefault\u00bb border_width_all=\u00bb4px\u00bb border_color_all=\u00bb#FFFFFF\u00bb global_colors_info=\u00bb{}\u00bb][\/et_pb_video][\/et_pb_column][\/et_pb_row][\/et_pb_section]<\/p>\n<span class=\"et_bloom_bottom_trigger\"><\/span>","protected":false},"excerpt":{"rendered":"<p>Jorge Julca Coordinador RegionalNuestro llamado y misi\u00f3n:El crecimiento sostenido de la Iglesia del Nazareno en Am\u00e9rica del Sur en los \u00faltimos a\u00f1os, ha generado la necesidad de reafirmar m\u00e1s que nunca la identidad nazarena en diferentes niveles de nuestra iglesia. Como wesleyanos creemos en la importancia del discipulado cristiano y la educaci\u00f3n ministerial como elementos [&hellip;]<\/p>","protected":false},"author":2,"featured_media":0,"parent":0,"menu_order":0,"comment_status":"closed","ping_status":"closed","template":"","meta":{"_et_pb_use_builder":"on","_et_pb_old_content":"","_et_gb_content_width":"","_monsterinsights_skip_tracking":false,"_monsterinsights_sitenote_active":false,"_monsterinsights_sitenote_note":"","_monsterinsights_sitenote_category":0,"_vp_format_video_url":"","_vp_image_focal_point":[],"footnotes":""},"class_list":["post-1667","page","type-page","status-publish","hentry"],"yoast_head":"<!-- This site is optimized with the Yoast SEO Premium plugin v23.6 (Yoast SEO v27.5) - https:\/\/yoast.com\/product\/yoast-seo-premium-wordpress\/ -->\n<title>Educaci\u00f3n Teol\u00f3gica | Iglesia del Nazareno Am\u00e9rica del Sur samnaz<\/title>\n<meta name=\"description\" content=\"Iglesia del Nazareno Am\u00e9rica del Sur Educaci\u00f3n Teol\u00f3gica Iglesia del Nazareno\" \/>\n<meta name=\"robots\" content=\"index, follow, max-snippet:-1, max-image-preview:large, max-video-preview:-1\" \/>\n<link rel=\"canonical\" href=\"https:\/\/www.samnaz.org\/pt\/educacion-teologica\/\" \/>\n<meta property=\"og:locale\" content=\"pt_BR\" \/>\n<meta property=\"og:type\" content=\"article\" \/>\n<meta property=\"og:title\" content=\"Educaci\u00f3n Teol\u00f3gica\" \/>\n<meta property=\"og:description\" content=\"Educaci\u00f3n Teol\u00f3gica\" \/>\n<meta property=\"og:url\" content=\"https:\/\/www.samnaz.org\/pt\/educacion-teologica\/\" \/>\n<meta property=\"og:site_name\" content=\"Iglesia del Nazareno Am\u00e9rica del Sur\" \/>\n<meta property=\"article:publisher\" content=\"https:\/\/www.facebook.com\/NazarenoEsp\" \/>\n<meta property=\"article:modified_time\" content=\"2025-09-23T19:14:01+00:00\" \/>\n<meta property=\"og:image\" content=\"https:\/\/www.samnaz.org\/wp-content\/uploads\/2021\/04\/Logo-3-ESP.png\" \/>\n\t<meta property=\"og:image:width\" content=\"1041\" \/>\n\t<meta property=\"og:image:height\" content=\"780\" \/>\n\t<meta property=\"og:image:type\" content=\"image\/png\" \/>\n<meta name=\"twitter:card\" content=\"summary_large_image\" \/>\n<meta name=\"twitter:label1\" content=\"Est. tempo de leitura\" \/>\n\t<meta name=\"twitter:data1\" content=\"17 minutos\" \/>\n<script type=\"application\/ld+json\" class=\"yoast-schema-graph\">{\"@context\":\"https:\\\/\\\/schema.org\",\"@graph\":[{\"@type\":\"WebPage\",\"@id\":\"https:\\\/\\\/www.samnaz.org\\\/educacion-teologica\\\/\",\"url\":\"https:\\\/\\\/www.samnaz.org\\\/educacion-teologica\\\/\",\"name\":\"Educaci\u00f3n Teol\u00f3gica | Iglesia del Nazareno Am\u00e9rica del Sur samnaz\",\"isPartOf\":{\"@id\":\"https:\\\/\\\/www.samnaz.org\\\/#website\"},\"datePublished\":\"2021-04-19T17:38:50+00:00\",\"dateModified\":\"2025-09-23T19:14:01+00:00\",\"description\":\"Iglesia del Nazareno Am\u00e9rica del Sur Educaci\u00f3n Teol\u00f3gica Iglesia del Nazareno\",\"inLanguage\":\"pt-BR\",\"potentialAction\":[{\"@type\":\"ReadAction\",\"target\":[\"https:\\\/\\\/www.samnaz.org\\\/educacion-teologica\\\/\"]}]},{\"@type\":\"WebSite\",\"@id\":\"https:\\\/\\\/www.samnaz.org\\\/#website\",\"url\":\"https:\\\/\\\/www.samnaz.org\\\/\",\"name\":\"Haciendo Disc\u00edpulos Semejantes a Cristo en las naciones\",\"description\":\"Haciendo disc\u00edpulos semejantes a Cristo en las Naciones\",\"publisher\":{\"@id\":\"https:\\\/\\\/www.samnaz.org\\\/#organization\"},\"alternateName\":\"Viviendo la Gran Comisi\u00f3n\",\"potentialAction\":[{\"@type\":\"SearchAction\",\"target\":{\"@type\":\"EntryPoint\",\"urlTemplate\":\"https:\\\/\\\/www.samnaz.org\\\/?s={search_term_string}\"},\"query-input\":{\"@type\":\"PropertyValueSpecification\",\"valueRequired\":true,\"valueName\":\"search_term_string\"}}],\"inLanguage\":\"pt-BR\"},{\"@type\":\"Organization\",\"@id\":\"https:\\\/\\\/www.samnaz.org\\\/#organization\",\"name\":\"Iglesia del Nazareno Am\u00e9rica del Sur\",\"url\":\"https:\\\/\\\/www.samnaz.org\\\/\",\"logo\":{\"@type\":\"ImageObject\",\"inLanguage\":\"pt-BR\",\"@id\":\"https:\\\/\\\/www.samnaz.org\\\/#\\\/schema\\\/logo\\\/image\\\/\",\"url\":\"https:\\\/\\\/www.samnaz.org\\\/wp-content\\\/uploads\\\/2021\\\/04\\\/Logo-3-ESP.png\",\"contentUrl\":\"https:\\\/\\\/www.samnaz.org\\\/wp-content\\\/uploads\\\/2021\\\/04\\\/Logo-3-ESP.png\",\"width\":1041,\"height\":780,\"caption\":\"Iglesia del Nazareno Am\u00e9rica del Sur\"},\"image\":{\"@id\":\"https:\\\/\\\/www.samnaz.org\\\/#\\\/schema\\\/logo\\\/image\\\/\"},\"sameAs\":[\"https:\\\/\\\/www.facebook.com\\\/NazarenoEsp\",\"https:\\\/\\\/www.instagram.com\\\/nazarenoesp\\\/\"],\"publishingPrinciples\":\"https:\\\/\\\/www.samnaz.org\\\/\"}]}<\/script>\n<!-- \/ Yoast SEO Premium plugin. -->","yoast_head_json":{"title":"Educaci\u00f3n Teol\u00f3gica | Iglesia del Nazareno Am\u00e9rica del Sur samnaz","description":"Iglesia del Nazareno Am\u00e9rica del Sur Educaci\u00f3n Teol\u00f3gica Iglesia del Nazareno","robots":{"index":"index","follow":"follow","max-snippet":"max-snippet:-1","max-image-preview":"max-image-preview:large","max-video-preview":"max-video-preview:-1"},"canonical":"https:\/\/www.samnaz.org\/pt\/educacion-teologica\/","og_locale":"pt_BR","og_type":"article","og_title":"Educaci\u00f3n Teol\u00f3gica","og_description":"Educaci\u00f3n Teol\u00f3gica","og_url":"https:\/\/www.samnaz.org\/pt\/educacion-teologica\/","og_site_name":"Iglesia del Nazareno Am\u00e9rica del Sur","article_publisher":"https:\/\/www.facebook.com\/NazarenoEsp","article_modified_time":"2025-09-23T19:14:01+00:00","og_image":[{"width":1041,"height":780,"url":"https:\/\/www.samnaz.org\/wp-content\/uploads\/2021\/04\/Logo-3-ESP.png","type":"image\/png"}],"twitter_card":"summary_large_image","twitter_misc":{"Est. tempo de leitura":"17 minutos"},"schema":{"@context":"https:\/\/schema.org","@graph":[{"@type":"WebPage","@id":"https:\/\/www.samnaz.org\/educacion-teologica\/","url":"https:\/\/www.samnaz.org\/educacion-teologica\/","name":"Educaci\u00f3n Teol\u00f3gica | Iglesia del Nazareno Am\u00e9rica del Sur samnaz","isPartOf":{"@id":"https:\/\/www.samnaz.org\/#website"},"datePublished":"2021-04-19T17:38:50+00:00","dateModified":"2025-09-23T19:14:01+00:00","description":"Iglesia del Nazareno Am\u00e9rica del Sur Educaci\u00f3n Teol\u00f3gica Iglesia del Nazareno","inLanguage":"pt-BR","potentialAction":[{"@type":"ReadAction","target":["https:\/\/www.samnaz.org\/educacion-teologica\/"]}]},{"@type":"WebSite","@id":"https:\/\/www.samnaz.org\/#website","url":"https:\/\/www.samnaz.org\/","name":"Haciendo Disc\u00edpulos Semejantes a Cristo en las naciones","description":"Haciendo disc\u00edpulos semejantes a Cristo en las Naciones","publisher":{"@id":"https:\/\/www.samnaz.org\/#organization"},"alternateName":"Viviendo la Gran Comisi\u00f3n","potentialAction":[{"@type":"SearchAction","target":{"@type":"EntryPoint","urlTemplate":"https:\/\/www.samnaz.org\/?s={search_term_string}"},"query-input":{"@type":"PropertyValueSpecification","valueRequired":true,"valueName":"search_term_string"}}],"inLanguage":"pt-BR"},{"@type":"Organization","@id":"https:\/\/www.samnaz.org\/#organization","name":"Iglesia del Nazareno Am\u00e9rica del Sur","url":"https:\/\/www.samnaz.org\/","logo":{"@type":"ImageObject","inLanguage":"pt-BR","@id":"https:\/\/www.samnaz.org\/#\/schema\/logo\/image\/","url":"https:\/\/www.samnaz.org\/wp-content\/uploads\/2021\/04\/Logo-3-ESP.png","contentUrl":"https:\/\/www.samnaz.org\/wp-content\/uploads\/2021\/04\/Logo-3-ESP.png","width":1041,"height":780,"caption":"Iglesia del Nazareno Am\u00e9rica del Sur"},"image":{"@id":"https:\/\/www.samnaz.org\/#\/schema\/logo\/image\/"},"sameAs":["https:\/\/www.facebook.com\/NazarenoEsp","https:\/\/www.instagram.com\/nazarenoesp\/"],"publishingPrinciples":"https:\/\/www.samnaz.org\/"}]}},"_links":{"self":[{"href":"https:\/\/www.samnaz.org\/pt\/wp-json\/wp\/v2\/pages\/1667","targetHints":{"allow":["GET"]}}],"collection":[{"href":"https:\/\/www.samnaz.org\/pt\/wp-json\/wp\/v2\/pages"}],"about":[{"href":"https:\/\/www.samnaz.org\/pt\/wp-json\/wp\/v2\/types\/page"}],"author":[{"embeddable":true,"href":"https:\/\/www.samnaz.org\/pt\/wp-json\/wp\/v2\/users\/2"}],"replies":[{"embeddable":true,"href":"https:\/\/www.samnaz.org\/pt\/wp-json\/wp\/v2\/comments?post=1667"}],"version-history":[{"count":34,"href":"https:\/\/www.samnaz.org\/pt\/wp-json\/wp\/v2\/pages\/1667\/revisions"}],"predecessor-version":[{"id":49773,"href":"https:\/\/www.samnaz.org\/pt\/wp-json\/wp\/v2\/pages\/1667\/revisions\/49773"}],"wp:attachment":[{"href":"https:\/\/www.samnaz.org\/pt\/wp-json\/wp\/v2\/media?parent=1667"}],"curies":[{"name":"wp","href":"https:\/\/api.w.org\/{rel}","templated":true}]}}