{"id":1682,"date":"2021-04-19T15:43:57","date_gmt":"2021-04-19T18:43:57","guid":{"rendered":"https:\/\/www.samnaz.org\/?page_id=1682"},"modified":"2024-02-14T16:03:25","modified_gmt":"2024-02-14T19:03:25","slug":"escuela-dominical-y-discipulado","status":"publish","type":"page","link":"https:\/\/www.samnaz.org\/pt\/escuela-dominical-y-discipulado\/","title":{"rendered":"Discipulado Nazareno Internacional (DNI)"},"content":{"rendered":"<p>[et_pb_section fb_built=\u00bb1&#8243; _builder_version=\u00bb4.16&#8243; _module_preset=\u00bbdefault\u00bb background_color_gradient_direction=\u00bb360deg\u00bb background_image=\u00bbhttps:\/\/www.samnaz.org\/wp-content\/uploads\/2021\/04\/Escuela-Dominical-1680x-min.png\u00bb z_index=\u00bb2&#8243; custom_padding=\u00bb||0px|||\u00bb global_colors_info=\u00bb{}\u00bb][et_pb_row _builder_version=\u00bb4.16&#8243; _module_preset=\u00bbdefault\u00bb global_colors_info=\u00bb{}\u00bb][et_pb_column type=\u00bb4_4&#8243; _builder_version=\u00bb4.16&#8243; _module_preset=\u00bbdefault\u00bb global_colors_info=\u00bb{}\u00bb][et_pb_text _builder_version=\u00bb4.23.1&#8243; _dynamic_attributes=\u00bbcontent\u00bb _module_preset=\u00bbdefault\u00bb text_font=\u00bb|700|||||||\u00bb text_text_color=\u00bb#FFFFFF\u00bb text_font_size=\u00bb30px\u00bb header_text_color=\u00bb#FFFFFF\u00bb header_font_size=\u00bb50px\u00bb background_color=\u00bb#000000&#8243; transform_scale_tablet=\u00bb\u00bb transform_scale_phone=\u00bb\u00bb transform_scale_last_edited=\u00bbon|phone\u00bb transform_translate=\u00bb0px|111px\u00bb transform_translate_tablet=\u00bb\u00bb transform_translate_phone=\u00bb8px|111px\u00bb transform_translate_last_edited=\u00bbon|phone\u00bb transform_translate_linked=\u00bboff\u00bb transform_rotate_tablet=\u00bb\u00bb transform_rotate_phone=\u00bb\u00bb transform_rotate_last_edited=\u00bbon|phone\u00bb transform_skew_tablet=\u00bb\u00bb transform_skew_phone=\u00bb\u00bb transform_skew_last_edited=\u00bbon|phone\u00bb transform_origin_tablet=\u00bb\u00bb transform_origin_phone=\u00bb\u00bb transform_origin_last_edited=\u00bbon|phone\u00bb transform_styles_last_edited=\u00bbon|phone\u00bb text_orientation=\u00bbcenter\u00bb width=\u00bb700px\u00bb width_tablet=\u00bb85%\u00bb width_phone=\u00bb100%\u00bb width_last_edited=\u00bbon|phone\u00bb module_alignment=\u00bbcenter\u00bb custom_padding=\u00bb30px||30px||false|false\u00bb transform_styles_tablet=\u00bb\u00bb transform_styles_phone=\u00bb\u00bb global_colors_info=\u00bb{}\u00bb width__hover_enabled=\u00bbon|desktop\u00bb width__hover=\u00bb700px\u00bb]@ET-DC@eyJkeW5hbWljIjp0cnVlLCJjb250ZW50IjoicG9zdF90aXRsZSIsInNldHRpbmdzIjp7ImJlZm9yZSI6IiIsImFmdGVyIjoiIn19@[\/et_pb_text][\/et_pb_column][\/et_pb_row][et_pb_row column_structure=\u00bb2_3,1_3&#8243; _builder_version=\u00bb4.16&#8243; _module_preset=\u00bbdefault\u00bb use_background_color_gradient=\u00bbon\u00bb background_color_gradient_direction=\u00bb134deg\u00bb background_color_gradient_stops=\u00bbrgba(34,70,170,0.68) 0%|rgba(41,196,169,0.77) 100%\u00bb background_color_gradient_start=\u00bbrgba(34,70,170,0.68)\u00bb background_color_gradient_end=\u00bbrgba(41,196,169,0.77)\u00bb transform_translate=\u00bb0px|43px\u00bb transform_translate_linked=\u00bboff\u00bb custom_margin=\u00bb0px||0px||false|false\u00bb custom_padding=\u00bb73px|50px|50px|50px|false|false\u00bb border_width_all=\u00bb3px\u00bb border_color_all=\u00bb#FFFFFF\u00bb global_colors_info=\u00bb{}\u00bb][et_pb_column type=\u00bb2_3&#8243; _builder_version=\u00bb4.16&#8243; _module_preset=\u00bbdefault\u00bb global_colors_info=\u00bb{}\u00bb][et_pb_text _builder_version=\u00bb4.23.1&#8243; _module_preset=\u00bbdefault\u00bb text_text_color=\u00bb#FFFFFF\u00bb text_font_size=\u00bb18px\u00bb header_text_color=\u00bb#FFFFFF\u00bb header_3_text_color=\u00bb#FFFFFF\u00bb text_orientation=\u00bbcenter\u00bb custom_padding_tablet=\u00bb\u00bb custom_padding_phone=\u00bb||150px||false|false\u00bb custom_padding_last_edited=\u00bbon|phone\u00bb global_colors_info=\u00bb{}\u00bb]<\/p>\n<p><strong><\/strong><\/p>\n<h1 class=\"et_pb_module_header\"><strong>Marcial Banda<\/strong><\/h1>\n<h3 class=\"et_pb_member_position\"><strong>Coordenador Regional<\/strong><\/h3>\n<p>[\/et_pb_text][\/et_pb_column][et_pb_column type=\u00bb1_3&#8243; _builder_version=\u00bb4.16&#8243; _module_preset=\u00bbdefault\u00bb global_colors_info=\u00bb{}\u00bb][et_pb_image src=\u00bbhttps:\/\/www.samnaz.org\/wp-content\/uploads\/2022\/05\/28.png\u00bb title_text=\u00bb28&#8243; align=\u00bbcenter\u00bb _builder_version=\u00bb4.17.2&#8243; _module_preset=\u00bbdefault\u00bb transform_scale_tablet=\u00bb\u00bb transform_scale_phone=\u00bb\u00bb transform_scale_last_edited=\u00bbon|phone\u00bb transform_translate_tablet=\u00bb\u00bb transform_translate_phone=\u00bb-98px|-89px\u00bb transform_translate_last_edited=\u00bbon|tablet\u00bb transform_translate_linked_phone=\u00bboff\u00bb transform_rotate_tablet=\u00bb\u00bb transform_rotate_phone=\u00bb\u00bb transform_rotate_last_edited=\u00bbon|phone\u00bb transform_skew_tablet=\u00bb\u00bb transform_skew_phone=\u00bb\u00bb transform_skew_last_edited=\u00bbon|phone\u00bb transform_origin_tablet=\u00bb\u00bb transform_origin_phone=\u00bb\u00bb transform_origin_last_edited=\u00bbon|phone\u00bb transform_styles_last_edited=\u00bbon|tablet\u00bb positioning=\u00bbabsolute\u00bb position_origin_a=\u00bbtop_center\u00bb vertical_offset=\u00bb-16px\u00bb vertical_offset_tablet=\u00bb2px\u00bb vertical_offset_phone=\u00bb\u00bb vertical_offset_last_edited=\u00bbon|desktop\u00bb horizontal_offset_tablet=\u00bb181px\u00bb horizontal_offset_phone=\u00bb\u00bb horizontal_offset_last_edited=\u00bbon|tablet\u00bb position_origin_a_tablet=\u00bbtop_center\u00bb position_origin_a_phone=\u00bbcenter_center\u00bb position_origin_a_last_edited=\u00bbon|phone\u00bb position_origin_f_tablet=\u00bb\u00bb position_origin_f_phone=\u00bb\u00bb position_origin_f_last_edited=\u00bbon|tablet\u00bb position_origin_r_tablet=\u00bb\u00bb position_origin_r_phone=\u00bb\u00bb position_origin_r_last_edited=\u00bbon|tablet\u00bb width=\u00bb250px\u00bb width_tablet=\u00bb150px\u00bb width_phone=\u00bb200px\u00bb width_last_edited=\u00bbon|phone\u00bb transform_styles_tablet=\u00bb\u00bb transform_styles_phone=\u00bb\u00bb positioning_tablet=\u00bb\u00bb positioning_phone=\u00bb\u00bb positioning_last_edited=\u00bbon|tablet\u00bb border_radii=\u00bbon|100%|100%|100%|100%\u00bb border_width_all=\u00bb3px\u00bb border_color_all=\u00bb#FFFFFF\u00bb global_colors_info=\u00bb{}\u00bb][\/et_pb_image][\/et_pb_column][\/et_pb_row][\/et_pb_section][et_pb_section fb_built=\u00bb1&#8243; fullwidth=\u00bbon\u00bb _builder_version=\u00bb4.16&#8243; _module_preset=\u00bbdefault\u00bb global_colors_info=\u00bb{}\u00bb][et_pb_fullwidth_image src=\u00bbhttps:\/\/www.samnaz.org\/wp-content\/uploads\/2021\/01\/dotted-grid-black.png\u00bb title_text=\u00bbdotted-grid-black\u00bb _builder_version=\u00bb4.16&#8243; _module_preset=\u00bbdefault\u00bb transform_translate=\u00bb0px|4px\u00bb global_colors_info=\u00bb{}\u00bb][\/et_pb_fullwidth_image][\/et_pb_section][et_pb_section fb_built=\u00bb1&#8243; _builder_version=\u00bb4.16&#8243; _module_preset=\u00bbdefault\u00bb background_enable_image=\u00bboff\u00bb background_position=\u00bbtop_center\u00bb custom_margin=\u00bb21px|||||\u00bb custom_padding=\u00bb55px|||||\u00bb global_colors_info=\u00bb{}\u00bb][et_pb_row _builder_version=\u00bb4.16&#8243; _module_preset=\u00bbdefault\u00bb global_colors_info=\u00bb{}\u00bb][et_pb_column type=\u00bb4_4&#8243; _builder_version=\u00bb4.16&#8243; _module_preset=\u00bbdefault\u00bb global_colors_info=\u00bb{}\u00bb][et_pb_text _builder_version=\u00bb4.16&#8243; _module_preset=\u00bbdefault\u00bb text_font_size=\u00bb18px\u00bb text_line_height=\u00bb1.4em\u00bb global_colors_info=\u00bb{}\u00bb]<\/p>\n<p>Cumprir a Grande Comiss\u00e3o entre crian\u00e7as, jovens e adultos, a fim de prepar\u00e1-los para uma vida de santidade crist\u00e3.<\/p>\n<p>[\/et_pb_text][\/et_pb_column][\/et_pb_row][et_pb_row _builder_version=\u00bb4.16&#8243; _module_preset=\u00bbdefault\u00bb custom_padding=\u00bb2px|||||\u00bb global_colors_info=\u00bb{}\u00bb][et_pb_column type=\u00bb4_4&#8243; _builder_version=\u00bb4.16&#8243; _module_preset=\u00bbdefault\u00bb global_colors_info=\u00bb{}\u00bb][et_pb_text _builder_version=\u00bb4.23.1&#8243; _module_preset=\u00bbdefault\u00bb text_font_size=\u00bb18px\u00bb text_line_height=\u00bb1.4em\u00bb global_colors_info=\u00bb{}\u00bb]<\/p>\n<h2 style=\"text-align: justify;\"><strong>Discipulado Nazareno Internacional (DNI)<\/strong> .<\/h2>\n<p style=\"text-align: justify;\">En la Regi\u00f3n de Am\u00e9rica del Sur es un minist\u00e9rio de la Iglesia del Nazareno compuesta de muchos minist\u00e9rios dirigidos a personsa de diferentes edades<\/p>\n<p style=\"text-align: justify;\">Como igreja do Senhor, atrav\u00e9s da Grande Comiss\u00e3o, entendemos que devemos ir a TODOS, torn\u00e1-los DISC\u00cdPULOS, ensin\u00e1-los TUDO da Palavra de Deus, e confiar que Deus estar\u00e1 conosco SEMPRE.<\/p>\n<p style=\"text-align: justify;\">Seis prop\u00f3sitos importantes emergem desta miss\u00e3o:<\/p>\n<p>[\/et_pb_text][et_pb_blurb use_icon=\u00bbon\u00bb font_icon=\u00bb&#xe052;||divi||400&#8243; icon_color=\u00bb#0C71C3&#8243; icon_placement=\u00bbleft\u00bb image_icon_width=\u00bb30px\u00bb content_max_width=\u00bb100%\u00bb _builder_version=\u00bb4.16&#8243; _module_preset=\u00bbdefault\u00bb header_text_color=\u00bb#000000&#8243; body_font_size=\u00bb18px\u00bb icon_font_size=\u00bb30px\u00bb global_colors_info=\u00bb{}\u00bb]<\/p>\n<p>1.Localizar e ganhar para Cristo, o maior n\u00famero de pessoas que n\u00e3o frequentam a igreja.<\/p>\n<p>[\/et_pb_blurb][et_pb_blurb use_icon=\u00bbon\u00bb font_icon=\u00bb&#xe052;||divi||400&#8243; icon_color=\u00bb#0C71C3&#8243; icon_placement=\u00bbleft\u00bb image_icon_width=\u00bb30px\u00bb content_max_width=\u00bb100%\u00bb _builder_version=\u00bb4.16&#8243; _module_preset=\u00bbdefault\u00bb header_text_color=\u00bb#000000&#8243; body_font_size=\u00bb18px\u00bb icon_font_size=\u00bb30px\u00bb global_colors_info=\u00bb{}\u00bb]<\/p>\n<p>2.Garantir que novas pessoas sejam integradas \u00e0 comunh\u00e3o da igreja.<\/p>\n<p>[\/et_pb_blurb][et_pb_blurb use_icon=\u00bbon\u00bb font_icon=\u00bb&#xe052;||divi||400&#8243; icon_color=\u00bb#0C71C3&#8243; icon_placement=\u00bbleft\u00bb image_icon_width=\u00bb30px\u00bb content_max_width=\u00bb100%\u00bb _builder_version=\u00bb4.16&#8243; _module_preset=\u00bbdefault\u00bb header_text_color=\u00bb#000000&#8243; body_font_size=\u00bb18px\u00bb icon_font_size=\u00bb30px\u00bb global_colors_info=\u00bb{}\u00bb]<\/p>\n<p>3.Ensinar a Palavra de Deus efetivamente, para levar as pessoas \u00e0 salva\u00e7\u00e3o e \u00e0 experi\u00eancia da Inteira Santifica\u00e7\u00e3o.<\/p>\n<p>[\/et_pb_blurb][et_pb_blurb use_icon=\u00bbon\u00bb font_icon=\u00bb&#xe052;||divi||400&#8243; icon_color=\u00bb#0C71C3&#8243; icon_placement=\u00bbleft\u00bb image_icon_width=\u00bb30px\u00bb content_max_width=\u00bb100%\u00bb _builder_version=\u00bb4.16&#8243; _module_preset=\u00bbdefault\u00bb header_text_color=\u00bb#000000&#8243; body_font_size=\u00bb18px\u00bb icon_font_size=\u00bb30px\u00bb global_colors_info=\u00bb{}\u00bb]<\/p>\n<p>4.Motivar e equipar os crentes a participar em um minist\u00e9rio de discipulado.<\/p>\n<p>[\/et_pb_blurb][et_pb_blurb use_icon=\u00bbon\u00bb font_icon=\u00bb&#xe052;||divi||400&#8243; icon_color=\u00bb#0C71C3&#8243; icon_placement=\u00bbleft\u00bb image_icon_width=\u00bb30px\u00bb content_max_width=\u00bb100%\u00bb _builder_version=\u00bb4.16&#8243; _module_preset=\u00bbdefault\u00bb header_text_color=\u00bb#000000&#8243; body_font_size=\u00bb18px\u00bb icon_font_size=\u00bb30px\u00bb global_colors_info=\u00bb{}\u00bb]<\/p>\n<p>5.Ensinar as doutrinas da f\u00e9 crist\u00e3 reveladas na B\u00edblia e interpretadas nos Artigos de F\u00e9 da Igreja do Nazareno.<\/p>\n<p>[\/et_pb_blurb][et_pb_blurb use_icon=\u00bbon\u00bb font_icon=\u00bb&#xe052;||divi||400&#8243; icon_color=\u00bb#0C71C3&#8243; icon_placement=\u00bbleft\u00bb image_icon_width=\u00bb30px\u00bb content_max_width=\u00bb100%\u00bb _builder_version=\u00bb4.16&#8243; _module_preset=\u00bbdefault\u00bb header_text_color=\u00bb#000000&#8243; body_font_size=\u00bb18px\u00bb icon_font_size=\u00bb30px\u00bb global_colors_info=\u00bb{}\u00bb]<\/p>\n<p>6.Preparar os crentes para se tornarem membros da Igreja do Nazareno.<\/p>\n<p>[\/et_pb_blurb][\/et_pb_column][\/et_pb_row][et_pb_row _builder_version=\u00bb4.16&#8243; _module_preset=\u00bbdefault\u00bb global_colors_info=\u00bb{}\u00bb][et_pb_column type=\u00bb4_4&#8243; _builder_version=\u00bb4.16&#8243; _module_preset=\u00bbdefault\u00bb global_colors_info=\u00bb{}\u00bb][et_pb_text _builder_version=\u00bb4.16&#8243; _module_preset=\u00bbdefault\u00bb text_font_size=\u00bb18px\u00bb text_line_height=\u00bb1.4em\u00bb global_colors_info=\u00bb{}\u00bb]<\/p>\n<p style=\"text-align: justify;\"><span>Discipulado Nazareno Internacional (DNI) na Regi\u00e3o Am\u00e9rica do Sul \u00e9 um minist\u00e9rio da Igreja do Nazareno composto de muitos minist\u00e9rios dirigidos a pessoas de diferentes idades.<\/span><\/p>\n<p>[\/et_pb_text][et_pb_testimonial author=\u00bb1 Corintios 15:58&#8243; quote_icon_color=\u00bb#0C71C3&#8243; quote_icon_background_color=\u00bb#FFFFFF\u00bb _builder_version=\u00bb4.16&#8243; _module_preset=\u00bbdefault\u00bb body_text_color=\u00bb#FFFFFF\u00bb body_font_size=\u00bb18px\u00bb author_text_align=\u00bbcenter\u00bb use_background_color_gradient=\u00bbon\u00bb background_color_gradient_stops=\u00bbrgba(43,135,218,0.61) 0%|rgba(41,196,169,0.6) 100%\u00bb background_color_gradient_start=\u00bbrgba(43,135,218,0.61)\u00bb background_color_gradient_end=\u00bbrgba(41,196,169,0.6)\u00bb global_colors_info=\u00bb{}\u00bb]<\/p>\n<p style=\"text-align: center;\"><span>Portanto, meus amados irm\u00e3os, sede firmes e constantes, sempre abundantes na obra do Senhor, sabendo que o vosso trabalho n\u00e3o \u00e9 v\u00e3o no Senhor.<\/span><\/p>\n<p>[\/et_pb_testimonial][\/et_pb_column][\/et_pb_row][et_pb_row column_structure=\u00bb1_2,1_2&#8243; _builder_version=\u00bb4.16&#8243; _module_preset=\u00bbdefault\u00bb global_colors_info=\u00bb{}\u00bb][et_pb_column type=\u00bb1_2&#8243; _builder_version=\u00bb4.16&#8243; _module_preset=\u00bbdefault\u00bb global_colors_info=\u00bb{}\u00bb][et_pb_text _builder_version=\u00bb4.16&#8243; _module_preset=\u00bbdefault\u00bb text_font_size=\u00bb18px\u00bb text_line_height=\u00bb1.4em\u00bb global_colors_info=\u00bb{}\u00bb]<\/p>\n<p style=\"text-align: justify;\">\u00c9 nosso desejo trabalharmos juntos neste minist\u00e9rio valioso e queremos ser capazes de servi-lo de diferentes maneiras, fornecendo recursos, treinamento e estando a seu servi\u00e7o para tudo que a igreja precisa nesta \u00e1rea.<\/p>\n<p>[\/et_pb_text][\/et_pb_column][et_pb_column type=\u00bb1_2&#8243; _builder_version=\u00bb4.16&#8243; _module_preset=\u00bbdefault\u00bb global_colors_info=\u00bb{}\u00bb][et_pb_text _builder_version=\u00bb4.16&#8243; _module_preset=\u00bbdefault\u00bb text_font_size=\u00bb18px\u00bb text_line_height=\u00bb1.4em\u00bb global_colors_info=\u00bb{}\u00bb]<\/p>\n<p style=\"text-align: justify;\">\u00c9 um desafio o que podemos fazer pelo Senhor por meio dos diferentes minist\u00e9rios do MEDDI e como podemos ajudar as pessoas a crescer nas diferentes \u00e1reas de suas vidas. Para isso voc\u00ea pode consultar o link do minist\u00e9rio em que est\u00e1 servindo e utilizar os recursos que temos \u00e0 sua disposi\u00e7\u00e3o.<\/p>\n<p>[\/et_pb_text][\/et_pb_column][\/et_pb_row][\/et_pb_section][et_pb_section fb_built=\u00bb1&#8243; fullwidth=\u00bbon\u00bb _builder_version=\u00bb4.16&#8243; _module_preset=\u00bbdefault\u00bb locked=\u00bboff\u00bb global_colors_info=\u00bb{}\u00bb][et_pb_fullwidth_image src=\u00bbhttps:\/\/www.samnaz.org\/wp-content\/uploads\/2021\/01\/layout-bottom-border-scaled.jpg\u00bb title_text=\u00bblayout-bottom-border\u00bb _builder_version=\u00bb4.16&#8243; _module_preset=\u00bbdefault\u00bb global_colors_info=\u00bb{}\u00bb][\/et_pb_fullwidth_image][\/et_pb_section][et_pb_section fb_built=\u00bb1&#8243; module_id=\u00bbequipo\u00bb _builder_version=\u00bb4.16&#8243; _module_preset=\u00bbdefault\u00bb background_enable_color=\u00bboff\u00bb background_image=\u00bbhttps:\/\/www.samnaz.org\/wp-content\/uploads\/2021\/01\/dotted-gray-background2-scaled.jpg\u00bb custom_padding=\u00bb4px|||||\u00bb top_divider_color=\u00bb#FFFFFF\u00bb top_divider_repeat=\u00bb0x\u00bb top_divider_flip=\u00bbvertical\u00bb locked=\u00bboff\u00bb global_colors_info=\u00bb{}\u00bb][et_pb_row _builder_version=\u00bb4.16&#8243; _module_preset=\u00bbdefault\u00bb global_colors_info=\u00bb{}\u00bb][et_pb_column type=\u00bb4_4&#8243; _builder_version=\u00bb4.16&#8243; _module_preset=\u00bbdefault\u00bb global_colors_info=\u00bb{}\u00bb][et_pb_text _builder_version=\u00bb4.16&#8243; _module_preset=\u00bbdefault\u00bb text_font=\u00bb|||on|||||\u00bb text_text_color=\u00bb#FFFFFF\u00bb text_font_size=\u00bb34px\u00bb text_line_height=\u00bb1.8em\u00bb text_orientation=\u00bbcenter\u00bb width=\u00bb49%\u00bb width_tablet=\u00bb100%\u00bb width_phone=\u00bb\u00bb width_last_edited=\u00bbon|desktop\u00bb text_font_size_tablet=\u00bb\u00bb text_font_size_phone=\u00bb23px\u00bb text_font_size_last_edited=\u00bbon|desktop\u00bb global_colors_info=\u00bb{}\u00bb]<span class=\"puntos\">EQUIPE ADMINISTRATIVA<\/span>[\/et_pb_text][\/et_pb_column][\/et_pb_row][et_pb_row column_structure=\u00bb1_4,1_4,1_4,1_4&#8243; _builder_version=\u00bb4.16&#8243; _module_preset=\u00bbdefault\u00bb global_colors_info=\u00bb{}\u00bb][et_pb_column type=\u00bb1_4&#8243; _builder_version=\u00bb4.16&#8243; _module_preset=\u00bbdefault\u00bb global_colors_info=\u00bb{}\u00bb][et_pb_blurb title=\u00bbElizabeth Soto Venegas\u00bb image=\u00bbhttps:\/\/www.samnaz.org\/wp-content\/uploads\/2022\/01\/Asesora-a-la-Ninez-2-a-11-anos-Elizabeth-Soto-Venegas.jpg\u00bb image_icon_width=\u00bb60%\u00bb _builder_version=\u00bb4.16&#8243; _module_preset=\u00bbdefault\u00bb header_font=\u00bb||||||||\u00bb header_text_align=\u00bbcenter\u00bb header_text_color=\u00bb#FFFFFF\u00bb header_font_size=\u00bb22px\u00bb body_text_align=\u00bbcenter\u00bb body_text_color=\u00bb#00bbff\u00bb body_font_size=\u00bb18px\u00bb child_filter_brightness=\u00bb99%\u00bb animation=\u00bboff\u00bb header_text_shadow_style=\u00bbpreset1&#8243; body_text_shadow_style=\u00bbpreset1&#8243; border_radii_image=\u00bbon|100%|100%|100%|100%\u00bb box_shadow_style_image=\u00bbpreset1&#8243; image_max_width=\u00bb60%\u00bb global_colors_info=\u00bb{}\u00bb]<\/p>\n<p class=\"translation-block\">Asesora a la Ni\u00f1ez<br> (2 a 11 Anos)<\/p>\n<p>[\/et_pb_blurb][\/et_pb_column][et_pb_column type=\u00bb1_4&#8243; _builder_version=\u00bb4.16&#8243; _module_preset=\u00bbdefault\u00bb global_colors_info=\u00bb{}\u00bb][et_pb_blurb title=\u00bbLeda De Gouveia\u00bb image=\u00bbhttps:\/\/www.samnaz.org\/wp-content\/uploads\/2023\/03\/leda-2.jpg\u00bb image_icon_width=\u00bb60%\u00bb _builder_version=\u00bb4.20.2&#8243; _module_preset=\u00bbdefault\u00bb header_font=\u00bb||||||||\u00bb header_text_align=\u00bbcenter\u00bb header_text_color=\u00bb#FFFFFF\u00bb header_font_size=\u00bb22px\u00bb body_text_align=\u00bbcenter\u00bb body_text_color=\u00bb#00bbff\u00bb body_font_size=\u00bb18px\u00bb child_filter_brightness=\u00bb99%\u00bb animation=\u00bboff\u00bb header_text_shadow_style=\u00bbpreset1&#8243; body_text_shadow_style=\u00bbpreset1&#8243; border_radii_image=\u00bbon|100%|100%|100%|100%\u00bb box_shadow_style_image=\u00bbpreset1&#8243; image_max_width=\u00bb60%\u00bb global_colors_info=\u00bb{}\u00bb]<\/p>\n<p>Asesora de Adolescentes (12 a 16 A\u00f1os)<\/p>\n<p>[\/et_pb_blurb][\/et_pb_column][et_pb_column type=\u00bb1_4&#8243; _builder_version=\u00bb4.16&#8243; _module_preset=\u00bbdefault\u00bb global_colors_info=\u00bb{}\u00bb][et_pb_blurb title=\u00bbAni Barbieri\u00bb image=\u00bbhttps:\/\/www.samnaz.org\/wp-content\/uploads\/2022\/01\/ARGENTINA-ANI-BARBIERI.jpg\u00bb image_icon_width=\u00bb60%\u00bb _builder_version=\u00bb4.16&#8243; _module_preset=\u00bbdefault\u00bb header_font=\u00bb||||||||\u00bb header_text_align=\u00bbcenter\u00bb header_text_color=\u00bb#FFFFFF\u00bb header_font_size=\u00bb22px\u00bb body_text_align=\u00bbcenter\u00bb body_text_color=\u00bb#00bbff\u00bb body_font_size=\u00bb18px\u00bb child_filter_brightness=\u00bb99%\u00bb animation=\u00bboff\u00bb header_text_shadow_style=\u00bbpreset1&#8243; body_text_shadow_style=\u00bbpreset1&#8243; border_radii_image=\u00bbon|100%|100%|100%|100%\u00bb box_shadow_style_image=\u00bbpreset1&#8243; image_max_width=\u00bb60%\u00bb global_colors_info=\u00bb{}\u00bb]<\/p>\n<p>Asesora de J\u00f3venes<br \/> (17 a 24+ Solteros)<\/p>\n<p>[\/et_pb_blurb][\/et_pb_column][et_pb_column type=\u00bb1_4&#8243; _builder_version=\u00bb4.16&#8243; _module_preset=\u00bbdefault\u00bb global_colors_info=\u00bb{}\u00bb][et_pb_blurb title=\u00bbYanitze Guti\u00e9rrez\u00bb image=\u00bbhttps:\/\/www.samnaz.org\/wp-content\/uploads\/2022\/01\/COLOMBIA-YANITZE-GONZALEZ.jpg\u00bb image_icon_width=\u00bb60%\u00bb _builder_version=\u00bb4.16&#8243; _module_preset=\u00bbdefault\u00bb header_font=\u00bb||||||||\u00bb header_text_align=\u00bbcenter\u00bb header_text_color=\u00bb#FFFFFF\u00bb header_font_size=\u00bb22px\u00bb body_text_align=\u00bbcenter\u00bb body_text_color=\u00bb#00bbff\u00bb body_font_size=\u00bb18px\u00bb child_filter_brightness=\u00bb99%\u00bb animation=\u00bboff\u00bb header_text_shadow_style=\u00bbpreset1&#8243; body_text_shadow_style=\u00bbpreset1&#8243; border_radii_image=\u00bbon|100%|100%|100%|100%\u00bb box_shadow_style_image=\u00bbpreset1&#8243; image_max_width=\u00bb60%\u00bb global_colors_info=\u00bb{}\u00bb]<\/p>\n<p>Asesora de Adultos<br \/> (24+ Casados en Adelante)<\/p>\n<p>[\/et_pb_blurb][\/et_pb_column][\/et_pb_row][et_pb_row _builder_version=\u00bb4.16&#8243; _module_preset=\u00bbdefault\u00bb custom_padding=\u00bb35px|||||\u00bb global_colors_info=\u00bb{}\u00bb][et_pb_column type=\u00bb4_4&#8243; _builder_version=\u00bb4.16&#8243; _module_preset=\u00bbdefault\u00bb global_colors_info=\u00bb{}\u00bb][et_pb_text _builder_version=\u00bb4.23.1&#8243; _module_preset=\u00bbdefault\u00bb header_2_text_align=\u00bbcenter\u00bb header_2_text_color=\u00bb#FFFFFF\u00bb header_2_font_size=\u00bb40px\u00bb width=\u00bb258px\u00bb width_tablet=\u00bb100%\u00bb width_phone=\u00bb\u00bb width_last_edited=\u00bbon|desktop\u00bb module_alignment=\u00bbcenter\u00bb global_colors_info=\u00bb{}\u00bb]<\/p>\n<h2 class=\"puntos\">EQUIPE<\/h2>\n<p>[\/et_pb_text][\/et_pb_column][\/et_pb_row][et_pb_row column_structure=\u00bb1_3,1_3,1_3&#8243; _builder_version=\u00bb4.16&#8243; _module_preset=\u00bbdefault\u00bb global_colors_info=\u00bb{}\u00bb][et_pb_column type=\u00bb1_3&#8243; _builder_version=\u00bb4.16&#8243; _module_preset=\u00bbdefault\u00bb global_colors_info=\u00bb{}\u00bb][et_pb_blurb title=\u00bbAni Barbieri\u00bb image=\u00bbhttps:\/\/www.samnaz.org\/wp-content\/uploads\/2022\/01\/ARGENTINA-ANI-BARBIERI.jpg\u00bb image_icon_width=\u00bb60%\u00bb _builder_version=\u00bb4.16&#8243; _module_preset=\u00bbdefault\u00bb header_font=\u00bb||||||||\u00bb header_text_align=\u00bbcenter\u00bb header_text_color=\u00bb#FFFFFF\u00bb header_font_size=\u00bb22px\u00bb body_text_align=\u00bbcenter\u00bb body_text_color=\u00bb#00bbff\u00bb body_font_size=\u00bb18px\u00bb child_filter_brightness=\u00bb99%\u00bb animation=\u00bboff\u00bb header_text_shadow_style=\u00bbpreset1&#8243; body_text_shadow_style=\u00bbpreset1&#8243; border_radii_image=\u00bbon|100%|100%|100%|100%\u00bb box_shadow_style_image=\u00bbpreset1&#8243; image_max_width=\u00bb60%\u00bb global_colors_info=\u00bb{}\u00bb]<\/p>\n<p><span>Argentina<\/span><\/p>\n<p>[\/et_pb_blurb][\/et_pb_column][et_pb_column type=\u00bb1_3&#8243; _builder_version=\u00bb4.16&#8243; _module_preset=\u00bbdefault\u00bb global_colors_info=\u00bb{}\u00bb][et_pb_blurb title=\u00bbJandira Scarcela\u00bb image=\u00bbhttps:\/\/www.samnaz.org\/wp-content\/uploads\/2022\/01\/BRASIL-JANDIRA-SCARCELA.jpg\u00bb image_icon_width=\u00bb60%\u00bb _builder_version=\u00bb4.16&#8243; _module_preset=\u00bbdefault\u00bb header_font=\u00bb||||||||\u00bb header_text_align=\u00bbcenter\u00bb header_text_color=\u00bb#FFFFFF\u00bb header_font_size=\u00bb22px\u00bb body_text_align=\u00bbcenter\u00bb body_text_color=\u00bb#00bbff\u00bb body_font_size=\u00bb18px\u00bb child_filter_brightness=\u00bb99%\u00bb animation=\u00bboff\u00bb header_text_shadow_style=\u00bbpreset1&#8243; body_text_shadow_style=\u00bbpreset1&#8243; border_radii_image=\u00bbon|100%|100%|100%|100%\u00bb box_shadow_style_image=\u00bbpreset1&#8243; image_max_width=\u00bb60%\u00bb global_colors_info=\u00bb{}\u00bb]<\/p>\n<p><span>Brasil<\/span><\/p>\n<p>[\/et_pb_blurb][\/et_pb_column][et_pb_column type=\u00bb1_3&#8243; _builder_version=\u00bb4.16&#8243; _module_preset=\u00bbdefault\u00bb global_colors_info=\u00bb{}\u00bb][et_pb_blurb title=\u00bbCarolina Ticona\u00bb image=\u00bbhttps:\/\/www.samnaz.org\/wp-content\/uploads\/2023\/02\/dni-bolivia.jpg\u00bb image_icon_width=\u00bb60%\u00bb _builder_version=\u00bb4.19.5&#8243; _module_preset=\u00bbdefault\u00bb header_font=\u00bb||||||||\u00bb header_text_align=\u00bbcenter\u00bb header_text_color=\u00bb#FFFFFF\u00bb header_font_size=\u00bb22px\u00bb body_text_align=\u00bbcenter\u00bb body_text_color=\u00bb#00bbff\u00bb body_font_size=\u00bb18px\u00bb child_filter_brightness=\u00bb99%\u00bb animation=\u00bboff\u00bb header_text_shadow_style=\u00bbpreset1&#8243; body_text_shadow_style=\u00bbpreset1&#8243; border_radii_image=\u00bbon|100%|100%|100%|100%\u00bb box_shadow_style_image=\u00bbpreset1&#8243; image_max_width=\u00bb60%\u00bb global_colors_info=\u00bb{}\u00bb]<\/p>\n<p><span>Bol\u00edvia<\/span><\/p>\n<p>[\/et_pb_blurb][\/et_pb_column][\/et_pb_row][et_pb_row column_structure=\u00bb1_3,1_3,1_3&#8243; _builder_version=\u00bb4.16&#8243; _module_preset=\u00bbdefault\u00bb global_colors_info=\u00bb{}\u00bb][et_pb_column type=\u00bb1_3&#8243; _builder_version=\u00bb4.16&#8243; _module_preset=\u00bbdefault\u00bb global_colors_info=\u00bb{}\u00bb][et_pb_blurb title=\u00bbFrancisca Albarrac\u00edn\u00bb image=\u00bbhttps:\/\/www.samnaz.org\/wp-content\/uploads\/2022\/01\/CHILE-FRANCISCA-ALBARRACIN.jpg\u00bb image_icon_width=\u00bb60%\u00bb _builder_version=\u00bb4.16&#8243; _module_preset=\u00bbdefault\u00bb header_font=\u00bb||||||||\u00bb header_text_align=\u00bbcenter\u00bb header_text_color=\u00bb#FFFFFF\u00bb header_font_size=\u00bb22px\u00bb body_text_align=\u00bbcenter\u00bb body_text_color=\u00bb#00bbff\u00bb body_font_size=\u00bb18px\u00bb child_filter_brightness=\u00bb99%\u00bb animation=\u00bboff\u00bb header_text_shadow_style=\u00bbpreset1&#8243; body_text_shadow_style=\u00bbpreset1&#8243; border_radii_image=\u00bbon|100%|100%|100%|100%\u00bb box_shadow_style_image=\u00bbpreset1&#8243; image_max_width=\u00bb60%\u00bb global_colors_info=\u00bb{}\u00bb]<\/p>\n<p><span>Chile<\/span><\/p>\n<p>[\/et_pb_blurb][\/et_pb_column][et_pb_column type=\u00bb1_3&#8243; _builder_version=\u00bb4.16&#8243; _module_preset=\u00bbdefault\u00bb global_colors_info=\u00bb{}\u00bb][et_pb_blurb title=\u00bbYanitze Guti\u00e9rrez\u00bb image=\u00bbhttps:\/\/www.samnaz.org\/wp-content\/uploads\/2022\/01\/COLOMBIA-YANITZE-GONZALEZ.jpg\u00bb image_icon_width=\u00bb60%\u00bb _builder_version=\u00bb4.16&#8243; _module_preset=\u00bbdefault\u00bb header_font=\u00bb||||||||\u00bb header_text_align=\u00bbcenter\u00bb header_text_color=\u00bb#FFFFFF\u00bb header_font_size=\u00bb22px\u00bb body_text_align=\u00bbcenter\u00bb body_text_color=\u00bb#00bbff\u00bb body_font_size=\u00bb18px\u00bb child_filter_brightness=\u00bb99%\u00bb animation=\u00bboff\u00bb header_text_shadow_style=\u00bbpreset1&#8243; body_text_shadow_style=\u00bbpreset1&#8243; border_radii_image=\u00bbon|100%|100%|100%|100%\u00bb box_shadow_style_image=\u00bbpreset1&#8243; image_max_width=\u00bb60%\u00bb global_colors_info=\u00bb{}\u00bb]<\/p>\n<p><span>Col\u00f4mbia<\/span><\/p>\n<p>[\/et_pb_blurb][\/et_pb_column][et_pb_column type=\u00bb1_3&#8243; _builder_version=\u00bb4.16&#8243; _module_preset=\u00bbdefault\u00bb global_colors_info=\u00bb{}\u00bb][et_pb_blurb title=\u00bbLuis Machuca\u00bb image=\u00bbhttps:\/\/www.samnaz.org\/wp-content\/uploads\/2022\/01\/ECUADOR-LUIS-MACHUCA.jpg\u00bb image_icon_width=\u00bb60%\u00bb _builder_version=\u00bb4.16&#8243; _module_preset=\u00bbdefault\u00bb header_font=\u00bb||||||||\u00bb header_text_align=\u00bbcenter\u00bb header_text_color=\u00bb#FFFFFF\u00bb header_font_size=\u00bb22px\u00bb body_text_align=\u00bbcenter\u00bb body_text_color=\u00bb#00bbff\u00bb body_font_size=\u00bb18px\u00bb child_filter_brightness=\u00bb99%\u00bb animation=\u00bboff\u00bb header_text_shadow_style=\u00bbpreset1&#8243; body_text_shadow_style=\u00bbpreset1&#8243; border_radii_image=\u00bbon|100%|100%|100%|100%\u00bb box_shadow_style_image=\u00bbpreset1&#8243; image_max_width=\u00bb60%\u00bb global_colors_info=\u00bb{}\u00bb]<\/p>\n<p><span>Equador<\/span><\/p>\n<p>[\/et_pb_blurb][\/et_pb_column][\/et_pb_row][et_pb_row column_structure=\u00bb1_3,1_3,1_3&#8243; _builder_version=\u00bb4.16&#8243; _module_preset=\u00bbdefault\u00bb global_colors_info=\u00bb{}\u00bb][et_pb_column type=\u00bb1_3&#8243; _builder_version=\u00bb4.16&#8243; _module_preset=\u00bbdefault\u00bb global_colors_info=\u00bb{}\u00bb][et_pb_blurb title=\u00bbHerman Alcantara\u00bb image=\u00bbhttps:\/\/www.samnaz.org\/wp-content\/uploads\/2022\/01\/PERU-HERMAN-ALCANTARA.jpg\u00bb image_icon_width=\u00bb60%\u00bb _builder_version=\u00bb4.16&#8243; _module_preset=\u00bbdefault\u00bb header_font=\u00bb||||||||\u00bb header_text_align=\u00bbcenter\u00bb header_text_color=\u00bb#FFFFFF\u00bb header_font_size=\u00bb22px\u00bb body_text_align=\u00bbcenter\u00bb body_text_color=\u00bb#00bbff\u00bb body_font_size=\u00bb18px\u00bb child_filter_brightness=\u00bb99%\u00bb animation=\u00bboff\u00bb header_text_shadow_style=\u00bbpreset1&#8243; body_text_shadow_style=\u00bbpreset1&#8243; border_radii_image=\u00bbon|100%|100%|100%|100%\u00bb box_shadow_style_image=\u00bbpreset1&#8243; image_max_width=\u00bb60%\u00bb global_colors_info=\u00bb{}\u00bb]<\/p>\n<p><span>Peru<\/span><\/p>\n<p>[\/et_pb_blurb][\/et_pb_column][et_pb_column type=\u00bb1_3&#8243; _builder_version=\u00bb4.16&#8243; _module_preset=\u00bbdefault\u00bb global_colors_info=\u00bb{}\u00bb][et_pb_blurb title=\u00bbViviana Tello\u00bb image=\u00bbhttps:\/\/www.samnaz.org\/wp-content\/uploads\/2022\/01\/Paraguay-Viviana-Tello.jpg\u00bb image_icon_width=\u00bb60%\u00bb _builder_version=\u00bb4.16&#8243; _module_preset=\u00bbdefault\u00bb header_font=\u00bb||||||||\u00bb header_text_align=\u00bbcenter\u00bb header_text_color=\u00bb#FFFFFF\u00bb header_font_size=\u00bb22px\u00bb body_text_align=\u00bbcenter\u00bb body_text_color=\u00bb#00bbff\u00bb body_font_size=\u00bb18px\u00bb child_filter_brightness=\u00bb99%\u00bb animation=\u00bboff\u00bb header_text_shadow_style=\u00bbpreset1&#8243; body_text_shadow_style=\u00bbpreset1&#8243; border_radii_image=\u00bbon|100%|100%|100%|100%\u00bb box_shadow_style_image=\u00bbpreset1&#8243; image_max_width=\u00bb60%\u00bb global_colors_info=\u00bb{}\u00bb]<\/p>\n<p>Paraguai\u00a0<\/p>\n<p>[\/et_pb_blurb][\/et_pb_column][et_pb_column type=\u00bb1_3&#8243; _builder_version=\u00bb4.16&#8243; _module_preset=\u00bbdefault\u00bb global_colors_info=\u00bb{}\u00bb][et_pb_blurb title=\u00bbLuciana Berois\u00bb image=\u00bbhttps:\/\/www.samnaz.org\/wp-content\/uploads\/2022\/01\/URUGUAY-LUCIANA-BEROIS.jpg\u00bb image_icon_width=\u00bb60%\u00bb _builder_version=\u00bb4.16&#8243; _module_preset=\u00bbdefault\u00bb header_font=\u00bb||||||||\u00bb header_text_align=\u00bbcenter\u00bb header_text_color=\u00bb#FFFFFF\u00bb header_font_size=\u00bb22px\u00bb body_text_align=\u00bbcenter\u00bb body_text_color=\u00bb#00bbff\u00bb body_font_size=\u00bb18px\u00bb child_filter_brightness=\u00bb99%\u00bb animation=\u00bboff\u00bb header_text_shadow_style=\u00bbpreset1&#8243; body_text_shadow_style=\u00bbpreset1&#8243; border_radii_image=\u00bbon|100%|100%|100%|100%\u00bb box_shadow_style_image=\u00bbpreset1&#8243; image_max_width=\u00bb60%\u00bb global_colors_info=\u00bb{}\u00bb]<\/p>\n<p><span>Uruguai<\/span><\/p>\n<p>[\/et_pb_blurb][\/et_pb_column][\/et_pb_row][et_pb_row column_structure=\u00bb1_3,1_3,1_3&#8243; _builder_version=\u00bb4.16&#8243; _module_preset=\u00bbdefault\u00bb global_colors_info=\u00bb{}\u00bb][et_pb_column type=\u00bb1_3&#8243; _builder_version=\u00bb4.16&#8243; _module_preset=\u00bbdefault\u00bb global_colors_info=\u00bb{}\u00bb][\/et_pb_column][et_pb_column type=\u00bb1_3&#8243; _builder_version=\u00bb4.16&#8243; _module_preset=\u00bbdefault\u00bb global_colors_info=\u00bb{}\u00bb][et_pb_blurb title=\u00bbLeda De Gouveia\u00bb image=\u00bbhttps:\/\/www.samnaz.org\/wp-content\/uploads\/2023\/03\/leda-2.jpg\u00bb image_icon_width=\u00bb60%\u00bb _builder_version=\u00bb4.20.2&#8243; _module_preset=\u00bbdefault\u00bb header_font=\u00bb||||||||\u00bb header_text_align=\u00bbcenter\u00bb header_text_color=\u00bb#FFFFFF\u00bb header_font_size=\u00bb22px\u00bb body_text_align=\u00bbcenter\u00bb body_text_color=\u00bb#00bbff\u00bb body_font_size=\u00bb18px\u00bb child_filter_brightness=\u00bb99%\u00bb animation=\u00bboff\u00bb header_text_shadow_style=\u00bbpreset1&#8243; body_text_shadow_style=\u00bbpreset1&#8243; border_radii_image=\u00bbon|100%|100%|100%|100%\u00bb box_shadow_style_image=\u00bbpreset1&#8243; image_max_width=\u00bb60%\u00bb global_colors_info=\u00bb{}\u00bb]<\/p>\n<p><span>Venezuela<\/span><\/p>\n<p>[\/et_pb_blurb][\/et_pb_column][et_pb_column type=\u00bb1_3&#8243; _builder_version=\u00bb4.16&#8243; _module_preset=\u00bbdefault\u00bb global_colors_info=\u00bb{}\u00bb][\/et_pb_column][\/et_pb_row][et_pb_row _builder_version=\u00bb4.16&#8243; _module_preset=\u00bbdefault\u00bb global_colors_info=\u00bb{}\u00bb][et_pb_column type=\u00bb4_4&#8243; _builder_version=\u00bb4.16&#8243; _module_preset=\u00bbdefault\u00bb global_colors_info=\u00bb{}\u00bb][et_pb_code _builder_version=\u00bb4.16&#8243; _module_preset=\u00bbdefault\u00bb global_colors_info=\u00bb{}\u00bb]<link rel=\"stylesheet\" href=\"https:\/\/cdnjs.cloudflare.com\/ajax\/libs\/font-awesome\/4.7.0\/css\/font-awesome.min.css\"><!-- [et_pb_line_break_holder] --><\/p>\n<style><!-- [et_pb_line_break_holder] -->  .navbarLand {<!-- [et_pb_line_break_holder] -->  overflow: hidden;<!-- [et_pb_line_break_holder] -->  background-color: #333; <!-- [et_pb_line_break_holder] -->  width: 100%;<!-- [et_pb_line_break_holder] -->}<!-- [et_pb_line_break_holder] --><!-- [et_pb_line_break_holder] -->.navbarLand a {<!-- [et_pb_line_break_holder] -->  float: left;<!-- [et_pb_line_break_holder] -->  display: block;<!-- [et_pb_line_break_holder] -->  color: #f2f2f2;<!-- [et_pb_line_break_holder] -->  text-align: center;<!-- [et_pb_line_break_holder] -->  padding: 14px 16px;<!-- [et_pb_line_break_holder] -->  text-decoration: none;<!-- [et_pb_line_break_holder] -->  font-size: 17px;<!-- [et_pb_line_break_holder] -->}<!-- [et_pb_line_break_holder] --><!-- [et_pb_line_break_holder] -->.navbarLand a:hover {<!-- [et_pb_line_break_holder] -->  background: #ddd;<!-- [et_pb_line_break_holder] -->  color: black;<!-- [et_pb_line_break_holder] -->}<!-- [et_pb_line_break_holder] --><!-- [et_pb_line_break_holder] -->.mainLand {<!-- [et_pb_line_break_holder] -->  padding: 16px;<!-- [et_pb_line_break_holder] -->  margin-top: 30px;<!-- [et_pb_line_break_holder] -->  height: 1500px; \/* Used in this example to enable scrolling *\/<!-- [et_pb_line_break_holder] -->}<!-- [et_pb_line_break_holder] -->  .movil{<!-- [et_pb_line_break_holder] -->      display:none<!-- [et_pb_line_break_holder] -->    }<!-- [et_pb_line_break_holder] -->    .nomovil{<!-- [et_pb_line_break_holder] -->     \tdisplay:block <!-- [et_pb_line_break_holder] -->    }<!-- [et_pb_line_break_holder] -->  @media screen and (max-width: 480px){<!-- [et_pb_line_break_holder] -->    .nomovil{<!-- [et_pb_line_break_holder] -->      display:none<!-- [et_pb_line_break_holder] -->    }<!-- [et_pb_line_break_holder] -->    .movil{<!-- [et_pb_line_break_holder] -->     \tdisplay:block <!-- [et_pb_line_break_holder] -->    }<!-- [et_pb_line_break_holder] -->    .navbarLand a { <!-- [et_pb_line_break_holder] -->  font-size: 20px;<!-- [et_pb_line_break_holder] -->}<!-- [et_pb_line_break_holder] -->  }<!-- [et_pb_line_break_holder] --><\/style>\n<p><!-- [et_pb_line_break_holder] -->[\/et_pb_code][\/et_pb_column][\/et_pb_row][\/et_pb_section]<\/p>\n<span class=\"et_bloom_bottom_trigger\"><\/span>","protected":false},"excerpt":{"rendered":"<p>Marcial Banda Coordinador RegionalCumplir la Gran Comisi\u00f3n entre los ni\u00f1os, j\u00f3venes y adultos a fin de prepararlos para una vida de santidad cristiana.Discipulado Nazareno Internacional (DNI) . En la Regi\u00f3n de Am\u00e9rica del Sur es un minist\u00e9rio de la Iglesia del Nazareno compuesta de muchos minist\u00e9rios dirigidos a personsa de diferentes edades Como iglesia del [&hellip;]<\/p>","protected":false},"author":2,"featured_media":38836,"parent":0,"menu_order":0,"comment_status":"closed","ping_status":"closed","template":"","meta":{"_et_pb_use_builder":"on","_et_pb_old_content":"","_et_gb_content_width":"","_monsterinsights_skip_tracking":false,"_monsterinsights_sitenote_active":false,"_monsterinsights_sitenote_note":"","_monsterinsights_sitenote_category":0,"_vp_format_video_url":"","_vp_image_focal_point":[],"footnotes":""},"class_list":["post-1682","page","type-page","status-publish","has-post-thumbnail","hentry"],"yoast_head":"<!-- This site is optimized with the Yoast SEO Premium plugin v23.6 (Yoast SEO v27.5) - https:\/\/yoast.com\/product\/yoast-seo-premium-wordpress\/ -->\n<title>Discipulado Nazareno Internacional (DNI) | Iglesia del Nazareno Am\u00e9rica del Sur America del Sur<\/title>\n<meta name=\"description\" content=\"Discipulado Cumplir la Gran Comisi\u00f3n entre los ni\u00f1os, j\u00f3venes y adultos a fin de prepararlos para una vida de santidad cristiana.\" \/>\n<meta name=\"robots\" content=\"index, follow, max-snippet:-1, max-image-preview:large, max-video-preview:-1\" \/>\n<link rel=\"canonical\" href=\"https:\/\/www.samnaz.org\/pt\/escuela-dominical-y-discipulado\/\" \/>\n<meta property=\"og:locale\" content=\"pt_BR\" \/>\n<meta property=\"og:type\" content=\"article\" \/>\n<meta property=\"og:title\" content=\"Discipulado Nazareno Internacional (DNI)\" \/>\n<meta property=\"og:description\" content=\"Discipulado Nazareno Internacional (DNI)\" \/>\n<meta property=\"og:url\" content=\"https:\/\/www.samnaz.org\/pt\/escuela-dominical-y-discipulado\/\" \/>\n<meta property=\"og:site_name\" content=\"Iglesia del Nazareno Am\u00e9rica del Sur\" \/>\n<meta property=\"article:publisher\" content=\"https:\/\/www.facebook.com\/NazarenoEsp\" \/>\n<meta property=\"article:modified_time\" content=\"2024-02-14T19:03:25+00:00\" \/>\n<meta property=\"og:image\" content=\"https:\/\/www.samnaz.org\/wp-content\/uploads\/2022\/03\/DNI.jpeg\" \/>\n\t<meta property=\"og:image:width\" content=\"1600\" \/>\n\t<meta property=\"og:image:height\" content=\"853\" \/>\n\t<meta property=\"og:image:type\" content=\"image\/jpeg\" \/>\n<meta name=\"twitter:card\" content=\"summary_large_image\" \/>\n<meta name=\"twitter:label1\" content=\"Est. tempo de leitura\" \/>\n\t<meta name=\"twitter:data1\" content=\"6 minutos\" \/>\n<script type=\"application\/ld+json\" class=\"yoast-schema-graph\">{\"@context\":\"https:\\\/\\\/schema.org\",\"@graph\":[{\"@type\":\"WebPage\",\"@id\":\"https:\\\/\\\/www.samnaz.org\\\/escuela-dominical-y-discipulado\\\/\",\"url\":\"https:\\\/\\\/www.samnaz.org\\\/escuela-dominical-y-discipulado\\\/\",\"name\":\"Discipulado Nazareno Internacional (DNI) | Iglesia del Nazareno Am\u00e9rica del Sur America del Sur\",\"isPartOf\":{\"@id\":\"https:\\\/\\\/www.samnaz.org\\\/#website\"},\"primaryImageOfPage\":{\"@id\":\"https:\\\/\\\/www.samnaz.org\\\/escuela-dominical-y-discipulado\\\/#primaryimage\"},\"image\":{\"@id\":\"https:\\\/\\\/www.samnaz.org\\\/escuela-dominical-y-discipulado\\\/#primaryimage\"},\"thumbnailUrl\":\"https:\\\/\\\/www.samnaz.org\\\/wp-content\\\/uploads\\\/2022\\\/03\\\/DNI.jpeg\",\"datePublished\":\"2021-04-19T18:43:57+00:00\",\"dateModified\":\"2024-02-14T19:03:25+00:00\",\"description\":\"Discipulado Cumplir la Gran Comisi\u00f3n entre los ni\u00f1os, j\u00f3venes y adultos a fin de prepararlos para una vida de santidad cristiana.\",\"inLanguage\":\"pt-BR\",\"potentialAction\":[{\"@type\":\"ReadAction\",\"target\":[\"https:\\\/\\\/www.samnaz.org\\\/escuela-dominical-y-discipulado\\\/\"]}]},{\"@type\":\"ImageObject\",\"inLanguage\":\"pt-BR\",\"@id\":\"https:\\\/\\\/www.samnaz.org\\\/escuela-dominical-y-discipulado\\\/#primaryimage\",\"url\":\"https:\\\/\\\/www.samnaz.org\\\/wp-content\\\/uploads\\\/2022\\\/03\\\/DNI.jpeg\",\"contentUrl\":\"https:\\\/\\\/www.samnaz.org\\\/wp-content\\\/uploads\\\/2022\\\/03\\\/DNI.jpeg\",\"width\":1600,\"height\":853,\"caption\":\"Discipulado Nazareno Internacional\"},{\"@type\":\"WebSite\",\"@id\":\"https:\\\/\\\/www.samnaz.org\\\/#website\",\"url\":\"https:\\\/\\\/www.samnaz.org\\\/\",\"name\":\"Haciendo Disc\u00edpulos Semejantes a Cristo en las naciones\",\"description\":\"Haciendo disc\u00edpulos semejantes a Cristo en las Naciones\",\"publisher\":{\"@id\":\"https:\\\/\\\/www.samnaz.org\\\/#organization\"},\"alternateName\":\"Viviendo la Gran Comisi\u00f3n\",\"potentialAction\":[{\"@type\":\"SearchAction\",\"target\":{\"@type\":\"EntryPoint\",\"urlTemplate\":\"https:\\\/\\\/www.samnaz.org\\\/?s={search_term_string}\"},\"query-input\":{\"@type\":\"PropertyValueSpecification\",\"valueRequired\":true,\"valueName\":\"search_term_string\"}}],\"inLanguage\":\"pt-BR\"},{\"@type\":\"Organization\",\"@id\":\"https:\\\/\\\/www.samnaz.org\\\/#organization\",\"name\":\"Iglesia del Nazareno Am\u00e9rica del Sur\",\"url\":\"https:\\\/\\\/www.samnaz.org\\\/\",\"logo\":{\"@type\":\"ImageObject\",\"inLanguage\":\"pt-BR\",\"@id\":\"https:\\\/\\\/www.samnaz.org\\\/#\\\/schema\\\/logo\\\/image\\\/\",\"url\":\"https:\\\/\\\/www.samnaz.org\\\/wp-content\\\/uploads\\\/2021\\\/04\\\/Logo-3-ESP.png\",\"contentUrl\":\"https:\\\/\\\/www.samnaz.org\\\/wp-content\\\/uploads\\\/2021\\\/04\\\/Logo-3-ESP.png\",\"width\":1041,\"height\":780,\"caption\":\"Iglesia del Nazareno Am\u00e9rica del Sur\"},\"image\":{\"@id\":\"https:\\\/\\\/www.samnaz.org\\\/#\\\/schema\\\/logo\\\/image\\\/\"},\"sameAs\":[\"https:\\\/\\\/www.facebook.com\\\/NazarenoEsp\",\"https:\\\/\\\/www.instagram.com\\\/nazarenoesp\\\/\"],\"publishingPrinciples\":\"https:\\\/\\\/www.samnaz.org\\\/\"}]}<\/script>\n<!-- \/ Yoast SEO Premium plugin. -->","yoast_head_json":{"title":"Discipulado Nazareno Internacional (DNI) | Iglesia del Nazareno Am\u00e9rica del Sur America del Sur","description":"Discipulado Cumplir la Gran Comisi\u00f3n entre los ni\u00f1os, j\u00f3venes y adultos a fin de prepararlos para una vida de santidad cristiana.","robots":{"index":"index","follow":"follow","max-snippet":"max-snippet:-1","max-image-preview":"max-image-preview:large","max-video-preview":"max-video-preview:-1"},"canonical":"https:\/\/www.samnaz.org\/pt\/escuela-dominical-y-discipulado\/","og_locale":"pt_BR","og_type":"article","og_title":"Discipulado Nazareno Internacional (DNI)","og_description":"Discipulado Nazareno Internacional (DNI)","og_url":"https:\/\/www.samnaz.org\/pt\/escuela-dominical-y-discipulado\/","og_site_name":"Iglesia del Nazareno Am\u00e9rica del Sur","article_publisher":"https:\/\/www.facebook.com\/NazarenoEsp","article_modified_time":"2024-02-14T19:03:25+00:00","og_image":[{"width":1600,"height":853,"url":"https:\/\/www.samnaz.org\/wp-content\/uploads\/2022\/03\/DNI.jpeg","type":"image\/jpeg"}],"twitter_card":"summary_large_image","twitter_misc":{"Est. tempo de leitura":"6 minutos"},"schema":{"@context":"https:\/\/schema.org","@graph":[{"@type":"WebPage","@id":"https:\/\/www.samnaz.org\/escuela-dominical-y-discipulado\/","url":"https:\/\/www.samnaz.org\/escuela-dominical-y-discipulado\/","name":"Discipulado Nazareno Internacional (DNI) | Iglesia del Nazareno Am\u00e9rica del Sur America del Sur","isPartOf":{"@id":"https:\/\/www.samnaz.org\/#website"},"primaryImageOfPage":{"@id":"https:\/\/www.samnaz.org\/escuela-dominical-y-discipulado\/#primaryimage"},"image":{"@id":"https:\/\/www.samnaz.org\/escuela-dominical-y-discipulado\/#primaryimage"},"thumbnailUrl":"https:\/\/www.samnaz.org\/wp-content\/uploads\/2022\/03\/DNI.jpeg","datePublished":"2021-04-19T18:43:57+00:00","dateModified":"2024-02-14T19:03:25+00:00","description":"Discipulado Cumplir la Gran Comisi\u00f3n entre los ni\u00f1os, j\u00f3venes y adultos a fin de prepararlos para una vida de santidad cristiana.","inLanguage":"pt-BR","potentialAction":[{"@type":"ReadAction","target":["https:\/\/www.samnaz.org\/escuela-dominical-y-discipulado\/"]}]},{"@type":"ImageObject","inLanguage":"pt-BR","@id":"https:\/\/www.samnaz.org\/escuela-dominical-y-discipulado\/#primaryimage","url":"https:\/\/www.samnaz.org\/wp-content\/uploads\/2022\/03\/DNI.jpeg","contentUrl":"https:\/\/www.samnaz.org\/wp-content\/uploads\/2022\/03\/DNI.jpeg","width":1600,"height":853,"caption":"Discipulado Nazareno Internacional"},{"@type":"WebSite","@id":"https:\/\/www.samnaz.org\/#website","url":"https:\/\/www.samnaz.org\/","name":"Haciendo Disc\u00edpulos Semejantes a Cristo en las naciones","description":"Haciendo disc\u00edpulos semejantes a Cristo en las Naciones","publisher":{"@id":"https:\/\/www.samnaz.org\/#organization"},"alternateName":"Viviendo la Gran Comisi\u00f3n","potentialAction":[{"@type":"SearchAction","target":{"@type":"EntryPoint","urlTemplate":"https:\/\/www.samnaz.org\/?s={search_term_string}"},"query-input":{"@type":"PropertyValueSpecification","valueRequired":true,"valueName":"search_term_string"}}],"inLanguage":"pt-BR"},{"@type":"Organization","@id":"https:\/\/www.samnaz.org\/#organization","name":"Iglesia del Nazareno Am\u00e9rica del Sur","url":"https:\/\/www.samnaz.org\/","logo":{"@type":"ImageObject","inLanguage":"pt-BR","@id":"https:\/\/www.samnaz.org\/#\/schema\/logo\/image\/","url":"https:\/\/www.samnaz.org\/wp-content\/uploads\/2021\/04\/Logo-3-ESP.png","contentUrl":"https:\/\/www.samnaz.org\/wp-content\/uploads\/2021\/04\/Logo-3-ESP.png","width":1041,"height":780,"caption":"Iglesia del Nazareno Am\u00e9rica del Sur"},"image":{"@id":"https:\/\/www.samnaz.org\/#\/schema\/logo\/image\/"},"sameAs":["https:\/\/www.facebook.com\/NazarenoEsp","https:\/\/www.instagram.com\/nazarenoesp\/"],"publishingPrinciples":"https:\/\/www.samnaz.org\/"}]}},"_links":{"self":[{"href":"https:\/\/www.samnaz.org\/pt\/wp-json\/wp\/v2\/pages\/1682","targetHints":{"allow":["GET"]}}],"collection":[{"href":"https:\/\/www.samnaz.org\/pt\/wp-json\/wp\/v2\/pages"}],"about":[{"href":"https:\/\/www.samnaz.org\/pt\/wp-json\/wp\/v2\/types\/page"}],"author":[{"embeddable":true,"href":"https:\/\/www.samnaz.org\/pt\/wp-json\/wp\/v2\/users\/2"}],"replies":[{"embeddable":true,"href":"https:\/\/www.samnaz.org\/pt\/wp-json\/wp\/v2\/comments?post=1682"}],"version-history":[{"count":38,"href":"https:\/\/www.samnaz.org\/pt\/wp-json\/wp\/v2\/pages\/1682\/revisions"}],"predecessor-version":[{"id":44875,"href":"https:\/\/www.samnaz.org\/pt\/wp-json\/wp\/v2\/pages\/1682\/revisions\/44875"}],"wp:featuredmedia":[{"embeddable":true,"href":"https:\/\/www.samnaz.org\/pt\/wp-json\/wp\/v2\/media\/38836"}],"wp:attachment":[{"href":"https:\/\/www.samnaz.org\/pt\/wp-json\/wp\/v2\/media?parent=1682"}],"curies":[{"name":"wp","href":"https:\/\/api.w.org\/{rel}","templated":true}]}}