{"id":1728,"date":"2021-04-19T17:39:52","date_gmt":"2021-04-19T20:39:52","guid":{"rendered":"https:\/\/www.samnaz.org\/?page_id=1728"},"modified":"2024-09-12T00:58:07","modified_gmt":"2024-09-12T03:58:07","slug":"literatura","status":"publish","type":"page","link":"https:\/\/www.samnaz.org\/pt\/literatura\/","title":{"rendered":"Literatura"},"content":{"rendered":"<p>[et_pb_section fb_built=\u00bb1&#8243; _builder_version=\u00bb4.25.1&#8243; _module_preset=\u00bbdefault\u00bb background_color_gradient_direction=\u00bb360deg\u00bb background_image=\u00bbhttps:\/\/www.samnaz.org\/wp-content\/uploads\/2024\/05\/banne-02.png\u00bb background_position=\u00bbtop_center\u00bb background_vertical_offset=\u00bb13%\u00bb z_index=\u00bb2&#8243; custom_padding=\u00bb||0px|||\u00bb background_last_edited=\u00bboff|desktop\u00bb global_colors_info=\u00bb{}\u00bb][et_pb_row _builder_version=\u00bb4.16&#8243; _module_preset=\u00bbdefault\u00bb global_colors_info=\u00bb{}\u00bb][et_pb_column type=\u00bb4_4&#8243; _builder_version=\u00bb4.16&#8243; _module_preset=\u00bbdefault\u00bb global_colors_info=\u00bb{}\u00bb][et_pb_text _builder_version=\u00bb4.16&#8243; _dynamic_attributes=\u00bbcontent\u00bb _module_preset=\u00bbdefault\u00bb text_font=\u00bb|700|||||||\u00bb text_text_color=\u00bb#FFFFFF\u00bb text_font_size=\u00bb30px\u00bb header_text_color=\u00bb#FFFFFF\u00bb header_font_size=\u00bb50px\u00bb background_color=\u00bb#000000&#8243; transform_scale_tablet=\u00bb\u00bb transform_scale_phone=\u00bb\u00bb transform_scale_last_edited=\u00bbon|phone\u00bb transform_translate=\u00bb0px|111px\u00bb transform_translate_tablet=\u00bb\u00bb transform_translate_phone=\u00bb8px|111px\u00bb transform_translate_last_edited=\u00bbon|phone\u00bb transform_translate_linked=\u00bboff\u00bb transform_rotate_tablet=\u00bb\u00bb transform_rotate_phone=\u00bb\u00bb transform_rotate_last_edited=\u00bbon|phone\u00bb transform_skew_tablet=\u00bb\u00bb transform_skew_phone=\u00bb\u00bb transform_skew_last_edited=\u00bbon|phone\u00bb transform_origin_tablet=\u00bb\u00bb transform_origin_phone=\u00bb\u00bb transform_origin_last_edited=\u00bbon|phone\u00bb transform_styles_last_edited=\u00bbon|phone\u00bb text_orientation=\u00bbcenter\u00bb width=\u00bb44%\u00bb width_tablet=\u00bb85%\u00bb width_phone=\u00bb100%\u00bb width_last_edited=\u00bbon|tablet\u00bb module_alignment=\u00bbcenter\u00bb custom_padding=\u00bb30px||30px||false|false\u00bb transform_styles_tablet=\u00bb\u00bb transform_styles_phone=\u00bb\u00bb global_colors_info=\u00bb{}\u00bb width__hover_enabled=\u00bbon|desktop\u00bb width__hover=\u00bb44%\u00bb]@ET-DC@eyJkeW5hbWljIjp0cnVlLCJjb250ZW50IjoicG9zdF90aXRsZSIsInNldHRpbmdzIjp7ImJlZm9yZSI6IiIsImFmdGVyIjoiIn19@[\/et_pb_text][\/et_pb_column][\/et_pb_row][et_pb_row column_structure=\u00bb2_3,1_3&#8243; _builder_version=\u00bb4.16&#8243; _module_preset=\u00bbdefault\u00bb use_background_color_gradient=\u00bbon\u00bb background_color_gradient_direction=\u00bb134deg\u00bb background_color_gradient_stops=\u00bbrgba(34,70,170,0.68) 0%|rgba(41,196,169,0.77) 100%\u00bb background_color_gradient_start=\u00bbrgba(34,70,170,0.68)\u00bb background_color_gradient_end=\u00bbrgba(41,196,169,0.77)\u00bb transform_translate=\u00bb0px|43px\u00bb transform_translate_linked=\u00bboff\u00bb custom_margin=\u00bb0px||0px||false|false\u00bb custom_padding=\u00bb73px|50px|50px|50px|false|false\u00bb border_width_all=\u00bb3px\u00bb border_color_all=\u00bb#FFFFFF\u00bb global_colors_info=\u00bb{}\u00bb][et_pb_column type=\u00bb2_3&#8243; _builder_version=\u00bb4.16&#8243; _module_preset=\u00bbdefault\u00bb global_colors_info=\u00bb{}\u00bb][et_pb_text _builder_version=\u00bb4.20.2&#8243; _module_preset=\u00bbdefault\u00bb text_text_color=\u00bb#FFFFFF\u00bb text_font_size=\u00bb18px\u00bb header_text_color=\u00bb#FFFFFF\u00bb header_3_text_color=\u00bb#FFFFFF\u00bb text_orientation=\u00bbcenter\u00bb custom_padding_tablet=\u00bb\u00bb custom_padding_phone=\u00bb||150px||false|false\u00bb custom_padding_last_edited=\u00bbon|phone\u00bb global_colors_info=\u00bb{}\u00bb]<\/p>\n<p><strong><\/strong><\/p>\n<h1 class=\"et_pb_module_header\"><strong>Leda De Romero<\/strong><\/h1>\n<h3 class=\"et_pb_member_position\"><strong>Coordenadora Regional<\/strong><\/h3>\n<p>[\/et_pb_text][\/et_pb_column][et_pb_column type=\u00bb1_3&#8243; _builder_version=\u00bb4.16&#8243; _module_preset=\u00bbdefault\u00bb global_colors_info=\u00bb{}\u00bb][et_pb_image src=\u00bbhttps:\/\/www.samnaz.org\/wp-content\/uploads\/2024\/05\/leda-per3-3.png\u00bb title_text=\u00bbleda per3&#8243; align=\u00bbcenter\u00bb _builder_version=\u00bb4.25.1&#8243; _module_preset=\u00bbdefault\u00bb transform_scale_tablet=\u00bb\u00bb transform_scale_phone=\u00bb\u00bb transform_scale_last_edited=\u00bbon|phone\u00bb transform_translate_tablet=\u00bb\u00bb transform_translate_phone=\u00bb-98px|-89px\u00bb transform_translate_last_edited=\u00bbon|tablet\u00bb transform_translate_linked_phone=\u00bboff\u00bb transform_rotate_tablet=\u00bb\u00bb transform_rotate_phone=\u00bb\u00bb transform_rotate_last_edited=\u00bbon|phone\u00bb transform_skew_tablet=\u00bb\u00bb transform_skew_phone=\u00bb\u00bb transform_skew_last_edited=\u00bbon|phone\u00bb transform_origin_tablet=\u00bb\u00bb transform_origin_phone=\u00bb\u00bb transform_origin_last_edited=\u00bbon|phone\u00bb transform_styles_last_edited=\u00bbon|tablet\u00bb positioning=\u00bbabsolute\u00bb position_origin_a=\u00bbtop_center\u00bb vertical_offset=\u00bb-26px\u00bb vertical_offset_tablet=\u00bb2px\u00bb vertical_offset_phone=\u00bb\u00bb vertical_offset_last_edited=\u00bbon|desktop\u00bb horizontal_offset_tablet=\u00bb181px\u00bb horizontal_offset_phone=\u00bb\u00bb horizontal_offset_last_edited=\u00bbon|tablet\u00bb position_origin_a_tablet=\u00bbtop_center\u00bb position_origin_a_phone=\u00bbcenter_center\u00bb position_origin_a_last_edited=\u00bbon|phone\u00bb position_origin_f_tablet=\u00bb\u00bb position_origin_f_phone=\u00bb\u00bb position_origin_f_last_edited=\u00bbon|tablet\u00bb position_origin_r_tablet=\u00bb\u00bb position_origin_r_phone=\u00bb\u00bb position_origin_r_last_edited=\u00bbon|tablet\u00bb width=\u00bb250px\u00bb width_tablet=\u00bb150px\u00bb width_phone=\u00bb200px\u00bb width_last_edited=\u00bbon|phone\u00bb transform_styles_tablet=\u00bb\u00bb transform_styles_phone=\u00bb\u00bb positioning_tablet=\u00bb\u00bb positioning_phone=\u00bb\u00bb positioning_last_edited=\u00bbon|tablet\u00bb border_radii=\u00bbon|100%|100%|100%|100%\u00bb border_width_all=\u00bb3px\u00bb border_color_all=\u00bb#000000&#8243; global_colors_info=\u00bb{}\u00bb][\/et_pb_image][\/et_pb_column][\/et_pb_row][\/et_pb_section][et_pb_section fb_built=\u00bb1&#8243; fullwidth=\u00bbon\u00bb _builder_version=\u00bb4.16&#8243; _module_preset=\u00bbdefault\u00bb global_colors_info=\u00bb{}\u00bb][et_pb_fullwidth_image src=\u00bbhttps:\/\/www.samnaz.org\/wp-content\/uploads\/2021\/01\/dotted-grid-black.png\u00bb title_text=\u00bbdotted-grid-black\u00bb _builder_version=\u00bb4.16&#8243; _module_preset=\u00bbdefault\u00bb transform_translate=\u00bb0px|4px\u00bb global_colors_info=\u00bb{}\u00bb][\/et_pb_fullwidth_image][\/et_pb_section][et_pb_section fb_built=\u00bb1&#8243; _builder_version=\u00bb4.27.0&#8243; _module_preset=\u00bbdefault\u00bb background_enable_image=\u00bboff\u00bb background_position=\u00bbtop_center\u00bb min_height=\u00bb870.8px\u00bb custom_margin=\u00bb21px||66px|||\u00bb custom_padding=\u00bb55px||85px|||\u00bb global_colors_info=\u00bb{}\u00bb][et_pb_row column_structure=\u00bb1_2,1_2&#8243; _builder_version=\u00bb4.16&#8243; _module_preset=\u00bbdefault\u00bb min_height=\u00bb377.7px\u00bb custom_margin=\u00bb|auto|-101px|auto||\u00bb custom_padding=\u00bb|6px|0px|||\u00bb global_colors_info=\u00bb{}\u00bb][et_pb_column type=\u00bb1_2&#8243; _builder_version=\u00bb4.16&#8243; _module_preset=\u00bbdefault\u00bb global_colors_info=\u00bb{}\u00bb][et_pb_image src=\u00bbhttps:\/\/www.samnaz.org\/wp-content\/uploads\/2024\/05\/lectura.png\u00bb title_text=\u00bblectura\u00bb _builder_version=\u00bb4.25.1&#8243; _module_preset=\u00bbdefault\u00bb custom_margin=\u00bb|146px||||\u00bb global_colors_info=\u00bb{}\u00bb][\/et_pb_image][\/et_pb_column][et_pb_column type=\u00bb1_2&#8243; _builder_version=\u00bb4.16&#8243; _module_preset=\u00bbdefault\u00bb global_colors_info=\u00bb{}\u00bb][et_pb_text _builder_version=\u00bb4.25.1&#8243; _module_preset=\u00bbdefault\u00bb text_font_size=\u00bb18px\u00bb text_line_height=\u00bb1.4em\u00bb header_2_font=\u00bb|800|||||||\u00bb text_orientation=\u00bbcenter\u00bb custom_margin=\u00bb||10px|||\u00bb global_colors_info=\u00bb{}\u00bb]<\/p>\n<h2 style=\"font-weight: 400;\">Ministerio de Literatura<\/h2>\n<p>[\/et_pb_text][et_pb_text _builder_version=\u00bb4.25.1&#8243; _module_preset=\u00bbdefault\u00bb text_font_size=\u00bb18px\u00bb text_line_height=\u00bb1.4em\u00bb min_height=\u00bb227.3px\u00bb custom_margin=\u00bb||0px|||\u00bb global_colors_info=\u00bb{}\u00bb]<\/p>\n<p style=\"text-align: left;\"><span style=\"font-size: 18px;\"><strong>La literatura cristiana<\/strong> <\/span><span style=\"font-size: 18px;\">desempe\u00f1a un papel fundamental en la vida de los creyentes al proporcionarles recursos para fortalecer su fe, crecimiento espiritual y comprensi\u00f3n de las ense\u00f1anzas b\u00edblicas. <\/span><span style=\"font-size: 18px;\">Adem\u00e1s, esta literatura puede brindar consuelo, inspiraci\u00f3n y orientaci\u00f3n moral para enfrentar los desaf\u00edos de la vida diaria. Tambi\u00e9n sirve como una herramienta para la evangelizaci\u00f3n y difusi\u00f3n de la fe cristiana,<\/span><span style=\"font-size: 18px;\">\u00a0nutre, gu\u00eda y fortalece a los seguidores de la fe, permiti\u00e9ndoles crecer en su relaci\u00f3n con Dios y vivir de acuerdo con los principios cristianos.<\/span><\/p>\n<p>[\/et_pb_text][\/et_pb_column][\/et_pb_row][et_pb_row column_structure=\u00bb1_2,1_2&#8243; _builder_version=\u00bb4.25.1&#8243; _module_preset=\u00bbdefault\u00bb height=\u00bb604px\u00bb max_height=\u00bb708px\u00bb global_colors_info=\u00bb{}\u00bb][et_pb_column type=\u00bb1_2&#8243; _builder_version=\u00bb4.25.1&#8243; _module_preset=\u00bbdefault\u00bb global_colors_info=\u00bb{}\u00bb][et_pb_slider use_bg_overlay=\u00bboff\u00bb use_text_overlay=\u00bboff\u00bb arrows_custom_color=\u00bb#d3d3d3&#8243; dot_nav_custom_color=\u00bb#008ed1&#8243; _builder_version=\u00bb4.27.0&#8243; _module_preset=\u00bbdefault\u00bb header_text_align=\u00bbcenter\u00bb header_text_color=\u00bb#515151&#8243; header_font_size=\u00bb23px\u00bb body_font=\u00bb||||||||\u00bb body_text_align=\u00bbjustify\u00bb body_text_color=\u00bb#494949&#8243; body_font_size=\u00bb18px\u00bb background_color=\u00bbRGBA(255,255,255,0)\u00bb custom_padding=\u00bb||0px|||\u00bb animation_style=\u00bbfold\u00bb auto=\u00bbon\u00bb hover_enabled=\u00bb0&#8243; border_color_all=\u00bbRGBA(255,255,255,0)\u00bb global_colors_info=\u00bb{}\u00bb sticky_enabled=\u00bb0&#8243;][et_pb_slide heading=\u00bbVisi\u00f3n\u00bb _builder_version=\u00bb4.27.0&#8243; _module_preset=\u00bbdefault\u00bb hover_enabled=\u00bb0&#8243; global_colors_info=\u00bb{}\u00bb sticky_transition=\u00bbon\u00bb button_text=\u00bbDescubre M\u00e1s\u00bb image=\u00bbhttps:\/\/du0s2z4onr5xx.cloudfront.net\/generations\/0-c940225c-f860-40ce-bc8f-0873b8c39b58.png\u00bb sticky_enabled=\u00bb0&#8243;]<\/p>\n<p>Nuestra misi\u00f3n es ser un recurso accesible y de apoyo, ofreciendo literatura que ayude a fortalecer la fe y fomente momentos de reflexi\u00f3n espiritual. Queremos nutrir a nuestra iglesia, no solo en conocimiento, sino tambi\u00e9n en el esp\u00edritu, a trav\u00e9s de publicaciones que iluminen el camino de la verdad b\u00edblica. Nuestro deseo es inspirar un discipulado profundo y significativo, donde cada lector pueda crecer y enriquecer su relaci\u00f3n con Cristo.<\/p>\n<p>[\/et_pb_slide][et_pb_slide heading=\u00bbMisi\u00f3n\u00bb _builder_version=\u00bb4.27.0&#8243; _module_preset=\u00bbdefault\u00bb hover_enabled=\u00bb0&#8243; global_colors_info=\u00bb{}\u00bb sticky_transition=\u00bbon\u00bb sticky_enabled=\u00bb0&#8243;]<\/p>\n<p style=\"text-align: left;\">Nuestra misi\u00f3n es distribuir literatura de alta calidad que promueva el entendimiento y la ense\u00f1anza de la Palabra de Dios. Queremos apoyar el desarrollo de l\u00edderes locales que capaciten a otros en la ense\u00f1anza b\u00edblica mediante recursos literarios. Al hacerlo, contribuimos al crecimiento y fortalecimiento de la fe cristiana en nuestra regi\u00f3n, creando una comunidad de creyentes m\u00e1s informados y comprometidos.<\/p>\n<p>[\/et_pb_slide][et_pb_slide heading=\u00bbValores\u00bb _builder_version=\u00bb4.27.0&#8243; _module_preset=\u00bbdefault\u00bb hover_enabled=\u00bb0&#8243; global_colors_info=\u00bb{}\u00bb sticky_transition=\u00bbon\u00bb sticky_enabled=\u00bb0&#8243;]<\/p>\n<ul>\n<li style=\"text-align: justify;\">Excelencia<\/li>\n<li style=\"text-align: justify;\">Colaboraci\u00f3n<\/li>\n<li style=\"text-align: justify;\">Innovaci\u00f3n<\/li>\n<li style=\"text-align: justify;\">Servicio<\/li>\n<li style=\"text-align: justify;\">Integridad<\/li>\n<\/ul>\n<p>[\/et_pb_slide][\/et_pb_slider][\/et_pb_column][et_pb_column type=\u00bb1_2&#8243; _builder_version=\u00bb4.25.1&#8243; _module_preset=\u00bbdefault\u00bb global_colors_info=\u00bb{}\u00bb][et_pb_image src=\u00bbhttps:\/\/www.samnaz.org\/wp-content\/uploads\/2024\/09\/2-534245ac-383a-42cd-98b0-b3ca913abf05-512&#215;512.jpg\u00bb title_text=\u00bbhombre-que-sienta-silla-que-sostiene-libro-mano-que-mira-lejos\u00bb _builder_version=\u00bb4.27.0&#8243; _module_preset=\u00bbdefault\u00bb custom_margin=\u00bb||-7px|||\u00bb hover_enabled=\u00bb0&#8243; global_colors_info=\u00bb{}\u00bb sticky_enabled=\u00bb0&#8243;][\/et_pb_image][\/et_pb_column][\/et_pb_row][et_pb_row _builder_version=\u00bb4.25.1&#8243; _module_preset=\u00bbdefault\u00bb global_colors_info=\u00bb{}\u00bb][et_pb_column type=\u00bb4_4&#8243; _builder_version=\u00bb4.25.1&#8243; _module_preset=\u00bbdefault\u00bb global_colors_info=\u00bb{}\u00bb][et_pb_text _builder_version=\u00bb4.25.1&#8243; _module_preset=\u00bbdefault\u00bb text_font_size=\u00bb18px\u00bb text_line_height=\u00bb1.4em\u00bb header_2_font=\u00bb|800|||||||\u00bb text_orientation=\u00bbcenter\u00bb custom_margin=\u00bb59px||-28px||false|false\u00bb global_colors_info=\u00bb{}\u00bb inline_fonts=\u00bbActor\u00bb]<\/p>\n<h1 style=\"font-weight: 400;\"><span style=\"font-family: inherit; font-weight: normal; font-size: xx-large;\"><strong>Equipo Editorial<\/strong><\/span><\/h1>\n<p>[\/et_pb_text][\/et_pb_column][\/et_pb_row][et_pb_row column_structure=\u00bb1_5,1_5,1_5,1_5,1_5&#8243; _builder_version=\u00bb4.25.1&#8243; _module_preset=\u00bbdefault\u00bb animation_style=\u00bbfade\u00bb global_colors_info=\u00bb{}\u00bb][et_pb_column type=\u00bb1_5&#8243; _builder_version=\u00bb4.25.1&#8243; _module_preset=\u00bbdefault\u00bb global_colors_info=\u00bb{}\u00bb][et_pb_blurb title=\u00bbCarolina Medina\u00bb image=\u00bbhttps:\/\/www.samnaz.org\/wp-content\/uploads\/2024\/05\/Carolina-Medina.jpg\u00bb _builder_version=\u00bb4.25.1&#8243; _module_preset=\u00bbdefault\u00bb text_orientation=\u00bbcenter\u00bb border_radii_image=\u00bbon|164px|164px|164px|164px\u00bb global_colors_info=\u00bb{}\u00bb][\/et_pb_blurb][\/et_pb_column][et_pb_column type=\u00bb1_5&#8243; _builder_version=\u00bb4.25.1&#8243; _module_preset=\u00bbdefault\u00bb global_colors_info=\u00bb{}\u00bb][et_pb_blurb title=\u00bbJoel Chavez\u00bb image=\u00bbhttps:\/\/www.samnaz.org\/wp-content\/uploads\/2024\/05\/Joel-Chavez.jpg\u00bb _builder_version=\u00bb4.25.1&#8243; _module_preset=\u00bbdefault\u00bb text_orientation=\u00bbcenter\u00bb border_radii_image=\u00bbon|164px|164px|164px|164px\u00bb global_colors_info=\u00bb{}\u00bb][\/et_pb_blurb][\/et_pb_column][et_pb_column type=\u00bb1_5&#8243; _builder_version=\u00bb4.25.1&#8243; _module_preset=\u00bbdefault\u00bb global_colors_info=\u00bb{}\u00bb][et_pb_blurb title=\u00bbMery Asenjo\u00bb image=\u00bbhttps:\/\/www.samnaz.org\/wp-content\/uploads\/2024\/05\/Mery-Asenjo.jpg\u00bb _builder_version=\u00bb4.25.1&#8243; _module_preset=\u00bbdefault\u00bb text_orientation=\u00bbcenter\u00bb border_radii_image=\u00bbon|164px|164px|164px|164px\u00bb global_colors_info=\u00bb{}\u00bb][\/et_pb_blurb][\/et_pb_column][et_pb_column type=\u00bb1_5&#8243; _builder_version=\u00bb4.25.1&#8243; _module_preset=\u00bbdefault\u00bb global_colors_info=\u00bb{}\u00bb][et_pb_blurb title=\u00bbJosue Villatoro\u00bb image=\u00bbhttps:\/\/www.samnaz.org\/wp-content\/uploads\/2024\/05\/Josue-Villatoro.jpg\u00bb _builder_version=\u00bb4.25.1&#8243; _module_preset=\u00bbdefault\u00bb text_orientation=\u00bbcenter\u00bb border_radii_image=\u00bbon|164px|164px|164px|164px\u00bb global_colors_info=\u00bb{}\u00bb][\/et_pb_blurb][\/et_pb_column][et_pb_column type=\u00bb1_5&#8243; _builder_version=\u00bb4.25.1&#8243; _module_preset=\u00bbdefault\u00bb global_colors_info=\u00bb{}\u00bb][et_pb_blurb title=\u00bbPaulo Neto\u00bb image=\u00bbhttps:\/\/www.samnaz.org\/wp-content\/uploads\/2024\/05\/WhatsApp-Image-2024-05-28-at-12.06.00-PM.jpeg\u00bb _builder_version=\u00bb4.25.1&#8243; _module_preset=\u00bbdefault\u00bb text_orientation=\u00bbcenter\u00bb border_radii_image=\u00bbon|164px|164px|164px|164px\u00bb global_colors_info=\u00bb{}\u00bb][\/et_pb_blurb][\/et_pb_column][\/et_pb_row][\/et_pb_section][et_pb_section fb_built=\u00bb1&#8243; _builder_version=\u00bb4.27.0&#8243; _module_preset=\u00bbdefault\u00bb background_enable_image=\u00bboff\u00bb background_position=\u00bbtop_center\u00bb min_height=\u00bb1866.3px\u00bb custom_margin=\u00bb-147px||||false|false\u00bb custom_padding=\u00bb0px||||false|false\u00bb top_divider_color=\u00bbRGBA(255,255,255,0)\u00bb top_divider_height=\u00bb37px\u00bb global_colors_info=\u00bb{}\u00bb][et_pb_row _builder_version=\u00bb4.25.1&#8243; _module_preset=\u00bbdefault\u00bb use_background_color_gradient=\u00bbon\u00bb background_color_gradient_stops=\u00bb#0a0201 0%|#145970 100%\u00bb background_enable_image=\u00bboff\u00bb background_position=\u00bbcenter_left\u00bb background_horizontal_offset=\u00bb0%\u00bb background_blend=\u00bboverlay\u00bb background_video_mp4=\u00bbhttps:\/\/www.samnaz.org\/wp-content\/uploads\/2024\/05\/0521-1-2.mp4&#8243; width=\u00bb100%\u00bb max_width=\u00bb1399px\u00bb min_height=\u00bb172px\u00bb custom_margin=\u00bb|auto||auto|false|false\u00bb custom_padding=\u00bb70px||61px||false|false\u00bb global_colors_info=\u00bb{}\u00bb][et_pb_column type=\u00bb4_4&#8243; _builder_version=\u00bb4.25.1&#8243; _module_preset=\u00bbdefault\u00bb global_colors_info=\u00bb{}\u00bb][et_pb_text _builder_version=\u00bb4.25.1&#8243; _module_preset=\u00bbdefault\u00bb text_font_size=\u00bb18px\u00bb text_line_height=\u00bb1.8em\u00bb custom_margin=\u00bb20px|60px|28px|60px|false|false\u00bb text_text_shadow_style=\u00bbpreset1&#8243; global_colors_info=\u00bb{}\u00bb]<\/p>\n<p style=\"text-align: center;\">\n<p style=\"text-align: center;\"><strong><span style=\"color: #ffffff;\">\u00a1Descubre nuestra colecci\u00f3n de libros inspiradores para enriquecer tu mente y tu esp\u00edritu! <\/span><\/strong><\/p>\n<p style=\"text-align: center;\"><span style=\"color: #ffffff;\">Desde bestsellers de autores reconocidos hasta obras cl\u00e1sicas de la literatura cristiana, nuestra editorial PRODUSAM se enorgullece en ofrecer una amplia gama de t\u00edtulos para todos los gustos y edades.<\/span><\/p>\n<p style=\"text-align: center;\"><strong><span style=\"color: #ffffff;\">\u00bfBuscas crecimiento espiritual, inspiraci\u00f3n o conocimiento b\u00edblico? <\/span><\/strong><\/p>\n<p style=\"text-align: center;\"><strong><span style=\"color: #ffffff;\">\u00a1No busques m\u00e1s! <\/span><\/strong><\/p>\n<p style=\"text-align: center;\"><strong><span style=\"color: #ffffff;\">\u00a1Cont\u00e1ctanos hoy!<\/span><\/strong><\/p>\n<p>[\/et_pb_text][\/et_pb_column][\/et_pb_row][et_pb_row column_structure=\u00bb1_2,1_2&#8243; _builder_version=\u00bb4.25.1&#8243; _module_preset=\u00bbdefault\u00bb custom_padding=\u00bb|0px||||\u00bb global_colors_info=\u00bb{}\u00bb][et_pb_column type=\u00bb1_2&#8243; _builder_version=\u00bb4.25.1&#8243; _module_preset=\u00bbdefault\u00bb global_colors_info=\u00bb{}\u00bb][et_pb_blurb _builder_version=\u00bb4.25.1&#8243; _module_preset=\u00bbdefault\u00bb body_font_size=\u00bb20px\u00bb global_colors_info=\u00bb{}\u00bb]<\/p>\n<p style=\"text-align: center;\"><strong>\u00a1Tenemos un coordinador en cada uno de los pa\u00edses de nuestra regi\u00f3n!<\/strong><\/p>\n<p style=\"text-align: center;\"><strong>\u00a1Para obtener m\u00e1s informaci\u00f3n sobre c\u00f3mo adquirir nuestra colecci\u00f3n de libros contacta al coordinador de tu pa\u00eds!<\/strong><\/p>\n<p>[\/et_pb_blurb][\/et_pb_column][et_pb_column type=\u00bb1_2&#8243; _builder_version=\u00bb4.25.1&#8243; _module_preset=\u00bbdefault\u00bb global_colors_info=\u00bb{}\u00bb][et_pb_image src=\u00bbhttps:\/\/www.samnaz.org\/wp-content\/uploads\/2024\/05\/Am-sur.png\u00bb title_text=\u00bbAm sur\u00bb _builder_version=\u00bb4.27.0&#8243; _module_preset=\u00bbdefault\u00bb custom_padding=\u00bb|220px||159px||\u00bb hover_enabled=\u00bb0&#8243; global_colors_info=\u00bb{}\u00bb sticky_enabled=\u00bb0&#8243;][\/et_pb_image][\/et_pb_column][\/et_pb_row][et_pb_row column_structure=\u00bb1_2,1_2&#8243; use_custom_gutter=\u00bbon\u00bb make_equal=\u00bbon\u00bb _builder_version=\u00bb4.25.1&#8243; _module_preset=\u00bbdefault\u00bb module_alignment=\u00bbcenter\u00bb global_colors_info=\u00bb{}\u00bb][et_pb_column type=\u00bb1_2&#8243; _builder_version=\u00bb4.25.1&#8243; _module_preset=\u00bbdefault\u00bb global_colors_info=\u00bb{}\u00bb][et_pb_blurb image=\u00bbhttps:\/\/www.samnaz.org\/wp-content\/uploads\/2024\/05\/argentina-literatura.jpg\u00bb image_icon_width=\u00bb26%\u00bb _builder_version=\u00bb4.25.1&#8243; _module_preset=\u00bbdefault\u00bb text_orientation=\u00bbcenter\u00bb border_radii_image=\u00bbon|100px|100px|100px|100px\u00bb box_shadow_style_image=\u00bbpreset3&#8243; global_colors_info=\u00bb{}\u00bb]<\/p>\n<p><strong><img loading=\"lazy\" decoding=\"async\" src=\"https:\/\/www.samnaz.org\/wp-content\/uploads\/2024\/05\/argentina-bandera.png\" width=\"44\" height=\"42\" alt=\"\" class=\"wp-image-46184 aligncenter size-full\" srcset=\"https:\/\/www.samnaz.org\/wp-content\/uploads\/2024\/05\/argentina-bandera.png 319w, https:\/\/www.samnaz.org\/wp-content\/uploads\/2024\/05\/argentina-bandera-300x290.png 300w, https:\/\/www.samnaz.org\/wp-content\/uploads\/2024\/05\/argentina-bandera-12x12.png 12w\" sizes=\"(max-width: 44px) 100vw, 44px\" \/> ARGENTINA<\/strong><\/p>\n<p><strong>Isabel Acevedo<\/strong><\/p>\n<p><strong>produsamargentina@gmail.com<\/strong><\/p>\n<p>[\/et_pb_blurb][\/et_pb_column][et_pb_column type=\u00bb1_2&#8243; _builder_version=\u00bb4.25.1&#8243; _module_preset=\u00bbdefault\u00bb global_colors_info=\u00bb{}\u00bb][et_pb_blurb image=\u00bbhttps:\/\/www.samnaz.org\/wp-content\/uploads\/2024\/05\/boli.jpg\u00bb image_icon_width=\u00bb26%\u00bb _builder_version=\u00bb4.25.1&#8243; _module_preset=\u00bbdefault\u00bb text_orientation=\u00bbcenter\u00bb border_radii_image=\u00bbon|100px|100px|100px|100px\u00bb box_shadow_style_image=\u00bbpreset3&#8243; global_colors_info=\u00bb{}\u00bb]<\/p>\n<p><strong><img loading=\"lazy\" decoding=\"async\" src=\"https:\/\/www.samnaz.org\/wp-content\/uploads\/2024\/05\/bolivia-bandera.png\" width=\"39\" height=\"38\" alt=\"\" class=\"wp-image-46178 aligncenter size-full\" srcset=\"https:\/\/www.samnaz.org\/wp-content\/uploads\/2024\/05\/bolivia-bandera.png 319w, https:\/\/www.samnaz.org\/wp-content\/uploads\/2024\/05\/bolivia-bandera-300x290.png 300w, https:\/\/www.samnaz.org\/wp-content\/uploads\/2024\/05\/bolivia-bandera-150x150.png 150w, https:\/\/www.samnaz.org\/wp-content\/uploads\/2024\/05\/bolivia-bandera-12x12.png 12w\" sizes=\"(max-width: 39px) 100vw, 39px\" \/> BOLIVIA<\/strong><\/p>\n<p><strong>Sergio Fern\u00e1ndez<\/strong><\/p>\n<p><strong>produsambolivia@gmail.com<\/strong><\/p>\n<p>[\/et_pb_blurb][\/et_pb_column][\/et_pb_row][et_pb_row column_structure=\u00bb1_2,1_2&#8243; _builder_version=\u00bb4.25.1&#8243; _module_preset=\u00bbdefault\u00bb global_colors_info=\u00bb{}\u00bb][et_pb_column type=\u00bb1_2&#8243; _builder_version=\u00bb4.25.1&#8243; _module_preset=\u00bbdefault\u00bb global_colors_info=\u00bb{}\u00bb][et_pb_blurb image=\u00bbhttps:\/\/www.samnaz.org\/wp-content\/uploads\/2024\/05\/brasil-literatura.jpg\u00bb image_icon_width=\u00bb26%\u00bb _builder_version=\u00bb4.25.1&#8243; _module_preset=\u00bbdefault\u00bb text_orientation=\u00bbcenter\u00bb border_radii_image=\u00bbon|100px|100px|100px|100px\u00bb box_shadow_style_image=\u00bbpreset3&#8243; global_colors_info=\u00bb{}\u00bb]<\/p>\n<p><strong><img loading=\"lazy\" decoding=\"async\" src=\"https:\/\/www.samnaz.org\/wp-content\/uploads\/2024\/05\/brasil-bandera.png\" width=\"41\" height=\"40\" alt=\"\" class=\"wp-image-46179 aligncenter size-full\" srcset=\"https:\/\/www.samnaz.org\/wp-content\/uploads\/2024\/05\/brasil-bandera.png 319w, https:\/\/www.samnaz.org\/wp-content\/uploads\/2024\/05\/brasil-bandera-300x290.png 300w, https:\/\/www.samnaz.org\/wp-content\/uploads\/2024\/05\/brasil-bandera-150x150.png 150w, https:\/\/www.samnaz.org\/wp-content\/uploads\/2024\/05\/brasil-bandera-12x12.png 12w\" sizes=\"(max-width: 41px) 100vw, 41px\" \/><\/strong><strong>BRASIL<\/strong><\/p>\n<p><strong>Rodolfo David<\/strong><\/p>\n<p><strong>produsambrasil@gmail.com<\/strong><\/p>\n<p>[\/et_pb_blurb][\/et_pb_column][et_pb_column type=\u00bb1_2&#8243; _builder_version=\u00bb4.25.1&#8243; _module_preset=\u00bbdefault\u00bb global_colors_info=\u00bb{}\u00bb][et_pb_blurb image=\u00bbhttps:\/\/www.samnaz.org\/wp-content\/uploads\/2024\/06\/COLOMBIA_literatura-copia.png\u00bb image_icon_width=\u00bb26%\u00bb _builder_version=\u00bb4.25.1&#8243; _module_preset=\u00bbdefault\u00bb text_orientation=\u00bbcenter\u00bb module_alignment=\u00bbcenter\u00bb border_radii_image=\u00bbon|100px|100px|100px|100px\u00bb box_shadow_style_image=\u00bbpreset3&#8243; global_colors_info=\u00bb{}\u00bb]<\/p>\n<p><strong><img loading=\"lazy\" decoding=\"async\" src=\"https:\/\/www.samnaz.org\/wp-content\/uploads\/2024\/05\/colombia_bandera-150x150.png\" width=\"34\" height=\"34\" alt=\"\" class=\"wp-image-46167 aligncenter size-thumbnail\" srcset=\"https:\/\/www.samnaz.org\/wp-content\/uploads\/2024\/05\/colombia_bandera-150x150.png 150w, https:\/\/www.samnaz.org\/wp-content\/uploads\/2024\/05\/colombia_bandera-300x290.png 300w, https:\/\/www.samnaz.org\/wp-content\/uploads\/2024\/05\/colombia_bandera-12x12.png 12w, https:\/\/www.samnaz.org\/wp-content\/uploads\/2024\/05\/colombia_bandera.png 319w\" sizes=\"(max-width: 34px) 100vw, 34px\" \/><\/strong><strong>COLOMBIA<\/strong><\/p>\n<p><strong>Alvys G\u00f3mez<\/strong><\/p>\n<p><strong>produsamcolombia@gmail.com<\/strong><\/p>\n<p>[\/et_pb_blurb][\/et_pb_column][\/et_pb_row][et_pb_row column_structure=\u00bb1_2,1_2&#8243; _builder_version=\u00bb4.25.1&#8243; _module_preset=\u00bbdefault\u00bb global_colors_info=\u00bb{}\u00bb][et_pb_column type=\u00bb1_2&#8243; _builder_version=\u00bb4.25.1&#8243; _module_preset=\u00bbdefault\u00bb global_colors_info=\u00bb{}\u00bb][et_pb_blurb image=\u00bbhttps:\/\/www.samnaz.org\/wp-content\/uploads\/2024\/06\/CHILE_LITERATURA.jpg\u00bb image_icon_width=\u00bb26%\u00bb _builder_version=\u00bb4.25.1&#8243; _module_preset=\u00bbdefault\u00bb text_orientation=\u00bbcenter\u00bb border_radii_image=\u00bbon|100px|100px|100px|100px\u00bb box_shadow_style_image=\u00bbpreset3&#8243; global_colors_info=\u00bb{}\u00bb]<\/p>\n<p><strong><img loading=\"lazy\" decoding=\"async\" src=\"https:\/\/www.samnaz.org\/wp-content\/uploads\/2024\/05\/CHILE-BANDERA.png\" width=\"42\" height=\"40\" alt=\"\" class=\"wp-image-46187 aligncenter size-full\" srcset=\"https:\/\/www.samnaz.org\/wp-content\/uploads\/2024\/05\/CHILE-BANDERA.png 319w, https:\/\/www.samnaz.org\/wp-content\/uploads\/2024\/05\/CHILE-BANDERA-300x290.png 300w, https:\/\/www.samnaz.org\/wp-content\/uploads\/2024\/05\/CHILE-BANDERA-12x12.png 12w\" sizes=\"(max-width: 42px) 100vw, 42px\" \/><\/strong><strong>CHILE<\/strong><\/p>\n<p><strong>Cesar P\u00e9rez\u00a0<\/strong><\/p>\n<p><strong>produsamchile@gmail.com<\/strong><\/p>\n<p>[\/et_pb_blurb][\/et_pb_column][et_pb_column type=\u00bb1_2&#8243; _builder_version=\u00bb4.25.1&#8243; _module_preset=\u00bbdefault\u00bb global_colors_info=\u00bb{}\u00bb][et_pb_blurb image=\u00bbhttps:\/\/www.samnaz.org\/wp-content\/uploads\/2024\/06\/Ecuador_literatura.jpg\u00bb image_icon_width=\u00bb26%\u00bb _builder_version=\u00bb4.25.1&#8243; _module_preset=\u00bbdefault\u00bb text_orientation=\u00bbcenter\u00bb border_radii_image=\u00bbon|100px|100px|100px|100px\u00bb box_shadow_style_image=\u00bbpreset3&#8243; global_colors_info=\u00bb{}\u00bb]<\/p>\n<p><strong><img loading=\"lazy\" decoding=\"async\" src=\"https:\/\/www.samnaz.org\/wp-content\/uploads\/2024\/05\/ecuador_bandera.png\" width=\"35\" height=\"34\" alt=\"\" class=\"wp-image-46161 aligncenter size-full\" srcset=\"https:\/\/www.samnaz.org\/wp-content\/uploads\/2024\/05\/ecuador_bandera.png 319w, https:\/\/www.samnaz.org\/wp-content\/uploads\/2024\/05\/ecuador_bandera-300x291.png 300w, https:\/\/www.samnaz.org\/wp-content\/uploads\/2024\/05\/ecuador_bandera-150x150.png 150w, https:\/\/www.samnaz.org\/wp-content\/uploads\/2024\/05\/ecuador_bandera-12x12.png 12w\" sizes=\"(max-width: 35px) 100vw, 35px\" \/> ECUADOR<\/strong><\/p>\n<p><strong>Amparo Alvarez<\/strong><\/p>\n<p><strong>produsamecuador@gmail.com<\/strong><\/p>\n<p>[\/et_pb_blurb][\/et_pb_column][\/et_pb_row][et_pb_row column_structure=\u00bb1_2,1_2&#8243; _builder_version=\u00bb4.25.1&#8243; _module_preset=\u00bbdefault\u00bb global_colors_info=\u00bb{}\u00bb][et_pb_column type=\u00bb1_2&#8243; _builder_version=\u00bb4.25.1&#8243; _module_preset=\u00bbdefault\u00bb global_colors_info=\u00bb{}\u00bb][et_pb_blurb image=\u00bbhttps:\/\/www.samnaz.org\/wp-content\/uploads\/2024\/05\/234es.jpg\u00bb image_icon_width=\u00bb26%\u00bb _builder_version=\u00bb4.25.1&#8243; _module_preset=\u00bbdefault\u00bb text_orientation=\u00bbcenter\u00bb border_radii_image=\u00bbon|100px|100px|100px|100px\u00bb box_shadow_style_image=\u00bbpreset3&#8243; global_colors_info=\u00bb{}\u00bb]<\/p>\n<p><strong><img loading=\"lazy\" decoding=\"async\" src=\"https:\/\/www.samnaz.org\/wp-content\/uploads\/2024\/05\/peru-bandera.png\" width=\"42\" height=\"40\" alt=\"\" class=\"wp-image-46182 aligncenter size-full\" srcset=\"https:\/\/www.samnaz.org\/wp-content\/uploads\/2024\/05\/peru-bandera.png 320w, https:\/\/www.samnaz.org\/wp-content\/uploads\/2024\/05\/peru-bandera-300x289.png 300w, https:\/\/www.samnaz.org\/wp-content\/uploads\/2024\/05\/peru-bandera-12x12.png 12w\" sizes=\"(max-width: 42px) 100vw, 42px\" \/><\/strong><strong>PER\u00da<\/strong><\/p>\n<p><strong>Edwin Navarro<\/strong><\/p>\n<p><strong>produsamperu@gmail.com<\/strong><\/p>\n<p>[\/et_pb_blurb][et_pb_blurb image=\u00bbhttps:\/\/www.samnaz.org\/wp-content\/uploads\/2024\/06\/Uruguay_literatura.png\u00bb image_icon_width=\u00bb26%\u00bb _builder_version=\u00bb4.25.1&#8243; _module_preset=\u00bbdefault\u00bb text_orientation=\u00bbcenter\u00bb border_radii_image=\u00bbon|100px|100px|100px|100px\u00bb box_shadow_style_image=\u00bbpreset3&#8243; global_colors_info=\u00bb{}\u00bb]<\/p>\n<p><strong><img loading=\"lazy\" decoding=\"async\" src=\"https:\/\/www.samnaz.org\/wp-content\/uploads\/2024\/05\/URUGUAY_bandera-150x150.png\" width=\"34\" height=\"34\" alt=\"\" class=\"wp-image-46162 aligncenter size-thumbnail\" srcset=\"https:\/\/www.samnaz.org\/wp-content\/uploads\/2024\/05\/URUGUAY_bandera-150x150.png 150w, https:\/\/www.samnaz.org\/wp-content\/uploads\/2024\/05\/URUGUAY_bandera-300x290.png 300w, https:\/\/www.samnaz.org\/wp-content\/uploads\/2024\/05\/URUGUAY_bandera-12x12.png 12w, https:\/\/www.samnaz.org\/wp-content\/uploads\/2024\/05\/URUGUAY_bandera.png 319w\" sizes=\"(max-width: 34px) 100vw, 34px\" \/><\/strong><strong>URUGUAY<\/strong><\/p>\n<p><strong>Marianela Pais<\/strong><\/p>\n<p><strong>produsamuruguay@gmail.com<\/strong><\/p>\n<p>[\/et_pb_blurb][\/et_pb_column][et_pb_column type=\u00bb1_2&#8243; _builder_version=\u00bb4.25.1&#8243; _module_preset=\u00bbdefault\u00bb global_colors_info=\u00bb{}\u00bb][et_pb_blurb image=\u00bbhttps:\/\/www.samnaz.org\/wp-content\/uploads\/2024\/06\/PARAGUAY_LITERATURA.jpg\u00bb image_icon_width=\u00bb26%\u00bb _builder_version=\u00bb4.25.1&#8243; _module_preset=\u00bbdefault\u00bb text_orientation=\u00bbcenter\u00bb border_radii_image=\u00bbon|100px|100px|100px|100px\u00bb box_shadow_style_image=\u00bbpreset3&#8243; global_colors_info=\u00bb{}\u00bb]<\/p>\n<p><strong><img loading=\"lazy\" decoding=\"async\" src=\"https:\/\/www.samnaz.org\/wp-content\/uploads\/2024\/05\/paraguay-bandera.png\" width=\"42\" height=\"41\" alt=\"\" class=\"wp-image-46185 aligncenter size-full\" srcset=\"https:\/\/www.samnaz.org\/wp-content\/uploads\/2024\/05\/paraguay-bandera.png 320w, https:\/\/www.samnaz.org\/wp-content\/uploads\/2024\/05\/paraguay-bandera-300x289.png 300w, https:\/\/www.samnaz.org\/wp-content\/uploads\/2024\/05\/paraguay-bandera-150x150.png 150w, https:\/\/www.samnaz.org\/wp-content\/uploads\/2024\/05\/paraguay-bandera-12x12.png 12w\" sizes=\"(max-width: 42px) 100vw, 42px\" \/><\/strong><strong>PARAGUAY<\/strong><\/p>\n<p><strong>Viviana Tello<\/strong><\/p>\n<p><strong>produsamparaguay@gmail.com<\/strong><\/p>\n<p>[\/et_pb_blurb][et_pb_blurb image=\u00bbhttps:\/\/www.samnaz.org\/wp-content\/uploads\/2024\/05\/cadavi.jpg\u00bb image_icon_width=\u00bb26%\u00bb _builder_version=\u00bb4.25.1&#8243; _module_preset=\u00bbdefault\u00bb text_orientation=\u00bbcenter\u00bb border_radii_image=\u00bbon|100px|100px|100px|100px\u00bb box_shadow_style_image=\u00bbpreset3&#8243; global_colors_info=\u00bb{}\u00bb]<\/p>\n<p><strong><img loading=\"lazy\" decoding=\"async\" src=\"https:\/\/www.samnaz.org\/wp-content\/uploads\/2024\/05\/VENEZUELA-BANDERA.png\" width=\"37\" height=\"35\" alt=\"\" class=\"wp-image-46189 aligncenter size-full\" srcset=\"https:\/\/www.samnaz.org\/wp-content\/uploads\/2024\/05\/VENEZUELA-BANDERA.png 320w, https:\/\/www.samnaz.org\/wp-content\/uploads\/2024\/05\/VENEZUELA-BANDERA-300x289.png 300w, https:\/\/www.samnaz.org\/wp-content\/uploads\/2024\/05\/VENEZUELA-BANDERA-12x12.png 12w\" sizes=\"(max-width: 37px) 100vw, 37px\" \/><\/strong><strong>VENEZUELA<\/strong><\/p>\n<p><strong>Carlos Cadavid<\/strong><\/p>\n<p><strong>produsamvenezuela@gmail.com<\/strong><\/p>\n<p>[\/et_pb_blurb][\/et_pb_column][\/et_pb_row][et_pb_row _builder_version=\u00bb4.21.0&#8243; _module_preset=\u00bbdefault\u00bb global_colors_info=\u00bb{}\u00bb][et_pb_column type=\u00bb4_4&#8243; _builder_version=\u00bb4.21.0&#8243; _module_preset=\u00bbdefault\u00bb global_colors_info=\u00bb{}\u00bb][et_pb_button button_url=\u00bbhttps:\/\/produsam.org\/\u00bb url_new_window=\u00bbon\u00bb button_text=\u00bbVER P\u00c1GINA\u00bb button_alignment=\u00bbcenter\u00bb _builder_version=\u00bb4.25.1&#8243; _module_preset=\u00bbdefault\u00bb global_colors_info=\u00bb{}\u00bb][\/et_pb_button][\/et_pb_column][\/et_pb_row][\/et_pb_section][et_pb_section fb_built=\u00bb1&#8243; _builder_version=\u00bb4.25.1&#8243; _module_preset=\u00bbdefault\u00bb background_color=\u00bb#999999&#8243; use_background_color_gradient=\u00bbon\u00bb background_color_gradient_direction=\u00bb95deg\u00bb background_color_gradient_stops=\u00bbrgba(10,0,0,0.67) 0%|rgba(10,1,1,0.45) 100%\u00bb background_color_gradient_overlays_image=\u00bbon\u00bb background_image=\u00bbhttps:\/\/www.samnaz.org\/wp-content\/uploads\/2024\/05\/low-angle-smiley-teenage-girl-reading.jpg\u00bb background_position=\u00bbcenter_right\u00bb global_colors_info=\u00bb{}\u00bb][et_pb_row _builder_version=\u00bb4.25.1&#8243; _module_preset=\u00bbdefault\u00bb global_colors_info=\u00bb{}\u00bb][et_pb_column type=\u00bb4_4&#8243; _builder_version=\u00bb4.25.1&#8243; _module_preset=\u00bbdefault\u00bb global_colors_info=\u00bb{}\u00bb][et_pb_text _builder_version=\u00bb4.25.1&#8243; _module_preset=\u00bbdefault\u00bb header_2_font=\u00bb|700|||||||\u00bb header_2_text_align=\u00bbcenter\u00bb header_2_text_color=\u00bb#FFFFFF\u00bb header_2_font_size=\u00bb49px\u00bb header_2_font_size_tablet=\u00bb49px\u00bb header_2_font_size_phone=\u00bb49px\u00bb header_2_font_size_last_edited=\u00bbon|desktop\u00bb text_text_shadow_style=\u00bbpreset1&#8243; header_2_text_shadow_style=\u00bbpreset1&#8243; global_colors_info=\u00bb{}\u00bb]<\/p>\n<h2><span>\u00a1Tu historia merece ser contada!<\/span><\/h2>\n<p>[\/et_pb_text][et_pb_text _builder_version=\u00bb4.25.1&#8243; _module_preset=\u00bbdefault\u00bb text_text_color=\u00bb#FFFFFF\u00bb text_font_size=\u00bb30px\u00bb text_orientation=\u00bbcenter\u00bb global_colors_info=\u00bb{}\u00bb]<\/p>\n<p><span>\u00danete a nuestra comunidad de escritores<\/span><\/p>\n<p>[\/et_pb_text][et_pb_text _builder_version=\u00bb4.25.1&#8243; _module_preset=\u00bbdefault\u00bb text_text_color=\u00bb#FFFFFF\u00bb text_font_size=\u00bb18px\u00bb text_line_height=\u00bb1.2em\u00bb text_orientation=\u00bbcenter\u00bb global_colors_info=\u00bb{}\u00bb]<\/p>\n<p><span>\u00bfTienes un mensaje inspirador que compartir con el mundo? <\/span><\/p>\n<p><span>\u00a1\u00danete a la familia de escritores de PRODUSAM editorial cristiana! <\/span><\/p>\n<p><span>Abrimos nuestras puertas a nuevas voces llenas de fe y creatividad. <\/span><\/p>\n<p><span>Descubre la oportunidad de publicar tu obra y llegar a corazones sedientos de esperanza.<\/span><\/p>\n<p><span>\u00a1Haz que tu voz se escuche y deja una huella eterna en los corazones de los lectores!<\/span><\/p>\n<p>[\/et_pb_text][et_pb_image src=\u00bbhttps:\/\/www.samnaz.org\/wp-content\/uploads\/2024\/05\/Produsam_blanco-01.png\u00bb title_text=\u00bbProdusam_blanco-01&#8243; align=\u00bbcenter\u00bb _builder_version=\u00bb4.25.1&#8243; _module_preset=\u00bbdefault\u00bb width=\u00bb198px\u00bb global_colors_info=\u00bb{}\u00bb][\/et_pb_image][\/et_pb_column][\/et_pb_row][\/et_pb_section]<\/p>\n<span class=\"et_bloom_bottom_trigger\"><\/span>","protected":false},"excerpt":{"rendered":"<p>Leda De Romero Coordinadora RegionalMinisterio de LiteraturaLa literatura cristiana desempe\u00f1a un papel fundamental en la vida de los creyentes al proporcionarles recursos para fortalecer su fe, crecimiento espiritual y comprensi\u00f3n de las ense\u00f1anzas b\u00edblicas. Adem\u00e1s, esta literatura puede brindar consuelo, inspiraci\u00f3n y orientaci\u00f3n moral para enfrentar los desaf\u00edos de la vida diaria. Tambi\u00e9n sirve como [&hellip;]<\/p>","protected":false},"author":2,"featured_media":0,"parent":0,"menu_order":0,"comment_status":"closed","ping_status":"closed","template":"","meta":{"_et_pb_use_builder":"on","_et_pb_old_content":"","_et_gb_content_width":"","_monsterinsights_skip_tracking":false,"_monsterinsights_sitenote_active":false,"_monsterinsights_sitenote_note":"","_monsterinsights_sitenote_category":0,"_vp_format_video_url":"","_vp_image_focal_point":[],"footnotes":""},"class_list":["post-1728","page","type-page","status-publish","hentry"],"yoast_head":"<!-- This site is optimized with the Yoast SEO Premium plugin v23.6 (Yoast SEO v27.4) - https:\/\/yoast.com\/product\/yoast-seo-premium-wordpress\/ -->\n<title>Literatura | Iglesia del Nazareno Am\u00e9rica del Sur samnaz<\/title>\n<meta name=\"description\" content=\"Iglesia del Nazareno Am\u00e9rica del Sur Literatura Iglesia del Nazareno\" \/>\n<meta name=\"robots\" content=\"index, follow, max-snippet:-1, max-image-preview:large, max-video-preview:-1\" \/>\n<link rel=\"canonical\" href=\"https:\/\/www.samnaz.org\/pt\/literatura\/\" \/>\n<meta property=\"og:locale\" content=\"pt_BR\" \/>\n<meta property=\"og:type\" content=\"article\" \/>\n<meta property=\"og:title\" content=\"Literatura\" \/>\n<meta property=\"og:description\" content=\"Literatura\" \/>\n<meta property=\"og:url\" content=\"https:\/\/www.samnaz.org\/pt\/literatura\/\" \/>\n<meta property=\"og:site_name\" content=\"Iglesia del Nazareno Am\u00e9rica del Sur\" \/>\n<meta property=\"article:publisher\" content=\"https:\/\/www.facebook.com\/NazarenoEsp\" \/>\n<meta property=\"article:modified_time\" content=\"2024-09-12T03:58:07+00:00\" \/>\n<meta property=\"og:image\" content=\"https:\/\/www.samnaz.org\/wp-content\/uploads\/2024\/05\/argentina-bandera.png\" \/>\n<meta name=\"twitter:card\" content=\"summary_large_image\" \/>\n<meta name=\"twitter:label1\" content=\"Est. tempo de leitura\" \/>\n\t<meta name=\"twitter:data1\" content=\"9 minutos\" \/>\n<script type=\"application\/ld+json\" class=\"yoast-schema-graph\">{\"@context\":\"https:\\\/\\\/schema.org\",\"@graph\":[{\"@type\":\"WebPage\",\"@id\":\"https:\\\/\\\/www.samnaz.org\\\/literatura\\\/\",\"url\":\"https:\\\/\\\/www.samnaz.org\\\/literatura\\\/\",\"name\":\"Literatura | Iglesia del Nazareno Am\u00e9rica del Sur samnaz\",\"isPartOf\":{\"@id\":\"https:\\\/\\\/www.samnaz.org\\\/#website\"},\"primaryImageOfPage\":{\"@id\":\"https:\\\/\\\/www.samnaz.org\\\/literatura\\\/#primaryimage\"},\"image\":{\"@id\":\"https:\\\/\\\/www.samnaz.org\\\/literatura\\\/#primaryimage\"},\"thumbnailUrl\":\"https:\\\/\\\/www.samnaz.org\\\/wp-content\\\/uploads\\\/2024\\\/05\\\/argentina-bandera.png\",\"datePublished\":\"2021-04-19T20:39:52+00:00\",\"dateModified\":\"2024-09-12T03:58:07+00:00\",\"description\":\"Iglesia del Nazareno Am\u00e9rica del Sur Literatura Iglesia del Nazareno\",\"inLanguage\":\"pt-BR\",\"potentialAction\":[{\"@type\":\"ReadAction\",\"target\":[\"https:\\\/\\\/www.samnaz.org\\\/literatura\\\/\"]}]},{\"@type\":\"ImageObject\",\"inLanguage\":\"pt-BR\",\"@id\":\"https:\\\/\\\/www.samnaz.org\\\/literatura\\\/#primaryimage\",\"url\":\"https:\\\/\\\/www.samnaz.org\\\/wp-content\\\/uploads\\\/2024\\\/05\\\/argentina-bandera.png\",\"contentUrl\":\"https:\\\/\\\/www.samnaz.org\\\/wp-content\\\/uploads\\\/2024\\\/05\\\/argentina-bandera.png\"},{\"@type\":\"WebSite\",\"@id\":\"https:\\\/\\\/www.samnaz.org\\\/#website\",\"url\":\"https:\\\/\\\/www.samnaz.org\\\/\",\"name\":\"Haciendo Disc\u00edpulos Semejantes a Cristo en las naciones\",\"description\":\"Haciendo disc\u00edpulos semejantes a Cristo en las Naciones\",\"publisher\":{\"@id\":\"https:\\\/\\\/www.samnaz.org\\\/#organization\"},\"alternateName\":\"Viviendo la Gran Comisi\u00f3n\",\"potentialAction\":[{\"@type\":\"SearchAction\",\"target\":{\"@type\":\"EntryPoint\",\"urlTemplate\":\"https:\\\/\\\/www.samnaz.org\\\/?s={search_term_string}\"},\"query-input\":{\"@type\":\"PropertyValueSpecification\",\"valueRequired\":true,\"valueName\":\"search_term_string\"}}],\"inLanguage\":\"pt-BR\"},{\"@type\":\"Organization\",\"@id\":\"https:\\\/\\\/www.samnaz.org\\\/#organization\",\"name\":\"Iglesia del Nazareno Am\u00e9rica del Sur\",\"url\":\"https:\\\/\\\/www.samnaz.org\\\/\",\"logo\":{\"@type\":\"ImageObject\",\"inLanguage\":\"pt-BR\",\"@id\":\"https:\\\/\\\/www.samnaz.org\\\/#\\\/schema\\\/logo\\\/image\\\/\",\"url\":\"https:\\\/\\\/www.samnaz.org\\\/wp-content\\\/uploads\\\/2021\\\/04\\\/Logo-3-ESP.png\",\"contentUrl\":\"https:\\\/\\\/www.samnaz.org\\\/wp-content\\\/uploads\\\/2021\\\/04\\\/Logo-3-ESP.png\",\"width\":1041,\"height\":780,\"caption\":\"Iglesia del Nazareno Am\u00e9rica del Sur\"},\"image\":{\"@id\":\"https:\\\/\\\/www.samnaz.org\\\/#\\\/schema\\\/logo\\\/image\\\/\"},\"sameAs\":[\"https:\\\/\\\/www.facebook.com\\\/NazarenoEsp\",\"https:\\\/\\\/www.instagram.com\\\/nazarenoesp\\\/\"],\"publishingPrinciples\":\"https:\\\/\\\/www.samnaz.org\\\/\"}]}<\/script>\n<!-- \/ Yoast SEO Premium plugin. -->","yoast_head_json":{"title":"Literatura | Iglesia del Nazareno Am\u00e9rica del Sur samnaz","description":"Iglesia del Nazareno Am\u00e9rica del Sur Literatura Iglesia del Nazareno","robots":{"index":"index","follow":"follow","max-snippet":"max-snippet:-1","max-image-preview":"max-image-preview:large","max-video-preview":"max-video-preview:-1"},"canonical":"https:\/\/www.samnaz.org\/pt\/literatura\/","og_locale":"pt_BR","og_type":"article","og_title":"Literatura","og_description":"Literatura","og_url":"https:\/\/www.samnaz.org\/pt\/literatura\/","og_site_name":"Iglesia del Nazareno Am\u00e9rica del Sur","article_publisher":"https:\/\/www.facebook.com\/NazarenoEsp","article_modified_time":"2024-09-12T03:58:07+00:00","og_image":[{"url":"https:\/\/www.samnaz.org\/wp-content\/uploads\/2024\/05\/argentina-bandera.png","type":"","width":"","height":""}],"twitter_card":"summary_large_image","twitter_misc":{"Est. tempo de leitura":"9 minutos"},"schema":{"@context":"https:\/\/schema.org","@graph":[{"@type":"WebPage","@id":"https:\/\/www.samnaz.org\/literatura\/","url":"https:\/\/www.samnaz.org\/literatura\/","name":"Literatura | Iglesia del Nazareno Am\u00e9rica del Sur samnaz","isPartOf":{"@id":"https:\/\/www.samnaz.org\/#website"},"primaryImageOfPage":{"@id":"https:\/\/www.samnaz.org\/literatura\/#primaryimage"},"image":{"@id":"https:\/\/www.samnaz.org\/literatura\/#primaryimage"},"thumbnailUrl":"https:\/\/www.samnaz.org\/wp-content\/uploads\/2024\/05\/argentina-bandera.png","datePublished":"2021-04-19T20:39:52+00:00","dateModified":"2024-09-12T03:58:07+00:00","description":"Iglesia del Nazareno Am\u00e9rica del Sur Literatura Iglesia del Nazareno","inLanguage":"pt-BR","potentialAction":[{"@type":"ReadAction","target":["https:\/\/www.samnaz.org\/literatura\/"]}]},{"@type":"ImageObject","inLanguage":"pt-BR","@id":"https:\/\/www.samnaz.org\/literatura\/#primaryimage","url":"https:\/\/www.samnaz.org\/wp-content\/uploads\/2024\/05\/argentina-bandera.png","contentUrl":"https:\/\/www.samnaz.org\/wp-content\/uploads\/2024\/05\/argentina-bandera.png"},{"@type":"WebSite","@id":"https:\/\/www.samnaz.org\/#website","url":"https:\/\/www.samnaz.org\/","name":"Haciendo Disc\u00edpulos Semejantes a Cristo en las naciones","description":"Haciendo disc\u00edpulos semejantes a Cristo en las Naciones","publisher":{"@id":"https:\/\/www.samnaz.org\/#organization"},"alternateName":"Viviendo la Gran Comisi\u00f3n","potentialAction":[{"@type":"SearchAction","target":{"@type":"EntryPoint","urlTemplate":"https:\/\/www.samnaz.org\/?s={search_term_string}"},"query-input":{"@type":"PropertyValueSpecification","valueRequired":true,"valueName":"search_term_string"}}],"inLanguage":"pt-BR"},{"@type":"Organization","@id":"https:\/\/www.samnaz.org\/#organization","name":"Iglesia del Nazareno Am\u00e9rica del Sur","url":"https:\/\/www.samnaz.org\/","logo":{"@type":"ImageObject","inLanguage":"pt-BR","@id":"https:\/\/www.samnaz.org\/#\/schema\/logo\/image\/","url":"https:\/\/www.samnaz.org\/wp-content\/uploads\/2021\/04\/Logo-3-ESP.png","contentUrl":"https:\/\/www.samnaz.org\/wp-content\/uploads\/2021\/04\/Logo-3-ESP.png","width":1041,"height":780,"caption":"Iglesia del Nazareno Am\u00e9rica del Sur"},"image":{"@id":"https:\/\/www.samnaz.org\/#\/schema\/logo\/image\/"},"sameAs":["https:\/\/www.facebook.com\/NazarenoEsp","https:\/\/www.instagram.com\/nazarenoesp\/"],"publishingPrinciples":"https:\/\/www.samnaz.org\/"}]}},"_links":{"self":[{"href":"https:\/\/www.samnaz.org\/pt\/wp-json\/wp\/v2\/pages\/1728","targetHints":{"allow":["GET"]}}],"collection":[{"href":"https:\/\/www.samnaz.org\/pt\/wp-json\/wp\/v2\/pages"}],"about":[{"href":"https:\/\/www.samnaz.org\/pt\/wp-json\/wp\/v2\/types\/page"}],"author":[{"embeddable":true,"href":"https:\/\/www.samnaz.org\/pt\/wp-json\/wp\/v2\/users\/2"}],"replies":[{"embeddable":true,"href":"https:\/\/www.samnaz.org\/pt\/wp-json\/wp\/v2\/comments?post=1728"}],"version-history":[{"count":156,"href":"https:\/\/www.samnaz.org\/pt\/wp-json\/wp\/v2\/pages\/1728\/revisions"}],"predecessor-version":[{"id":47417,"href":"https:\/\/www.samnaz.org\/pt\/wp-json\/wp\/v2\/pages\/1728\/revisions\/47417"}],"wp:attachment":[{"href":"https:\/\/www.samnaz.org\/pt\/wp-json\/wp\/v2\/media?parent=1728"}],"curies":[{"name":"wp","href":"https:\/\/api.w.org\/{rel}","templated":true}]}}