{"id":173,"date":"2021-01-29T12:15:43","date_gmt":"2021-01-29T15:15:43","guid":{"rendered":"https:\/\/www.samnaz.org\/?page_id=173"},"modified":"2021-07-09T16:21:09","modified_gmt":"2021-07-09T19:21:09","slug":"areas","status":"publish","type":"page","link":"https:\/\/www.samnaz.org\/pt\/areas\/","title":{"rendered":"\u00c1reas"},"content":{"rendered":"<p>[et_pb_section fb_built=\u00bb1&#8243; _builder_version=\u00bb4.8.1&#8243; _module_preset=\u00bbdefault\u00bb background_image=\u00bbhttps:\/\/www.samnaz.org\/wp-content\/uploads\/2021\/01\/global-church-background.jpg\u00bb z_index=\u00bb2&#8243; height=\u00bb370px\u00bb custom_padding=\u00bb||0px|||\u00bb][et_pb_row column_structure=\u00bb3_5,2_5&#8243; _builder_version=\u00bb4.8.1&#8243; _module_preset=\u00bbdefault\u00bb position_origin_r=\u00bbbottom_right\u00bb vertical_offset=\u00bb0px\u00bb horizontal_offset=\u00bb0px\u00bb][et_pb_column type=\u00bb3_5&#8243; _builder_version=\u00bb4.8.1&#8243; _module_preset=\u00bbdefault\u00bb][et_pb_image src=\u00bbhttps:\/\/www.samnaz.org\/wp-content\/uploads\/2021\/01\/research.jpg\u00bb title_text=\u00bbresearch\u00bb _builder_version=\u00bb4.8.1&#8243; _module_preset=\u00bbdefault\u00bb transform_translate_linked=\u00bboff\u00bb][\/et_pb_image][\/et_pb_column][et_pb_column type=\u00bb2_5&#8243; _builder_version=\u00bb4.8.1&#8243; _module_preset=\u00bbdefault\u00bb][et_pb_text _builder_version=\u00bb4.8.1&#8243; _module_preset=\u00bbdefault\u00bb header_text_color=\u00bb#FFFFFF\u00bb header_font_size=\u00bb60px\u00bb transform_translate=\u00bb0px|90px\u00bb transform_translate_linked=\u00bboff\u00bb]<\/p>\n<h1 style=\"text-align: center;\"><strong>\u00c1reas<\/strong><\/h1>\n<p>[\/et_pb_text][\/et_pb_column][\/et_pb_row][\/et_pb_section][et_pb_section fb_built=\u00bb1&#8243; fullwidth=\u00bbon\u00bb _builder_version=\u00bb4.8.1&#8243; _module_preset=\u00bbdefault\u00bb custom_padding=\u00bb||0px|||\u00bb][et_pb_fullwidth_image src=\u00bbhttps:\/\/www.samnaz.org\/wp-content\/uploads\/2021\/01\/dotted-grid-black.png\u00bb title_text=\u00bbdotted-grid-black\u00bb _builder_version=\u00bb4.8.1&#8243; _module_preset=\u00bbdefault\u00bb transform_translate=\u00bb0px|-80px\u00bb transform_translate_linked=\u00bboff\u00bb][\/et_pb_fullwidth_image][\/et_pb_section][et_pb_section fb_built=\u00bb1&#8243; _builder_version=\u00bb4.8.1&#8243; _module_preset=\u00bbdefault\u00bb background_image=\u00bbhttps:\/\/www.samnaz.org\/wp-content\/uploads\/2021\/01\/Fundamentos-Encabezado.png\u00bb background_size=\u00bbcontain\u00bb background_position=\u00bbtop_center\u00bb custom_margin=\u00bb21px|||||\u00bb custom_padding=\u00bb0px|||||\u00bb][et_pb_row column_structure=\u00bb1_2,1_2&#8243; _builder_version=\u00bb4.8.1&#8243; _module_preset=\u00bbdefault\u00bb][et_pb_column type=\u00bb1_2&#8243; _builder_version=\u00bb4.8.1&#8243; _module_preset=\u00bbdefault\u00bb use_background_color_gradient=\u00bbon\u00bb background_color_gradient_start=\u00bbrgba(43,135,218,0.66)\u00bb background_color_gradient_end=\u00bbrgba(41,196,169,0.77)\u00bb background_color_gradient_direction=\u00bb82deg\u00bb animation_style=\u00bbzoom\u00bb][et_pb_text _builder_version=\u00bb4.8.1&#8243; _module_preset=\u00bbdefault\u00bb text_text_color=\u00bb#FFFFFF\u00bb text_font_size=\u00bb20px\u00bb header_text_color=\u00bb#FFFFFF\u00bb background_enable_color=\u00bboff\u00bb background_color_gradient_direction=\u00bb163deg\u00bb custom_padding=\u00bb30px|100px|30px|100px|false|false\u00bb border_radii=\u00bbon|5px|5px|5px|5px\u00bb border_color_all=\u00bb#FFFFFF\u00bb]<\/p>\n<h1 class=\"entry-title\" style=\"text-align: center;\"><strong>\u00c1rea Andino Norte<\/strong><\/h1>\n<p>[\/et_pb_text][et_pb_image src=\u00bbhttps:\/\/www.samnaz.org\/wp-content\/uploads\/2021\/01\/andino-norte.png\u00bb title_text=\u00bbandino-norte\u00bb url=\u00bb@ET-DC@eyJkeW5hbWljIjp0cnVlLCJjb250ZW50IjoicG9zdF9saW5rX3VybF9wYWdlIiwic2V0dGluZ3MiOnsicG9zdF9pZCI6IjIwMiJ9fQ==@\u00bb align=\u00bbcenter\u00bb _builder_version=\u00bb4.8.1&#8243; _dynamic_attributes=\u00bburl\u00bb _module_preset=\u00bbdefault\u00bb custom_padding=\u00bb||71px||false|false\u00bb][\/et_pb_image][\/et_pb_column][et_pb_column type=\u00bb1_2&#8243; _builder_version=\u00bb4.8.1&#8243; _module_preset=\u00bbdefault\u00bb use_background_color_gradient=\u00bbon\u00bb background_color_gradient_start=\u00bbrgba(34,70,170,0.68)\u00bb background_color_gradient_end=\u00bbrgba(41,196,169,0.77)\u00bb background_color_gradient_direction=\u00bb276deg\u00bb animation_style=\u00bbzoom\u00bb][et_pb_text _builder_version=\u00bb4.8.1&#8243; _module_preset=\u00bbdefault\u00bb text_text_color=\u00bb#FFFFFF\u00bb text_font_size=\u00bb20px\u00bb header_text_color=\u00bb#FFFFFF\u00bb background_enable_color=\u00bboff\u00bb background_color_gradient_direction=\u00bb163deg\u00bb custom_padding=\u00bb30px|100px|30px|100px|false|false\u00bb border_radii=\u00bbon|5px|5px|5px|5px\u00bb border_color_all=\u00bb#FFFFFF\u00bb]<\/p>\n<h1 class=\"entry-title\" style=\"text-align: center;\"><strong>\u00c1rea Andino Central<\/strong><\/h1>\n<p>[\/et_pb_text][et_pb_image src=\u00bbhttps:\/\/www.samnaz.org\/wp-content\/uploads\/2021\/01\/Andino-Central.png\u00bb title_text=\u00bbAndino-Central\u00bb url=\u00bb@ET-DC@eyJkeW5hbWljIjp0cnVlLCJjb250ZW50IjoicG9zdF9saW5rX3VybF9wYWdlIiwic2V0dGluZ3MiOnsicG9zdF9pZCI6IjQ5NyJ9fQ==@\u00bb align=\u00bbcenter\u00bb _builder_version=\u00bb4.8.1&#8243; _dynamic_attributes=\u00bburl\u00bb _module_preset=\u00bbdefault\u00bb custom_padding=\u00bb||20px||false|false\u00bb][\/et_pb_image][\/et_pb_column][\/et_pb_row][et_pb_row column_structure=\u00bb1_2,1_2&#8243; _builder_version=\u00bb4.8.1&#8243; _module_preset=\u00bbdefault\u00bb][et_pb_column type=\u00bb1_2&#8243; _builder_version=\u00bb4.8.1&#8243; _module_preset=\u00bbdefault\u00bb use_background_color_gradient=\u00bbon\u00bb background_color_gradient_start=\u00bbrgba(43,135,218,0.66)\u00bb background_color_gradient_end=\u00bbrgba(41,196,169,0.77)\u00bb background_color_gradient_direction=\u00bb82deg\u00bb animation_style=\u00bbzoom\u00bb][et_pb_text _builder_version=\u00bb4.8.1&#8243; _module_preset=\u00bbdefault\u00bb text_text_color=\u00bb#FFFFFF\u00bb text_font_size=\u00bb20px\u00bb header_text_color=\u00bb#FFFFFF\u00bb background_enable_color=\u00bboff\u00bb background_color_gradient_direction=\u00bb163deg\u00bb custom_padding=\u00bb30px|100px|30px|100px|false|false\u00bb border_radii=\u00bbon|5px|5px|5px|5px\u00bb border_color_all=\u00bb#FFFFFF\u00bb]<\/p>\n<h1 class=\"entry-title\" style=\"text-align: center;\"><strong>\u00c1rea Cone Sul<\/strong><\/h1>\n<p>[\/et_pb_text][et_pb_image src=\u00bbhttps:\/\/www.samnaz.org\/wp-content\/uploads\/2021\/01\/cono-sur.png\u00bb title_text=\u00bbcono-sur\u00bb url=\u00bb@ET-DC@eyJkeW5hbWljIjp0cnVlLCJjb250ZW50IjoicG9zdF9saW5rX3VybF9wYWdlIiwic2V0dGluZ3MiOnsicG9zdF9pZCI6IjE2MzYifX0=@\u00bb align=\u00bbcenter\u00bb _builder_version=\u00bb4.8.1&#8243; _dynamic_attributes=\u00bburl\u00bb _module_preset=\u00bbdefault\u00bb custom_padding=\u00bb||20px||false|false\u00bb][\/et_pb_image][\/et_pb_column][et_pb_column type=\u00bb1_2&#8243; _builder_version=\u00bb4.8.1&#8243; _module_preset=\u00bbdefault\u00bb use_background_color_gradient=\u00bbon\u00bb background_color_gradient_start=\u00bbrgba(34,70,170,0.68)\u00bb background_color_gradient_end=\u00bbrgba(41,196,169,0.77)\u00bb background_color_gradient_direction=\u00bb276deg\u00bb animation_style=\u00bbzoom\u00bb][et_pb_text _builder_version=\u00bb4.8.1&#8243; _module_preset=\u00bbdefault\u00bb text_text_color=\u00bb#FFFFFF\u00bb text_font_size=\u00bb20px\u00bb header_text_color=\u00bb#FFFFFF\u00bb background_enable_color=\u00bboff\u00bb background_color_gradient_direction=\u00bb163deg\u00bb custom_padding=\u00bb30px|100px|30px|100px|false|false\u00bb border_radii=\u00bbon|5px|5px|5px|5px\u00bb border_color_all=\u00bb#FFFFFF\u00bb]<\/p>\n<h1 class=\"entry-title\" style=\"text-align: center;\"><strong>Sub-Regi\u00e3o Brasil<\/strong><\/h1>\n<p>[\/et_pb_text][et_pb_image src=\u00bbhttps:\/\/www.samnaz.org\/wp-content\/uploads\/2021\/01\/brasil.png\u00bb title_text=\u00bbbrasil\u00bb url=\u00bb@ET-DC@eyJkeW5hbWljIjp0cnVlLCJjb250ZW50IjoicG9zdF9saW5rX3VybF9wYWdlIiwic2V0dGluZ3MiOnsicG9zdF9pZCI6IjE2NDIifX0=@\u00bb align=\u00bbcenter\u00bb _builder_version=\u00bb4.8.1&#8243; _dynamic_attributes=\u00bburl\u00bb _module_preset=\u00bbdefault\u00bb custom_padding=\u00bb||20px||false|false\u00bb][\/et_pb_image][\/et_pb_column][\/et_pb_row][\/et_pb_section]<\/p>\n<span class=\"et_bloom_bottom_trigger\"><\/span>","protected":false},"excerpt":{"rendered":"<p>\u00c1reas\u00c1rea Andino Norte\u00c1rea Andino Central\u00c1rea Cono SurSub-regi\u00f3n Brasil<\/p>","protected":false},"author":2,"featured_media":0,"parent":0,"menu_order":0,"comment_status":"closed","ping_status":"closed","template":"","meta":{"_et_pb_use_builder":"on","_et_pb_old_content":"","_et_gb_content_width":"","_monsterinsights_skip_tracking":false,"_monsterinsights_sitenote_active":false,"_monsterinsights_sitenote_note":"","_monsterinsights_sitenote_category":0,"_vp_format_video_url":"","_vp_image_focal_point":[],"footnotes":""},"class_list":["post-173","page","type-page","status-publish","hentry"],"yoast_head":"<!-- This site is optimized with the Yoast SEO Premium plugin v23.6 (Yoast SEO v27.5) - https:\/\/yoast.com\/product\/yoast-seo-premium-wordpress\/ -->\n<title>\u00c1reas | Iglesia del Nazareno Am\u00e9rica del Sur samnaz<\/title>\n<meta name=\"description\" content=\"Iglesia del Nazareno Am\u00e9rica del Sur \u00c1reas Iglesia del Nazareno\" \/>\n<meta name=\"robots\" content=\"index, follow, max-snippet:-1, max-image-preview:large, max-video-preview:-1\" \/>\n<link rel=\"canonical\" href=\"https:\/\/www.samnaz.org\/pt\/areas\/\" \/>\n<meta property=\"og:locale\" content=\"pt_BR\" \/>\n<meta property=\"og:type\" content=\"article\" \/>\n<meta property=\"og:title\" content=\"\u00c1reas\" \/>\n<meta property=\"og:description\" content=\"\u00c1reas\" \/>\n<meta property=\"og:url\" content=\"https:\/\/www.samnaz.org\/pt\/areas\/\" \/>\n<meta property=\"og:site_name\" content=\"Iglesia del Nazareno Am\u00e9rica del Sur\" \/>\n<meta property=\"article:publisher\" content=\"https:\/\/www.facebook.com\/NazarenoEsp\" \/>\n<meta property=\"article:modified_time\" content=\"2021-07-09T19:21:09+00:00\" \/>\n<meta property=\"og:image\" content=\"https:\/\/www.samnaz.org\/wp-content\/uploads\/2021\/04\/Logo-3-ESP.png\" \/>\n\t<meta property=\"og:image:width\" content=\"1041\" \/>\n\t<meta property=\"og:image:height\" content=\"780\" \/>\n\t<meta property=\"og:image:type\" content=\"image\/png\" \/>\n<meta name=\"twitter:card\" content=\"summary_large_image\" \/>\n<meta name=\"twitter:label1\" content=\"Est. tempo de leitura\" \/>\n\t<meta name=\"twitter:data1\" content=\"4 minutos\" \/>\n<script type=\"application\/ld+json\" class=\"yoast-schema-graph\">{\"@context\":\"https:\\\/\\\/schema.org\",\"@graph\":[{\"@type\":\"WebPage\",\"@id\":\"https:\\\/\\\/www.samnaz.org\\\/areas\\\/\",\"url\":\"https:\\\/\\\/www.samnaz.org\\\/areas\\\/\",\"name\":\"\u00c1reas | Iglesia del Nazareno Am\u00e9rica del Sur samnaz\",\"isPartOf\":{\"@id\":\"https:\\\/\\\/www.samnaz.org\\\/#website\"},\"datePublished\":\"2021-01-29T15:15:43+00:00\",\"dateModified\":\"2021-07-09T19:21:09+00:00\",\"description\":\"Iglesia del Nazareno Am\u00e9rica del Sur \u00c1reas Iglesia del Nazareno\",\"inLanguage\":\"pt-BR\",\"potentialAction\":[{\"@type\":\"ReadAction\",\"target\":[\"https:\\\/\\\/www.samnaz.org\\\/areas\\\/\"]}]},{\"@type\":\"WebSite\",\"@id\":\"https:\\\/\\\/www.samnaz.org\\\/#website\",\"url\":\"https:\\\/\\\/www.samnaz.org\\\/\",\"name\":\"Haciendo Disc\u00edpulos Semejantes a Cristo en las naciones\",\"description\":\"Haciendo disc\u00edpulos semejantes a Cristo en las Naciones\",\"publisher\":{\"@id\":\"https:\\\/\\\/www.samnaz.org\\\/#organization\"},\"alternateName\":\"Viviendo la Gran Comisi\u00f3n\",\"potentialAction\":[{\"@type\":\"SearchAction\",\"target\":{\"@type\":\"EntryPoint\",\"urlTemplate\":\"https:\\\/\\\/www.samnaz.org\\\/?s={search_term_string}\"},\"query-input\":{\"@type\":\"PropertyValueSpecification\",\"valueRequired\":true,\"valueName\":\"search_term_string\"}}],\"inLanguage\":\"pt-BR\"},{\"@type\":\"Organization\",\"@id\":\"https:\\\/\\\/www.samnaz.org\\\/#organization\",\"name\":\"Iglesia del Nazareno Am\u00e9rica del Sur\",\"url\":\"https:\\\/\\\/www.samnaz.org\\\/\",\"logo\":{\"@type\":\"ImageObject\",\"inLanguage\":\"pt-BR\",\"@id\":\"https:\\\/\\\/www.samnaz.org\\\/#\\\/schema\\\/logo\\\/image\\\/\",\"url\":\"https:\\\/\\\/www.samnaz.org\\\/wp-content\\\/uploads\\\/2021\\\/04\\\/Logo-3-ESP.png\",\"contentUrl\":\"https:\\\/\\\/www.samnaz.org\\\/wp-content\\\/uploads\\\/2021\\\/04\\\/Logo-3-ESP.png\",\"width\":1041,\"height\":780,\"caption\":\"Iglesia del Nazareno Am\u00e9rica del Sur\"},\"image\":{\"@id\":\"https:\\\/\\\/www.samnaz.org\\\/#\\\/schema\\\/logo\\\/image\\\/\"},\"sameAs\":[\"https:\\\/\\\/www.facebook.com\\\/NazarenoEsp\",\"https:\\\/\\\/www.instagram.com\\\/nazarenoesp\\\/\"],\"publishingPrinciples\":\"https:\\\/\\\/www.samnaz.org\\\/\"}]}<\/script>\n<!-- \/ Yoast SEO Premium plugin. -->","yoast_head_json":{"title":"\u00c1reas | Iglesia del Nazareno Am\u00e9rica del Sur samnaz","description":"Iglesia del Nazareno Am\u00e9rica del Sur \u00c1reas Iglesia del Nazareno","robots":{"index":"index","follow":"follow","max-snippet":"max-snippet:-1","max-image-preview":"max-image-preview:large","max-video-preview":"max-video-preview:-1"},"canonical":"https:\/\/www.samnaz.org\/pt\/areas\/","og_locale":"pt_BR","og_type":"article","og_title":"\u00c1reas","og_description":"\u00c1reas","og_url":"https:\/\/www.samnaz.org\/pt\/areas\/","og_site_name":"Iglesia del Nazareno Am\u00e9rica del Sur","article_publisher":"https:\/\/www.facebook.com\/NazarenoEsp","article_modified_time":"2021-07-09T19:21:09+00:00","og_image":[{"width":1041,"height":780,"url":"https:\/\/www.samnaz.org\/wp-content\/uploads\/2021\/04\/Logo-3-ESP.png","type":"image\/png"}],"twitter_card":"summary_large_image","twitter_misc":{"Est. tempo de leitura":"4 minutos"},"schema":{"@context":"https:\/\/schema.org","@graph":[{"@type":"WebPage","@id":"https:\/\/www.samnaz.org\/areas\/","url":"https:\/\/www.samnaz.org\/areas\/","name":"\u00c1reas | Iglesia del Nazareno Am\u00e9rica del Sur samnaz","isPartOf":{"@id":"https:\/\/www.samnaz.org\/#website"},"datePublished":"2021-01-29T15:15:43+00:00","dateModified":"2021-07-09T19:21:09+00:00","description":"Iglesia del Nazareno Am\u00e9rica del Sur \u00c1reas Iglesia del Nazareno","inLanguage":"pt-BR","potentialAction":[{"@type":"ReadAction","target":["https:\/\/www.samnaz.org\/areas\/"]}]},{"@type":"WebSite","@id":"https:\/\/www.samnaz.org\/#website","url":"https:\/\/www.samnaz.org\/","name":"Haciendo Disc\u00edpulos Semejantes a Cristo en las naciones","description":"Haciendo disc\u00edpulos semejantes a Cristo en las Naciones","publisher":{"@id":"https:\/\/www.samnaz.org\/#organization"},"alternateName":"Viviendo la Gran Comisi\u00f3n","potentialAction":[{"@type":"SearchAction","target":{"@type":"EntryPoint","urlTemplate":"https:\/\/www.samnaz.org\/?s={search_term_string}"},"query-input":{"@type":"PropertyValueSpecification","valueRequired":true,"valueName":"search_term_string"}}],"inLanguage":"pt-BR"},{"@type":"Organization","@id":"https:\/\/www.samnaz.org\/#organization","name":"Iglesia del Nazareno Am\u00e9rica del Sur","url":"https:\/\/www.samnaz.org\/","logo":{"@type":"ImageObject","inLanguage":"pt-BR","@id":"https:\/\/www.samnaz.org\/#\/schema\/logo\/image\/","url":"https:\/\/www.samnaz.org\/wp-content\/uploads\/2021\/04\/Logo-3-ESP.png","contentUrl":"https:\/\/www.samnaz.org\/wp-content\/uploads\/2021\/04\/Logo-3-ESP.png","width":1041,"height":780,"caption":"Iglesia del Nazareno Am\u00e9rica del Sur"},"image":{"@id":"https:\/\/www.samnaz.org\/#\/schema\/logo\/image\/"},"sameAs":["https:\/\/www.facebook.com\/NazarenoEsp","https:\/\/www.instagram.com\/nazarenoesp\/"],"publishingPrinciples":"https:\/\/www.samnaz.org\/"}]}},"_links":{"self":[{"href":"https:\/\/www.samnaz.org\/pt\/wp-json\/wp\/v2\/pages\/173","targetHints":{"allow":["GET"]}}],"collection":[{"href":"https:\/\/www.samnaz.org\/pt\/wp-json\/wp\/v2\/pages"}],"about":[{"href":"https:\/\/www.samnaz.org\/pt\/wp-json\/wp\/v2\/types\/page"}],"author":[{"embeddable":true,"href":"https:\/\/www.samnaz.org\/pt\/wp-json\/wp\/v2\/users\/2"}],"replies":[{"embeddable":true,"href":"https:\/\/www.samnaz.org\/pt\/wp-json\/wp\/v2\/comments?post=173"}],"version-history":[{"count":8,"href":"https:\/\/www.samnaz.org\/pt\/wp-json\/wp\/v2\/pages\/173\/revisions"}],"predecessor-version":[{"id":36702,"href":"https:\/\/www.samnaz.org\/pt\/wp-json\/wp\/v2\/pages\/173\/revisions\/36702"}],"wp:attachment":[{"href":"https:\/\/www.samnaz.org\/pt\/wp-json\/wp\/v2\/media?parent=173"}],"curies":[{"name":"wp","href":"https:\/\/api.w.org\/{rel}","templated":true}]}}