{"id":2213,"date":"2021-04-22T17:45:39","date_gmt":"2021-04-22T20:45:39","guid":{"rendered":"https:\/\/www.samnaz.org\/?page_id=2213"},"modified":"2026-03-26T18:03:02","modified_gmt":"2026-03-26T21:03:02","slug":"una-temporada-de-esperanza","status":"publish","type":"page","link":"https:\/\/www.samnaz.org\/pt\/una-temporada-de-esperanza\/","title":{"rendered":"UMA TEMPORADA DE ESPERAN\u00c7A"},"content":{"rendered":"<p>[et_pb_section fb_built=\u00bb1&#8243; admin_label=\u00bbHeader\u00bb _builder_version=\u00bb4.27.4&#8243; _module_preset=\u00bbdefault\u00bb background_color=\u00bbrgba(104,104,104,0.21)\u00bb use_background_color_gradient=\u00bbon\u00bb background_color_gradient_direction=\u00bb90deg\u00bb background_color_gradient_stops=\u00bbrgba(112,11,21,0.5) 0%|#325eef 100%\u00bb background_color_gradient_overlays_image=\u00bbon\u00bb background_image=\u00bbhttps:\/\/nazarene.org\/sites\/default\/files\/styles\/original_image\/public\/2019-08\/Mission_banner.jpg?itok=7kguggV9&#8243; height=\u00bb520px\u00bb height_tablet=\u00bb520px\u00bb height_phone=\u00bb520px\u00bb height_last_edited=\u00bbon|tablet\u00bb overflow-x=\u00bbhidden\u00bb overflow-y=\u00bbhidden\u00bb custom_padding=\u00bb0px||0px||false|false\u00bb global_colors_info=\u00bb{%22gcid-69e972fe-da24-4a3a-ae69-014a9d9ad22b%22:%91%22colorStart%22%93}\u00bb][et_pb_row column_structure=\u00bb1_2,1_2&#8243; use_custom_gutter=\u00bbon\u00bb gutter_width=\u00bb1&#8243; _builder_version=\u00bb4.27.4&#8243; _module_preset=\u00bbdefault\u00bb custom_padding=\u00bb0px||0px||true|false\u00bb global_colors_info=\u00bb{}\u00bb][et_pb_column type=\u00bb1_2&#8243; _builder_version=\u00bb4.16&#8243; _module_preset=\u00bbdefault\u00bb custom_padding=\u00bb100px|60px|200px||false|false\u00bb custom_padding_tablet=\u00bb60px|0px|60px||true|false\u00bb custom_padding_phone=\u00bb40px||40px||true|false\u00bb custom_padding_last_edited=\u00bbon|phone\u00bb global_colors_info=\u00bb{}\u00bb][et_pb_text _builder_version=\u00bb4.27.4&#8243; _module_preset=\u00bbe598b17a-9229-42f6-b238-019d6094332e\u00bb header_font=\u00bbNoto Serif||||||||\u00bb header_text_color=\u00bb#FFFFFF\u00bb header_font_size=\u00bb63px\u00bb header_line_height=\u00bb1.1em\u00bb background_enable_color=\u00bboff\u00bb background_enable_image=\u00bboff\u00bb background_size=\u00bbinitial\u00bb background_position=\u00bbtop_right\u00bb custom_margin=\u00bb||10px||false|false\u00bb header_font_size_tablet=\u00bb50px\u00bb header_font_size_phone=\u00bb30px\u00bb header_font_size_last_edited=\u00bbon|phone\u00bb header_line_height_tablet=\u00bb1.2em\u00bb header_line_height_phone=\u00bb1.2em\u00bb header_line_height_last_edited=\u00bbon|desktop\u00bb locked=\u00bboff\u00bb global_colors_info=\u00bb{}\u00bb]<\/p>\n<h1>Fundo de Evangelismo Mundial<\/h1>\n<p>[\/et_pb_text][\/et_pb_column][et_pb_column type=\u00bb1_2&#8243; _builder_version=\u00bb4.16&#8243; _module_preset=\u00bbdefault\u00bb global_colors_info=\u00bb{}\u00bb][et_pb_image src=\u00bbhttps:\/\/nazarene.org\/sites\/default\/files\/styles\/original_image\/public\/2019-01\/article-thumbnail-02.png?itok=Z3CRqbRn\u00bb title_text=\u00bbhome-staging_01&#8243; _builder_version=\u00bb4.27.4&#8243; _module_preset=\u00bbdefault\u00bb custom_margin=\u00bb|-60%|||false|false\u00bb custom_margin_tablet=\u00bb|0%|||false|false\u00bb custom_margin_phone=\u00bb\u00bb custom_margin_last_edited=\u00bbon|tablet\u00bb border_width_all=\u00bb3px\u00bb border_color_all=\u00bb#FFFFFF\u00bb locked=\u00bboff\u00bb global_colors_info=\u00bb{}\u00bb][\/et_pb_image][\/et_pb_column][\/et_pb_row][\/et_pb_section][et_pb_section fb_built=\u00bb1&#8243; admin_label=\u00bbAbout\u00bb _builder_version=\u00bb4.16&#8243; _module_preset=\u00bbdefault\u00bb use_background_color_gradient=\u00bbon\u00bb background_color_gradient_direction=\u00bb90deg\u00bb background_color_gradient_stops=\u00bb#fffaf4 50%|#ffffff 50%\u00bb background_color_gradient_start=\u00bb#fffaf4&#8243; background_color_gradient_start_position=\u00bb50%\u00bb background_color_gradient_end=\u00bb#ffffff\u00bb background_color_gradient_end_position=\u00bb50%\u00bb custom_padding=\u00bb0px||0px||true|false\u00bb global_colors_info=\u00bb{}\u00bb][et_pb_row column_structure=\u00bb1_2,1_2&#8243; use_custom_gutter=\u00bbon\u00bb gutter_width=\u00bb1&#8243; _builder_version=\u00bb4.16&#8243; _module_preset=\u00bbdefault\u00bb global_colors_info=\u00bb{}\u00bb][et_pb_column type=\u00bb1_2&#8243; _builder_version=\u00bb4.16&#8243; _module_preset=\u00bbdefault\u00bb global_colors_info=\u00bb{}\u00bb][et_pb_image src=\u00bbhttps:\/\/www.samnaz.org\/wp-content\/uploads\/2021\/04\/logoMNI-06.png\u00bb title_text=\u00bblogoMNI-06&#8243; align=\u00bbcenter\u00bb _builder_version=\u00bb4.27.4&#8243; _module_preset=\u00bbdefault\u00bb transform_translate=\u00bb0px|-20%\u00bb transform_translate_linked=\u00bboff\u00bb position_origin_a=\u00bbbottom_left\u00bb position_origin_a_last_edited=\u00bboff|phone\u00bb position_origin_f_last_edited=\u00bboff|phone\u00bb position_origin_r_last_edited=\u00bboff|phone\u00bb width=\u00bb84%\u00bb module_alignment=\u00bbcenter\u00bb positioning_last_edited=\u00bboff|phone\u00bb global_colors_info=\u00bb{}\u00bb][\/et_pb_image][\/et_pb_column][et_pb_column type=\u00bb1_2&#8243; _builder_version=\u00bb4.16&#8243; _module_preset=\u00bbdefault\u00bb custom_padding=\u00bb100px|0px|100px|60px|true|false\u00bb custom_padding_tablet=\u00bb0px||0px|0px|true|false\u00bb custom_padding_phone=\u00bb|||0px|true|false\u00bb custom_padding_last_edited=\u00bbon|desktop\u00bb global_colors_info=\u00bb{}\u00bb][et_pb_text _builder_version=\u00bb4.27.4&#8243; _module_preset=\u00bb7262e956-c376-4aa6-9642-c413f71527d0&#8243; text_font_size=\u00bb18px\u00bb text_line_height=\u00bb1.8em\u00bb custom_padding=\u00bb||25px|||\u00bb text_font_size_tablet=\u00bb\u00bb text_font_size_phone=\u00bb13px\u00bb text_font_size_last_edited=\u00bbon|phone\u00bb header_font_size_tablet=\u00bb55px\u00bb header_font_size_last_edited=\u00bboff|desktop\u00bb locked=\u00bboff\u00bb global_colors_info=\u00bb{}\u00bb]<\/p>\n<p><span>Desde que a Igreja do Nazareno foi fundada, tem a miss\u00e3o de compartilhar a esperan\u00e7a de Jesus Cristo com o nosso mundo. Esta miss\u00e3o continua viva e pr\u00f3spera nesta temporada de esperan\u00e7a. Voc\u00ea desempenha um papel vital nesta miss\u00e3o toda vez que ora e apoia sua igreja local e os esfor\u00e7os de Evangelismo Mundial.<\/span><\/p>\n<p>[\/et_pb_text][et_pb_text _builder_version=\u00bb4.27.4&#8243; _module_preset=\u00bb7262e956-c376-4aa6-9642-c413f71527d0&#8243; text_font_size=\u00bb18px\u00bb text_line_height=\u00bb1.8em\u00bb text_font_size_tablet=\u00bb\u00bb text_font_size_phone=\u00bb13px\u00bb text_font_size_last_edited=\u00bbon|phone\u00bb header_font_size_tablet=\u00bb55px\u00bb header_font_size_last_edited=\u00bboff|desktop\u00bb locked=\u00bboff\u00bb global_colors_info=\u00bb{}\u00bb]<\/p>\n<p><span>O Fundo de Evangelismo Mundial (FEM) \u00e9 o principal investimento em miss\u00f5es de nossas igrejas ao redor do mundo, que atua em 4 \u00e1reas: miss\u00f5es, discipulado, compaix\u00e3o e educa\u00e7\u00e3o.<\/span><\/p>\n<p>[\/et_pb_text][\/et_pb_column][\/et_pb_row][\/et_pb_section][et_pb_section fb_built=\u00bb1&#8243; admin_label=\u00bbServices\u00bb _builder_version=\u00bb4.27.4&#8243; _module_preset=\u00bbdefault\u00bb background_color=\u00bb#FFFFFF\u00bb background_color_gradient_direction=\u00bb90deg\u00bb custom_padding=\u00bb0px||||false|false\u00bb border_color_all=\u00bb#FFFFFF\u00bb global_colors_info=\u00bb{}\u00bb][et_pb_row column_structure=\u00bb1_3,1_3,1_3&#8243; custom_padding_last_edited=\u00bboff|desktop\u00bb _builder_version=\u00bb4.27.4&#8243; _module_preset=\u00bbdefault\u00bb background_color=\u00bb#4e85c5&#8243; custom_padding=\u00bb80px||15vw||false|false\u00bb custom_padding_tablet=\u00bb|30px||30px|false|true\u00bb custom_padding_phone=\u00bb|20px||20px|false|true\u00bb box_shadow_style=\u00bbpreset4&#8243; box_shadow_horizontal=\u00bb-30vw\u00bb box_shadow_vertical=\u00bb0px\u00bb box_shadow_color=\u00bb#4e85c5&#8243; global_colors_info=\u00bb{}\u00bb][et_pb_column type=\u00bb1_3&#8243; _builder_version=\u00bb4.27.4&#8243; _module_preset=\u00bbdefault\u00bb global_colors_info=\u00bb{}\u00bb][et_pb_image src=\u00bbhttps:\/\/www.samnaz.org\/wp-content\/uploads\/2021\/04\/logoMNI-06-150&#215;150.png\u00bb title_text=\u00bblogoMNI-06&#8243; _builder_version=\u00bb4.27.4&#8243; _module_preset=\u00bbdefault\u00bb custom_margin=\u00bb-200px||||false|false\u00bb custom_margin_tablet=\u00bb-80px||||false|false\u00bb custom_margin_phone=\u00bb-80px||||false|false\u00bb custom_margin_last_edited=\u00bbon|tablet\u00bb global_colors_info=\u00bb{}\u00bb][\/et_pb_image][\/et_pb_column][et_pb_column type=\u00bb1_3&#8243; _builder_version=\u00bb4.16&#8243; _module_preset=\u00bbdefault\u00bb global_colors_info=\u00bb{}\u00bb][et_pb_text _builder_version=\u00bb4.27.4&#8243; _module_preset=\u00bb003e9429-8e11-4d9e-968b-8881092bbf81&#8243; header_2_font=\u00bbNoto Serif||||||||\u00bb header_2_text_align=\u00bbcenter\u00bb header_2_text_color=\u00bb#FFFFFF\u00bb header_2_font_size=\u00bb27px\u00bb header_2_line_height=\u00bb1.3em\u00bb custom_margin=\u00bb||10px||false|false\u00bb header_2_font_size_tablet=\u00bb32px\u00bb header_2_font_size_phone=\u00bb18px\u00bb header_2_font_size_last_edited=\u00bbon|phone\u00bb header_2_line_height_tablet=\u00bb1.2em\u00bb header_2_line_height_phone=\u00bb1.2em\u00bb header_2_line_height_last_edited=\u00bboff|desktop\u00bb locked=\u00bboff\u00bb global_colors_info=\u00bb{}\u00bb]<\/p>\n<h2>Em cada igreja local, essa oferta pode ser arrecadada por meio de:<\/h2>\n<p>[\/et_pb_text][et_pb_image src=\u00bbhttps:\/\/www.samnaz.org\/wp-content\/uploads\/2025\/04\/home-staging_09.png\u00bb title_text=\u00bbhome-staging_09&#8243; align=\u00bbcenter\u00bb _builder_version=\u00bb4.16&#8243; _module_preset=\u00bbdefault\u00bb global_colors_info=\u00bb{}\u00bb][\/et_pb_image][\/et_pb_column][et_pb_column type=\u00bb1_3&#8243; _builder_version=\u00bb4.16&#8243; _module_preset=\u00bbdefault\u00bb global_colors_info=\u00bb{}\u00bb][\/et_pb_column][\/et_pb_row][et_pb_row column_structure=\u00bb1_3,1_3,1_3&#8243; use_custom_gutter=\u00bbon\u00bb gutter_width=\u00bb2&#8243; _builder_version=\u00bb4.27.4&#8243; _module_preset=\u00bbdefault\u00bb transform_translate=\u00bb1px|0px\u00bb transform_translate_linked=\u00bboff\u00bb custom_margin=\u00bb-12vw||||false|false\u00bb global_colors_info=\u00bb{}\u00bb][et_pb_column type=\u00bb1_3&#8243; _builder_version=\u00bb4.27.4&#8243; _module_preset=\u00bbdefault\u00bb background_color=\u00bb#f7f7f7&#8243; custom_padding=\u00bb30px|30px|30px|30px|true|true\u00bb custom_padding_tablet=\u00bb\u00bb custom_padding_phone=\u00bb20px|20px|20px|20px|true|true\u00bb custom_padding_last_edited=\u00bbon|phone\u00bb global_colors_info=\u00bb{}\u00bb][et_pb_image src=\u00bbhttps:\/\/www.samnaz.org\/wp-content\/uploads\/2026\/03\/POST-RESURECCION-ESPANOL.jpg\u00bb title_text=\u00bbPOST RESURECCIO\u0301N ESPAN\u0303OL\u00bb _builder_version=\u00bb4.27.6&#8243; _module_preset=\u00bbdefault\u00bb custom_margin=\u00bb-100px||40px||false|false\u00bb custom_margin_tablet=\u00bb0px||||false|false\u00bb custom_margin_phone=\u00bb\u00bb custom_margin_last_edited=\u00bbon|phone\u00bb border_width_all=\u00bb2px\u00bb border_color_all=\u00bb#FFFFFF\u00bb box_shadow_style=\u00bbpreset3&#8243; box_shadow_vertical=\u00bb20px\u00bb box_shadow_blur=\u00bb50px\u00bb box_shadow_spread=\u00bb0px\u00bb box_shadow_color=\u00bbrgba(40,40,40,0.4)\u00bb locked=\u00bboff\u00bb global_colors_info=\u00bb{}\u00bb][\/et_pb_image][et_pb_text admin_label=\u00bbTexto\u00bb _builder_version=\u00bb4.27.4&#8243; _module_preset=\u00bb0c6bc8be-1265-496d-a8dc-bc5e9a9a9edf\u00bb header_font=\u00bb||||||||\u00bb header_3_font=\u00bbNoto Serif||||||||\u00bb header_3_text_color=\u00bb#000000&#8243; header_3_font_size=\u00bb20px\u00bb header_3_line_height=\u00bb1.4em\u00bb header_4_font_size=\u00bb20px\u00bb custom_margin=\u00bb||-1px||false|false\u00bb header_3_font_size_tablet=\u00bb22px\u00bb header_3_font_size_phone=\u00bb16px\u00bb header_3_font_size_last_edited=\u00bbon|phone\u00bb header_3_line_height_tablet=\u00bb1.2em\u00bb header_3_line_height_phone=\u00bb1.4em\u00bb header_3_line_height_last_edited=\u00bboff|desktop\u00bb locked=\u00bboff\u00bb global_colors_info=\u00bb{}\u00bb]<\/p>\n<h3>Oferta da P\u00e1scoa<\/h3>\n<p>[\/et_pb_text][et_pb_text _builder_version=\u00bb4.27.4&#8243; _module_preset=\u00bb7262e956-c376-4aa6-9642-c413f71527d0&#8243; text_line_height=\u00bb1.8em\u00bb text_font_size_tablet=\u00bb\u00bb text_font_size_phone=\u00bb13px\u00bb text_font_size_last_edited=\u00bbon|phone\u00bb header_font_size_tablet=\u00bb55px\u00bb header_font_size_last_edited=\u00bboff|desktop\u00bb locked=\u00bboff\u00bb global_colors_info=\u00bb{}\u00bb]<\/p>\n<p><span>no m\u00eas em que se celebra a P\u00e1scoa<\/span><span> (Domingo da Ressurrei\u00e7\u00e3o)<\/span><\/p>\n<p>[\/et_pb_text][et_pb_button button_url=\u00bbhttps:\/\/cloud.samnaz.org\/s\/8bDZHDYcMHTTaAe\u00bb url_new_window=\u00bbon\u00bb button_text=\u00bbMateriales aqu\u00ed\u00bb _builder_version=\u00bb4.27.6&#8243; _module_preset=\u00bbcefaa07f-9636-40fe-a939-2a0ccdc332c6&#8243; custom_button=\u00bbon\u00bb button_text_size=\u00bb12px\u00bb button_text_color=\u00bb#000000&#8243; button_bg_color=\u00bbRGBA(0,0,0,0)\u00bb button_bg_image=\u00bbhttps:\/\/www.samnaz.org\/wp-content\/uploads\/2025\/04\/Rectangle-57.png\u00bb button_bg_size=\u00bbinitial\u00bb button_bg_position=\u00bbcenter_left\u00bb button_border_width=\u00bb0px\u00bb button_border_radius=\u00bb0px\u00bb button_letter_spacing=\u00bb3px\u00bb button_font=\u00bb|700||on|||||\u00bb button_use_icon=\u00bboff\u00bb custom_padding=\u00bb15px||15px|80px|true|false\u00bb locked=\u00bboff\u00bb global_colors_info=\u00bb{}\u00bb][\/et_pb_button][\/et_pb_column][et_pb_column type=\u00bb1_3&#8243; _builder_version=\u00bb4.27.4&#8243; _module_preset=\u00bbdefault\u00bb background_color=\u00bb#f7f7f7&#8243; custom_padding=\u00bb30px|30px|30px|30px|true|true\u00bb custom_padding_tablet=\u00bb\u00bb custom_padding_phone=\u00bb20px|20px|20px|20px|true|true\u00bb custom_padding_last_edited=\u00bbon|phone\u00bb global_colors_info=\u00bb{}\u00bb][et_pb_image src=\u00bbhttps:\/\/www.samnaz.org\/wp-content\/uploads\/2025\/04\/gratitud-300&#215;300.jpg\u00bb title_text=\u00bbgratitud\u00bb _builder_version=\u00bb4.27.4&#8243; _module_preset=\u00bbdefault\u00bb custom_margin=\u00bb-100px||40px||false|false\u00bb custom_margin_tablet=\u00bb0px||||false|false\u00bb custom_margin_phone=\u00bb\u00bb custom_margin_last_edited=\u00bbon|phone\u00bb border_width_all=\u00bb2px\u00bb border_color_all=\u00bb#FFFFFF\u00bb box_shadow_style=\u00bbpreset3&#8243; box_shadow_vertical=\u00bb20px\u00bb box_shadow_blur=\u00bb50px\u00bb box_shadow_spread=\u00bb0px\u00bb box_shadow_color=\u00bbrgba(40,40,40,0.4)\u00bb locked=\u00bboff\u00bb global_colors_info=\u00bb{}\u00bb][\/et_pb_image][et_pb_text _builder_version=\u00bb4.27.4&#8243; _module_preset=\u00bb0c6bc8be-1265-496d-a8dc-bc5e9a9a9edf\u00bb header_font=\u00bb||||||||\u00bb header_3_font=\u00bbNoto Serif||||||||\u00bb header_3_text_color=\u00bb#000000&#8243; header_3_font_size=\u00bb20px\u00bb header_3_line_height=\u00bb1.4em\u00bb custom_margin=\u00bb||-1px||false|false\u00bb header_3_font_size_tablet=\u00bb22px\u00bb header_3_font_size_phone=\u00bb16px\u00bb header_3_font_size_last_edited=\u00bbon|phone\u00bb header_3_line_height_tablet=\u00bb1.2em\u00bb header_3_line_height_phone=\u00bb1.4em\u00bb header_3_line_height_last_edited=\u00bboff|desktop\u00bb locked=\u00bboff\u00bb global_colors_info=\u00bb{}\u00bb]<\/p>\n<h3><span>Oferta de Gratid\u00e3o<\/span><\/h3>\n<p>[\/et_pb_text][et_pb_text _builder_version=\u00bb4.27.4&#8243; _module_preset=\u00bb7262e956-c376-4aa6-9642-c413f71527d0&#8243; text_line_height=\u00bb1.8em\u00bb text_font_size_tablet=\u00bb\u00bb text_font_size_phone=\u00bb13px\u00bb text_font_size_last_edited=\u00bbon|phone\u00bb header_font_size_tablet=\u00bb55px\u00bb header_font_size_last_edited=\u00bboff|desktop\u00bb locked=\u00bboff\u00bb global_colors_info=\u00bb{}\u00bb]<\/p>\n<p><span>tamb\u00e9m conhecida como A\u00e7\u00e3o de Gra\u00e7as, no m\u00eas de novembro<\/span><span> quando se celebra o Dia de A\u00e7\u00e3o de Gra\u00e7as nos Estados Unidos,<\/span><span> onde nasceu nossa igreja.<\/span><\/p>\n<p>[\/et_pb_text][et_pb_button button_url=\u00bbhttps:\/\/cloud.samnaz.org\/s\/aFcbgaKfXJtq8EQ\u00bb url_new_window=\u00bbon\u00bb button_text=\u00bbMateriales aqu\u00ed\u00bb _builder_version=\u00bb4.27.6&#8243; _module_preset=\u00bbcefaa07f-9636-40fe-a939-2a0ccdc332c6&#8243; custom_button=\u00bbon\u00bb button_text_size=\u00bb12px\u00bb button_text_color=\u00bb#000000&#8243; button_bg_color=\u00bbRGBA(0,0,0,0)\u00bb button_bg_image=\u00bbhttps:\/\/www.samnaz.org\/wp-content\/uploads\/2025\/04\/Rectangle-57.png\u00bb button_bg_size=\u00bbinitial\u00bb button_bg_position=\u00bbcenter_left\u00bb button_border_width=\u00bb0px\u00bb button_border_radius=\u00bb0px\u00bb button_letter_spacing=\u00bb3px\u00bb button_font=\u00bb|700||on|||||\u00bb button_use_icon=\u00bboff\u00bb custom_padding=\u00bb15px||15px|80px|true|false\u00bb hover_enabled=\u00bb0&#8243; locked=\u00bboff\u00bb global_colors_info=\u00bb{}\u00bb sticky_enabled=\u00bb0&#8243;][\/et_pb_button][\/et_pb_column][et_pb_column type=\u00bb1_3&#8243; _builder_version=\u00bb4.27.4&#8243; _module_preset=\u00bbdefault\u00bb background_color=\u00bb#f7f7f7&#8243; custom_padding=\u00bb30px|30px|30px|30px|true|true\u00bb custom_padding_tablet=\u00bb\u00bb custom_padding_phone=\u00bb20px|20px|20px|20px|true|true\u00bb custom_padding_last_edited=\u00bbon|phone\u00bb global_colors_info=\u00bb{}\u00bb][et_pb_image src=\u00bbhttps:\/\/www.samnaz.org\/wp-content\/uploads\/2025\/04\/promesas-de-fe-max-300&#215;300.jpg\u00bb title_text=\u00bbpromesas-de-fe-max\u00bb _builder_version=\u00bb4.27.4&#8243; _module_preset=\u00bbdefault\u00bb custom_margin=\u00bb-100px||40px||false|false\u00bb custom_margin_tablet=\u00bb0px||||false|false\u00bb custom_margin_phone=\u00bb\u00bb custom_margin_last_edited=\u00bbon|phone\u00bb border_width_all=\u00bb2px\u00bb border_color_all=\u00bb#FFFFFF\u00bb box_shadow_style=\u00bbpreset3&#8243; box_shadow_vertical=\u00bb20px\u00bb box_shadow_blur=\u00bb50px\u00bb box_shadow_spread=\u00bb0px\u00bb box_shadow_color=\u00bbrgba(40,40,40,0.4)\u00bb locked=\u00bboff\u00bb global_colors_info=\u00bb{}\u00bb][\/et_pb_image][et_pb_text _builder_version=\u00bb4.27.4&#8243; _module_preset=\u00bb0c6bc8be-1265-496d-a8dc-bc5e9a9a9edf\u00bb header_font=\u00bb||||||||\u00bb header_3_font=\u00bbNoto Serif||||||||\u00bb header_3_text_color=\u00bb#000000&#8243; header_3_font_size=\u00bb20px\u00bb header_3_line_height=\u00bb1.4em\u00bb custom_margin=\u00bb||-1px||false|false\u00bb header_3_font_size_tablet=\u00bb22px\u00bb header_3_font_size_phone=\u00bb16px\u00bb header_3_font_size_last_edited=\u00bbon|phone\u00bb header_3_line_height_tablet=\u00bb1.2em\u00bb header_3_line_height_phone=\u00bb1.4em\u00bb header_3_line_height_last_edited=\u00bboff|desktop\u00bb locked=\u00bboff\u00bb global_colors_info=\u00bb{}\u00bb]<\/p>\n<h3><span>Promessa de F\u00e9<\/span><\/h3>\n<p>[\/et_pb_text][et_pb_text _builder_version=\u00bb4.27.4&#8243; _module_preset=\u00bb7262e956-c376-4aa6-9642-c413f71527d0&#8243; text_line_height=\u00bb1.8em\u00bb text_font_size_tablet=\u00bb\u00bb text_font_size_phone=\u00bb13px\u00bb text_font_size_last_edited=\u00bbon|phone\u00bb header_font_size_tablet=\u00bb55px\u00bb header_font_size_last_edited=\u00bboff|desktop\u00bb locked=\u00bboff\u00bb global_colors_info=\u00bb{}\u00bb]<\/p>\n<p><span>essa oferta o membro da igreja local compromete-se com Deus a realizar uma oferta mensal destinada ao FEM.<\/span><\/p>\n<p>[\/et_pb_text][et_pb_button button_url=\u00bbhttps:\/\/cloud.samnaz.org\/s\/fLXs7igmPLFrp8x\u00bb url_new_window=\u00bbon\u00bb button_text=\u00bbMateriales aqu\u00ed:\u00bb _builder_version=\u00bb4.27.4&#8243; _module_preset=\u00bbcefaa07f-9636-40fe-a939-2a0ccdc332c6&#8243; custom_button=\u00bbon\u00bb button_text_size=\u00bb12px\u00bb button_text_color=\u00bb#000000&#8243; button_bg_color=\u00bbRGBA(0,0,0,0)\u00bb button_bg_image=\u00bbhttps:\/\/www.samnaz.org\/wp-content\/uploads\/2025\/04\/Rectangle-57.png\u00bb button_bg_size=\u00bbinitial\u00bb button_bg_position=\u00bbcenter_left\u00bb button_border_width=\u00bb0px\u00bb button_border_radius=\u00bb0px\u00bb button_letter_spacing=\u00bb3px\u00bb button_font=\u00bb|700||on|||||\u00bb button_use_icon=\u00bboff\u00bb custom_padding=\u00bb15px||15px|80px|true|false\u00bb locked=\u00bboff\u00bb global_colors_info=\u00bb{}\u00bb][\/et_pb_button][\/et_pb_column][\/et_pb_row][et_pb_row column_structure=\u00bb1_2,1_2&#8243; _builder_version=\u00bb4.27.4&#8243; _module_preset=\u00bbdefault\u00bb global_colors_info=\u00bb{}\u00bb][et_pb_column type=\u00bb1_2&#8243; _builder_version=\u00bb4.27.4&#8243; _module_preset=\u00bbdefault\u00bb global_colors_info=\u00bb{}\u00bb][et_pb_text _builder_version=\u00bb4.27.4&#8243; _module_preset=\u00bb0c6bc8be-1265-496d-a8dc-bc5e9a9a9edf\u00bb header_font=\u00bb||||||||\u00bb header_3_font=\u00bbNoto Serif||||||||\u00bb header_3_text_color=\u00bb#000000&#8243; header_3_font_size=\u00bb20px\u00bb header_3_line_height=\u00bb1.4em\u00bb custom_margin=\u00bb||-1px||false|false\u00bb header_3_font_size_tablet=\u00bb22px\u00bb header_3_font_size_phone=\u00bb16px\u00bb header_3_font_size_last_edited=\u00bbon|phone\u00bb header_3_line_height_tablet=\u00bb1.2em\u00bb header_3_line_height_phone=\u00bb1.4em\u00bb header_3_line_height_last_edited=\u00bboff|desktop\u00bb locked=\u00bboff\u00bb global_colors_info=\u00bb{}\u00bb]<\/p>\n<h3><span>Ora\u00e7\u00e3o e Jejum<\/span><\/h3>\n<p>[\/et_pb_text][et_pb_text _builder_version=\u00bb4.27.4&#8243; _module_preset=\u00bb7262e956-c376-4aa6-9642-c413f71527d0&#8243; text_line_height=\u00bb1.8em\u00bb text_font_size_tablet=\u00bb\u00bb text_font_size_phone=\u00bb13px\u00bb text_font_size_last_edited=\u00bbon|phone\u00bb header_font_size_tablet=\u00bb55px\u00bb header_font_size_last_edited=\u00bboff|desktop\u00bb locked=\u00bboff\u00bb global_colors_info=\u00bb{}\u00bb]<\/p>\n<p><span>a igreja separa um dia do m\u00eas para orar e jejuar juntos e, nesse dia, o valor da refei\u00e7\u00e3o n\u00e3o consumida \u00e9 doado ao FEM.<\/span><\/p>\n<p>[\/et_pb_text][\/et_pb_column][et_pb_column type=\u00bb1_2&#8243; _builder_version=\u00bb4.27.4&#8243; _module_preset=\u00bbdefault\u00bb global_colors_info=\u00bb{}\u00bb][et_pb_text _builder_version=\u00bb4.27.4&#8243; _module_preset=\u00bb0c6bc8be-1265-496d-a8dc-bc5e9a9a9edf\u00bb header_font=\u00bb||||||||\u00bb header_3_font=\u00bbNoto Serif||||||||\u00bb header_3_text_color=\u00bb#000000&#8243; header_3_font_size=\u00bb20px\u00bb header_3_line_height=\u00bb1.4em\u00bb custom_margin=\u00bb||-1px||false|false\u00bb header_3_font_size_tablet=\u00bb22px\u00bb header_3_font_size_phone=\u00bb16px\u00bb header_3_font_size_last_edited=\u00bbon|phone\u00bb header_3_line_height_tablet=\u00bb1.2em\u00bb header_3_line_height_phone=\u00bb1.4em\u00bb header_3_line_height_last_edited=\u00bboff|desktop\u00bb locked=\u00bboff\u00bb global_colors_info=\u00bb{}\u00bb]<\/p>\n<h3><span>como bazares, venda de almo\u00e7os, artesanato, etc.<\/span><\/h3>\n<p>[\/et_pb_text][et_pb_text _builder_version=\u00bb4.27.4&#8243; _module_preset=\u00bb7262e956-c376-4aa6-9642-c413f71527d0&#8243; text_line_height=\u00bb1.8em\u00bb text_font_size_tablet=\u00bb\u00bb text_font_size_phone=\u00bb13px\u00bb text_font_size_last_edited=\u00bbon|phone\u00bb header_font_size_tablet=\u00bb55px\u00bb header_font_size_last_edited=\u00bboff|desktop\u00bb locked=\u00bboff\u00bb global_colors_info=\u00bb{}\u00bb]<\/p>\n<p><b style=\"font-weight: normal;\">como bazares, venda de almo\u00e7os, artesanato, etc. <\/b><\/p>\n<p>[\/et_pb_text][\/et_pb_column][\/et_pb_row][et_pb_row _builder_version=\u00bb4.27.4&#8243; _module_preset=\u00bbdefault\u00bb use_background_color_gradient=\u00bbon\u00bb border_radii=\u00bbon|22px|22px|22px|22px\u00bb box_shadow_style=\u00bbpreset1&#8243; global_colors_info=\u00bb{}\u00bb][et_pb_column type=\u00bb4_4&#8243; _builder_version=\u00bb4.27.4&#8243; _module_preset=\u00bbdefault\u00bb global_colors_info=\u00bb{}\u00bb][et_pb_text _builder_version=\u00bb4.27.4&#8243; _module_preset=\u00bb7262e956-c376-4aa6-9642-c413f71527d0&#8243; text_text_color=\u00bb#FFFFFF\u00bb text_font_size=\u00bb1.5em\u00bb text_line_height=\u00bb1.8em\u00bb custom_margin=\u00bb|28px||28px|true|true\u00bb text_font_size_tablet=\u00bb\u00bb text_font_size_phone=\u00bb13px\u00bb text_font_size_last_edited=\u00bbon|phone\u00bb header_font_size_tablet=\u00bb55px\u00bb header_font_size_last_edited=\u00bboff|desktop\u00bb border_radii=\u00bbon|4px|4px|4px|4px\u00bb locked=\u00bboff\u00bb global_colors_info=\u00bb{}\u00bb]<\/p>\n<div><span>Na regi\u00e3o da <\/span><span>Am\u00e9rica do Sul<\/span><span>, nossa meta \u00e9 que at\u00e9 o ano de <\/span><span>2030<\/span><span>, todas as igrejas da nossa regi\u00e3o ofertem ao <\/span><span>FEM<\/span><span>, j\u00e1 que atualmente apenas <\/span><span>61.8%<\/span><span> de nossas igrejas da regi\u00e3o o fazem, e somente <\/span><span>39,5%<\/span><span> das igrejas ao redor do mundo. Faremos isso por meio do plano <\/span><strong>\u201cZERO ZEROS\u201d<\/strong><span>\u00a0 Zero igrejas ofertando Zero ao FEM.<\/p>\n<p><\/span><\/div>\n<div><span><\/span><\/div>\n<div><span>Segundo o <\/span><span>Manual da Igreja do Nazareno<\/span><span>, a proposta \u00e9 alcan\u00e7ar ou at\u00e9 mesmo superar o objetivo de <\/span><span>5,5%<\/span><span> da renda de d\u00edzimos e ofertas de cada igreja local<\/span><\/div>\n<p>[\/et_pb_text][\/et_pb_column][\/et_pb_row][\/et_pb_section][et_pb_section fb_built=\u00bb1&#8243; padding_top_2=\u00bb150px\u00bb padding_top_bottom_link_2=\u00bbfalse\u00bb padding_left_right_link_2=\u00bbfalse\u00bb admin_label=\u00bbFeatures \u00bb _builder_version=\u00bb4.27.4&#8243; _module_preset=\u00bbdefault\u00bb background_color=\u00bb#f4f4f4&#8243; custom_padding=\u00bb||0px||false|false\u00bb global_colors_info=\u00bb{%22gcid-3d886ef6-8731-4e14-8402-fb3e08bbe225%22:%91%22background_color%22%93}\u00bb][et_pb_row column_structure=\u00bb1_2,1_2&#8243; _builder_version=\u00bb4.16&#8243; _module_preset=\u00bbdefault\u00bb global_colors_info=\u00bb{}\u00bb][et_pb_column type=\u00bb1_2&#8243; _builder_version=\u00bb4.16&#8243; _module_preset=\u00bbdefault\u00bb global_colors_info=\u00bb{}\u00bb][et_pb_text _builder_version=\u00bb4.27.4&#8243; _module_preset=\u00bb003e9429-8e11-4d9e-968b-8881092bbf81&#8243; header_2_font=\u00bbNoto Serif||||||||\u00bb header_2_text_color=\u00bb#000000&#8243; header_2_font_size=\u00bb50px\u00bb header_2_line_height=\u00bb1.3em\u00bb custom_margin=\u00bb||10px||false|false\u00bb header_2_font_size_tablet=\u00bb32px\u00bb header_2_font_size_phone=\u00bb18px\u00bb header_2_font_size_last_edited=\u00bbon|desktop\u00bb header_2_line_height_tablet=\u00bb1.2em\u00bb header_2_line_height_phone=\u00bb1.2em\u00bb header_2_line_height_last_edited=\u00bboff|desktop\u00bb locked=\u00bboff\u00bb global_colors_info=\u00bb{}\u00bb]<\/p>\n<h2><span>Onde s\u00e3o utilizadas as ofertas para o FEM?<\/span><\/h2>\n<p>[\/et_pb_text][et_pb_image src=\u00bbhttps:\/\/www.buenasnuevas.live\/wp-content\/uploads\/2013\/02\/evangelio-del-mundo.jpg\u00bb title_text=\u00bbhome-staging_29&#8243; _builder_version=\u00bb4.27.4&#8243; _module_preset=\u00bbdefault\u00bb global_colors_info=\u00bb{}\u00bb][\/et_pb_image][\/et_pb_column][et_pb_column type=\u00bb1_2&#8243; _builder_version=\u00bb4.16&#8243; _module_preset=\u00bbdefault\u00bb custom_padding=\u00bb100px||||false|false\u00bb custom_padding_tablet=\u00bb0px||||false|false\u00bb custom_padding_phone=\u00bb\u00bb custom_padding_last_edited=\u00bbon|tablet\u00bb global_colors_info=\u00bb{}\u00bb][et_pb_blurb title=\u00bbMisiones\u00bb icon_placement=\u00bbleft\u00bb image_icon_width=\u00bb64px\u00bb content_max_width=\u00bb100%\u00bb image_icon_width_tablet=\u00bb32px\u00bb image_icon_width_phone=\u00bb32px\u00bb image_icon_width_last_edited=\u00bbon|desktop\u00bb content_max_width_tablet=\u00bb100%\u00bb content_max_width_last_edited=\u00bboff|desktop\u00bb _builder_version=\u00bb4.27.4&#8243; _module_preset=\u00bbbbd70754-49fa-4988-ad64-9765b3b8d0fe\u00bb header_font=\u00bbNoto Serif||||||||\u00bb header_text_color=\u00bb#000000&#8243; header_font_size=\u00bb24px\u00bb header_line_height=\u00bb1.4em\u00bb body_line_height=\u00bb1.8em\u00bb animation=\u00bboff\u00bb header_font_size_tablet=\u00bb20px\u00bb header_font_size_phone=\u00bb16px\u00bb header_font_size_last_edited=\u00bbon|phone\u00bb image_max_width=\u00bb64px\u00bb image_max_width_tablet=\u00bb32px\u00bb image_max_width_phone=\u00bb\u00bb image_max_width_last_edited=\u00bbon|desktop\u00bb global_colors_info=\u00bb{}\u00bb]<\/p>\n<div><span>Apoiar os mission\u00e1rios nazarenos durante sua atua\u00e7\u00e3o no campo.<\/span><\/div>\n<div><span>\u2022 Manter uma estrutura de envio e aten\u00e7\u00e3o mission\u00e1ria.<br \/><b><\/b><\/span><\/div>\n<div><span>\u2022 Desenvolver e manter as comunica\u00e7\u00f5es, por meio de suporte tecnol\u00f3gico e novos programas mission\u00e1rios, como as Transmiss\u00f5es de Miss\u00e3o Mundial (TMM).<\/span><\/div>\n<div><span>\u2022 Apoiar os minist\u00e9rios regionais nazarenos.<\/span><\/div>\n<div><span><\/span><\/div>\n<div><span>Em 2024, havia 466 mission\u00e1rios origin\u00e1rios de 60 \u00e1reas mundiais, servindo em 81 pa\u00edses. Desses mission\u00e1rios, 339 serviram como mission\u00e1rios globais e 127 como patrocinados. No ano passado, houve 38 novos envios mission\u00e1rios. Dentro dessas fam\u00edlias mission\u00e1rias, havia 317 filhos de mission\u00e1rios.<\/span><\/div>\n<p>[\/et_pb_blurb][\/et_pb_column][\/et_pb_row][et_pb_row column_structure=\u00bb1_2,1_2&#8243; _builder_version=\u00bb4.27.4&#8243; _module_preset=\u00bbdefault\u00bb global_colors_info=\u00bb{}\u00bb][et_pb_column type=\u00bb1_2&#8243; _builder_version=\u00bb4.27.4&#8243; _module_preset=\u00bbdefault\u00bb global_colors_info=\u00bb{}\u00bb][et_pb_blurb title=\u00bbDiscipulado\u00bb icon_placement=\u00bbleft\u00bb image_icon_width=\u00bb64px\u00bb content_max_width=\u00bb100%\u00bb image_icon_width_tablet=\u00bb32px\u00bb image_icon_width_phone=\u00bb32px\u00bb image_icon_width_last_edited=\u00bbon|desktop\u00bb content_max_width_tablet=\u00bb100%\u00bb content_max_width_last_edited=\u00bboff|desktop\u00bb _builder_version=\u00bb4.27.4&#8243; _module_preset=\u00bbbbd70754-49fa-4988-ad64-9765b3b8d0fe\u00bb header_font=\u00bbNoto Serif||||||||\u00bb header_text_color=\u00bb#000000&#8243; header_font_size=\u00bb24px\u00bb header_line_height=\u00bb1.4em\u00bb body_line_height=\u00bb1.8em\u00bb animation=\u00bboff\u00bb header_font_size_tablet=\u00bb20px\u00bb header_font_size_phone=\u00bb16px\u00bb header_font_size_last_edited=\u00bbon|phone\u00bb image_max_width=\u00bb64px\u00bb image_max_width_tablet=\u00bb32px\u00bb image_max_width_phone=\u00bb\u00bb image_max_width_last_edited=\u00bbon|desktop\u00bb global_colors_info=\u00bb{}\u00bb]<\/p>\n<div><span>\u2022 Plantar novas igrejas.<\/span><\/div>\n<div><span>\u2022 Capacitar e equipar pastores e l\u00edderes.<\/span><\/div>\n<div><span>\u2022 Fornecer recursos e literatura em m\u00faltiplos idiomas \u00e0s igrejas ao redor do mundo.<\/span><\/div>\n<p>[\/et_pb_blurb][\/et_pb_column][et_pb_column type=\u00bb1_2&#8243; _builder_version=\u00bb4.27.4&#8243; _module_preset=\u00bbdefault\u00bb global_colors_info=\u00bb{}\u00bb][et_pb_blurb title=\u00bbCompasi\u00f3n\u00bb icon_placement=\u00bbleft\u00bb image_icon_width=\u00bb64px\u00bb content_max_width=\u00bb100%\u00bb image_icon_width_tablet=\u00bb32px\u00bb image_icon_width_phone=\u00bb32px\u00bb image_icon_width_last_edited=\u00bbon|desktop\u00bb content_max_width_tablet=\u00bb100%\u00bb content_max_width_last_edited=\u00bboff|desktop\u00bb _builder_version=\u00bb4.27.4&#8243; _module_preset=\u00bbbbd70754-49fa-4988-ad64-9765b3b8d0fe\u00bb header_font=\u00bbNoto Serif||||||||\u00bb header_text_color=\u00bb#000000&#8243; header_font_size=\u00bb24px\u00bb header_line_height=\u00bb1.4em\u00bb body_line_height=\u00bb1.8em\u00bb animation=\u00bboff\u00bb header_font_size_tablet=\u00bb20px\u00bb header_font_size_phone=\u00bb16px\u00bb header_font_size_last_edited=\u00bbon|phone\u00bb image_max_width=\u00bb64px\u00bb image_max_width_tablet=\u00bb32px\u00bb image_max_width_phone=\u00bb\u00bb image_max_width_last_edited=\u00bbon|desktop\u00bb global_colors_info=\u00bb{}\u00bb]<\/p>\n<p><span>Fornecer infraestrutura para que MNC (Minist\u00e9rios Nazarenos de Compaix\u00e3o) possam desenvolver programas de compaix\u00e3o em n\u00edvel local, distrital e\/ou regional em todo o mundo.<\/span><\/p>\n<p>[\/et_pb_blurb][\/et_pb_column][\/et_pb_row][et_pb_row _builder_version=\u00bb4.27.4&#8243; _module_preset=\u00bbdefault\u00bb global_colors_info=\u00bb{}\u00bb][et_pb_column type=\u00bb4_4&#8243; _builder_version=\u00bb4.27.4&#8243; _module_preset=\u00bbdefault\u00bb global_colors_info=\u00bb{}\u00bb][et_pb_blurb title=\u00bbEducaci\u00f3n\u00bb icon_placement=\u00bbleft\u00bb image_icon_width=\u00bb64px\u00bb content_max_width=\u00bb100%\u00bb image_icon_width_tablet=\u00bb32px\u00bb image_icon_width_phone=\u00bb32px\u00bb image_icon_width_last_edited=\u00bbon|desktop\u00bb content_max_width_tablet=\u00bb100%\u00bb content_max_width_last_edited=\u00bboff|desktop\u00bb _builder_version=\u00bb4.27.4&#8243; _module_preset=\u00bbbbd70754-49fa-4988-ad64-9765b3b8d0fe\u00bb header_font=\u00bbNoto Serif||||||||\u00bb header_text_color=\u00bb#000000&#8243; header_font_size=\u00bb24px\u00bb header_line_height=\u00bb1.4em\u00bb body_line_height=\u00bb1.8em\u00bb animation=\u00bboff\u00bb header_font_size_tablet=\u00bb20px\u00bb header_font_size_phone=\u00bb16px\u00bb header_font_size_last_edited=\u00bbon|phone\u00bb image_max_width=\u00bb64px\u00bb image_max_width_tablet=\u00bb32px\u00bb image_max_width_phone=\u00bb\u00bb image_max_width_last_edited=\u00bbon|desktop\u00bb global_colors_info=\u00bb{}\u00bb]<\/p>\n<div><span>Apoiar semin\u00e1rios b\u00edblicos, institui\u00e7\u00f5es nazarenas de ensino superior e universidades.<\/span><\/div>\n<div><span><b>\u00a0<\/b><\/span><\/div>\n<div><span>50 institui\u00e7\u00f5es educacionais, incluindo: 7 semin\u00e1rios\/faculdades teol\u00f3gicas de p\u00f3s-gradua\u00e7\u00e3o, 14 faculdades\/universidades de artes liberais (13 com programas de p\u00f3s-gradua\u00e7\u00e3o), 18 semin\u00e1rios\/faculdades teol\u00f3gicas de p\u00f3s-gradua\u00e7\u00e3o, 8 faculdades b\u00edblicas com certifica\u00e7\u00e3o e diploma, 2 faculdades de forma\u00e7\u00e3o de enfermeiros, 1 escola de forma\u00e7\u00e3o de professores, 1.059 centros educacionais (centros de extens\u00e3o aprovadas). Essas institui\u00e7\u00f5es tiveram uma matr\u00edcula combinada em 2023 de 43.339 estudantes ao redor do mundo.<\/span><\/div>\n<p>[\/et_pb_blurb][\/et_pb_column][\/et_pb_row][\/et_pb_section][et_pb_section fb_built=\u00bb1&#8243; specialty=\u00bbon\u00bb admin_label=\u00bbHow it Works\u00bb _builder_version=\u00bb4.27.4&#8243; _module_preset=\u00bbdefault\u00bb custom_padding=\u00bb||76px||false|false\u00bb global_colors_info=\u00bb{}\u00bb][et_pb_column type=\u00bb1_2&#8243; specialty_columns=\u00bb2&#8243; _builder_version=\u00bb4.16&#8243; custom_padding=\u00bb|||\u00bb global_colors_info=\u00bb{}\u00bb custom_padding__hover=\u00bb|||\u00bb][et_pb_row_inner _builder_version=\u00bb4.16&#8243; _module_preset=\u00bbdefault\u00bb custom_padding=\u00bb||0px|||\u00bb global_colors_info=\u00bb{}\u00bb][et_pb_column_inner saved_specialty_column_type=\u00bb1_2&#8243; _builder_version=\u00bb4.16&#8243; _module_preset=\u00bbdefault\u00bb global_colors_info=\u00bb{}\u00bb][et_pb_text _builder_version=\u00bb4.27.4&#8243; _module_preset=\u00bb003e9429-8e11-4d9e-968b-8881092bbf81&#8243; header_2_font=\u00bbNoto Serif||||||||\u00bb header_2_text_color=\u00bb#000000&#8243; header_2_font_size=\u00bb50px\u00bb header_2_line_height=\u00bb1.3em\u00bb custom_margin=\u00bb||10px||false|false\u00bb header_2_font_size_tablet=\u00bb32px\u00bb header_2_font_size_phone=\u00bb18px\u00bb header_2_font_size_last_edited=\u00bbon|desktop\u00bb header_2_line_height_tablet=\u00bb1.2em\u00bb header_2_line_height_phone=\u00bb1.2em\u00bb header_2_line_height_last_edited=\u00bboff|desktop\u00bb locked=\u00bboff\u00bb global_colors_info=\u00bb{}\u00bb]<\/p>\n<h2><span>Como funciona o FEM?<\/span><\/h2>\n<p>[\/et_pb_text][et_pb_text _builder_version=\u00bb4.27.4&#8243; _module_preset=\u00bb7262e956-c376-4aa6-9642-c413f71527d0&#8243; text_line_height=\u00bb1.8em\u00bb text_font_size_tablet=\u00bb\u00bb text_font_size_phone=\u00bb13px\u00bb text_font_size_last_edited=\u00bbon|phone\u00bb header_font_size_tablet=\u00bb55px\u00bb header_font_size_last_edited=\u00bboff|desktop\u00bb locked=\u00bboff\u00bb global_colors_info=\u00bb{}\u00bb]<\/p>\n<div><span>Quando voc\u00ea doa, sua oferta vai para o Escrit\u00f3rio do Tesoureiro Geral, onde os fundos s\u00e3o distribu\u00eddos para as seis regi\u00f5es, mission\u00e1rios e minist\u00e9rios ao redor do mundo.\u00a0<\/span><\/div>\n<div><span><b>\u00a0<\/b><\/span><\/div>\n<div>\n<p><span>A B\u00edblia ensina que h\u00e1 b\u00ean\u00e7\u00e3o tanto para quem recebe quanto para quem d\u00e1. Em Atos 20:35 (NVT), Jesus disse:\u00a0 <\/span><span>\u201cH\u00e1 b\u00ean\u00e7\u00e3o maior em dar que em receber.\u201d<\/span><span>. Quando d\u00e1 com gratid\u00e3o, voc\u00ea tem a b\u00ean\u00e7\u00e3o de ver os frutos do seu apoio se multiplicarem na vida de outras pessoas.<\/p>\n<p><\/span><\/div>\n<div><span>Ao ofertarmos, reconhecemos que Deus \u00e9 nossa fonte e que Ele sempre suprir\u00e1 todas as nossas necessidades. Isso reflete uma f\u00e9 pr\u00e1tica e demonstra nossa confian\u00e7a no cuidado de Deus, conforme Filipenses 4:19 (NVI): <\/span><span>\u201cO meu Deus suprir\u00e1 todas as necessidades de voc\u00eas, de acordo com as suas gloriosas riquezas em Cristo Jesus\u201d.<\/span><\/div>\n<p>[\/et_pb_text][\/et_pb_column_inner][\/et_pb_row_inner][\/et_pb_column][et_pb_column type=\u00bb1_2&#8243; _builder_version=\u00bb4.16&#8243; custom_padding=\u00bb|||\u00bb global_colors_info=\u00bb{}\u00bb custom_padding__hover=\u00bb|||\u00bb][et_pb_image src=\u00bbhttps:\/\/www.samnaz.org\/wp-content\/uploads\/2021\/04\/logoMNI-06.png\u00bb title_text=\u00bblogoMNI-06&#8243; align=\u00bbcenter\u00bb force_fullwidth=\u00bbon\u00bb _builder_version=\u00bb4.27.4&#8243; _module_preset=\u00bbdefault\u00bb global_colors_info=\u00bb{}\u00bb][\/et_pb_image][\/et_pb_column][\/et_pb_section][et_pb_section fb_built=\u00bb1&#8243; disabled_on=\u00bbon|on|on\u00bb module_id=\u00bbequipo\u00bb _builder_version=\u00bb4.27.4&#8243; _module_preset=\u00bbdefault\u00bb background_enable_color=\u00bboff\u00bb background_image=\u00bbhttps:\/\/www.samnaz.org\/wp-content\/uploads\/2021\/01\/dotted-gray-background2-scaled.jpg\u00bb custom_padding=\u00bb4px|||||\u00bb top_divider_color=\u00bb#FFFFFF\u00bb top_divider_repeat=\u00bb0x\u00bb top_divider_flip=\u00bbvertical\u00bb disabled=\u00bbon\u00bb locked=\u00bboff\u00bb global_colors_info=\u00bb{}\u00bb][et_pb_row _builder_version=\u00bb4.16&#8243; _module_preset=\u00bbdefault\u00bb custom_padding=\u00bb35px|||||\u00bb global_colors_info=\u00bb{}\u00bb][et_pb_column type=\u00bb4_4&#8243; _builder_version=\u00bb4.16&#8243; _module_preset=\u00bbdefault\u00bb global_colors_info=\u00bb{}\u00bb][et_pb_text _builder_version=\u00bb4.16&#8243; _module_preset=\u00bbdefault\u00bb header_2_text_align=\u00bbcenter\u00bb header_2_text_color=\u00bb#FFFFFF\u00bb header_2_font_size=\u00bb40px\u00bb width=\u00bb720px\u00bb width_tablet=\u00bb100%\u00bb width_phone=\u00bb\u00bb width_last_edited=\u00bbon|desktop\u00bb module_alignment=\u00bbcenter\u00bb global_colors_info=\u00bb{}\u00bb]<\/p>\n<h2 class=\"puntos\">CONHE\u00c7A NOSSOS PROJETOS<\/h2>\n<p>[\/et_pb_text][\/et_pb_column][\/et_pb_row][et_pb_row column_structure=\u00bb1_3,1_3,1_3&#8243; _builder_version=\u00bb4.16&#8243; _module_preset=\u00bbdefault\u00bb global_colors_info=\u00bb{}\u00bb][et_pb_column type=\u00bb1_3&#8243; _builder_version=\u00bb4.16&#8243; _module_preset=\u00bbdefault\u00bb global_colors_info=\u00bb{}\u00bb][et_pb_blurb title=\u00bbAcademia de Disc\u00edpulos (ACADi)\u00bb url_new_window=\u00bbon\u00bb image=\u00bbhttps:\/\/www.samnaz.org\/wp-content\/uploads\/2025\/04\/acadi.jpg\u00bb module_class=\u00bbrallaNO\u00bb _builder_version=\u00bb4.27.4&#8243; _module_preset=\u00bbdefault\u00bb header_font=\u00bb||||||||\u00bb header_text_align=\u00bbcenter\u00bb header_text_color=\u00bb#FFFFFF\u00bb header_font_size=\u00bb22px\u00bb body_text_align=\u00bbcenter\u00bb body_text_color=\u00bb#00bbff\u00bb body_font_size=\u00bb18px\u00bb child_filter_brightness=\u00bb99%\u00bb animation=\u00bboff\u00bb link_option_url=\u00bbhttps:\/\/nazarene.org\/projects\/academy-disciples-acadi\u00bb link_option_url_new_window=\u00bbon\u00bb header_text_shadow_style=\u00bbpreset1&#8243; body_text_shadow_style=\u00bbpreset1&#8243; border_radii_image=\u00bbon|3px|3px|3px|3px\u00bb box_shadow_style_image=\u00bbpreset1&#8243; global_colors_info=\u00bb{}\u00bb]<\/p>\n<p><span>Ver mais<\/span><\/p>\n<p>[\/et_pb_blurb][\/et_pb_column][et_pb_column type=\u00bb1_3&#8243; _builder_version=\u00bb4.16&#8243; _module_preset=\u00bbdefault\u00bb global_colors_info=\u00bb{}\u00bb][et_pb_blurb title=\u00bbMinisterios HEAP\u00bb url_new_window=\u00bbon\u00bb image=\u00bbhttps:\/\/www.samnaz.org\/wp-content\/uploads\/2022\/01\/HEAP-MINISTRIES.jpg\u00bb module_class=\u00bbrallaNO\u00bb _builder_version=\u00bb4.16&#8243; _module_preset=\u00bbdefault\u00bb header_font=\u00bb||||||||\u00bb header_text_align=\u00bbcenter\u00bb header_text_color=\u00bb#FFFFFF\u00bb header_font_size=\u00bb22px\u00bb body_text_align=\u00bbcenter\u00bb body_text_color=\u00bb#00bbff\u00bb body_font_size=\u00bb18px\u00bb child_filter_brightness=\u00bb99%\u00bb animation=\u00bboff\u00bb link_option_url=\u00bbhttps:\/\/nazarene.org\/projects\/heap-ministries\u00bb link_option_url_new_window=\u00bbon\u00bb header_text_shadow_style=\u00bbpreset1&#8243; body_text_shadow_style=\u00bbpreset1&#8243; border_radii_image=\u00bbon|3px|3px|3px|3px\u00bb box_shadow_style_image=\u00bbpreset1&#8243; global_colors_info=\u00bb{}\u00bb]<\/p>\n<p><span>Ver mais<\/span><\/p>\n<p>[\/et_pb_blurb][\/et_pb_column][et_pb_column type=\u00bb1_3&#8243; _builder_version=\u00bb4.16&#8243; _module_preset=\u00bbdefault\u00bb global_colors_info=\u00bb{}\u00bb][et_pb_blurb title=\u00bbReapertura y replantaci\u00f3n de la iglesia en Barrio Obrero\u00bb url_new_window=\u00bbon\u00bb image=\u00bbhttps:\/\/www.samnaz.org\/wp-content\/uploads\/2022\/01\/REOPENING-AND-REPLANTING.jpg\u00bb module_class=\u00bbrallaNO\u00bb _builder_version=\u00bb4.16&#8243; _module_preset=\u00bbdefault\u00bb header_font=\u00bb||||||||\u00bb header_text_align=\u00bbcenter\u00bb header_text_color=\u00bb#FFFFFF\u00bb header_font_size=\u00bb22px\u00bb body_text_align=\u00bbcenter\u00bb body_text_color=\u00bb#00bbff\u00bb body_font_size=\u00bb18px\u00bb child_filter_brightness=\u00bb99%\u00bb animation=\u00bboff\u00bb link_option_url=\u00bbhttps:\/\/nazarene.org\/projects\/reopening-and-replanting-church-barrio-obrero\u00bb link_option_url_new_window=\u00bbon\u00bb header_text_shadow_style=\u00bbpreset1&#8243; body_text_shadow_style=\u00bbpreset1&#8243; border_radii_image=\u00bbon|3px|3px|3px|3px\u00bb box_shadow_style_image=\u00bbpreset1&#8243; global_colors_info=\u00bb{}\u00bb]<\/p>\n<p><span>Ver mais<\/span><\/p>\n<p>[\/et_pb_blurb][\/et_pb_column][\/et_pb_row][et_pb_row column_structure=\u00bb1_3,1_3,1_3&#8243; _builder_version=\u00bb4.16&#8243; _module_preset=\u00bbdefault\u00bb global_colors_info=\u00bb{}\u00bb][et_pb_column type=\u00bb1_3&#8243; _builder_version=\u00bb4.16&#8243; _module_preset=\u00bbdefault\u00bb global_colors_info=\u00bb{}\u00bb][et_pb_blurb title=\u00bbIglesia Puerta Abierta &#8211; C\u00f3rdoba\u00bb url_new_window=\u00bbon\u00bb image=\u00bbhttps:\/\/www.samnaz.org\/wp-content\/uploads\/2022\/01\/IGLESIA-PUERTA-ABIERTA-CORDOBA.jpg\u00bb module_class=\u00bbrallaNO\u00bb _builder_version=\u00bb4.16&#8243; _module_preset=\u00bbdefault\u00bb header_font=\u00bb||||||||\u00bb header_text_align=\u00bbcenter\u00bb header_text_color=\u00bb#FFFFFF\u00bb header_font_size=\u00bb22px\u00bb body_text_align=\u00bbcenter\u00bb body_text_color=\u00bb#00bbff\u00bb body_font_size=\u00bb18px\u00bb child_filter_brightness=\u00bb99%\u00bb animation=\u00bboff\u00bb link_option_url=\u00bbhttps:\/\/nazarene.org\/projects\/iglesia-puerta-abierta-cordoba\u00bb link_option_url_new_window=\u00bbon\u00bb header_text_shadow_style=\u00bbpreset1&#8243; body_text_shadow_style=\u00bbpreset1&#8243; border_radii_image=\u00bbon|3px|3px|3px|3px\u00bb box_shadow_style_image=\u00bbpreset1&#8243; global_colors_info=\u00bb{}\u00bb]<\/p>\n<p><span>Ver mais<\/span><\/p>\n<p>[\/et_pb_blurb][\/et_pb_column][et_pb_column type=\u00bb1_3&#8243; _builder_version=\u00bb4.16&#8243; _module_preset=\u00bbdefault\u00bb global_colors_info=\u00bb{}\u00bb][et_pb_blurb title=\u00bbProyecto Povos &#8211; Alcanzando la Amazon\u00eda \u00bb url_new_window=\u00bbon\u00bb image=\u00bbhttps:\/\/www.samnaz.org\/wp-content\/uploads\/2022\/01\/PROJETO-POVOS-REACHING.jpg\u00bb module_class=\u00bbrallaNO\u00bb _builder_version=\u00bb4.16&#8243; _module_preset=\u00bbdefault\u00bb header_font=\u00bb||||||||\u00bb header_text_align=\u00bbcenter\u00bb header_text_color=\u00bb#FFFFFF\u00bb header_font_size=\u00bb22px\u00bb body_text_align=\u00bbcenter\u00bb body_text_color=\u00bb#00bbff\u00bb body_font_size=\u00bb18px\u00bb child_filter_brightness=\u00bb99%\u00bb animation=\u00bboff\u00bb link_option_url=\u00bbhttps:\/\/nazarene.org\/projects\/projeto-povos-reaching-brazilian-amazon-salvation-and-compassion\u00bb link_option_url_new_window=\u00bbon\u00bb header_text_shadow_style=\u00bbpreset1&#8243; body_text_shadow_style=\u00bbpreset1&#8243; border_radii_image=\u00bbon|3px|3px|3px|3px\u00bb box_shadow_style_image=\u00bbpreset1&#8243; global_colors_info=\u00bb{}\u00bb]<\/p>\n<p><span>Ver mais<\/span><\/p>\n<p>[\/et_pb_blurb][\/et_pb_column][et_pb_column type=\u00bb1_3&#8243; _builder_version=\u00bb4.16&#8243; _module_preset=\u00bbdefault\u00bb global_colors_info=\u00bb{}\u00bb][\/et_pb_column][\/et_pb_row][\/et_pb_section][et_pb_section fb_built=\u00bb1&#8243; _builder_version=\u00bb4.27.4&#8243; _module_preset=\u00bbdefault\u00bb global_colors_info=\u00bb{}\u00bb][et_pb_row column_structure=\u00bb1_2,1_2&#8243; _builder_version=\u00bb4.27.4&#8243; _module_preset=\u00bbdefault\u00bb global_colors_info=\u00bb{}\u00bb][et_pb_column type=\u00bb1_2&#8243; _builder_version=\u00bb4.27.4&#8243; _module_preset=\u00bbdefault\u00bb global_colors_info=\u00bb{}\u00bb][et_pb_video src=\u00bbhttps:\/\/vimeo.com\/910579755\/acf955bc5d?share=copy\u00bb module_class=\u00bbesp\u00bb _builder_version=\u00bb4.27.4&#8243; _module_preset=\u00bbdefault\u00bb custom_margin=\u00bb3px|||||\u00bb locked=\u00bboff\u00bb global_colors_info=\u00bb{}\u00bb][\/et_pb_video][et_pb_video src=\u00bbhttps:\/\/vimeo.com\/912974373\/b84d231a33?share=copy\u00bb module_class=\u00bbpor\u00bb _builder_version=\u00bb4.27.4&#8243; _module_preset=\u00bbdefault\u00bb custom_margin=\u00bb3px|||||\u00bb locked=\u00bboff\u00bb global_colors_info=\u00bb{}\u00bb][\/et_pb_video][et_pb_button button_url=\u00bbhttps:\/\/cloud.samnaz.org\/s\/xWfa3NoDkSBE6Pa\u00bb url_new_window=\u00bbon\u00bb button_text=\u00bbDescargar Videos ESP\u00bb button_alignment=\u00bbcenter\u00bb _builder_version=\u00bb4.27.4&#8243; _module_preset=\u00bbdefault\u00bb custom_margin=\u00bb70px||||false|false\u00bb locked=\u00bboff\u00bb global_colors_info=\u00bb{}\u00bb][\/et_pb_button][\/et_pb_column][et_pb_column type=\u00bb1_2&#8243; _builder_version=\u00bb4.27.4&#8243; _module_preset=\u00bbdefault\u00bb global_colors_info=\u00bb{}\u00bb][et_pb_video src=\u00bbhttps:\/\/vimeo.com\/1078051483?share=copy#t=0&#8243; module_class=\u00bbesp\u00bb _builder_version=\u00bb4.27.4&#8243; _module_preset=\u00bbdefault\u00bb custom_margin=\u00bb3px|||||\u00bb locked=\u00bboff\u00bb global_colors_info=\u00bb{}\u00bb][\/et_pb_video][et_pb_video src=\u00bbhttps:\/\/vimeo.com\/1078051426?share=copy#t=0&#8243; module_class=\u00bbpor\u00bb _builder_version=\u00bb4.27.4&#8243; _module_preset=\u00bbdefault\u00bb custom_margin=\u00bb3px|||||\u00bb locked=\u00bboff\u00bb global_colors_info=\u00bb{}\u00bb][\/et_pb_video][et_pb_button button_url=\u00bbhttps:\/\/cloud.samnaz.org\/s\/fRrspJ8BTHWNybX\u00bb url_new_window=\u00bbon\u00bb button_text=\u00bbBaixar V\u00eddeos POR\u00bb button_alignment=\u00bbcenter\u00bb _builder_version=\u00bb4.27.4&#8243; _module_preset=\u00bbdefault\u00bb custom_margin=\u00bb70px||||false|false\u00bb locked=\u00bboff\u00bb global_colors_info=\u00bb{}\u00bb][\/et_pb_button][\/et_pb_column][\/et_pb_row][\/et_pb_section]<\/p>\n<span class=\"et_bloom_bottom_trigger\"><\/span>","protected":false},"excerpt":{"rendered":"<p>Fondo para la Evangelizaci\u00f3n MundialDesde que la Iglesia del Nazareno fue fundada, ha estado en una misi\u00f3n para compartir la esperanza de Cristo Jes\u00fas con nuestro mundo. Esta misi\u00f3n sigue viva y pr\u00f3spera en esta temporada de esperanza. Usted juega un papel vital en esta misi\u00f3n cada vez que ora y apoya a su iglesia [&hellip;]<\/p>","protected":false},"author":2,"featured_media":0,"parent":0,"menu_order":0,"comment_status":"closed","ping_status":"closed","template":"","meta":{"_et_pb_use_builder":"on","_et_pb_old_content":"","_et_gb_content_width":"","_monsterinsights_skip_tracking":false,"_monsterinsights_sitenote_active":false,"_monsterinsights_sitenote_note":"","_monsterinsights_sitenote_category":0,"_vp_format_video_url":"","_vp_image_focal_point":[],"footnotes":""},"class_list":["post-2213","page","type-page","status-publish","hentry"],"yoast_head":"<!-- This site is optimized with the Yoast SEO Premium plugin v23.6 (Yoast SEO v27.5) - https:\/\/yoast.com\/product\/yoast-seo-premium-wordpress\/ -->\n<title>UNA TEMPORADA DE ESPERANZA | Iglesia del Nazareno Am\u00e9rica del Sur samnaz<\/title>\n<meta name=\"description\" content=\"Iglesia del Nazareno Am\u00e9rica del Sur UNA TEMPORADA DE ESPERANZA Iglesia del Nazareno\" \/>\n<meta name=\"robots\" content=\"index, follow, max-snippet:-1, max-image-preview:large, max-video-preview:-1\" \/>\n<link rel=\"canonical\" href=\"https:\/\/www.samnaz.org\/pt\/una-temporada-de-esperanza\/\" \/>\n<meta property=\"og:locale\" content=\"pt_BR\" \/>\n<meta property=\"og:type\" content=\"article\" \/>\n<meta property=\"og:title\" content=\"UNA TEMPORADA DE ESPERANZA\" \/>\n<meta property=\"og:description\" content=\"UNA TEMPORADA DE ESPERANZA\" \/>\n<meta property=\"og:url\" content=\"https:\/\/www.samnaz.org\/pt\/una-temporada-de-esperanza\/\" \/>\n<meta property=\"og:site_name\" content=\"Iglesia del Nazareno Am\u00e9rica del Sur\" \/>\n<meta property=\"article:publisher\" content=\"https:\/\/www.facebook.com\/NazarenoEsp\" \/>\n<meta property=\"article:modified_time\" content=\"2026-03-26T21:03:02+00:00\" \/>\n<meta property=\"og:image\" content=\"https:\/\/www.samnaz.org\/wp-content\/uploads\/2021\/04\/Logo-3-ESP.png\" \/>\n\t<meta property=\"og:image:width\" content=\"1041\" \/>\n\t<meta property=\"og:image:height\" content=\"780\" \/>\n\t<meta property=\"og:image:type\" content=\"image\/png\" \/>\n<meta name=\"twitter:card\" content=\"summary_large_image\" \/>\n<meta name=\"twitter:label1\" content=\"Est. tempo de leitura\" \/>\n\t<meta name=\"twitter:data1\" content=\"3 minutos\" \/>\n<script type=\"application\/ld+json\" class=\"yoast-schema-graph\">{\"@context\":\"https:\\\/\\\/schema.org\",\"@graph\":[{\"@type\":\"WebPage\",\"@id\":\"https:\\\/\\\/www.samnaz.org\\\/una-temporada-de-esperanza\\\/\",\"url\":\"https:\\\/\\\/www.samnaz.org\\\/una-temporada-de-esperanza\\\/\",\"name\":\"UNA TEMPORADA DE ESPERANZA | Iglesia del Nazareno Am\u00e9rica del Sur samnaz\",\"isPartOf\":{\"@id\":\"https:\\\/\\\/www.samnaz.org\\\/#website\"},\"datePublished\":\"2021-04-22T20:45:39+00:00\",\"dateModified\":\"2026-03-26T21:03:02+00:00\",\"description\":\"Iglesia del Nazareno Am\u00e9rica del Sur UNA TEMPORADA DE ESPERANZA Iglesia del Nazareno\",\"inLanguage\":\"pt-BR\",\"potentialAction\":[{\"@type\":\"ReadAction\",\"target\":[\"https:\\\/\\\/www.samnaz.org\\\/una-temporada-de-esperanza\\\/\"]}]},{\"@type\":\"WebSite\",\"@id\":\"https:\\\/\\\/www.samnaz.org\\\/#website\",\"url\":\"https:\\\/\\\/www.samnaz.org\\\/\",\"name\":\"Haciendo Disc\u00edpulos Semejantes a Cristo en las naciones\",\"description\":\"Haciendo disc\u00edpulos semejantes a Cristo en las Naciones\",\"publisher\":{\"@id\":\"https:\\\/\\\/www.samnaz.org\\\/#organization\"},\"alternateName\":\"Viviendo la Gran Comisi\u00f3n\",\"potentialAction\":[{\"@type\":\"SearchAction\",\"target\":{\"@type\":\"EntryPoint\",\"urlTemplate\":\"https:\\\/\\\/www.samnaz.org\\\/?s={search_term_string}\"},\"query-input\":{\"@type\":\"PropertyValueSpecification\",\"valueRequired\":true,\"valueName\":\"search_term_string\"}}],\"inLanguage\":\"pt-BR\"},{\"@type\":\"Organization\",\"@id\":\"https:\\\/\\\/www.samnaz.org\\\/#organization\",\"name\":\"Iglesia del Nazareno Am\u00e9rica del Sur\",\"url\":\"https:\\\/\\\/www.samnaz.org\\\/\",\"logo\":{\"@type\":\"ImageObject\",\"inLanguage\":\"pt-BR\",\"@id\":\"https:\\\/\\\/www.samnaz.org\\\/#\\\/schema\\\/logo\\\/image\\\/\",\"url\":\"https:\\\/\\\/www.samnaz.org\\\/wp-content\\\/uploads\\\/2021\\\/04\\\/Logo-3-ESP.png\",\"contentUrl\":\"https:\\\/\\\/www.samnaz.org\\\/wp-content\\\/uploads\\\/2021\\\/04\\\/Logo-3-ESP.png\",\"width\":1041,\"height\":780,\"caption\":\"Iglesia del Nazareno Am\u00e9rica del Sur\"},\"image\":{\"@id\":\"https:\\\/\\\/www.samnaz.org\\\/#\\\/schema\\\/logo\\\/image\\\/\"},\"sameAs\":[\"https:\\\/\\\/www.facebook.com\\\/NazarenoEsp\",\"https:\\\/\\\/www.instagram.com\\\/nazarenoesp\\\/\"],\"publishingPrinciples\":\"https:\\\/\\\/www.samnaz.org\\\/\"}]}<\/script>\n<!-- \/ Yoast SEO Premium plugin. -->","yoast_head_json":{"title":"UNA TEMPORADA DE ESPERANZA | Iglesia del Nazareno Am\u00e9rica del Sur samnaz","description":"Iglesia del Nazareno Am\u00e9rica del Sur UNA TEMPORADA DE ESPERANZA Iglesia del Nazareno","robots":{"index":"index","follow":"follow","max-snippet":"max-snippet:-1","max-image-preview":"max-image-preview:large","max-video-preview":"max-video-preview:-1"},"canonical":"https:\/\/www.samnaz.org\/pt\/una-temporada-de-esperanza\/","og_locale":"pt_BR","og_type":"article","og_title":"UNA TEMPORADA DE ESPERANZA","og_description":"UNA TEMPORADA DE ESPERANZA","og_url":"https:\/\/www.samnaz.org\/pt\/una-temporada-de-esperanza\/","og_site_name":"Iglesia del Nazareno Am\u00e9rica del Sur","article_publisher":"https:\/\/www.facebook.com\/NazarenoEsp","article_modified_time":"2026-03-26T21:03:02+00:00","og_image":[{"width":1041,"height":780,"url":"https:\/\/www.samnaz.org\/wp-content\/uploads\/2021\/04\/Logo-3-ESP.png","type":"image\/png"}],"twitter_card":"summary_large_image","twitter_misc":{"Est. tempo de leitura":"3 minutos"},"schema":{"@context":"https:\/\/schema.org","@graph":[{"@type":"WebPage","@id":"https:\/\/www.samnaz.org\/una-temporada-de-esperanza\/","url":"https:\/\/www.samnaz.org\/una-temporada-de-esperanza\/","name":"UNA TEMPORADA DE ESPERANZA | Iglesia del Nazareno Am\u00e9rica del Sur samnaz","isPartOf":{"@id":"https:\/\/www.samnaz.org\/#website"},"datePublished":"2021-04-22T20:45:39+00:00","dateModified":"2026-03-26T21:03:02+00:00","description":"Iglesia del Nazareno Am\u00e9rica del Sur UNA TEMPORADA DE ESPERANZA Iglesia del Nazareno","inLanguage":"pt-BR","potentialAction":[{"@type":"ReadAction","target":["https:\/\/www.samnaz.org\/una-temporada-de-esperanza\/"]}]},{"@type":"WebSite","@id":"https:\/\/www.samnaz.org\/#website","url":"https:\/\/www.samnaz.org\/","name":"Haciendo Disc\u00edpulos Semejantes a Cristo en las naciones","description":"Haciendo disc\u00edpulos semejantes a Cristo en las Naciones","publisher":{"@id":"https:\/\/www.samnaz.org\/#organization"},"alternateName":"Viviendo la Gran Comisi\u00f3n","potentialAction":[{"@type":"SearchAction","target":{"@type":"EntryPoint","urlTemplate":"https:\/\/www.samnaz.org\/?s={search_term_string}"},"query-input":{"@type":"PropertyValueSpecification","valueRequired":true,"valueName":"search_term_string"}}],"inLanguage":"pt-BR"},{"@type":"Organization","@id":"https:\/\/www.samnaz.org\/#organization","name":"Iglesia del Nazareno Am\u00e9rica del Sur","url":"https:\/\/www.samnaz.org\/","logo":{"@type":"ImageObject","inLanguage":"pt-BR","@id":"https:\/\/www.samnaz.org\/#\/schema\/logo\/image\/","url":"https:\/\/www.samnaz.org\/wp-content\/uploads\/2021\/04\/Logo-3-ESP.png","contentUrl":"https:\/\/www.samnaz.org\/wp-content\/uploads\/2021\/04\/Logo-3-ESP.png","width":1041,"height":780,"caption":"Iglesia del Nazareno Am\u00e9rica del Sur"},"image":{"@id":"https:\/\/www.samnaz.org\/#\/schema\/logo\/image\/"},"sameAs":["https:\/\/www.facebook.com\/NazarenoEsp","https:\/\/www.instagram.com\/nazarenoesp\/"],"publishingPrinciples":"https:\/\/www.samnaz.org\/"}]}},"_links":{"self":[{"href":"https:\/\/www.samnaz.org\/pt\/wp-json\/wp\/v2\/pages\/2213","targetHints":{"allow":["GET"]}}],"collection":[{"href":"https:\/\/www.samnaz.org\/pt\/wp-json\/wp\/v2\/pages"}],"about":[{"href":"https:\/\/www.samnaz.org\/pt\/wp-json\/wp\/v2\/types\/page"}],"author":[{"embeddable":true,"href":"https:\/\/www.samnaz.org\/pt\/wp-json\/wp\/v2\/users\/2"}],"replies":[{"embeddable":true,"href":"https:\/\/www.samnaz.org\/pt\/wp-json\/wp\/v2\/comments?post=2213"}],"version-history":[{"count":31,"href":"https:\/\/www.samnaz.org\/pt\/wp-json\/wp\/v2\/pages\/2213\/revisions"}],"predecessor-version":[{"id":50929,"href":"https:\/\/www.samnaz.org\/pt\/wp-json\/wp\/v2\/pages\/2213\/revisions\/50929"}],"wp:attachment":[{"href":"https:\/\/www.samnaz.org\/pt\/wp-json\/wp\/v2\/media?parent=2213"}],"curies":[{"name":"wp","href":"https:\/\/api.w.org\/{rel}","templated":true}]}}