{"id":237,"date":"2021-01-29T16:20:55","date_gmt":"2021-01-29T19:20:55","guid":{"rendered":"https:\/\/www.samnaz.org\/?page_id=237"},"modified":"2022-09-12T11:05:03","modified_gmt":"2022-09-12T14:05:03","slug":"en-que-creemos","status":"publish","type":"page","link":"https:\/\/www.samnaz.org\/pt\/en-que-creemos\/","title":{"rendered":"O que cremos"},"content":{"rendered":"<p>[et_pb_section fb_built=\u00bb1&#8243; _builder_version=\u00bb4.16&#8243; _module_preset=\u00bbdefault\u00bb background_image=\u00bbhttps:\/\/www.samnaz.org\/wp-content\/uploads\/2021\/04\/hero_0-scaled.jpg\u00bb z_index=\u00bb2&#8243; custom_padding=\u00bb||0px|||\u00bb global_colors_info=\u00bb{}\u00bb][et_pb_row _builder_version=\u00bb4.16&#8243; _module_preset=\u00bbdefault\u00bb global_colors_info=\u00bb{}\u00bb][et_pb_column type=\u00bb4_4&#8243; _builder_version=\u00bb4.16&#8243; _module_preset=\u00bbdefault\u00bb global_colors_info=\u00bb{}\u00bb][et_pb_text _builder_version=\u00bb4.16&#8243; _dynamic_attributes=\u00bbcontent\u00bb _module_preset=\u00bbdefault\u00bb text_font=\u00bb|600|||||||\u00bb text_text_color=\u00bb#FFFFFF\u00bb text_font_size=\u00bb50px\u00bb header_text_color=\u00bb#FFFFFF\u00bb header_font_size=\u00bb50px\u00bb background_color=\u00bb#000000&#8243; transform_translate=\u00bb0px|142px\u00bb text_orientation=\u00bbcenter\u00bb width=\u00bb44%\u00bb width_tablet=\u00bb95%\u00bb width_phone=\u00bb100%\u00bb width_last_edited=\u00bbon|phone\u00bb module_alignment=\u00bbcenter\u00bb custom_padding=\u00bb30px||30px||true|false\u00bb text_font_size_tablet=\u00bb\u00bb text_font_size_phone=\u00bb30px\u00bb text_font_size_last_edited=\u00bbon|phone\u00bb global_colors_info=\u00bb{}\u00bb]@ET-DC@eyJkeW5hbWljIjp0cnVlLCJjb250ZW50IjoicG9zdF90aXRsZSIsInNldHRpbmdzIjp7ImJlZm9yZSI6IiIsImFmdGVyIjoiIn19@[\/et_pb_text][\/et_pb_column][\/et_pb_row][et_pb_row custom_padding_last_edited=\u00bbon|tablet\u00bb _builder_version=\u00bb4.16&#8243; _module_preset=\u00bbdefault\u00bb transform_translate=\u00bb0px|59px\u00bb custom_margin=\u00bb0px||0px||false|false\u00bb custom_padding=\u00bb0px|||||\u00bb custom_padding_tablet=\u00bb0px|0px||0px|false|false\u00bb custom_padding_phone=\u00bb\u00bb global_colors_info=\u00bb{}\u00bb][et_pb_column type=\u00bb4_4&#8243; _builder_version=\u00bb4.16&#8243; _module_preset=\u00bbdefault\u00bb global_colors_info=\u00bb{}\u00bb][et_pb_text _builder_version=\u00bb4.16&#8243; _module_preset=\u00bbdefault\u00bb text_text_color=\u00bb#FFFFFF\u00bb text_font_size=\u00bb20px\u00bb background_enable_color=\u00bboff\u00bb use_background_color_gradient=\u00bbon\u00bb background_color_gradient_direction=\u00bb65deg\u00bb background_color_gradient_stops=\u00bbrgba(43,135,218,0.61) 0%|rgba(41,196,169,0.55) 82%\u00bb background_color_gradient_start=\u00bbrgba(43,135,218,0.61)\u00bb background_color_gradient_end=\u00bbrgba(41,196,169,0.55)\u00bb background_color_gradient_end_position=\u00bb82%\u00bb width=\u00bb100%\u00bb max_width=\u00bb100%\u00bb module_alignment=\u00bbcenter\u00bb custom_padding=\u00bb70px|200px|70px|200px|false|false\u00bb custom_padding_tablet=\u00bb70px|30px|70px|30px|false|false\u00bb custom_padding_phone=\u00bb|10px||10px|false|false\u00bb custom_padding_last_edited=\u00bbon|phone\u00bb border_width_all=\u00bb2px\u00bb border_color_all=\u00bb#FFFFFF\u00bb global_colors_info=\u00bb{}\u00bb]<\/p>\n<p style=\"text-align: center;\" class=\"translation-block\">A fim de preservar a heran\u00e7a que nos foi dada por Deus, a f\u00e9 que uma vez foi dada aos santos, especialmente a doutrina e a experi\u00eancia da inteira santifica\u00e7\u00e3o como uma segunda obra da gra\u00e7a, e tamb\u00e9m a fim de cooperar eficazmente com outros ramos da Igreja de Jesus Cristo no avan\u00e7o do reino de Deus, n\u00f3s, os ministros e membros leigos da Igreja do Nazareno, em conformidade com os princ\u00edpios da legisla\u00e7\u00e3o constitucional estabelecida entre n\u00f3s, por este meio, mandamos, adotamos e publicamos como sendo lei fundamental ou Constitui\u00e7\u00e3o da Igreja do Nazareno os Artigos de F\u00e9.<\/p>\n<p>[\/et_pb_text][\/et_pb_column][\/et_pb_row][\/et_pb_section][et_pb_section fb_built=\u00bb1&#8243; fullwidth=\u00bbon\u00bb _builder_version=\u00bb4.16&#8243; _module_preset=\u00bbdefault\u00bb global_colors_info=\u00bb{}\u00bb][et_pb_fullwidth_image src=\u00bbhttps:\/\/www.samnaz.org\/wp-content\/uploads\/2021\/01\/dotted-grid-black.png\u00bb title_text=\u00bbdotted-grid-black\u00bb _builder_version=\u00bb4.16&#8243; _module_preset=\u00bbdefault\u00bb transform_translate=\u00bb0px|4px\u00bb global_colors_info=\u00bb{}\u00bb][\/et_pb_fullwidth_image][\/et_pb_section][et_pb_section fb_built=\u00bb1&#8243; _builder_version=\u00bb4.16&#8243; _module_preset=\u00bbdefault\u00bb background_image=\u00bbhttps:\/\/www.samnaz.org\/wp-content\/uploads\/2021\/01\/mission-content-background.jpg\u00bb background_position=\u00bbtop_center\u00bb custom_margin=\u00bb21px|||||\u00bb custom_padding=\u00bb55px|||||\u00bb global_colors_info=\u00bb{}\u00bb][et_pb_row _builder_version=\u00bb4.16&#8243; _module_preset=\u00bbdefault\u00bb global_colors_info=\u00bb{}\u00bb][et_pb_column type=\u00bb4_4&#8243; _builder_version=\u00bb4.16&#8243; _module_preset=\u00bbdefault\u00bb global_colors_info=\u00bb{}\u00bb][et_pb_accordion open_toggle_text_color=\u00bb#0C71C3&#8243; open_toggle_background_color=\u00bb#FFFFFF\u00bb closed_toggle_text_color=\u00bb#FFFFFF\u00bb closed_toggle_background_color=\u00bbrgba(12,113,195,0.57)\u00bb icon_color=\u00bb#FFFFFF\u00bb _builder_version=\u00bb4.16&#8243; toggle_text_color=\u00bb#FFFFFF\u00bb toggle_font_size=\u00bb25px\u00bb body_font_size=\u00bb18px\u00bb body_line_height=\u00bb1.8em\u00bb locked=\u00bboff\u00bb global_colors_info=\u00bb{}\u00bb][et_pb_accordion_item title=\u00bbI. El Dios trino\u00bb open=\u00bbon\u00bb _builder_version=\u00bb4.16&#8243; global_colors_info=\u00bb{}\u00bb]Creemos en un solo Dios eternamente existente e infinito, Creador y Sustentador Soberano del universo; que s\u00f3lo \u00c9l es Dios, santo en naturaleza, atributos y prop\u00f3sito. El Dios, quien es amor santo y luz, es trino en su ser esencial, revelado como Padre, Hijo y Esp\u00edritu Santo.<\/p>\n<p><em>(G\u00e9nesis 1; Lev\u00edtico 19:2; Deuteron\u00f4mio 6:4-5; Isa\u00edas 5:16; 6:1-7; 40:18-31; Mateus 3:16-17; 28:19-20; Jo\u00e3o 14:6-27; I Cor\u00edntios 8:6; II Cor\u00edntios 13:14; G\u00e1latas 4:4-6; Ef\u00e9sios 2:13-18; 1 Jo\u00e3o 1:5; 4:8)<\/em><br \/>\n[\/et_pb_accordion_item][et_pb_accordion_item title=\u00bbII. Jesucristo\u00bb _builder_version=\u00bb4.16&#8243; global_colors_info=\u00bb{}\u00bb open=\u00bboff\u00bb]Creemos en Jesucristo, la Segunda Persona de la Divina Trinidad; que \u00c9l eternalmente es uno con el Padre; que se encarn\u00f3 por obra del Esp\u00edritu Santo y que naci\u00f3 de la virgen Mar\u00eda, de manera que dos naturalezas enteras y perfectas, es decir, la deidad y la humanidad, fueron unidas en una persona, verdadero Dios y verdadero hombre, el Dios-hombre. Creemos que Jesucristo muri\u00f3 por nuestros pecados, y que ciertamente se levant\u00f3 de entre los muertos y tom\u00f3 otra vez su cuerpo, junto con todo lo perteneciente a la perfecci\u00f3n de la naturaleza humana, con el cual ascendi\u00f3 al cielo y est\u00e1 all\u00ed intercediendo por nosotros.<\/p>\n<p><em>(Mateus 1:20-25; 16:15-16; Lucas 1:26-35; Jo\u00e3o 1:1-18; Atos 2:22-36; Romanos 8:3, 32-34; G\u00e1latas 4:4-5; Filipenses 2:5-11; Colossenses 1:12-22; I Tim\u00f3teo 6:14-16; Hebreus 1:1-5; 7:22-28; 9:24-28; I Jo\u00e3o 1:1-3; 4:2-3,15)<\/em><br \/>\n[\/et_pb_accordion_item][et_pb_accordion_item title=\u00bbIII. El Esp\u00edritu Santo\u00bb _builder_version=\u00bb4.16&#8243; global_colors_info=\u00bb{}\u00bb open=\u00bboff\u00bb]Creemos en el Esp\u00edritu Santo, la Tercera Persona de la Divina Trinidad, que est\u00e1 siempre presente y eficazmente activo en la Iglesia de Cristo y juntamente con ella, convenciendo al mundo de pecado, regenerando a los que se arrepienten y creen, santificando a los creyentes y guiando a toda verdad la cual est\u00e1 en Jesucristo.<\/p>\n<p><em>(Jo\u00e3o 7:39; 14:15-18, 26; 16:7-15; Atos 2:33; 15:8-9; Romanos 8:1-27; G\u00e1latas 3:1-14; 4:6; Ef\u00e9sios 3:14-21; I Tessalonicenses 4:7-8; II Tessalonicenses 2:13; I Pedro 1:2; I Jo\u00e3o 3:24; 4:13)<\/em><br \/>\n[\/et_pb_accordion_item][et_pb_accordion_item title=\u00bbIV. Las Sagradas Escrituras\u00bb _builder_version=\u00bb4.16&#8243; global_colors_info=\u00bb{}\u00bb open=\u00bboff\u00bb]Creemos en la inspiraci\u00f3n plenaria de las Sagradas Escrituras, por las cuales aceptamos los 66 libros del Antiguo y Nuevo Testamentos dados por inspiraci\u00f3n divina, revelando infaliblemente la voluntad de Dios respecto a nosotros en todo lo necesario para nuestra salvaci\u00f3n, de manera que no se debe imponer como Art\u00edculo de Fe ninguna ense\u00f1anza que no est\u00e9 en ellas.<\/p>\n<p><em>(Lucas 24:44-47; Jo\u00e3o 10:35; I Cor\u00edntios 15:3-4; II Tim\u00f3teo 3:15-17; I Pedro 1:10-12; II Pedro 1:20-21)<\/em><br \/>\n[\/et_pb_accordion_item][et_pb_accordion_item title=\u00bbV. El pecado, original y personal\u00bb _builder_version=\u00bb4.16&#8243; global_colors_info=\u00bb{}\u00bb open=\u00bboff\u00bb]Creemos que el pecado entr\u00f3 en el mundo por la desobediencia de nuestros primeros padres, y la muerte por el pecado. Creemos que el pecado es de dos clases: Pecado original o depravaci\u00f3n y pecado actual o personal.<\/p>\n<p>Acreditamos que o pecado original, ou deprava\u00e7\u00e3o, \u00e9 a corrup\u00e7\u00e3o da natureza de todos os descendentes de Ad\u00e3o, raz\u00e3o pela qual todo ser humano est\u00e1 muito distante da justi\u00e7a original ou do estado de pureza de nossos primeiros pais no momento de sua cria\u00e7\u00e3o. , ele \u00e9 adverso a Deus, ele n\u00e3o tem vida espiritual, ele est\u00e1 inclinado para o mal e isso continuamente. Al\u00e9m disso, cremos que o pecado original continua a existir na nova vida do regenerado at\u00e9 que o cora\u00e7\u00e3o seja totalmente limpo pelo batismo com o Esp\u00edrito Santo.<\/p>\n<p>Acreditamos que o pecado original difere do pecado real no sentido de que constitui uma propens\u00e3o herdada para o pecado real, pelo qual ningu\u00e9m \u00e9 respons\u00e1vel at\u00e9 que o rem\u00e9dio divinamente provido seja menosprezado ou rejeitado.<\/p>\n<p>Acreditamos que o pecado real ou pessoal \u00e9 a viola\u00e7\u00e3o intencional de uma lei conhecida de Deus cometida por uma pessoa moralmente respons\u00e1vel. Portanto, n\u00e3o deve ser confundido com falhas involunt\u00e1rias ou inevit\u00e1veis, fraquezas, falhas, erros, falhas ou outros desvios de um padr\u00e3o perfeito de conduta, que s\u00e3o res\u00edduos da queda. No entanto, esses efeitos inocentes n\u00e3o incluem atitudes ou respostas contr\u00e1rias ao Esp\u00edrito de Cristo, que podem ser apropriadamente chamados de pecados do esp\u00edrito. Acreditamos que o pecado pessoal \u00e9 prim\u00e1ria e essencialmente uma viola\u00e7\u00e3o da lei do amor e que, em rela\u00e7\u00e3o a Cristo, o pecado pode ser definido como descren\u00e7a.<\/p>\n<p><em>(<u>Pecado original<\/u>: G\u00e9nesis 3; 6:5; Job 15:14; Salmo 51:5; Jerem\u00edas 17:9-10; Marcos 7:21-23; Romanos 1:18-25; 5:12-14; 7:1\u20148:9; 1 Corintios 3:1-4; G\u00e1latas 5:16-25; 1 Juan 1:7-8.\u00a0<u>Pecado personal<\/u>: Mateo 22:36-40; Juan 8:34-36; 16:8-9; Romanos 3:23; 6:15-23; 8:18-24; 14:23; 1 Juan 1:9\u20142:4; 3:7-10).<\/em><br \/>\n[\/et_pb_accordion_item][et_pb_accordion_item title=\u00bbVI. La expiaci\u00f3n\u00bb _builder_version=\u00bb4.16&#8243; global_colors_info=\u00bb{}\u00bb open=\u00bboff\u00bb]Creemos que Jesucristo por sus sufrimientos, por el derramamiento de su preciosa sangre y por su muerte en la cruz hizo una expiaci\u00f3n plena por todo el pecado de la humanidad, y que esta expiaci\u00f3n es la \u00fanica base de la salvaci\u00f3n y que es suficiente para todo individuo de la raza de Ad\u00e1n. La expiaci\u00f3n es misericordiosamente eficaz para la salvaci\u00f3n de aquellos incapaces de responsabilidad moral y para los ni\u00f1os en su inocencia, pero para los que llegan a la edad de responsabilidad es eficaz para su salvaci\u00f3n solamente cuando se arrepienten y creen.<\/p>\n<p><em>(Isa\u00edas 53: 5-6, 11; Marcos 10:45; Lucas 24: 46-48; Jo\u00e3o 1:29; 3: 14-17; Atos 4: 10-12; Romanos 3: 21-26; 4:17 -25; 5: 6-21; 1 Cor\u00edntios 6:20; 2 Cor\u00edntios 5: 14-21; G\u00e1latas 1: 3-4; 3: 13-14; Colossenses 1: 19-23; 1 Tim\u00f3teo 2: 3-6 ; Tito 2: 1114; Hebreus 2: 9; 9: 11-14; 13:12; 1 Pedro 1: 18-21; 2: 19-25; 1 Jo\u00e3o 2: 1-2).<\/em><br \/>\n[\/et_pb_accordion_item][et_pb_accordion_item title=\u00bbVII. La gracia preveniente\u00bb _builder_version=\u00bb4.16&#8243; global_colors_info=\u00bb{}\u00bb open=\u00bboff\u00bb]Creemos que la creaci\u00f3n de la raza humana a la imagen de Dios incluy\u00f3 la capacidad de decidir entre el bien y el mal y que, por tanto, los seres humanos fueron hechos moralmente responsables; que a trav\u00e9s de la ca\u00edda de Ad\u00e1n ellos se tornaron depravados, de tal modo que ahora no pueden, por s\u00ed mismos y por sus capacidades y obras, volver a la fe e invocar a Dios. Pero tambi\u00e9n creemos que la gracia de Dios, por medio de Jesucristo, se concede gratuitamente a todas las personas, capacitando a todos los que quieran, para volverse del pecado a la justicia, para creer en Jesucristo y recibir perd\u00f3n y limpieza del pecado, y para seguir las buenas obras agradables y aceptables ante \u00c9l.<\/p>\n<p>Cremos que todas as pessoas, mesmo que tenham a experi\u00eancia da regenera\u00e7\u00e3o e inteira santifica\u00e7\u00e3o, podem cair da gra\u00e7a e apostatar e, a menos que se arrependam de seus pecados, estar\u00e3o perdidas eternamente e sem esperan\u00e7a.<\/p>\n<p><em>(<u>Semejanza divina y responsabilidad moral<\/u>: G\u00e9nesis 1:26-27; 2:16-17; Deuteronomio 28:1-2; 30:19; Josu\u00e9 24:15; Salmo 8:3-5; Isa\u00edas 1:8-10; Jerem\u00edas 31:29-30; Ezequiel 18:1-4; Miqueas 6:8; Romanos 1:19-20; 2:1-16; 14:7-12; G\u00e1latas 6:7-8.\u00a0<u>Incapacidad natural<\/u>: Job 14:4; 15:14; Salmos 14:1-4; 51:5; Juan 3:6a; Romanos 3:10-12; 5:12-14, 20a; 7:14-25.\u00a0<u>Don de gracia y obras de fe<\/u>: Ezequiel 18:25-26; Juan 1:12-13; 3:6b; Hechos 5:31; Romanos 5:6-8, 18; 6:15-16, 23; 10:6-8; 11:22; 1 Corintios 2:9-14; 10:112; 2 Corintios 5:18-19; G\u00e1latas 5:6; Efesios 2:8-10; Filipenses 2:12-13; Colosenses 1:21-23; 2 Timoteo 4:10a; Tito 2:11-14; Hebreos 2:1-3; 3:12-15; 6:4-6; 10:26-31; Santiago 2:18-22; 2 Pedro 1:10-11; 2:20-22).<\/em><br \/>\n[\/et_pb_accordion_item][et_pb_accordion_item title=\u00bbVIII. El arrepentimiento\u00bb _builder_version=\u00bb4.16&#8243; global_colors_info=\u00bb{}\u00bb open=\u00bboff\u00bb]Creemos que el arrepentimiento, que es un cambio sincero y completo de la mente respecto al pecado, con el reconocimiento de culpa personal y la separaci\u00f3n voluntaria del pecado, se exige de todos los que por acci\u00f3n o prop\u00f3sito han llegado a ser pecadores contra Dios. El Esp\u00edritu de Dios da a todos los que quieran arrepentirse la\u00a0ayuda benigna de la contrici\u00f3n de coraz\u00f3n y la esperanza de misericordia para que puedan creer a fin de recibir perd\u00f3n y vida espiritual.<\/p>\n<p><em>(2 Cr\u00f4nicas 7:14; Salmos 32: 5-6; 51: 1-17; Isa\u00edas 55: 6-7; Jeremias 3: 12-14; Ezequiel 18: 30-32; 33: 14-16; Marcos 1: 14-15; Lucas 3: 1-14; 13: 1-5; 18: 9-14; Atos 2:38; 3:19; 5:31; 17: 30-31; 26: 16-18; Romanos 2 : 4; 2 Cor\u00edntios 7: 8-11; 1 Tessalonicenses 1: 9; 2 Pedro 3: 9).<\/em><br \/>\n[\/et_pb_accordion_item][et_pb_accordion_item title=\u00bbIX. La justificaci\u00f3n, la regeneraci\u00f3n y la adopci\u00f3n\u00bb _builder_version=\u00bb4.16&#8243; global_colors_info=\u00bb{}\u00bb open=\u00bboff\u00bb]Creemos que la justificaci\u00f3n es aquel acto benigno y judicial de Dios, por el cual \u00c9l concede pleno perd\u00f3n de toda culpa, la remisi\u00f3n completa de la pena por los pecados cometidos y la aceptaci\u00f3n como justos de los que creen en Jesucristo y lo reciben como Salvador y Se\u00f1or.<\/p>\n<p>Acreditamos que a regenera\u00e7\u00e3o, ou novo nascimento, \u00e9 aquela obra da gra\u00e7a de Deus, pela qual a natureza moral do crente arrependido \u00e9 espiritualmente vivificada e ele recebe uma vida espiritual distinta, capaz de experimentar f\u00e9, amor e obedi\u00eancia.<\/p>\n<p>Acreditamos que a ado\u00e7\u00e3o \u00e9 aquele ato benigno de Deus, pelo qual o crente justificado e regenerado se torna um filho de Deus.<\/p>\n<p>Cremos que a justifica\u00e7\u00e3o, regenera\u00e7\u00e3o e ado\u00e7\u00e3o s\u00e3o simult\u00e2neas na experi\u00eancia de quem busca a Deus e s\u00e3o obtidas pela exig\u00eancia da f\u00e9, precedida do arrependimento e que o Esp\u00edrito Santo d\u00e1 testemunho desta obra e estado de gra\u00e7a.<\/p>\n<p><em>(Lucas 18:14; Jo\u00e3o 1: 12-13; 3: 3-8; 5:24; Atos 13:39; Romanos 1:17; 3:21, 26, 28; 4: 5-9, 17-25 ; 5: 1, 16-19; 6: 4; 7: 6; 8: 1, 15-17; 1 Cor\u00edntios 1:30; 6:11; 2 Cor\u00edntios 5: 17-21; G\u00e1latas 2: 16-21; 3: 1-14, 26; 4: 4-7; Ef\u00e9sios 1: 6-7; 2: 1, 4-5; Filipenses 3: 3-9; Colossenses 2:13; Tito 3: 4-7; 1 Pedro 1:23; 1 Jo\u00e3o 1: 9; 3: 1-2, 9; 4: 7; 5: 1, 9-13, 18).<\/em><br \/>\n[\/et_pb_accordion_item][et_pb_accordion_item title=\u00bbX. La santidad cristiana y la entera santificaci\u00f3n\u00bb _builder_version=\u00bb4.16&#8243; global_colors_info=\u00bb{}\u00bb open=\u00bboff\u00bb]Creemos que la santificaci\u00f3n es la obra de Dios por medio de la cual transforma a los creyentes a la semejanza de Cristo. \u00c9sta es efectuada mediante la gracia de Dios por el Esp\u00edritu Santo en la santificaci\u00f3n inicial, o regeneraci\u00f3n (simult\u00e1nea a la justificaci\u00f3n), la entera santificaci\u00f3n y la obra continua de perfeccionamiento del creyente por el Esp\u00edritu Santo, culminando en la glorificaci\u00f3n, en la cual somos completamente conformados a la imagen del Hijo.<\/p>\n<p>Acreditamos que a inteira santifica\u00e7\u00e3o \u00e9 o ato de Deus, subsequente \u00e0 regenera\u00e7\u00e3o, pelo qual os crentes s\u00e3o libertados do pecado original ou da deprava\u00e7\u00e3o, e s\u00e3o levados a um estado de devo\u00e7\u00e3o total a Deus e \u00e0 santa obedi\u00eancia do amor aperfei\u00e7oada. \u00c9 efetuado pelo enchimento ou batismo com o Esp\u00edrito Santo; e em uma \u00fanica experi\u00eancia inclui a purifica\u00e7\u00e3o do pecado do cora\u00e7\u00e3o e a habita\u00e7\u00e3o permanente e cont\u00ednua do Esp\u00edrito Santo, equipando o crente para a vida e o servi\u00e7o.<\/p>\n<p>A inteira santifica\u00e7\u00e3o \u00e9 fornecida pelo sangue de Jesus, imediatamente efetuada pela gra\u00e7a por meio da f\u00e9 e precedida por inteira consagra\u00e7\u00e3o. O Esp\u00edrito Santo d\u00e1 testemunho dessa obra e estado de gra\u00e7a. Esta experi\u00eancia \u00e9 tamb\u00e9m conhecida por v\u00e1rios nomes que representam as suas diferentes fases, tais como \"perfei\u00e7\u00e3o crist\u00e3\", \"amor perfeito\", \"pureza de cora\u00e7\u00e3o\", \"plenitude ou baptismo com o Esp\u00edrito Santo\", \"plenitude de b\u00ean\u00e7\u00e3o\" e \"crist\u00e3 santidade \u201d.<\/p>\n<p>Acreditamos que haja uma distin\u00e7\u00e3o clara entre um cora\u00e7\u00e3o puro e um car\u00e1ter maduro. O primeiro \u00e9 obtido instantaneamente como resultado da inteira santifica\u00e7\u00e3o; o segundo \u00e9 o resultado do crescimento na gra\u00e7a. Cremos que a gra\u00e7a da inteira santifica\u00e7\u00e3o inclui o impulso divino de crescer na gra\u00e7a como um disc\u00edpulo \u00e0 semelhan\u00e7a de Cristo. No entanto, esse impulso deve ser cultivado conscientemente, e cuidadosa aten\u00e7\u00e3o deve ser dada aos requisitos e processos de desenvolvimento espiritual e aprimoramento do car\u00e1ter e personalidade crist\u00e3. Sem esse esfor\u00e7o proposital, o testemunho de uma pessoa pode ser enfraquecido e a gra\u00e7a pode ser enfadonha e finalmente perdida. Ao participar nos meios da gra\u00e7a, especialmente na comunh\u00e3o crist\u00e3, nas disciplinas espirituais e nos sacramentos da igreja, os crentes crescem na gra\u00e7a e no amor sincero a Deus e ao pr\u00f3ximo.<\/p>\n<p><em>(Jeremias 31: 31-34; Ezequiel 36: 25-27; Malaquias 3: 2-3; Mateus 3: 11-12; Lucas 3: 16-17; Jo\u00e3o 7: 37-39; 14: 15-23; 17 : 6-20; Atos 1: 5; 2: 1-4; 15: 8-9; Romanos 6: 11-13,19; 8: 1-4, 8-14; 12: 1-2; 2 Cor\u00edntios 6 : 14-7: 1; G\u00e1latas 2:20; 5: 16-25; Ef\u00e9sios 3: 14-21; 5: 17-18, 25-27; Filipenses 3: 10-15; Colossenses 3: 1-17; 1 Tessalonicenses 5: 23-24; Hebreus 4: 9-11; 10: 10-17; 12: 1-2; 13:12; 1 Jo\u00e3o 1: 7, 9). (\"Perfei\u00e7\u00e3o crist\u00e3\", \"amor perfeito\": Deuteron\u00f4mio 30: 6; Mateus 5: 43-48; 22: 37-40; Romanos 12: 9-21; 13: 8-10; 1 Cor\u00edntios 13; Filipenses 3:10 -15; Hebreus 6: 1; 1 Jo\u00e3o 4: 17-18 \"Pureza de cora\u00e7\u00e3o\": Mateus 5: 8; Atos 15: 8-9; 1 Pedro 1:22; 1 Jo\u00e3o 3: 3 \"A plenitude ou batismo com o Esp\u00edrito Santo \u201d: Jeremias 31: 31-34; Ezequiel 36: 25-27; Malaquias 3: 2-3; Mateus 3: 11-12; Lucas 3: 16-17; Atos 1: 5; 2: 1-4 ; 15: 8-9 \"Plenitude da b\u00ean\u00e7\u00e3o\": Romanos 15:29 \"Santidade crist\u00e3\": Mateus 5: 1\u20147: 29; Jo\u00e3o 15: 1-11; Romanos 12: 1\u2014 15: 3; 2 Cor\u00edntios 7 : 1; Ef\u00e9sios 4: 17-5: 20; Filipenses 1: 9-11; 3: 12-15; Colossenses 2: 20-3: 17; 1 Tessalonicenses 3:13; 4: 7-8; 5:23; 2 Tim\u00f3teo 2: 19-22; Hebreus 10: 19-25; 12:14; 13: 20-21; 1 Pedro 1: 15-16; 2 Pedro 1: 1-11; 3:18; Judas 20-21) .<\/em><br \/>\n[\/et_pb_accordion_item][et_pb_accordion_item title=\u00bbXI. La Iglesia\u00bb _builder_version=\u00bb4.16&#8243; global_colors_info=\u00bb{}\u00bb open=\u00bboff\u00bb]Creemos en la Iglesia, la comunidad que confiesa a Jesucristo como Se\u00f1or, el pueblo del pacto de Dios renovado en Cristo, el Cuerpo de Cristo llamado a ser uno por el Esp\u00edritu Santo mediante la Palabra. Dios llama a la Iglesia a expresar su vida en la unidad y la comuni\u00f3n del Esp\u00edritu; en adoraci\u00f3n por medio de la predicaci\u00f3n de la Palabra de Dios, en la observancia de los sacramentos y el ministerio en su nombre; en la obediencia a Cristo, la vida santa y la mutua rendici\u00f3n de cuentas.<\/p>\n<p>A miss\u00e3o da Igreja no mundo \u00e9 compartilhar a obra redentora e o minist\u00e9rio reconciliador de Cristo no poder do Esp\u00edrito. A Igreja cumpre sua miss\u00e3o fazendo disc\u00edpulos por meio do evangelismo, da educa\u00e7\u00e3o, da compaix\u00e3o, do trabalho pela justi\u00e7a e do testemunho do reino de Deus.<\/p>\n<p>A Igreja \u00e9 uma realidade hist\u00f3rica que se organiza de formas adaptadas culturalmente; existe tanto como congrega\u00e7\u00f5es locais quanto como um corpo universal; separa pessoas chamadas por Deus para minist\u00e9rios espec\u00edficos. Deus chama a igreja para viver sob seu governo em antecipa\u00e7\u00e3o da consuma\u00e7\u00e3o na vinda de nosso Senhor Jesus Cristo.<\/p>\n<p><em>(\u00caxodo 19: 3; Jeremias 31:33; Mateus 8:11; 10: 7; 16: 13-19, 24; 18: 15-20; 28:20; Jo\u00e3o 17: 14-26; 20: 21-23 ; Atos 1: 7-8; 2: 32-47; 6: 1-2; 13: 1; 14:23; Romanos 2: 28-29; 4:16; 10: 9-15; 11: 13-32 ; 12: 1-8; 15: 1-3; 1 Cor\u00edntios 3: 5-9; 7:17; 11: 1, 17-33; 12: 3, 12-31; 14: 26-40; 2 Cor\u00edntios 5 : 11-6: 1; G\u00e1latas 5: 6, 13-14; 6: 1-5, 15; Ef\u00e9sios 4: 1-17; 5: 25-27; Filipenses 2: 1-16; 1 Tessalonicenses 4: 1- 12; 1 Tim\u00f3teo 4:13; Hebreus 10: 19-25; 1 Pedro 1: 1-2, 13; 2: 4-12, 21; 4: 1-2, 10-11; 1 Jo\u00e3o 4:17; Judas 24; Apocalipse 5: 9-10).<\/em><br \/>\n[\/et_pb_accordion_item][et_pb_accordion_item title=\u00bbXII. El bautismo\u00bb _builder_version=\u00bb4.16&#8243; global_colors_info=\u00bb{}\u00bb open=\u00bboff\u00bb]Creemos que el bautismo cristiano, ordenado por nuestro Se\u00f1or, es un sacramento que significa la aceptaci\u00f3n de los beneficios de la expiaci\u00f3n de Jesucristo, que debe administrarse a los creyentes, y que declara su fe en Jesucristo como su Salvador y su pleno prop\u00f3sito de obediencia en santidad y justicia. Siendo el bautismo un s\u00edmbolo del nuevo pacto, se puede bautizar a ni\u00f1os peque\u00f1os, a petici\u00f3n de sus padres o tutores, quienes prometer\u00e1n la ense\u00f1anza cristiana necesaria.<\/p>\n<p>O batismo pode ser administrado por aspers\u00e3o, infus\u00e3o ou imers\u00e3o, dependendo da prefer\u00eancia do candidato.<\/p>\n<p><em>(Mateus 3: 1-7; 28: 16-20; Atos 2: 37-41; 8: 35-39; 10: 44-48; 16: 29-34; 19:16; Romanos 6: 3-4; G\u00e1latas 3: 26-28; Colossenses 2:12; 1 Pedro 3: 18-22).<\/em><br \/>\n[\/et_pb_accordion_item][et_pb_accordion_item title=\u00bbXIII. La santa cena\u00bb _builder_version=\u00bb4.16&#8243; global_colors_info=\u00bb{}\u00bb open=\u00bboff\u00bb]Creemos que la cena conmemorativa y de comuni\u00f3n instituida por nuestro Se\u00f1or y Salvador Jesucristo es esencialmente un sacramento del Nuevo Testamento, que declara su muerte expiatoria, por cuyos m\u00e9ritos los creyentes tienen vida y salvaci\u00f3n, y la promesa de todas las bendiciones espirituales en Cristo. Es distintivamente\u00a0para aquellos que est\u00e1n preparados para apreciar con reverencia su significado y por ella anuncian la muerte del Se\u00f1or hasta que \u00c9l venga otra vez. Siendo la fiesta de comuni\u00f3n, s\u00f3lo aquellos que tienen fe en Cristo y amor para los santos deben ser llamados a participar en ella.<\/p>\n<p><em>(\u00caxodo 12: 1-14; Mateus 26: 26-29; Marcos 14: 22-25; Lucas 22: 17-20; Jo\u00e3o 6: 28-58; 1 Cor\u00edntios 10: 14-21; 11: 23-32) .<\/em><br \/>\n[\/et_pb_accordion_item][et_pb_accordion_item title=\u00bbXIV. La sanidad divina\u00bb _builder_version=\u00bb4.16&#8243; global_colors_info=\u00bb{}\u00bb open=\u00bboff\u00bb]Creemos en la doctrina b\u00edblica de la sanidad divina e instamos a nuestro pueblo a ofrecer la oportunidad de hacer la oraci\u00f3n de fe para la sanidad de los enfermos. Creemos tambi\u00e9n que Dios sana a trav\u00e9s de la ciencia m\u00e9dica.<\/p>\n<p><em>(2 Reis 5: 1-19; Salmos 103: 1-5; Mateus 4: 23-24; 9: 18-35; Jo\u00e3o 4: 46-54; Atos 5: 12-16; 9: 32-42; 14 : 8-15; 1 Cor\u00edntios 12: 4-11; 2 Cor\u00edntios 12: 7-10; Tiago 5: 13-16).<\/em><br \/>\n[\/et_pb_accordion_item][et_pb_accordion_item title=\u00bbXV. La segunda venida de Cristo\u00bb _builder_version=\u00bb4.16&#8243; global_colors_info=\u00bb{}\u00bb open=\u00bboff\u00bb]Creemos que el Se\u00f1or Jesucristo vendr\u00e1 otra vez; que los que vivamos en el momento de su venida no precederemos a los que durmieron en Cristo Jes\u00fas; mas si hemos permanecido en \u00c9l, seremos arrebatados con los santos resucitados para reunirnos con el Se\u00f1or en el aire, y estaremos siempre con \u00c9l.<\/p>\n<p><em>(Mateus 25: 31-46; Jo\u00e3o 14: 1-3; Atos 1: 9-11; Filipenses 3: 20-21; 1 Tessalonicenses 4: 13-18; Tito 2: 11-14; Hebreus 9: 26-28 ; 2 Pedro 3: 3-15; Apocalipse 1: 7-8; 22: 7-20).<\/em><br \/>\n[\/et_pb_accordion_item][et_pb_accordion_item title=\u00bb XVI. La resurrecci\u00f3n, el juicio y el destino\u00bb _builder_version=\u00bb4.16&#8243; global_colors_info=\u00bb{}\u00bb open=\u00bboff\u00bb]Creemos en la resurrecci\u00f3n de los muertos, que los cuerpos tanto de los justos como de los injustos ser\u00e1n resucitados y unidos con sus esp\u00edritus \u2014\u201clos que hicieron lo bueno, saldr\u00e1n a resurrecci\u00f3n de vida mas los que hicieron lo malo, a resurrecci\u00f3n de condenaci\u00f3n\u201d.<\/p>\n<p>Acreditamos no julgamento futuro no qual cada pessoa aparecer\u00e1 diante de Deus para ser julgada de acordo com suas obras nesta vida.<\/p>\n<p>Cremos que aqueles que s\u00e3o salvos por crer em Jesus Cristo nosso Senhor e segui-lo em obedi\u00eancia t\u00eam a garantia de vida gloriosa e eterna; e que aqueles que permanecerem impenitentes at\u00e9 o fim sofrer\u00e3o eternamente no inferno.<\/p>\n<p><em>(G\u00eanesis 18:25; 1 Samuel 2:10; Salmo 50: 6; Isa\u00edas 26:19; Daniel 12: 2-3; Mateus 25: 31-46; Marcos 9: 43-48; Lucas 16: 19-31; 20: 27-38; Jo\u00e3o 3: 16-18; 5: 25-29; 11: 21-27; Atos 17: 30-31; Romanos 2: 1-16; 14: 7-12; 1 Cor\u00edntios 15:12 -58; 2 Cor\u00edntios 5:10; 2 Tessalonicenses 1: 5-10; Apocalipse 20: 11-15; 22: 1-15).<\/em><br \/>\n[\/et_pb_accordion_item][\/et_pb_accordion][\/et_pb_column][\/et_pb_row][\/et_pb_section]<\/p>\n<span class=\"et_bloom_bottom_trigger\"><\/span>","protected":false},"excerpt":{"rendered":"<p>A fin de que mantengamos nuestra herencia dada por Dios, la fe una vez dada a los santos, especialmente la doctrina y experiencia de la entera santificaci\u00f3n como segunda obra de gracia, y tambi\u00e9n para que cooperemos eficazmente con otras ramas de la iglesia de Jesucristo en expandir el reino de Dios, nosotros, los ministros [&hellip;]<\/p>","protected":false},"author":2,"featured_media":0,"parent":0,"menu_order":0,"comment_status":"closed","ping_status":"closed","template":"","meta":{"_et_pb_use_builder":"on","_et_pb_old_content":"","_et_gb_content_width":"","_monsterinsights_skip_tracking":false,"_monsterinsights_sitenote_active":false,"_monsterinsights_sitenote_note":"","_monsterinsights_sitenote_category":0,"_vp_format_video_url":"","_vp_image_focal_point":[],"footnotes":""},"class_list":["post-237","page","type-page","status-publish","hentry"],"yoast_head":"<!-- This site is optimized with the Yoast SEO Premium plugin v23.6 (Yoast SEO v27.5) - https:\/\/yoast.com\/product\/yoast-seo-premium-wordpress\/ -->\n<title>En qu\u00e9 creemos | Iglesia del Nazareno Am\u00e9rica del Sur samnaz<\/title>\n<meta name=\"description\" content=\"Iglesia del Nazareno Am\u00e9rica del Sur En qu\u00e9 creemos Iglesia del Nazareno\" \/>\n<meta name=\"robots\" content=\"index, follow, max-snippet:-1, max-image-preview:large, max-video-preview:-1\" \/>\n<link rel=\"canonical\" href=\"https:\/\/www.samnaz.org\/pt\/en-que-creemos\/\" \/>\n<meta property=\"og:locale\" content=\"pt_BR\" \/>\n<meta property=\"og:type\" content=\"article\" \/>\n<meta property=\"og:title\" content=\"En qu\u00e9 creemos\" \/>\n<meta property=\"og:description\" content=\"En qu\u00e9 creemos\" \/>\n<meta property=\"og:url\" content=\"https:\/\/www.samnaz.org\/pt\/en-que-creemos\/\" \/>\n<meta property=\"og:site_name\" content=\"Iglesia del Nazareno Am\u00e9rica del Sur\" \/>\n<meta property=\"article:publisher\" content=\"https:\/\/www.facebook.com\/NazarenoEsp\" \/>\n<meta property=\"article:modified_time\" content=\"2022-09-12T14:05:03+00:00\" \/>\n<meta property=\"og:image\" content=\"https:\/\/www.samnaz.org\/wp-content\/uploads\/2021\/04\/Logo-3-ESP.png\" \/>\n\t<meta property=\"og:image:width\" content=\"1041\" \/>\n\t<meta property=\"og:image:height\" content=\"780\" \/>\n\t<meta property=\"og:image:type\" content=\"image\/png\" \/>\n<meta name=\"twitter:card\" content=\"summary_large_image\" \/>\n<meta name=\"twitter:label1\" content=\"Est. tempo de leitura\" \/>\n\t<meta name=\"twitter:data1\" content=\"18 minutos\" \/>\n<script type=\"application\/ld+json\" class=\"yoast-schema-graph\">{\"@context\":\"https:\\\/\\\/schema.org\",\"@graph\":[{\"@type\":\"WebPage\",\"@id\":\"https:\\\/\\\/www.samnaz.org\\\/en-que-creemos\\\/\",\"url\":\"https:\\\/\\\/www.samnaz.org\\\/en-que-creemos\\\/\",\"name\":\"En qu\u00e9 creemos | Iglesia del Nazareno Am\u00e9rica del Sur samnaz\",\"isPartOf\":{\"@id\":\"https:\\\/\\\/www.samnaz.org\\\/#website\"},\"datePublished\":\"2021-01-29T19:20:55+00:00\",\"dateModified\":\"2022-09-12T14:05:03+00:00\",\"description\":\"Iglesia del Nazareno Am\u00e9rica del Sur En qu\u00e9 creemos Iglesia del Nazareno\",\"inLanguage\":\"pt-BR\",\"potentialAction\":[{\"@type\":\"ReadAction\",\"target\":[\"https:\\\/\\\/www.samnaz.org\\\/en-que-creemos\\\/\"]}]},{\"@type\":\"WebSite\",\"@id\":\"https:\\\/\\\/www.samnaz.org\\\/#website\",\"url\":\"https:\\\/\\\/www.samnaz.org\\\/\",\"name\":\"Haciendo Disc\u00edpulos Semejantes a Cristo en las naciones\",\"description\":\"Haciendo disc\u00edpulos semejantes a Cristo en las Naciones\",\"publisher\":{\"@id\":\"https:\\\/\\\/www.samnaz.org\\\/#organization\"},\"alternateName\":\"Viviendo la Gran Comisi\u00f3n\",\"potentialAction\":[{\"@type\":\"SearchAction\",\"target\":{\"@type\":\"EntryPoint\",\"urlTemplate\":\"https:\\\/\\\/www.samnaz.org\\\/?s={search_term_string}\"},\"query-input\":{\"@type\":\"PropertyValueSpecification\",\"valueRequired\":true,\"valueName\":\"search_term_string\"}}],\"inLanguage\":\"pt-BR\"},{\"@type\":\"Organization\",\"@id\":\"https:\\\/\\\/www.samnaz.org\\\/#organization\",\"name\":\"Iglesia del Nazareno Am\u00e9rica del Sur\",\"url\":\"https:\\\/\\\/www.samnaz.org\\\/\",\"logo\":{\"@type\":\"ImageObject\",\"inLanguage\":\"pt-BR\",\"@id\":\"https:\\\/\\\/www.samnaz.org\\\/#\\\/schema\\\/logo\\\/image\\\/\",\"url\":\"https:\\\/\\\/www.samnaz.org\\\/wp-content\\\/uploads\\\/2021\\\/04\\\/Logo-3-ESP.png\",\"contentUrl\":\"https:\\\/\\\/www.samnaz.org\\\/wp-content\\\/uploads\\\/2021\\\/04\\\/Logo-3-ESP.png\",\"width\":1041,\"height\":780,\"caption\":\"Iglesia del Nazareno Am\u00e9rica del Sur\"},\"image\":{\"@id\":\"https:\\\/\\\/www.samnaz.org\\\/#\\\/schema\\\/logo\\\/image\\\/\"},\"sameAs\":[\"https:\\\/\\\/www.facebook.com\\\/NazarenoEsp\",\"https:\\\/\\\/www.instagram.com\\\/nazarenoesp\\\/\"],\"publishingPrinciples\":\"https:\\\/\\\/www.samnaz.org\\\/\"}]}<\/script>\n<!-- \/ Yoast SEO Premium plugin. -->","yoast_head_json":{"title":"En qu\u00e9 creemos | Iglesia del Nazareno Am\u00e9rica del Sur samnaz","description":"Iglesia del Nazareno Am\u00e9rica del Sur En qu\u00e9 creemos Iglesia del Nazareno","robots":{"index":"index","follow":"follow","max-snippet":"max-snippet:-1","max-image-preview":"max-image-preview:large","max-video-preview":"max-video-preview:-1"},"canonical":"https:\/\/www.samnaz.org\/pt\/en-que-creemos\/","og_locale":"pt_BR","og_type":"article","og_title":"En qu\u00e9 creemos","og_description":"En qu\u00e9 creemos","og_url":"https:\/\/www.samnaz.org\/pt\/en-que-creemos\/","og_site_name":"Iglesia del Nazareno Am\u00e9rica del Sur","article_publisher":"https:\/\/www.facebook.com\/NazarenoEsp","article_modified_time":"2022-09-12T14:05:03+00:00","og_image":[{"width":1041,"height":780,"url":"https:\/\/www.samnaz.org\/wp-content\/uploads\/2021\/04\/Logo-3-ESP.png","type":"image\/png"}],"twitter_card":"summary_large_image","twitter_misc":{"Est. tempo de leitura":"18 minutos"},"schema":{"@context":"https:\/\/schema.org","@graph":[{"@type":"WebPage","@id":"https:\/\/www.samnaz.org\/en-que-creemos\/","url":"https:\/\/www.samnaz.org\/en-que-creemos\/","name":"En qu\u00e9 creemos | Iglesia del Nazareno Am\u00e9rica del Sur samnaz","isPartOf":{"@id":"https:\/\/www.samnaz.org\/#website"},"datePublished":"2021-01-29T19:20:55+00:00","dateModified":"2022-09-12T14:05:03+00:00","description":"Iglesia del Nazareno Am\u00e9rica del Sur En qu\u00e9 creemos Iglesia del Nazareno","inLanguage":"pt-BR","potentialAction":[{"@type":"ReadAction","target":["https:\/\/www.samnaz.org\/en-que-creemos\/"]}]},{"@type":"WebSite","@id":"https:\/\/www.samnaz.org\/#website","url":"https:\/\/www.samnaz.org\/","name":"Haciendo Disc\u00edpulos Semejantes a Cristo en las naciones","description":"Haciendo disc\u00edpulos semejantes a Cristo en las Naciones","publisher":{"@id":"https:\/\/www.samnaz.org\/#organization"},"alternateName":"Viviendo la Gran Comisi\u00f3n","potentialAction":[{"@type":"SearchAction","target":{"@type":"EntryPoint","urlTemplate":"https:\/\/www.samnaz.org\/?s={search_term_string}"},"query-input":{"@type":"PropertyValueSpecification","valueRequired":true,"valueName":"search_term_string"}}],"inLanguage":"pt-BR"},{"@type":"Organization","@id":"https:\/\/www.samnaz.org\/#organization","name":"Iglesia del Nazareno Am\u00e9rica del Sur","url":"https:\/\/www.samnaz.org\/","logo":{"@type":"ImageObject","inLanguage":"pt-BR","@id":"https:\/\/www.samnaz.org\/#\/schema\/logo\/image\/","url":"https:\/\/www.samnaz.org\/wp-content\/uploads\/2021\/04\/Logo-3-ESP.png","contentUrl":"https:\/\/www.samnaz.org\/wp-content\/uploads\/2021\/04\/Logo-3-ESP.png","width":1041,"height":780,"caption":"Iglesia del Nazareno Am\u00e9rica del Sur"},"image":{"@id":"https:\/\/www.samnaz.org\/#\/schema\/logo\/image\/"},"sameAs":["https:\/\/www.facebook.com\/NazarenoEsp","https:\/\/www.instagram.com\/nazarenoesp\/"],"publishingPrinciples":"https:\/\/www.samnaz.org\/"}]}},"_links":{"self":[{"href":"https:\/\/www.samnaz.org\/pt\/wp-json\/wp\/v2\/pages\/237","targetHints":{"allow":["GET"]}}],"collection":[{"href":"https:\/\/www.samnaz.org\/pt\/wp-json\/wp\/v2\/pages"}],"about":[{"href":"https:\/\/www.samnaz.org\/pt\/wp-json\/wp\/v2\/types\/page"}],"author":[{"embeddable":true,"href":"https:\/\/www.samnaz.org\/pt\/wp-json\/wp\/v2\/users\/2"}],"replies":[{"embeddable":true,"href":"https:\/\/www.samnaz.org\/pt\/wp-json\/wp\/v2\/comments?post=237"}],"version-history":[{"count":6,"href":"https:\/\/www.samnaz.org\/pt\/wp-json\/wp\/v2\/pages\/237\/revisions"}],"predecessor-version":[{"id":41129,"href":"https:\/\/www.samnaz.org\/pt\/wp-json\/wp\/v2\/pages\/237\/revisions\/41129"}],"wp:attachment":[{"href":"https:\/\/www.samnaz.org\/pt\/wp-json\/wp\/v2\/media?parent=237"}],"curies":[{"name":"wp","href":"https:\/\/api.w.org\/{rel}","templated":true}]}}