{"id":50903,"date":"2026-03-26T15:17:02","date_gmt":"2026-03-26T18:17:02","guid":{"rendered":"https:\/\/www.samnaz.org\/?page_id=50903"},"modified":"2026-03-26T15:23:27","modified_gmt":"2026-03-26T18:23:27","slug":"distrito-peru-loreto-recibe-a-equipos-de-misiones-nazarenas-en-una-jornada-de-servicio-compasion-y-evangelismo","status":"publish","type":"page","link":"https:\/\/www.samnaz.org\/pt\/distrito-peru-loreto-recibe-a-equipos-de-misiones-nazarenas-en-una-jornada-de-servicio-compasion-y-evangelismo\/","title":{"rendered":"Distrito Per\u00fa Loreto recibe a Equipos de Misiones Nazarenas en una jornada de servicio, compasi\u00f3n y evangelismo"},"content":{"rendered":"<p>[et_pb_section fb_built=\u00bb1&#8243; _builder_version=\u00bb4.16&#8243; _module_preset=\u00bbdefault\u00bb custom_padding=\u00bb0px||||false|false\u00bb global_colors_info=\u00bb{}\u00bb][et_pb_row disabled_on=\u00bbon|on|on\u00bb _builder_version=\u00bb4.16&#8243; _module_preset=\u00bbdefault\u00bb disabled=\u00bbon\u00bb global_colors_info=\u00bb{}\u00bb][et_pb_column type=\u00bb4_4&#8243; _builder_version=\u00bb4.16&#8243; _module_preset=\u00bbdefault\u00bb global_colors_info=\u00bb{}\u00bb][et_pb_text disabled_on=\u00bboff|off|off\u00bb _builder_version=\u00bb4.16&#8243; _module_preset=\u00bbdefault\u00bb text_text_color=\u00bb#0C71C3&#8243; text_font_size=\u00bb23px\u00bb text_orientation=\u00bbcenter\u00bb global_colors_info=\u00bb{}\u00bb]<\/p>\n<p>CONTENIDO EN ESPA\u00d1OL<\/p>\n<p>[\/et_pb_text][\/et_pb_column][\/et_pb_row][et_pb_row module_class=\u00bbespanol\u00bb _builder_version=\u00bb4.16&#8243; _module_preset=\u00bbdefault\u00bb width=\u00bb100%\u00bb global_colors_info=\u00bb{}\u00bb][et_pb_column type=\u00bb4_4&#8243; module_class=\u00bbcolLeft\u00bb _builder_version=\u00bb4.16&#8243; _module_preset=\u00bbdefault\u00bb custom_padding=\u00bb|50px|||false|false\u00bb custom_padding_tablet=\u00bb|20px||20px|false|true\u00bb custom_padding_phone=\u00bb\u00bb custom_padding_last_edited=\u00bbon|phone\u00bb border_color_all=\u00bb#e0e0e0&#8243; border_width_right_tablet=\u00bb0px\u00bb border_width_right_phone=\u00bb0px\u00bb border_width_right_last_edited=\u00bbon|desktop\u00bb global_colors_info=\u00bb{}\u00bb][et_pb_code admin_label=\u00bbCode\u00bb _builder_version=\u00bb4.16&#8243; _module_preset=\u00bbdefault\u00bb background_enable_color=\u00bboff\u00bb positioning=\u00bbabsolute\u00bb position_origin_a=\u00bbtop_right\u00bb vertical_offset=\u00bb10px\u00bb horizontal_offset=\u00bb50px\u00bb z_index=\u00bb137&#8243; vertical_offset_tablet=\u00bb\u00bb vertical_offset_phone=\u00bb-45px\u00bb vertical_offset_last_edited=\u00bbon|phone\u00bb horizontal_offset_tablet=\u00bb20px\u00bb horizontal_offset_phone=\u00bb\u00bb horizontal_offset_last_edited=\u00bbon|phone\u00bb position_origin_a_tablet=\u00bb\u00bb position_origin_a_phone=\u00bb\u00bb position_origin_a_last_edited=\u00bbon|desktop\u00bb position_origin_f_tablet=\u00bb\u00bb position_origin_f_phone=\u00bb\u00bb position_origin_f_last_edited=\u00bbon|desktop\u00bb position_origin_r_tablet=\u00bb\u00bb position_origin_r_phone=\u00bb\u00bb position_origin_r_last_edited=\u00bbon|desktop\u00bb text_orientation=\u00bbright\u00bb width=\u00bb160px\u00bb height=\u00bb30px\u00bb positioning_tablet=\u00bb\u00bb positioning_phone=\u00bb\u00bb positioning_last_edited=\u00bbon|desktop\u00bb global_colors_info=\u00bb{}\u00bb]<!-- AddToAny BEGIN --><!-- [et_pb_line_break_holder] --><a class=\"a2a_dd\" href=\"https:\/\/www.addtoany.com\/share\" style=\"background: black;<!-- [et_pb_line_break_holder] -->    font-size: 18px;<!-- [et_pb_line_break_holder] -->    color: white;<!-- [et_pb_line_break_holder] -->    padding: 10px;text-transform: uppercase;\u00bb><!-- [et_pb_line_break_holder] -->  <svg style=\"width: 20px;\" aria-hidden=\"true\" focusable=\"false\" data-prefix=\"fas\" data-icon=\"share-square\" role=\"img\" xmlns=\"http:\/\/www.w3.org\/2000\/svg\" viewbox=\"0 0 576 512\" data-fa-i2svg=\"\"><path fill=\"currentColor\" d=\"M568.482 177.448L424.479 313.433C409.3 327.768 384 317.14 384 295.985v-71.963c-144.575.97-205.566 35.113-164.775 171.353 4.483 14.973-12.846 26.567-25.006 17.33C155.252 383.105 120 326.488 120 269.339c0-143.937 117.599-172.5 264-173.312V24.012c0-21.174 25.317-31.768 40.479-17.448l144.003 135.988c10.02 9.463 10.028 25.425 0 34.896zM384 379.128V448H64V128h50.916a11.99 11.99 0 0 0 8.648-3.693c14.953-15.568 32.237-27.89 51.014-37.676C185.708 80.83 181.584 64 169.033 64H48C21.49 64 0 85.49 0 112v352c0 26.51 21.49 48 48 48h352c26.51 0 48-21.49 48-48v-88.806c0-8.288-8.197-14.066-16.011-11.302a71.83 71.83 0 0 1-34.189 3.377c-7.27-1.046-13.8 4.514-13.8 11.859z\"><\/path><\/svg><!-- [et_pb_line_break_holder] -->  COMPARTILHAR<!-- [et_pb_line_break_holder] --><\/a><!-- [et_pb_line_break_holder] --><script async src=\"https:\/\/static.addtoany.com\/menu\/page.js\"><\/script><!-- [et_pb_line_break_holder] --><!-- AddToAny END -->[\/et_pb_code][et_pb_text _builder_version=\u00bb4.27.6&#8243; _module_preset=\u00bbdefault\u00bb text_font=\u00bb|700|||||||\u00bb text_font_size=\u00bb25px\u00bb width=\u00bb78%\u00bb width_tablet=\u00bb\u00bb width_phone=\u00bb100%\u00bb width_last_edited=\u00bbon|phone\u00bb custom_margin=\u00bb||5px|||\u00bb global_colors_info=\u00bb{}\u00bb]<\/p>\n<p class=\"p1\">Distrito Per\u00fa Loreto recibe a Equipos de Misiones Nazarenas en una jornada de servicio, compasi\u00f3n y evangelismo<\/p>\n<p>[\/et_pb_text][et_pb_post_title title=\u00bboff\u00bb comments=\u00bboff\u00bb module_class=\u00bbtituloNoti\u00bb _builder_version=\u00bb4.16&#8243; _module_preset=\u00bbdefault\u00bb width_tablet=\u00bb\u00bb width_phone=\u00bb\u00bb width_last_edited=\u00bbon|phone\u00bb custom_padding=\u00bb|0px|||false|false\u00bb custom_padding_tablet=\u00bb|0px|||false|false\u00bb custom_padding_phone=\u00bb|0px|||false|false\u00bb custom_padding_last_edited=\u00bbon|phone\u00bb border_color_right=\u00bb#e8e8e8&#8243; border_width_right_tablet=\u00bb0px\u00bb border_width_right_phone=\u00bb\u00bb border_width_right_last_edited=\u00bbon|desktop\u00bb global_colors_info=\u00bb{}\u00bb][\/et_pb_post_title][et_pb_text _builder_version=\u00bb4.27.6&#8243; _module_preset=\u00bbdefault\u00bb text_font_size=\u00bb17px\u00bb global_colors_info=\u00bb{}\u00bb]<\/p>\n<p style=\"margin: 0cm 0cm 15pt; text-align: justify;\"><b><span style=\"font-family: 'Arial',sans-serif; color: black;\">(CNAS) <\/span><\/b>Del 26 de febrero al 11 de marzo, el Distrito Per\u00fa Loreto recibi\u00f3 en la ciudad de Iquitos la visita de un grupo de Equipos de Misiones Nazarenas proveniente del estado de Pensilvania, Estados Unidos, en una jornada que represent\u00f3 un tiempo de gran bendici\u00f3n, servicio y avance ministerial para la obra en la Amazon\u00eda peruana.<\/p>\n<p class=\"p1\">Durante estos d\u00edas, se logr\u00f3 desarrollar diversos proyectos previamente planificados, evidenciando el fruto de la colaboraci\u00f3n entre el equipo visitante, el liderazgo distrital y la iglesia local. Entre las actividades realizadas, destac\u00f3 una jornada de Escuela B\u00edblica de Vacaciones (EBV) de dos d\u00edas y medio, en la que participaron aproximadamente 100 ni\u00f1os de la iglesia Central de Iquitos y de la iglesia de Gabriela N\u00fa\u00f1ez, ubicada al otro lado de un brazo del r\u00edo Amazonas y del r\u00edo Nanay. En esta labor tambi\u00e9n se cont\u00f3 con la participaci\u00f3n del Hno. Yonatan Mart\u00ednez, del Distrito Per\u00fa Pac\u00edfico Norte, as\u00ed como del equipo de l\u00edderes juveniles de la iglesia local.<\/p>\n<p class=\"p1\">Asimismo, se llevaron a cabo importantes jornadas m\u00e9dicas en coordinaci\u00f3n con Ministerios Nazarenos de Compasi\u00f3n (MNC), tanto a nivel nacional como regional. A trav\u00e9s de este esfuerzo conjunto, se brind\u00f3 atenci\u00f3n a m\u00e1s de 600 personas en situaci\u00f3n de alta vulnerabilidad, quienes adem\u00e1s recibieron los medicamentos correspondientes seg\u00fan cada evaluaci\u00f3n m\u00e9dica realizada.<\/p>\n<p class=\"p1\">En estas jornadas participaron la Dra. Rosanna Serrano, del Distrito Per\u00fa Utcubamba; dos enfermeras del Distrito Per\u00fa Loreto; dos farmac\u00e9uticos de la iglesia Central de Iquitos; y dos enfermeras norteamericanas que llegaron con el grupo de Equipos de Misiones Nazarenas y se sumaron a este ministerio de compasi\u00f3n. Las atenciones se desarrollaron en cuatro iglesias del distrito, tres de las cuales albergan centros de desarrollo infantil (CDI) sostenidos por el Distrito Per\u00fa Loreto y Ministerios Nazarenos de Compasi\u00f3n a trav\u00e9s de su programa de patrocinio: la iglesia Central de Iquitos, la iglesia Las Malvinas, la iglesia Violeta Correa y la iglesia de Rumococha.<\/p>\n<p class=\"p1\">Otro de los proyectos significativos fue el avance en la construcci\u00f3n de un comedor infantil de usos m\u00faltiples, una obra que responde al enfoque ministerial del Distrito Per\u00fa Loreto en favor de la ni\u00f1ez y su atenci\u00f3n integral en la Amazon\u00eda peruana. En este esfuerzo tambi\u00e9n se cont\u00f3 con el valioso apoyo de un grupo de 52 hermanos pentecostales de la iglesia Fe y Poder, quienes se unieron por dos d\u00edas al inicio de los trabajos, precisamente en jornadas donde la temperatura super\u00f3 los 40 \u00b0C. Su colaboraci\u00f3n en la mano de obra fue clave para seguir avanzando hacia la meta propuesta.<\/p>\n<p class=\"p1\">Adem\u00e1s del servicio ministerial y comunitario, la visita del grupo misionero incluy\u00f3 momentos de acercamiento cultural y evangel\u00edstico en distintos contextos de la selva amaz\u00f3nica. Durante una visita a la comunidad nativa de los yaguas, el equipo fue recibido con muestras de hospitalidad a trav\u00e9s de artesan\u00edas y danzas de bienvenida. Sin embargo, uno de los momentos m\u00e1s impactantes ocurri\u00f3 cuando el l\u00edder de la comunidad solicit\u00f3 expresamente que se les compartiera el evangelio.<\/p>\n<p class=\"p1\">Ante este pedido, las actividades tur\u00edsticas de la comunidad se detuvieron durante aproximadamente 30 minutos para dar lugar a la proclamaci\u00f3n de las buenas nuevas de salvaci\u00f3n. En ese momento, un pastor integrante del grupo present\u00f3 el mensaje del evangelio, y el superintendente distrital, Rdo. Freddy Zapata, extendi\u00f3 una invitaci\u00f3n a recibir a Jesucristo como Salvador mediante una oraci\u00f3n de decisi\u00f3n de fe. Aproximadamente 30 personas respondieron afirmativamente a este llamado, en una experiencia profundamente significativa para la comunidad. Posteriormente, el superintendente tom\u00f3 los datos y el n\u00famero de contacto del l\u00edder yagua, con el prop\u00f3sito de dar seguimiento a esta nueva apertura espiritual.<\/p>\n<p class=\"p1\">Como parte de esta visita tambi\u00e9n se recibi\u00f3 una valiosa donaci\u00f3n de 560 ejemplares de la Biblia, gestionada por una hermana integrante del grupo de Equipos de Misiones Nazarenas, los cuales fueron obtenidos en la ciudad de Iquitos y representan un importante recurso para continuar fortaleciendo la expansi\u00f3n del evangelio en la regi\u00f3n.<\/p>\n<p class=\"p1\">La visita del grupo de Equipos de Misiones Nazarenas al Distrito Per\u00fa Loreto se consolid\u00f3 as\u00ed como un tiempo de servicio integral, testimonio cristiano y esperanza renovada, reafirmando que Dios contin\u00faa obrando en el Amazonas y extendiendo Su luz en cada comunidad. Esta experiencia tambi\u00e9n renov\u00f3 el llamado a seguir sembrando la semilla del evangelio y a orar por m\u00e1s obreros para la mies.<\/p>\n<p style=\"margin: 0cm 0cm 15pt; text-align: justify;\"><b><span style=\"font-family: 'Arial',sans-serif; color: black;\"><\/span><\/b><b><i><span style=\"font-family: 'Arial',sans-serif; color: black;\">Fonte <\/span><\/i><\/b><i><span style=\"font-family: 'Arial',sans-serif; color: black;\">Igreja do Nazareno<\/span><\/i><i><span style=\"font-family: 'Arial',sans-serif; color: black;\">\u00a0Per\u00fa.<\/span><\/i><\/p>\n<p>[\/et_pb_text][\/et_pb_column][\/et_pb_row][et_pb_row disabled_on=\u00bbon|on|on\u00bb _builder_version=\u00bb4.16&#8243; _module_preset=\u00bbdefault\u00bb disabled=\u00bbon\u00bb global_colors_info=\u00bb{}\u00bb][et_pb_column type=\u00bb4_4&#8243; _builder_version=\u00bb4.16&#8243; _module_preset=\u00bbdefault\u00bb global_colors_info=\u00bb{}\u00bb][et_pb_text disabled_on=\u00bboff|off|off\u00bb _builder_version=\u00bb4.16&#8243; _module_preset=\u00bbdefault\u00bb text_text_color=\u00bb#0C71C3&#8243; text_font_size=\u00bb23px\u00bb text_orientation=\u00bbcenter\u00bb global_colors_info=\u00bb{}\u00bb]<\/p>\n<p>CONTENIDO EN PORTUGUES<\/p>\n<p>[\/et_pb_text][\/et_pb_column][\/et_pb_row][et_pb_row module_class=\u00bbportugues\u00bb _builder_version=\u00bb4.16&#8243; _module_preset=\u00bbdefault\u00bb width=\u00bb100%\u00bb global_colors_info=\u00bb{}\u00bb][et_pb_column type=\u00bb4_4&#8243; module_class=\u00bbcolLeft\u00bb _builder_version=\u00bb4.16&#8243; _module_preset=\u00bbdefault\u00bb custom_padding=\u00bb|50px|||false|false\u00bb custom_padding_tablet=\u00bb|20px||20px|false|true\u00bb custom_padding_phone=\u00bb\u00bb custom_padding_last_edited=\u00bbon|phone\u00bb border_color_all=\u00bb#e0e0e0&#8243; border_width_right_tablet=\u00bb0px\u00bb border_width_right_phone=\u00bb0px\u00bb border_width_right_last_edited=\u00bbon|desktop\u00bb global_colors_info=\u00bb{}\u00bb][et_pb_code admin_label=\u00bbCode\u00bb _builder_version=\u00bb4.16&#8243; _module_preset=\u00bbdefault\u00bb background_enable_color=\u00bboff\u00bb positioning=\u00bbabsolute\u00bb position_origin_a=\u00bbtop_right\u00bb vertical_offset=\u00bb10px\u00bb horizontal_offset=\u00bb50px\u00bb z_index=\u00bb137&#8243; vertical_offset_tablet=\u00bb\u00bb vertical_offset_phone=\u00bb-45px\u00bb vertical_offset_last_edited=\u00bbon|phone\u00bb horizontal_offset_tablet=\u00bb20px\u00bb horizontal_offset_phone=\u00bb\u00bb horizontal_offset_last_edited=\u00bbon|phone\u00bb position_origin_a_tablet=\u00bb\u00bb position_origin_a_phone=\u00bb\u00bb position_origin_a_last_edited=\u00bbon|desktop\u00bb position_origin_f_tablet=\u00bb\u00bb position_origin_f_phone=\u00bb\u00bb position_origin_f_last_edited=\u00bbon|desktop\u00bb position_origin_r_tablet=\u00bb\u00bb position_origin_r_phone=\u00bb\u00bb position_origin_r_last_edited=\u00bbon|desktop\u00bb text_orientation=\u00bbright\u00bb width=\u00bb190px\u00bb height=\u00bb30px\u00bb positioning_tablet=\u00bb\u00bb positioning_phone=\u00bb\u00bb positioning_last_edited=\u00bbon|desktop\u00bb global_colors_info=\u00bb{}\u00bb]<!-- AddToAny BEGIN --><!-- [et_pb_line_break_holder] --><a class=\"a2a_dd\" href=\"https:\/\/www.addtoany.com\/share\" style=\"background: black;<!-- [et_pb_line_break_holder] -->    font-size: 18px;<!-- [et_pb_line_break_holder] -->    color: white;<!-- [et_pb_line_break_holder] -->    padding: 10px;text-transform: uppercase;\u00bb><!-- [et_pb_line_break_holder] -->  <svg style=\"width: 20px;\" aria-hidden=\"true\" focusable=\"false\" data-prefix=\"fas\" data-icon=\"share-square\" role=\"img\" xmlns=\"http:\/\/www.w3.org\/2000\/svg\" viewbox=\"0 0 576 512\" data-fa-i2svg=\"\"><path fill=\"currentColor\" d=\"M568.482 177.448L424.479 313.433C409.3 327.768 384 317.14 384 295.985v-71.963c-144.575.97-205.566 35.113-164.775 171.353 4.483 14.973-12.846 26.567-25.006 17.33C155.252 383.105 120 326.488 120 269.339c0-143.937 117.599-172.5 264-173.312V24.012c0-21.174 25.317-31.768 40.479-17.448l144.003 135.988c10.02 9.463 10.028 25.425 0 34.896zM384 379.128V448H64V128h50.916a11.99 11.99 0 0 0 8.648-3.693c14.953-15.568 32.237-27.89 51.014-37.676C185.708 80.83 181.584 64 169.033 64H48C21.49 64 0 85.49 0 112v352c0 26.51 21.49 48 48 48h352c26.51 0 48-21.49 48-48v-88.806c0-8.288-8.197-14.066-16.011-11.302a71.83 71.83 0 0 1-34.189 3.377c-7.27-1.046-13.8 4.514-13.8 11.859z\"><\/path><\/svg><!-- [et_pb_line_break_holder] -->  Compartilhar<!-- [et_pb_line_break_holder] --><\/a><!-- [et_pb_line_break_holder] --><script async src=\"https:\/\/static.addtoany.com\/menu\/page.js\"><\/script><!-- [et_pb_line_break_holder] --><!-- AddToAny END -->[\/et_pb_code][et_pb_text _builder_version=\u00bb4.27.6&#8243; _module_preset=\u00bbdefault\u00bb text_font=\u00bb|700|||||||\u00bb text_font_size=\u00bb25px\u00bb width=\u00bb78%\u00bb width_tablet=\u00bb\u00bb width_phone=\u00bb100%\u00bb width_last_edited=\u00bbon|phone\u00bb custom_margin=\u00bb||5px|||\u00bb global_colors_info=\u00bb{}\u00bb]<\/p>\n<p class=\"p1\">Distrito Peru Loreto recebe Equipes de Miss\u00f5es Nazarenas em uma jornada de servi\u00e7o, compaix\u00e3o e evangelismo<\/p>\n<p>[\/et_pb_text][et_pb_post_title title=\u00bboff\u00bb comments=\u00bboff\u00bb module_class=\u00bbtituloNoti\u00bb _builder_version=\u00bb4.16&#8243; _module_preset=\u00bbdefault\u00bb width_tablet=\u00bb\u00bb width_phone=\u00bb\u00bb width_last_edited=\u00bbon|phone\u00bb custom_padding=\u00bb|0px|||false|false\u00bb custom_padding_tablet=\u00bb|0px|||false|false\u00bb custom_padding_phone=\u00bb|0px|||false|false\u00bb custom_padding_last_edited=\u00bbon|phone\u00bb border_color_right=\u00bb#e8e8e8&#8243; border_width_right_tablet=\u00bb0px\u00bb border_width_right_phone=\u00bb\u00bb border_width_right_last_edited=\u00bbon|desktop\u00bb global_colors_info=\u00bb{}\u00bb][\/et_pb_post_title][et_pb_text _builder_version=\u00bb4.27.6&#8243; _module_preset=\u00bbdefault\u00bb text_font_size=\u00bb17px\u00bb global_colors_info=\u00bb{}\u00bb]<\/p>\n<p style=\"text-align: justify;\"><strong>(CNAS<em>) <\/em><\/strong>De 26 de fevereiro a 11 de mar\u00e7o, o Distrito Peru Loreto recebeu, na cidade de Iquitos, a visita de um grupo de Equipes de Miss\u00f5es Nazarenas proveniente do estado da Pensilv\u00e2nia, Estados Unidos, em uma jornada que representou um tempo de grande b\u00ean\u00e7\u00e3o, servi\u00e7o e avan\u00e7o ministerial para a obra na Amaz\u00f4nia peruana.<\/p>\n<p class=\"p1\">Durante esses dias, foi poss\u00edvel desenvolver diversos projetos previamente planejados, evidenciando o fruto da colabora\u00e7\u00e3o entre a equipe visitante, a lideran\u00e7a distrital e a igreja local. Entre as atividades realizadas, destacou-se uma jornada de Escola B\u00edblica de F\u00e9rias (EBF) de dois dias e meio, da qual participaram aproximadamente 100 crian\u00e7as da igreja Central de Iquitos e da igreja de Gabriela N\u00fa\u00f1ez, localizada do outro lado de um bra\u00e7o do rio Amazonas e do rio Nanay. Nessa tarefa, tamb\u00e9m se contou com a participa\u00e7\u00e3o do Irm\u00e3o Yonatan Mart\u00ednez, do Distrito Peru Pac\u00edfico Norte, bem como da equipe de l\u00edderes juvenis da igreja local.<\/p>\n<p class=\"p1\">Al\u00e9m disso, foram realizadas importantes jornadas m\u00e9dicas em coordena\u00e7\u00e3o com os Minist\u00e9rios Nazarenos de Compaix\u00e3o (MNC), tanto em n\u00edvel nacional quanto regional. Por meio desse esfor\u00e7o conjunto, foi prestado atendimento a mais de 600 pessoas em situa\u00e7\u00e3o de alta vulnerabilidade, que tamb\u00e9m receberam os medicamentos correspondentes conforme cada avalia\u00e7\u00e3o m\u00e9dica realizada.<\/p>\n<p class=\"p1\">Nessas jornadas participaram a Dra. Rosanna Serrano, do Distrito Peru Utcubamba; duas enfermeiras do Distrito Peru Loreto; dois farmac\u00eauticos da igreja Central de Iquitos; e duas enfermeiras norte-americanas que chegaram com o grupo de Equipas de Miss\u00f5es Nazarenas e se somaram a esse minist\u00e9rio de compaix\u00e3o. Os atendimentos aconteceram em quatro igrejas do distrito, tr\u00eas das quais abrigam Centros de Desenvolvimento Infantil (CDI) mantidos pelo Distrito Peru Loreto e pelos Minist\u00e9rios Nazarenos de Compaix\u00e3o por meio de seu programa de patroc\u00ednio: a igreja Central de Iquitos, a igreja Las Malvinas, a igreja Violeta Correa e a igreja de Rumococha.<\/p>\n<p class=\"p1\">Outro dos projetos significativos foi o avan\u00e7o na constru\u00e7\u00e3o de um refeit\u00f3rio infantil de usos m\u00faltiplos, uma obra que responde ao enfoque ministerial do Distrito Peru Loreto em favor da inf\u00e2ncia e de seu cuidado integral na Amaz\u00f4nia peruana. Nesse esfor\u00e7o, tamb\u00e9m se contou com o valioso apoio de um grupo de 52 irm\u00e3os pentecostais da igreja F\u00e9 e Poder, que se uniram por dois dias no in\u00edcio dos trabalhos, precisamente em jornadas nas quais a temperatura superou os 40 \u00b0C. Sua colabora\u00e7\u00e3o na m\u00e3o de obra foi fundamental para continuar avan\u00e7ando rumo \u00e0 meta proposta.<\/p>\n<p class=\"p1\">Al\u00e9m do servi\u00e7o ministerial e comunit\u00e1rio, a visita do grupo mission\u00e1rio incluiu momentos de aproxima\u00e7\u00e3o cultural e evangel\u00edstica em diferentes contextos da selva amaz\u00f4nica. Durante uma visita \u00e0 comunidade nativa dos yaguas, a equipe foi recebida com demonstra\u00e7\u00f5es de hospitalidade por meio de artesanatos e dan\u00e7as de boas-vindas. No entanto, um dos momentos mais impactantes ocorreu quando o l\u00edder da comunidade solicitou expressamente que lhes fosse compartilhado o evangelho.<\/p>\n<p class=\"p1\">Diante desse pedido, as atividades tur\u00edsticas da comunidade foram interrompidas por aproximadamente 30 minutos para dar lugar \u00e0 proclama\u00e7\u00e3o das boas-novas de salva\u00e7\u00e3o. Naquele momento, um pastor integrante do grupo apresentou a mensagem do evangelho, e o superintendente distrital, Rev. Freddy Zapata, fez um convite para que recebessem a Jesus Cristo como Salvador por meio de uma ora\u00e7\u00e3o de decis\u00e3o de f\u00e9. Aproximadamente 30 pessoas responderam afirmativamente a esse chamado, em uma experi\u00eancia profundamente significativa para a comunidade. Posteriormente, o superintendente anotou os dados e o n\u00famero de contato do l\u00edder yagua, com o prop\u00f3sito de dar seguimento a essa nova abertura espiritual.<\/p>\n<p class=\"p1\">Como parte dessa visita, tamb\u00e9m foi recebida uma valiosa doa\u00e7\u00e3o de 560 exemplares da B\u00edblia, providenciada por uma irm\u00e3 integrante do grupo de Equipes de Miss\u00f5es Nazarenas, os quais foram obtidos na cidade de Iquitos e representam um importante recurso para continuar fortalecendo a expans\u00e3o do evangelho na regi\u00e3o.<\/p>\n<p class=\"p1\">A visita do grupo de Equipes de Miss\u00f5es Nazarenas ao Distrito Peru Loreto consolidou-se, assim, como um tempo de servi\u00e7o integral, testemunho crist\u00e3o e esperan\u00e7a renovada, reafirmando que Deus continua operando no Amazonas e estendendo Sua luz em cada comunidade. Essa experi\u00eancia tamb\u00e9m renovou o chamado para continuar semeando a semente do evangelho e para orar por mais obreiros para a seara.<\/p>\n<p class=\"p2\">\n<p class=\"p2\">\n<p style=\"text-align: justify;\"><strong><em>Fonte:<\/em><\/strong><em> Igreja do Nazareno <\/em><em>Peru.<\/em><\/p>\n<p>[\/et_pb_text][\/et_pb_column][\/et_pb_row][et_pb_row _builder_version=\u00bb4.16&#8243; _module_preset=\u00bbdefault\u00bb width=\u00bb100%\u00bb global_colors_info=\u00bb{}\u00bb][et_pb_column type=\u00bb4_4&#8243; module_class=\u00bbcolLeft\u00bb _builder_version=\u00bb4.16&#8243; _module_preset=\u00bbdefault\u00bb custom_padding=\u00bb|50px|||false|false\u00bb custom_padding_tablet=\u00bb|20px||20px|false|true\u00bb custom_padding_phone=\u00bb\u00bb custom_padding_last_edited=\u00bbon|phone\u00bb border_color_all=\u00bb#e0e0e0&#8243; border_width_right_tablet=\u00bb0px\u00bb border_width_right_phone=\u00bb0px\u00bb border_width_right_last_edited=\u00bbon|desktop\u00bb global_colors_info=\u00bb{}\u00bb][et_pb_gallery gallery_ids=\u00bb50908,50909,50910,50911,50912,50913,50914,50915,50916&#8243; posts_number=\u00bb8&#8243; show_title_and_caption=\u00bboff\u00bb zoom_icon_color=\u00bb#E02B20&#8243; hover_overlay_color=\u00bb#FFFFFF\u00bb hover_icon=\u00bb&#x54;||divi||400&#8243; _builder_version=\u00bb4.27.6&#8243; _module_preset=\u00bbdefault\u00bb title_font_size=\u00bb0px\u00bb width=\u00bb100%\u00bb module_alignment=\u00bbcenter\u00bb global_colors_info=\u00bb{}\u00bb][\/et_pb_gallery][\/et_pb_column][\/et_pb_row][\/et_pb_section]<\/p>\n<span class=\"et_bloom_bottom_trigger\"><\/span>","protected":false},"excerpt":{"rendered":"<p>CONTENIDO EN ESPA\u00d1OL<\/p>","protected":false},"author":23,"featured_media":50908,"parent":0,"menu_order":0,"comment_status":"closed","ping_status":"closed","template":"","meta":{"_et_pb_use_builder":"on","_et_pb_old_content":"","_et_gb_content_width":"","_monsterinsights_skip_tracking":false,"_monsterinsights_sitenote_active":false,"_monsterinsights_sitenote_note":"","_monsterinsights_sitenote_category":0,"_vp_format_video_url":"","_vp_image_focal_point":[],"footnotes":""},"class_list":["post-50903","page","type-page","status-publish","has-post-thumbnail","hentry"],"yoast_head":"<!-- This site is optimized with the Yoast SEO Premium plugin v23.6 (Yoast SEO v27.5) - https:\/\/yoast.com\/product\/yoast-seo-premium-wordpress\/ -->\n<title>Distrito Per\u00fa Loreto recibe a Equipos de Misiones Nazarenas en una jornada de servicio, compasi\u00f3n y evangelismo | Iglesia del Nazareno Am\u00e9rica del Sur samnaz<\/title>\n<meta name=\"description\" content=\"Iglesia del Nazareno Am\u00e9rica del Sur Distrito Per\u00fa Loreto recibe a Equipos de Misiones Nazarenas en una jornada de servicio, compasi\u00f3n y evangelismo Iglesia del Nazareno\" \/>\n<meta name=\"robots\" content=\"index, follow, max-snippet:-1, max-image-preview:large, max-video-preview:-1\" \/>\n<link rel=\"canonical\" href=\"https:\/\/www.samnaz.org\/pt\/distrito-peru-loreto-recibe-a-equipos-de-misiones-nazarenas-en-una-jornada-de-servicio-compasion-y-evangelismo\/\" \/>\n<meta property=\"og:locale\" content=\"pt_BR\" \/>\n<meta property=\"og:type\" content=\"article\" \/>\n<meta property=\"og:title\" content=\"Distrito Per\u00fa Loreto recibe a Equipos de Misiones Nazarenas en una jornada de servicio, compasi\u00f3n y evangelismo\" \/>\n<meta property=\"og:description\" content=\"Distrito Per\u00fa Loreto recibe a Equipos de Misiones Nazarenas en una jornada de servicio, compasi\u00f3n y evangelismo\" \/>\n<meta property=\"og:url\" content=\"https:\/\/www.samnaz.org\/pt\/distrito-peru-loreto-recibe-a-equipos-de-misiones-nazarenas-en-una-jornada-de-servicio-compasion-y-evangelismo\/\" \/>\n<meta property=\"og:site_name\" content=\"Iglesia del Nazareno Am\u00e9rica del Sur\" \/>\n<meta property=\"article:publisher\" content=\"https:\/\/www.facebook.com\/NazarenoEsp\" \/>\n<meta property=\"article:modified_time\" content=\"2026-03-26T18:23:27+00:00\" \/>\n<meta property=\"og:image\" content=\"https:\/\/www.samnaz.org\/wp-content\/uploads\/2026\/03\/IMG-20260319-WA0022-1.jpg\" \/>\n\t<meta property=\"og:image:width\" content=\"1920\" \/>\n\t<meta property=\"og:image:height\" content=\"1440\" \/>\n\t<meta property=\"og:image:type\" content=\"image\/jpeg\" \/>\n<meta name=\"twitter:card\" content=\"summary_large_image\" \/>\n<meta name=\"twitter:label1\" content=\"Est. tempo de leitura\" \/>\n\t<meta name=\"twitter:data1\" content=\"9 minutos\" \/>\n<script type=\"application\/ld+json\" class=\"yoast-schema-graph\">{\"@context\":\"https:\\\/\\\/schema.org\",\"@graph\":[{\"@type\":\"WebPage\",\"@id\":\"https:\\\/\\\/www.samnaz.org\\\/distrito-peru-loreto-recibe-a-equipos-de-misiones-nazarenas-en-una-jornada-de-servicio-compasion-y-evangelismo\\\/\",\"url\":\"https:\\\/\\\/www.samnaz.org\\\/distrito-peru-loreto-recibe-a-equipos-de-misiones-nazarenas-en-una-jornada-de-servicio-compasion-y-evangelismo\\\/\",\"name\":\"Distrito Per\u00fa Loreto recibe a Equipos de Misiones Nazarenas en una jornada de servicio, compasi\u00f3n y evangelismo | Iglesia del Nazareno Am\u00e9rica del Sur samnaz\",\"isPartOf\":{\"@id\":\"https:\\\/\\\/www.samnaz.org\\\/#website\"},\"primaryImageOfPage\":{\"@id\":\"https:\\\/\\\/www.samnaz.org\\\/distrito-peru-loreto-recibe-a-equipos-de-misiones-nazarenas-en-una-jornada-de-servicio-compasion-y-evangelismo\\\/#primaryimage\"},\"image\":{\"@id\":\"https:\\\/\\\/www.samnaz.org\\\/distrito-peru-loreto-recibe-a-equipos-de-misiones-nazarenas-en-una-jornada-de-servicio-compasion-y-evangelismo\\\/#primaryimage\"},\"thumbnailUrl\":\"https:\\\/\\\/www.samnaz.org\\\/wp-content\\\/uploads\\\/2026\\\/03\\\/IMG-20260319-WA0022-1.jpg\",\"datePublished\":\"2026-03-26T18:17:02+00:00\",\"dateModified\":\"2026-03-26T18:23:27+00:00\",\"description\":\"Iglesia del Nazareno Am\u00e9rica del Sur Distrito Per\u00fa Loreto recibe a Equipos de Misiones Nazarenas en una jornada de servicio, compasi\u00f3n y evangelismo Iglesia del Nazareno\",\"inLanguage\":\"pt-BR\",\"potentialAction\":[{\"@type\":\"ReadAction\",\"target\":[\"https:\\\/\\\/www.samnaz.org\\\/distrito-peru-loreto-recibe-a-equipos-de-misiones-nazarenas-en-una-jornada-de-servicio-compasion-y-evangelismo\\\/\"]}]},{\"@type\":\"ImageObject\",\"inLanguage\":\"pt-BR\",\"@id\":\"https:\\\/\\\/www.samnaz.org\\\/distrito-peru-loreto-recibe-a-equipos-de-misiones-nazarenas-en-una-jornada-de-servicio-compasion-y-evangelismo\\\/#primaryimage\",\"url\":\"https:\\\/\\\/www.samnaz.org\\\/wp-content\\\/uploads\\\/2026\\\/03\\\/IMG-20260319-WA0022-1.jpg\",\"contentUrl\":\"https:\\\/\\\/www.samnaz.org\\\/wp-content\\\/uploads\\\/2026\\\/03\\\/IMG-20260319-WA0022-1.jpg\",\"width\":1920,\"height\":1440},{\"@type\":\"WebSite\",\"@id\":\"https:\\\/\\\/www.samnaz.org\\\/#website\",\"url\":\"https:\\\/\\\/www.samnaz.org\\\/\",\"name\":\"Haciendo Disc\u00edpulos Semejantes a Cristo en las naciones\",\"description\":\"Haciendo disc\u00edpulos semejantes a Cristo en las Naciones\",\"publisher\":{\"@id\":\"https:\\\/\\\/www.samnaz.org\\\/#organization\"},\"alternateName\":\"Viviendo la Gran Comisi\u00f3n\",\"potentialAction\":[{\"@type\":\"SearchAction\",\"target\":{\"@type\":\"EntryPoint\",\"urlTemplate\":\"https:\\\/\\\/www.samnaz.org\\\/?s={search_term_string}\"},\"query-input\":{\"@type\":\"PropertyValueSpecification\",\"valueRequired\":true,\"valueName\":\"search_term_string\"}}],\"inLanguage\":\"pt-BR\"},{\"@type\":\"Organization\",\"@id\":\"https:\\\/\\\/www.samnaz.org\\\/#organization\",\"name\":\"Iglesia del Nazareno Am\u00e9rica del Sur\",\"url\":\"https:\\\/\\\/www.samnaz.org\\\/\",\"logo\":{\"@type\":\"ImageObject\",\"inLanguage\":\"pt-BR\",\"@id\":\"https:\\\/\\\/www.samnaz.org\\\/#\\\/schema\\\/logo\\\/image\\\/\",\"url\":\"https:\\\/\\\/www.samnaz.org\\\/wp-content\\\/uploads\\\/2021\\\/04\\\/Logo-3-ESP.png\",\"contentUrl\":\"https:\\\/\\\/www.samnaz.org\\\/wp-content\\\/uploads\\\/2021\\\/04\\\/Logo-3-ESP.png\",\"width\":1041,\"height\":780,\"caption\":\"Iglesia del Nazareno Am\u00e9rica del Sur\"},\"image\":{\"@id\":\"https:\\\/\\\/www.samnaz.org\\\/#\\\/schema\\\/logo\\\/image\\\/\"},\"sameAs\":[\"https:\\\/\\\/www.facebook.com\\\/NazarenoEsp\",\"https:\\\/\\\/www.instagram.com\\\/nazarenoesp\\\/\"],\"publishingPrinciples\":\"https:\\\/\\\/www.samnaz.org\\\/\"}]}<\/script>\n<!-- \/ Yoast SEO Premium plugin. -->","yoast_head_json":{"title":"Distrito Per\u00fa Loreto recibe a Equipos de Misiones Nazarenas en una jornada de servicio, compasi\u00f3n y evangelismo | Iglesia del Nazareno Am\u00e9rica del Sur samnaz","description":"Iglesia del Nazareno Am\u00e9rica del Sur Distrito Per\u00fa Loreto recibe a Equipos de Misiones Nazarenas en una jornada de servicio, compasi\u00f3n y evangelismo Iglesia del Nazareno","robots":{"index":"index","follow":"follow","max-snippet":"max-snippet:-1","max-image-preview":"max-image-preview:large","max-video-preview":"max-video-preview:-1"},"canonical":"https:\/\/www.samnaz.org\/pt\/distrito-peru-loreto-recibe-a-equipos-de-misiones-nazarenas-en-una-jornada-de-servicio-compasion-y-evangelismo\/","og_locale":"pt_BR","og_type":"article","og_title":"Distrito Per\u00fa Loreto recibe a Equipos de Misiones Nazarenas en una jornada de servicio, compasi\u00f3n y evangelismo","og_description":"Distrito Per\u00fa Loreto recibe a Equipos de Misiones Nazarenas en una jornada de servicio, compasi\u00f3n y evangelismo","og_url":"https:\/\/www.samnaz.org\/pt\/distrito-peru-loreto-recibe-a-equipos-de-misiones-nazarenas-en-una-jornada-de-servicio-compasion-y-evangelismo\/","og_site_name":"Iglesia del Nazareno Am\u00e9rica del Sur","article_publisher":"https:\/\/www.facebook.com\/NazarenoEsp","article_modified_time":"2026-03-26T18:23:27+00:00","og_image":[{"width":1920,"height":1440,"url":"https:\/\/www.samnaz.org\/wp-content\/uploads\/2026\/03\/IMG-20260319-WA0022-1.jpg","type":"image\/jpeg"}],"twitter_card":"summary_large_image","twitter_misc":{"Est. tempo de leitura":"9 minutos"},"schema":{"@context":"https:\/\/schema.org","@graph":[{"@type":"WebPage","@id":"https:\/\/www.samnaz.org\/distrito-peru-loreto-recibe-a-equipos-de-misiones-nazarenas-en-una-jornada-de-servicio-compasion-y-evangelismo\/","url":"https:\/\/www.samnaz.org\/distrito-peru-loreto-recibe-a-equipos-de-misiones-nazarenas-en-una-jornada-de-servicio-compasion-y-evangelismo\/","name":"Distrito Per\u00fa Loreto recibe a Equipos de Misiones Nazarenas en una jornada de servicio, compasi\u00f3n y evangelismo | Iglesia del Nazareno Am\u00e9rica del Sur samnaz","isPartOf":{"@id":"https:\/\/www.samnaz.org\/#website"},"primaryImageOfPage":{"@id":"https:\/\/www.samnaz.org\/distrito-peru-loreto-recibe-a-equipos-de-misiones-nazarenas-en-una-jornada-de-servicio-compasion-y-evangelismo\/#primaryimage"},"image":{"@id":"https:\/\/www.samnaz.org\/distrito-peru-loreto-recibe-a-equipos-de-misiones-nazarenas-en-una-jornada-de-servicio-compasion-y-evangelismo\/#primaryimage"},"thumbnailUrl":"https:\/\/www.samnaz.org\/wp-content\/uploads\/2026\/03\/IMG-20260319-WA0022-1.jpg","datePublished":"2026-03-26T18:17:02+00:00","dateModified":"2026-03-26T18:23:27+00:00","description":"Iglesia del Nazareno Am\u00e9rica del Sur Distrito Per\u00fa Loreto recibe a Equipos de Misiones Nazarenas en una jornada de servicio, compasi\u00f3n y evangelismo Iglesia del Nazareno","inLanguage":"pt-BR","potentialAction":[{"@type":"ReadAction","target":["https:\/\/www.samnaz.org\/distrito-peru-loreto-recibe-a-equipos-de-misiones-nazarenas-en-una-jornada-de-servicio-compasion-y-evangelismo\/"]}]},{"@type":"ImageObject","inLanguage":"pt-BR","@id":"https:\/\/www.samnaz.org\/distrito-peru-loreto-recibe-a-equipos-de-misiones-nazarenas-en-una-jornada-de-servicio-compasion-y-evangelismo\/#primaryimage","url":"https:\/\/www.samnaz.org\/wp-content\/uploads\/2026\/03\/IMG-20260319-WA0022-1.jpg","contentUrl":"https:\/\/www.samnaz.org\/wp-content\/uploads\/2026\/03\/IMG-20260319-WA0022-1.jpg","width":1920,"height":1440},{"@type":"WebSite","@id":"https:\/\/www.samnaz.org\/#website","url":"https:\/\/www.samnaz.org\/","name":"Haciendo Disc\u00edpulos Semejantes a Cristo en las naciones","description":"Haciendo disc\u00edpulos semejantes a Cristo en las Naciones","publisher":{"@id":"https:\/\/www.samnaz.org\/#organization"},"alternateName":"Viviendo la Gran Comisi\u00f3n","potentialAction":[{"@type":"SearchAction","target":{"@type":"EntryPoint","urlTemplate":"https:\/\/www.samnaz.org\/?s={search_term_string}"},"query-input":{"@type":"PropertyValueSpecification","valueRequired":true,"valueName":"search_term_string"}}],"inLanguage":"pt-BR"},{"@type":"Organization","@id":"https:\/\/www.samnaz.org\/#organization","name":"Iglesia del Nazareno Am\u00e9rica del Sur","url":"https:\/\/www.samnaz.org\/","logo":{"@type":"ImageObject","inLanguage":"pt-BR","@id":"https:\/\/www.samnaz.org\/#\/schema\/logo\/image\/","url":"https:\/\/www.samnaz.org\/wp-content\/uploads\/2021\/04\/Logo-3-ESP.png","contentUrl":"https:\/\/www.samnaz.org\/wp-content\/uploads\/2021\/04\/Logo-3-ESP.png","width":1041,"height":780,"caption":"Iglesia del Nazareno Am\u00e9rica del Sur"},"image":{"@id":"https:\/\/www.samnaz.org\/#\/schema\/logo\/image\/"},"sameAs":["https:\/\/www.facebook.com\/NazarenoEsp","https:\/\/www.instagram.com\/nazarenoesp\/"],"publishingPrinciples":"https:\/\/www.samnaz.org\/"}]}},"_links":{"self":[{"href":"https:\/\/www.samnaz.org\/pt\/wp-json\/wp\/v2\/pages\/50903","targetHints":{"allow":["GET"]}}],"collection":[{"href":"https:\/\/www.samnaz.org\/pt\/wp-json\/wp\/v2\/pages"}],"about":[{"href":"https:\/\/www.samnaz.org\/pt\/wp-json\/wp\/v2\/types\/page"}],"author":[{"embeddable":true,"href":"https:\/\/www.samnaz.org\/pt\/wp-json\/wp\/v2\/users\/23"}],"replies":[{"embeddable":true,"href":"https:\/\/www.samnaz.org\/pt\/wp-json\/wp\/v2\/comments?post=50903"}],"version-history":[{"count":4,"href":"https:\/\/www.samnaz.org\/pt\/wp-json\/wp\/v2\/pages\/50903\/revisions"}],"predecessor-version":[{"id":50918,"href":"https:\/\/www.samnaz.org\/pt\/wp-json\/wp\/v2\/pages\/50903\/revisions\/50918"}],"wp:featuredmedia":[{"embeddable":true,"href":"https:\/\/www.samnaz.org\/pt\/wp-json\/wp\/v2\/media\/50908"}],"wp:attachment":[{"href":"https:\/\/www.samnaz.org\/pt\/wp-json\/wp\/v2\/media?parent=50903"}],"curies":[{"name":"wp","href":"https:\/\/api.w.org\/{rel}","templated":true}]}}