{"id":559,"date":"2021-02-03T17:51:08","date_gmt":"2021-02-03T20:51:08","guid":{"rendered":"https:\/\/www.samnaz.org\/?page_id=559"},"modified":"2024-06-06T10:37:59","modified_gmt":"2024-06-06T13:37:59","slug":"noticias","status":"publish","type":"page","link":"https:\/\/www.samnaz.org\/pt\/noticias\/","title":{"rendered":"Not\u00edcias"},"content":{"rendered":"<p>[et_pb_section fb_built=\u00bb1&#8243; _builder_version=\u00bb4.16&#8243; _module_preset=\u00bbdefault\u00bb background_image=\u00bbhttps:\/\/www.samnaz.org\/wp-content\/uploads\/2021\/04\/Envi\u0301anos-tu-notic-1680x-min.png\u00bb z_index=\u00bb117&#8243; custom_margin=\u00bb||0px|||\u00bb custom_padding=\u00bb||18px|||\u00bb global_colors_info=\u00bb{}\u00bb][et_pb_row _builder_version=\u00bb4.16&#8243; _module_preset=\u00bbdefault\u00bb global_colors_info=\u00bb{}\u00bb][et_pb_column type=\u00bb4_4&#8243; _builder_version=\u00bb4.16&#8243; _module_preset=\u00bbdefault\u00bb global_colors_info=\u00bb{}\u00bb][et_pb_text _builder_version=\u00bb4.16&#8243; _dynamic_attributes=\u00bbcontent\u00bb _module_preset=\u00bbdefault\u00bb text_font=\u00bb|600|||||||\u00bb text_text_color=\u00bb#FFFFFF\u00bb text_font_size=\u00bb50px\u00bb header_text_color=\u00bb#FFFFFF\u00bb header_font_size=\u00bb50px\u00bb background_color=\u00bb#000000&#8243; transform_translate=\u00bb0px|142px\u00bb text_orientation=\u00bbcenter\u00bb width=\u00bb67%\u00bb width_tablet=\u00bb95%\u00bb width_phone=\u00bb100%\u00bb width_last_edited=\u00bbon|desktop\u00bb module_alignment=\u00bbcenter\u00bb custom_padding=\u00bb30px||30px||true|false\u00bb text_font_size_tablet=\u00bb\u00bb text_font_size_phone=\u00bb30px\u00bb text_font_size_last_edited=\u00bbon|phone\u00bb global_colors_info=\u00bb{}\u00bb]@ET-DC@eyJkeW5hbWljIjp0cnVlLCJjb250ZW50IjoicG9zdF90aXRsZSIsInNldHRpbmdzIjp7ImJlZm9yZSI6IiIsImFmdGVyIjoiIn19@[\/et_pb_text][\/et_pb_column][\/et_pb_row][et_pb_row custom_padding_last_edited=\u00bbon|tablet\u00bb _builder_version=\u00bb4.16&#8243; _module_preset=\u00bbdefault\u00bb transform_translate=\u00bb0px|59px\u00bb custom_margin=\u00bb0px||0px||false|false\u00bb custom_padding=\u00bb0px|||||\u00bb custom_padding_tablet=\u00bb0px|0px||0px|false|false\u00bb custom_padding_phone=\u00bb\u00bb global_colors_info=\u00bb{}\u00bb][et_pb_column type=\u00bb4_4&#8243; _builder_version=\u00bb4.16&#8243; _module_preset=\u00bbdefault\u00bb global_colors_info=\u00bb{}\u00bb][et_pb_text _builder_version=\u00bb4.16&#8243; _module_preset=\u00bbdefault\u00bb text_text_color=\u00bb#FFFFFF\u00bb text_font_size=\u00bb20px\u00bb background_enable_color=\u00bboff\u00bb use_background_color_gradient=\u00bbon\u00bb background_color_gradient_direction=\u00bb65deg\u00bb background_color_gradient_stops=\u00bbrgba(43,135,218,0.61) 0%|rgba(41,196,169,0.55) 82%\u00bb background_color_gradient_start=\u00bbrgba(43,135,218,0.61)\u00bb background_color_gradient_end=\u00bbrgba(41,196,169,0.55)\u00bb background_color_gradient_end_position=\u00bb82%\u00bb width=\u00bb100%\u00bb max_width=\u00bb100%\u00bb module_alignment=\u00bbcenter\u00bb custom_margin=\u00bb||-1px|||\u00bb custom_padding=\u00bb70px|200px|70px|200px|false|false\u00bb custom_padding_tablet=\u00bb70px|30px|70px|30px|false|false\u00bb custom_padding_phone=\u00bb|10px||10px|false|false\u00bb custom_padding_last_edited=\u00bbon|phone\u00bb border_width_all=\u00bb2px\u00bb border_color_all=\u00bb#FFFFFF\u00bb global_colors_info=\u00bb{}\u00bb][\/et_pb_text][et_pb_code _builder_version=\u00bb4.21.0&#8243; _module_preset=\u00bbdefault\u00bb z_index=\u00bb500&#8243; global_colors_info=\u00bb{}\u00bb]<link rel=\"stylesheet\" href=\"https:\/\/cdnjs.cloudflare.com\/ajax\/libs\/font-awesome\/4.7.0\/css\/font-awesome.min.css\"><!-- [et_pb_line_break_holder] --><\/p>\n<style><!-- [et_pb_line_break_holder] -->body {<!-- [et_pb_line_break_holder] -->  font-family: Arial, Helvetica, sans-serif;<!-- [et_pb_line_break_holder] -->}<!-- [et_pb_line_break_holder] --><!-- [et_pb_line_break_holder] -->.navbar {<!-- [et_pb_line_break_holder] -->  overflow: hidden;<!-- [et_pb_line_break_holder] -->  background-color: #333;<!-- [et_pb_line_break_holder] -->}<!-- [et_pb_line_break_holder] --><!-- [et_pb_line_break_holder] -->.navbar a {<!-- [et_pb_line_break_holder] -->  float: left;<!-- [et_pb_line_break_holder] -->  font-size: 16px;<!-- [et_pb_line_break_holder] -->  color: white;<!-- [et_pb_line_break_holder] -->  text-align: center;<!-- [et_pb_line_break_holder] -->  padding: 14px 16px;<!-- [et_pb_line_break_holder] -->  text-decoration: none;<!-- [et_pb_line_break_holder] -->}<!-- [et_pb_line_break_holder] --><!-- [et_pb_line_break_holder] -->.dropdown {<!-- [et_pb_line_break_holder] -->  float: left;<!-- [et_pb_line_break_holder] -->  overflow: hidden;<!-- [et_pb_line_break_holder] -->}<!-- [et_pb_line_break_holder] --><!-- [et_pb_line_break_holder] -->.dropdown .dropbtn {<!-- [et_pb_line_break_holder] -->  font-size: 16px;  <!-- [et_pb_line_break_holder] -->  border: none;<!-- [et_pb_line_break_holder] -->  outline: none;<!-- [et_pb_line_break_holder] -->  color: white;<!-- [et_pb_line_break_holder] -->  padding: 17px 16px;<!-- [et_pb_line_break_holder] -->  background-color: inherit;<!-- [et_pb_line_break_holder] -->  font-family: inherit;<!-- [et_pb_line_break_holder] -->  margin: 0;<!-- [et_pb_line_break_holder] -->}<!-- [et_pb_line_break_holder] --><!-- [et_pb_line_break_holder] -->.navbar a:hover, .dropdown:hover .dropbtn {<!-- [et_pb_line_break_holder] -->  background-color: rgb(179,179,179);<!-- [et_pb_line_break_holder] -->}<!-- [et_pb_line_break_holder] --><!-- [et_pb_line_break_holder] -->.dropdown-content {<!-- [et_pb_line_break_holder] -->  display: none;<!-- [et_pb_line_break_holder] -->  position: absolute;<!-- [et_pb_line_break_holder] -->  background-color: #f9f9f9;<!-- [et_pb_line_break_holder] -->  min-width: 160px;<!-- [et_pb_line_break_holder] -->  box-shadow: 0px 8px 16px 0px rgba(0,0,0,0.2);<!-- [et_pb_line_break_holder] -->  z-index: 1;<!-- [et_pb_line_break_holder] -->}<!-- [et_pb_line_break_holder] --><!-- [et_pb_line_break_holder] -->.dropdown-content a {<!-- [et_pb_line_break_holder] -->  float: none;<!-- [et_pb_line_break_holder] -->  color: black;<!-- [et_pb_line_break_holder] -->  padding: 13px 16px;<!-- [et_pb_line_break_holder] -->  text-decoration: none;<!-- [et_pb_line_break_holder] -->  display: block;<!-- [et_pb_line_break_holder] -->  text-align: left;<!-- [et_pb_line_break_holder] -->  position:relative;<!-- [et_pb_line_break_holder] -->  z-index:9999999999;<!-- [et_pb_line_break_holder] -->}<!-- [et_pb_line_break_holder] --><!-- [et_pb_line_break_holder] -->.dropdown-content a:hover {<!-- [et_pb_line_break_holder] -->  background-color: #ddd;<!-- [et_pb_line_break_holder] -->}<!-- [et_pb_line_break_holder] --><!-- [et_pb_line_break_holder] -->.dropdown:hover .dropdown-content {<!-- [et_pb_line_break_holder] -->  display: block;<!-- [et_pb_line_break_holder] -->}<!-- [et_pb_line_break_holder] --><\/style>\n<p><!-- [et_pb_line_break_holder] --><\/head><!-- [et_pb_line_break_holder] --><body><!-- [et_pb_line_break_holder] --><!-- [et_pb_line_break_holder] --><\/p>\n<div class=\"navbar\"><!-- [et_pb_line_break_holder] -->  <a href=\"\/pt\/category\/obituario\/\">Obitu\u00e1rio<\/a> <!-- [et_pb_line_break_holder] -->  <\/p>\n<div class=\"dropdown\"><!-- [et_pb_line_break_holder] -->    <button class=\"dropbtn\">Pa\u00edses <!-- [et_pb_line_break_holder] -->      <i class=\"fa fa-caret-down\"><\/i><!-- [et_pb_line_break_holder] -->    <\/button> <!-- [et_pb_line_break_holder] -->    <\/p>\n<div class=\"dropdown-content\"><!-- [et_pb_line_break_holder] -->      <a href=\"\/pt\/category\/paises\/argentina\/\">Argentina<\/a><!-- [et_pb_line_break_holder] -->      <a href=\"\/pt\/category\/paises\/brasil\/\">Brasil<\/a><!-- [et_pb_line_break_holder] -->      <a href=\"\/pt\/category\/paises\/bolivia\/\">Bol\u00edvia<\/a><!-- [et_pb_line_break_holder] -->      <a href=\"\/pt\/category\/paises\/chile\/\">Chile<\/a><!-- [et_pb_line_break_holder] -->      <a href=\"\/pt\/category\/paises\/colombia\/\">Col\u00f4mbia<\/a><!-- [et_pb_line_break_holder] -->      <a href=\"\/pt\/category\/paises\/ecuador\/\">Equador<\/a><!-- [et_pb_line_break_holder] -->      <a href=\"\/pt\/category\/paises\/paraguay\/\">Paraguai<\/a><!-- [et_pb_line_break_holder] -->      <a href=\"\/pt\/category\/paises\/peru\/\">Peru<\/a><!-- [et_pb_line_break_holder] -->      <a href=\"\/pt\/category\/paises\/uruguay\/\">Uruguai<\/a><!-- [et_pb_line_break_holder] -->      <a href=\"\/pt\/category\/paises\/venezuela\/\">Venezuela<\/a> <!-- [et_pb_line_break_holder] -->    <\/div>\n<p><!-- [et_pb_line_break_holder] -->  <\/div>\n<p> <!-- [et_pb_line_break_holder] -->  <\/p>\n<div class=\"dropdown\"><!-- [et_pb_line_break_holder] -->    <button class=\"dropbtn\">Minist\u00e9rios <!-- [et_pb_line_break_holder] -->      <i class=\"fa fa-caret-down\"><\/i><!-- [et_pb_line_break_holder] -->    <\/button><!-- [et_pb_line_break_holder] -->    <\/p>\n<div class=\"dropdown-content\"><!-- [et_pb_line_break_holder] -->      <a href=\"\/pt\/category\/ministerio\/compasion\/\">Compaix\u00e3o<\/a> <!-- [et_pb_line_break_holder] -->      <a href=\"\/pt\/category\/ministerio\/comunicaciones\/\">Comunica\u00e7\u00f5es<\/a> <!-- [et_pb_line_break_holder] -->      <a href=\"\/pt\/category\/ministerio\/educacion-teologica\/\">Educa\u00e7\u00e3o Teol\u00f3gica<\/a> <!-- [et_pb_line_break_holder] -->      <a href=\"\/pt\/category\/ministerio\/dni\/\">DNI<\/a> <!-- [et_pb_line_break_holder] -->      <a href=\"\/pt\/category\/ministerio\/evangelismo\/\">Evangelismo<\/a> <!-- [et_pb_line_break_holder] -->      <a href=\"\/pt\/category\/ministerio\/jni\/\">JNI<\/a> <!-- [et_pb_line_break_holder] -->      <a href=\"\/pt\/category\/ministerio\/liderazgo\/\">Lideran\u00e7a<\/a> <!-- [et_pb_line_break_holder] -->      <a href=\"\/pt\/category\/ministerio\/literatura\/\">Literatura<\/a> <!-- [et_pb_line_break_holder] -->      <a href=\"\/pt\/category\/ministerio\/matrimonios\/\">Casais<\/a> <!-- [et_pb_line_break_holder] -->      <a href=\"\/pt\/category\/ministerio\/mni\/\">MNI<\/a> <!-- [et_pb_line_break_holder] -->      <a href=\"\/pt\/category\/ministerio\/misiones-globales\/\">Miss\u00f5es Globais<\/a> <!-- [et_pb_line_break_holder] -->      <a href=\"\/pt\/category\/ministerio\/ministerio-a-la-mujer\/\">Minist\u00e9rio \u00e0 Mulher<\/a> <!-- [et_pb_line_break_holder] -->    <\/div>\n<p><!-- [et_pb_line_break_holder] -->  <\/div>\n<p> <!-- [et_pb_line_break_holder] -->   <a href=\"\/pt\/envianos-tu-noticia\/\">Envie-nos sua not\u00edcia<\/a> <!-- [et_pb_line_break_holder] --><\/div>\n<p>[\/et_pb_code][\/et_pb_column][\/et_pb_row][\/et_pb_section][et_pb_section fb_built=\u00bb1&#8243; fullwidth=\u00bbon\u00bb _builder_version=\u00bb4.16&#8243; _module_preset=\u00bbdefault\u00bb global_colors_info=\u00bb{}\u00bb][et_pb_fullwidth_image src=\u00bbhttps:\/\/www.samnaz.org\/wp-content\/uploads\/2021\/01\/dotted-grid-black.png\u00bb title_text=\u00bbdotted-grid-black\u00bb _builder_version=\u00bb4.16&#8243; _module_preset=\u00bbdefault\u00bb transform_translate=\u00bb0px|4px\u00bb global_colors_info=\u00bb{}\u00bb][\/et_pb_fullwidth_image][\/et_pb_section][et_pb_section fb_built=\u00bb1&#8243; _builder_version=\u00bb4.16&#8243; _module_preset=\u00bbdefault\u00bb background_enable_color=\u00bboff\u00bb background_enable_image=\u00bboff\u00bb background_position=\u00bbtop_center\u00bb custom_margin=\u00bb21px|||||\u00bb custom_padding=\u00bb71px|||||\u00bb global_colors_info=\u00bb{}\u00bb][et_pb_row column_structure=\u00bb2_3,1_3&#8243; _builder_version=\u00bb4.16&#8243; _module_preset=\u00bbdefault\u00bb width=\u00bb100%\u00bb max_width=\u00bb90%\u00bb module_alignment=\u00bbcenter\u00bb custom_margin=\u00bb|30px||30px|false|true\u00bb custom_margin_tablet=\u00bb|30px||30px|false|true\u00bb custom_margin_phone=\u00bb\u00bb custom_margin_last_edited=\u00bbon|desktop\u00bb custom_padding=\u00bb|30px||30px|false|true\u00bb global_colors_info=\u00bb{}\u00bb][et_pb_column type=\u00bb2_3&#8243; _builder_version=\u00bb4.16&#8243; _module_preset=\u00bbdefault\u00bb custom_padding=\u00bb|30px|||false|false\u00bb border_color_right=\u00bb#e2e2e2&#8243; global_colors_info=\u00bb{}\u00bb][et_pb_post_slider show_pagination=\u00bboff\u00bb more_text=\u00bbVer m\u00e1s\u00bb _builder_version=\u00bb4.16&#8243; _module_preset=\u00bbdefault\u00bb global_colors_info=\u00bb{}\u00bb][\/et_pb_post_slider][et_pb_text _builder_version=\u00bb4.16&#8243; _module_preset=\u00bbdefault\u00bb text_font=\u00bb|700||on|||||\u00bb text_text_color=\u00bb#E02B20&#8243; text_font_size=\u00bb20px\u00bb custom_margin=\u00bb||19px|||\u00bb global_colors_info=\u00bb{}\u00bb]<\/p>\n<p><strong>Pa\u00edses<\/strong><\/p>\n<p>[\/et_pb_text][et_pb_code _builder_version=\u00bb4.16&#8243; _module_preset=\u00bbdefault\u00bb global_colors_info=\u00bb{}\u00bb]<div id=\"bdpp-post-gridbox-1\" class=\"bdpp-wrap bdpp-lite bdpp-post-grid-box-wrap bdpp-post-data-wrap bdpp-design-1  bdpp-clearfix\">\r\n\t<div class=\"bdpp-post-grid-box-inr-wrap bdpp-post-data-inr-wrap bdpp-clearfix\">\t<div class=\"bdpp-post-gridbox bdpp-post-gridbox-left bdpp-col-2 bdpp-columns bdpp-post-51057 bdpp-post-standard  bdpp-has-thumb\">\r\n\t\t<div class=\"bdpp-post-grid-content\">\r\n\t\t\t\t\r\n\t\t\t<div class=\"bdpp-post-img-link\">\t\r\n\t\t\t\t<a class=\"bdpp-post-linkoverlay\" href=\"https:\/\/www.samnaz.org\/pt\/iglesia-del-nazareno-monumental-celebra-la-resurreccion-con-fe-y-gratitud\/\"><\/a>\r\n\t\t\t\t<div class=\"bdpp-post-img-bg\" style=\"height:500px; background-image:url(https:\/\/www.samnaz.org\/wp-content\/uploads\/2026\/04\/WhatsApp-Image-2026-04-16-at-2.01.23-PM-1-1024x768.jpeg);\"><\/div>\r\n\t\t\t\t\t\t\t<\/div>\r\n\t\t\t\r\n\t\t\t<div class=\"bdpp-post-content-overlay\">\r\n\t\t\t\t<h2 class=\"bdpp-post-title\">\r\n\t\t\t\t\t<a href=\"https:\/\/www.samnaz.org\/pt\/iglesia-del-nazareno-monumental-celebra-la-resurreccion-con-fe-y-gratitud\/\">Iglesia del Nazareno Monumental celebra la Resurrecci\u00f3n con F\u00e9 y gratitud.<\/a>\r\n\t\t\t\t<\/h2>\r\n\r\n\t\t\t\t\t\t\t\t<div class=\"bdpp-post-meta bdpp-post-meta-up\">\r\n\t\t\t\t\t<span class=\"bdpp-post-meta-data bdpp-post-date\"><i class=\"fa fa-clock-o\"><\/i>abril 23, 2026<\/span>\t\t\t\t<\/div>\r\n\t\t\t\t\t\t\t<\/div>\r\n\t\t<\/div>\r\n\t<\/div>\r\n\r\n<div class=\"bdpp-post-gridbox bdpp-post-gridbox-right bdpp-col-2 bdpp-columns bdpp-post-51046 bdpp-post-standard  bdpp-has-thumb\">\r\n\t<div class=\"bdpp-post-grid-content bdpp-clearfix\">\r\n\t\t\t\t<div class=\"bdpp-col-s-4 bdpp-columns\">\r\n\t\t\t<div class=\"bdpp-post-img-bg\">\r\n\t\t\t\t<a href=\"https:\/\/www.samnaz.org\/pt\/mirando-a-los-ninos-como-jesus-los-ve-2\/\">\r\n\t\t\t\t\t<img decoding=\"async\" src=\"https:\/\/www.samnaz.org\/wp-content\/uploads\/2026\/04\/IMG-20220303-WA0026-150x150.jpg\" class=\"bdpp-img bdpp-post-feat-img\" alt=\"Mirando a los ni\u00f1os como Jes\u00fas los ve.\" \/>\r\n\t\t\t\t\t\t\t\t\t<\/a>\r\n\t\t\t<\/div>\r\n\t\t<\/div>\r\n\t\t\r\n\t\t<div class=\"bdpp-col-s-8 bdpp-columns\">\r\n\t\t\t\r\n\t\t\t<div class=\"bdpp-post-content-overlay\">\r\n\t\t\t\t<h4 class=\"bdpp-post-title\">\r\n\t\t\t\t\t<a href=\"https:\/\/www.samnaz.org\/pt\/mirando-a-los-ninos-como-jesus-los-ve-2\/\">Mirando a los ni\u00f1os como Jes\u00fas los ve.<\/a>\r\n\t\t\t\t<\/h4>\r\n\r\n\t\t\t\t\t\t\t\t<div class=\"bdpp-post-meta bdpp-post-meta-up\">\r\n\t\t\t\t\t<span class=\"bdpp-post-meta-data bdpp-post-date\"><i class=\"fa fa-clock-o\"><\/i>abril 21, 2026<\/span>\t\t\t\t<\/div>\r\n\t\t\t\t\t\t\t<\/div>\r\n\t\t<\/div>\r\n\t<\/div>\r\n<\/div>\r\n\r\n<div class=\"bdpp-post-gridbox bdpp-post-gridbox-right bdpp-col-2 bdpp-columns bdpp-post-50813 bdpp-post-standard  bdpp-has-thumb\">\r\n\t<div class=\"bdpp-post-grid-content bdpp-clearfix\">\r\n\t\t\t\t<div class=\"bdpp-col-s-4 bdpp-columns\">\r\n\t\t\t<div class=\"bdpp-post-img-bg\">\r\n\t\t\t\t<a href=\"https:\/\/www.samnaz.org\/pt\/culto-zonal-unidas-con-proposito-reune-a-130-mujeres-en-riobamba\/\">\r\n\t\t\t\t\t<img decoding=\"async\" src=\"https:\/\/www.samnaz.org\/wp-content\/uploads\/2026\/03\/6-1-1-150x150.jpg\" class=\"bdpp-img bdpp-post-feat-img\" alt=\"Culto zonal \u201cUnidas con Prop\u00f3sito\u201d re\u00fane a 130 mujeres en Riobamba\" \/>\r\n\t\t\t\t\t\t\t\t\t<\/a>\r\n\t\t\t<\/div>\r\n\t\t<\/div>\r\n\t\t\r\n\t\t<div class=\"bdpp-col-s-8 bdpp-columns\">\r\n\t\t\t\r\n\t\t\t<div class=\"bdpp-post-content-overlay\">\r\n\t\t\t\t<h4 class=\"bdpp-post-title\">\r\n\t\t\t\t\t<a href=\"https:\/\/www.samnaz.org\/pt\/culto-zonal-unidas-con-proposito-reune-a-130-mujeres-en-riobamba\/\">Culto zonal \u201cUnidas con Prop\u00f3sito\u201d re\u00fane a 130 mujeres en Riobamba<\/a>\r\n\t\t\t\t<\/h4>\r\n\r\n\t\t\t\t\t\t\t\t<div class=\"bdpp-post-meta bdpp-post-meta-up\">\r\n\t\t\t\t\t<span class=\"bdpp-post-meta-data bdpp-post-date\"><i class=\"fa fa-clock-o\"><\/i>mar\u00e7o 18, 2026<\/span>\t\t\t\t<\/div>\r\n\t\t\t\t\t\t\t<\/div>\r\n\t\t<\/div>\r\n\t<\/div>\r\n<\/div>\r\n\r\n<div class=\"bdpp-post-gridbox bdpp-post-gridbox-right bdpp-col-2 bdpp-columns bdpp-post-50790 bdpp-post-standard  bdpp-has-thumb\">\r\n\t<div class=\"bdpp-post-grid-content bdpp-clearfix\">\r\n\t\t\t\t<div class=\"bdpp-col-s-4 bdpp-columns\">\r\n\t\t\t<div class=\"bdpp-post-img-bg\">\r\n\t\t\t\t<a href=\"https:\/\/www.samnaz.org\/pt\/iglesia-del-nazareno-en-espital-avanza-en-la-construccion-de-su-nuevo-templo\/\">\r\n\t\t\t\t\t<img decoding=\"async\" src=\"https:\/\/www.samnaz.org\/wp-content\/uploads\/2026\/03\/648316603_993006806574328_5624002555600806235_n-150x150.jpg\" class=\"bdpp-img bdpp-post-feat-img\" alt=\"Iglesia del Nazareno en Espital avanza en la construcci\u00f3n de su nuevo templo\" \/>\r\n\t\t\t\t\t\t\t\t\t<\/a>\r\n\t\t\t<\/div>\r\n\t\t<\/div>\r\n\t\t\r\n\t\t<div class=\"bdpp-col-s-8 bdpp-columns\">\r\n\t\t\t\r\n\t\t\t<div class=\"bdpp-post-content-overlay\">\r\n\t\t\t\t<h4 class=\"bdpp-post-title\">\r\n\t\t\t\t\t<a href=\"https:\/\/www.samnaz.org\/pt\/iglesia-del-nazareno-en-espital-avanza-en-la-construccion-de-su-nuevo-templo\/\">Iglesia del Nazareno en Espital avanza en la construcci\u00f3n de su nuevo templo<\/a>\r\n\t\t\t\t<\/h4>\r\n\r\n\t\t\t\t\t\t\t\t<div class=\"bdpp-post-meta bdpp-post-meta-up\">\r\n\t\t\t\t\t<span class=\"bdpp-post-meta-data bdpp-post-date\"><i class=\"fa fa-clock-o\"><\/i>mar\u00e7o 12, 2026<\/span>\t\t\t\t<\/div>\r\n\t\t\t\t\t\t\t<\/div>\r\n\t\t<\/div>\r\n\t<\/div>\r\n<\/div>\r\n\r\n<div class=\"bdpp-post-gridbox bdpp-post-gridbox-right bdpp-col-2 bdpp-columns bdpp-post-50774 bdpp-post-standard  bdpp-has-thumb\">\r\n\t<div class=\"bdpp-post-grid-content bdpp-clearfix\">\r\n\t\t\t\t<div class=\"bdpp-col-s-4 bdpp-columns\">\r\n\t\t\t<div class=\"bdpp-post-img-bg\">\r\n\t\t\t\t<a href=\"https:\/\/www.samnaz.org\/pt\/inicia-el-diplomado-en-docencia-teologica-transformadora-para-profesores-de-seminarios-nazarenos\/\">\r\n\t\t\t\t\t<img decoding=\"async\" src=\"https:\/\/www.samnaz.org\/wp-content\/uploads\/2026\/03\/WhatsApp-Image-2026-03-12-at-14.03.45-150x150.jpeg\" class=\"bdpp-img bdpp-post-feat-img\" alt=\"Inicia el Diplomado en Docencia Teol\u00f3gica Transformadora para profesores de Seminarios Nazarenos\" \/>\r\n\t\t\t\t\t\t\t\t\t<\/a>\r\n\t\t\t<\/div>\r\n\t\t<\/div>\r\n\t\t\r\n\t\t<div class=\"bdpp-col-s-8 bdpp-columns\">\r\n\t\t\t\r\n\t\t\t<div class=\"bdpp-post-content-overlay\">\r\n\t\t\t\t<h4 class=\"bdpp-post-title\">\r\n\t\t\t\t\t<a href=\"https:\/\/www.samnaz.org\/pt\/inicia-el-diplomado-en-docencia-teologica-transformadora-para-profesores-de-seminarios-nazarenos\/\">Inicia el Diplomado en Docencia Teol\u00f3gica Transformadora para profesores de Seminarios Nazarenos<\/a>\r\n\t\t\t\t<\/h4>\r\n\r\n\t\t\t\t\t\t\t\t<div class=\"bdpp-post-meta bdpp-post-meta-up\">\r\n\t\t\t\t\t<span class=\"bdpp-post-meta-data bdpp-post-date\"><i class=\"fa fa-clock-o\"><\/i>mar\u00e7o 12, 2026<\/span>\t\t\t\t<\/div>\r\n\t\t\t\t\t\t\t<\/div>\r\n\t\t<\/div>\r\n\t<\/div>\r\n<\/div>\r\n\r\n<div class=\"bdpp-post-gridbox bdpp-post-gridbox-right bdpp-col-2 bdpp-columns bdpp-post-50753 bdpp-post-standard  bdpp-has-thumb\">\r\n\t<div class=\"bdpp-post-grid-content bdpp-clearfix\">\r\n\t\t\t\t<div class=\"bdpp-col-s-4 bdpp-columns\">\r\n\t\t\t<div class=\"bdpp-post-img-bg\">\r\n\t\t\t\t<a href=\"https:\/\/www.samnaz.org\/pt\/iglesia-del-nazareno-en-el-calafate-celebra-bautismos-y-recibe-nuevos-miembros\/\">\r\n\t\t\t\t\t<img decoding=\"async\" src=\"https:\/\/www.samnaz.org\/wp-content\/uploads\/2026\/03\/9083af97-2db9-458d-95cd-e32f7db9dcb7-150x150.jpeg\" class=\"bdpp-img bdpp-post-feat-img\" alt=\"Iglesia del Nazareno en El Calafate celebra bautismos y recibe nuevos miembros\" \/>\r\n\t\t\t\t\t\t\t\t\t<\/a>\r\n\t\t\t<\/div>\r\n\t\t<\/div>\r\n\t\t\r\n\t\t<div class=\"bdpp-col-s-8 bdpp-columns\">\r\n\t\t\t\r\n\t\t\t<div class=\"bdpp-post-content-overlay\">\r\n\t\t\t\t<h4 class=\"bdpp-post-title\">\r\n\t\t\t\t\t<a href=\"https:\/\/www.samnaz.org\/pt\/iglesia-del-nazareno-en-el-calafate-celebra-bautismos-y-recibe-nuevos-miembros\/\">Iglesia del Nazareno en El Calafate celebra bautismos y recibe nuevos miembros<\/a>\r\n\t\t\t\t<\/h4>\r\n\r\n\t\t\t\t\t\t\t\t<div class=\"bdpp-post-meta bdpp-post-meta-up\">\r\n\t\t\t\t\t<span class=\"bdpp-post-meta-data bdpp-post-date\"><i class=\"fa fa-clock-o\"><\/i>mar\u00e7o 12, 2026<\/span>\t\t\t\t<\/div>\r\n\t\t\t\t\t\t\t<\/div>\r\n\t\t<\/div>\r\n\t<\/div>\r\n<\/div>\r\n\r\n<div class=\"bdpp-post-gridbox bdpp-post-gridbox-right bdpp-col-2 bdpp-columns bdpp-post-50737 bdpp-post-standard  bdpp-has-thumb\">\r\n\t<div class=\"bdpp-post-grid-content bdpp-clearfix\">\r\n\t\t\t\t<div class=\"bdpp-col-s-4 bdpp-columns\">\r\n\t\t\t<div class=\"bdpp-post-img-bg\">\r\n\t\t\t\t<a href=\"https:\/\/www.samnaz.org\/pt\/capacitacion-que-fortalece-las-bibliotecas-en-los-seminarios-nazarenos-de-america-del-sur\/\">\r\n\t\t\t\t\t<img decoding=\"async\" src=\"https:\/\/www.samnaz.org\/wp-content\/uploads\/2026\/03\/IMG_4414-150x150.jpg\" class=\"bdpp-img bdpp-post-feat-img\" alt=\"Capacitaci\u00f3n que fortalece las bibliotecas en los Seminarios Nazarenos de Am\u00e9rica del Sur\" \/>\r\n\t\t\t\t\t\t\t\t\t<\/a>\r\n\t\t\t<\/div>\r\n\t\t<\/div>\r\n\t\t\r\n\t\t<div class=\"bdpp-col-s-8 bdpp-columns\">\r\n\t\t\t\r\n\t\t\t<div class=\"bdpp-post-content-overlay\">\r\n\t\t\t\t<h4 class=\"bdpp-post-title\">\r\n\t\t\t\t\t<a href=\"https:\/\/www.samnaz.org\/pt\/capacitacion-que-fortalece-las-bibliotecas-en-los-seminarios-nazarenos-de-america-del-sur\/\">Capacitaci\u00f3n que fortalece las bibliotecas en los Seminarios Nazarenos de Am\u00e9rica del Sur<\/a>\r\n\t\t\t\t<\/h4>\r\n\r\n\t\t\t\t\t\t\t\t<div class=\"bdpp-post-meta bdpp-post-meta-up\">\r\n\t\t\t\t\t<span class=\"bdpp-post-meta-data bdpp-post-date\"><i class=\"fa fa-clock-o\"><\/i>mar\u00e7o 10, 2026<\/span>\t\t\t\t<\/div>\r\n\t\t\t\t\t\t\t<\/div>\r\n\t\t<\/div>\r\n\t<\/div>\r\n<\/div>\r\n\r\n<div class=\"bdpp-post-gridbox bdpp-post-gridbox-right bdpp-col-2 bdpp-columns bdpp-post-50719 bdpp-post-standard  bdpp-has-thumb\">\r\n\t<div class=\"bdpp-post-grid-content bdpp-clearfix\">\r\n\t\t\t\t<div class=\"bdpp-col-s-4 bdpp-columns\">\r\n\t\t\t<div class=\"bdpp-post-img-bg\">\r\n\t\t\t\t<a href=\"https:\/\/www.samnaz.org\/pt\/mas-de-350-mujeres-se-reunieron-en-arequipa-para-el-congreso-nacional-del-ministerio-a-la-mujer\/\">\r\n\t\t\t\t\t<img decoding=\"async\" src=\"https:\/\/www.samnaz.org\/wp-content\/uploads\/2026\/03\/0-150x150.jpg\" class=\"bdpp-img bdpp-post-feat-img\" alt=\"M\u00e1s de 350 mujeres se reunieron en Arequipa para el Congreso Nacional del Ministerio a la Mujer\" \/>\r\n\t\t\t\t\t\t\t\t\t<\/a>\r\n\t\t\t<\/div>\r\n\t\t<\/div>\r\n\t\t\r\n\t\t<div class=\"bdpp-col-s-8 bdpp-columns\">\r\n\t\t\t\r\n\t\t\t<div class=\"bdpp-post-content-overlay\">\r\n\t\t\t\t<h4 class=\"bdpp-post-title\">\r\n\t\t\t\t\t<a href=\"https:\/\/www.samnaz.org\/pt\/mas-de-350-mujeres-se-reunieron-en-arequipa-para-el-congreso-nacional-del-ministerio-a-la-mujer\/\">M\u00e1s de 350 mujeres se reunieron en Arequipa para el Congreso Nacional del Ministerio a la Mujer<\/a>\r\n\t\t\t\t<\/h4>\r\n\r\n\t\t\t\t\t\t\t\t<div class=\"bdpp-post-meta bdpp-post-meta-up\">\r\n\t\t\t\t\t<span class=\"bdpp-post-meta-data bdpp-post-date\"><i class=\"fa fa-clock-o\"><\/i>mar\u00e7o 9, 2026<\/span>\t\t\t\t<\/div>\r\n\t\t\t\t\t\t\t<\/div>\r\n\t\t<\/div>\r\n\t<\/div>\r\n<\/div>\r\n\r\n<div class=\"bdpp-post-gridbox bdpp-post-gridbox-right bdpp-col-2 bdpp-columns bdpp-post-50672 bdpp-post-standard  bdpp-has-thumb\">\r\n\t<div class=\"bdpp-post-grid-content bdpp-clearfix\">\r\n\t\t\t\t<div class=\"bdpp-col-s-4 bdpp-columns\">\r\n\t\t\t<div class=\"bdpp-post-img-bg\">\r\n\t\t\t\t<a href=\"https:\/\/www.samnaz.org\/pt\/sbn-chile-celebra-ceremonia-de-graduacion-2025-nuevos-bachilleres-y-licenciados-en-teologia-son-comisionados-para-servir\/\">\r\n\t\t\t\t\t<img decoding=\"async\" src=\"https:\/\/www.samnaz.org\/wp-content\/uploads\/2026\/02\/DSC06663-1-150x150.jpeg\" class=\"bdpp-img bdpp-post-feat-img\" alt=\"SBN Chile celebra ceremonia de graduaci\u00f3n 2025: nuevos bachilleres y licenciados en teolog\u00eda son comisionados para servir\" \/>\r\n\t\t\t\t\t\t\t\t\t<\/a>\r\n\t\t\t<\/div>\r\n\t\t<\/div>\r\n\t\t\r\n\t\t<div class=\"bdpp-col-s-8 bdpp-columns\">\r\n\t\t\t\r\n\t\t\t<div class=\"bdpp-post-content-overlay\">\r\n\t\t\t\t<h4 class=\"bdpp-post-title\">\r\n\t\t\t\t\t<a href=\"https:\/\/www.samnaz.org\/pt\/sbn-chile-celebra-ceremonia-de-graduacion-2025-nuevos-bachilleres-y-licenciados-en-teologia-son-comisionados-para-servir\/\">SBN Chile celebra ceremonia de graduaci\u00f3n 2025: nuevos bachilleres y licenciados en teolog\u00eda son comisionados para servir<\/a>\r\n\t\t\t\t<\/h4>\r\n\r\n\t\t\t\t\t\t\t\t<div class=\"bdpp-post-meta bdpp-post-meta-up\">\r\n\t\t\t\t\t<span class=\"bdpp-post-meta-data bdpp-post-date\"><i class=\"fa fa-clock-o\"><\/i>fevereiro 18, 2026<\/span>\t\t\t\t<\/div>\r\n\t\t\t\t\t\t\t<\/div>\r\n\t\t<\/div>\r\n\t<\/div>\r\n<\/div>\r\n\r\n<div class=\"bdpp-post-gridbox bdpp-post-gridbox-right bdpp-col-2 bdpp-columns bdpp-post-50647 bdpp-post-standard  bdpp-has-thumb\">\r\n\t<div class=\"bdpp-post-grid-content bdpp-clearfix\">\r\n\t\t\t\t<div class=\"bdpp-col-s-4 bdpp-columns\">\r\n\t\t\t<div class=\"bdpp-post-img-bg\">\r\n\t\t\t\t<a href=\"https:\/\/www.samnaz.org\/pt\/iglesia-del-nazareno-puerta-abierta-realiza-bautizos-en-la-playa-roca-roja-en-antofagasta-chile\/\">\r\n\t\t\t\t\t<img decoding=\"async\" src=\"https:\/\/www.samnaz.org\/wp-content\/uploads\/2026\/02\/621808468_1396783105828931_7918892750469911178_n-150x150.jpg\" class=\"bdpp-img bdpp-post-feat-img\" alt=\"Iglesia del Nazareno Puerta Abierta realiza bautizos en la Playa Roca Roja, en Antofagasta &#8211; Chile\" \/>\r\n\t\t\t\t\t\t\t\t\t<\/a>\r\n\t\t\t<\/div>\r\n\t\t<\/div>\r\n\t\t\r\n\t\t<div class=\"bdpp-col-s-8 bdpp-columns\">\r\n\t\t\t\r\n\t\t\t<div class=\"bdpp-post-content-overlay\">\r\n\t\t\t\t<h4 class=\"bdpp-post-title\">\r\n\t\t\t\t\t<a href=\"https:\/\/www.samnaz.org\/pt\/iglesia-del-nazareno-puerta-abierta-realiza-bautizos-en-la-playa-roca-roja-en-antofagasta-chile\/\">Iglesia del Nazareno Puerta Abierta realiza bautizos en la Playa Roca Roja, en Antofagasta &#8211; Chile<\/a>\r\n\t\t\t\t<\/h4>\r\n\r\n\t\t\t\t\t\t\t\t<div class=\"bdpp-post-meta bdpp-post-meta-up\">\r\n\t\t\t\t\t<span class=\"bdpp-post-meta-data bdpp-post-date\"><i class=\"fa fa-clock-o\"><\/i>fevereiro 18, 2026<\/span>\t\t\t\t<\/div>\r\n\t\t\t\t\t\t\t<\/div>\r\n\t\t<\/div>\r\n\t<\/div>\r\n<\/div>\r\n\r\n<div class=\"bdpp-post-gridbox bdpp-post-gridbox-right bdpp-col-2 bdpp-columns bdpp-post-50597 bdpp-post-standard  bdpp-has-thumb\">\r\n\t<div class=\"bdpp-post-grid-content bdpp-clearfix\">\r\n\t\t\t\t<div class=\"bdpp-col-s-4 bdpp-columns\">\r\n\t\t\t<div class=\"bdpp-post-img-bg\">\r\n\t\t\t\t<a href=\"https:\/\/www.samnaz.org\/pt\/explosam-en-rio-de-janeiro-46-participantes-fueron-equipados-para-servir-evangelizar-y-llevar-esperanza\/\">\r\n\t\t\t\t\t<img decoding=\"async\" src=\"https:\/\/www.samnaz.org\/wp-content\/uploads\/2026\/02\/WhatsApp-Image-2026-01-26-at-01.22.30-150x150.jpeg\" class=\"bdpp-img bdpp-post-feat-img\" alt=\"ExploSAM en R\u00edo de Janeiro: 46 participantes fueron equipados para servir, evangelizar y llevar esperanza\" \/>\r\n\t\t\t\t\t\t\t\t\t<\/a>\r\n\t\t\t<\/div>\r\n\t\t<\/div>\r\n\t\t\r\n\t\t<div class=\"bdpp-col-s-8 bdpp-columns\">\r\n\t\t\t\r\n\t\t\t<div class=\"bdpp-post-content-overlay\">\r\n\t\t\t\t<h4 class=\"bdpp-post-title\">\r\n\t\t\t\t\t<a href=\"https:\/\/www.samnaz.org\/pt\/explosam-en-rio-de-janeiro-46-participantes-fueron-equipados-para-servir-evangelizar-y-llevar-esperanza\/\">ExploSAM en R\u00edo de Janeiro: 46 participantes fueron equipados para servir, evangelizar y llevar esperanza<\/a>\r\n\t\t\t\t<\/h4>\r\n\r\n\t\t\t\t\t\t\t\t<div class=\"bdpp-post-meta bdpp-post-meta-up\">\r\n\t\t\t\t\t<span class=\"bdpp-post-meta-data bdpp-post-date\"><i class=\"fa fa-clock-o\"><\/i>fevereiro 10, 2026<\/span>\t\t\t\t<\/div>\r\n\t\t\t\t\t\t\t<\/div>\r\n\t\t<\/div>\r\n\t<\/div>\r\n<\/div>\r\n\r\n<div class=\"bdpp-post-gridbox bdpp-post-gridbox-right bdpp-col-2 bdpp-columns bdpp-post-50580 bdpp-post-standard  bdpp-has-thumb\">\r\n\t<div class=\"bdpp-post-grid-content bdpp-clearfix\">\r\n\t\t\t\t<div class=\"bdpp-col-s-4 bdpp-columns\">\r\n\t\t\t<div class=\"bdpp-post-img-bg\">\r\n\t\t\t\t<a href=\"https:\/\/www.samnaz.org\/pt\/un-avivamiento-que-se-extiende-por-la-patagonia-norte\/\">\r\n\t\t\t\t\t<img decoding=\"async\" src=\"https:\/\/www.samnaz.org\/wp-content\/uploads\/2026\/01\/WhatsApp-Image-2026-01-29-at-13.16.53-1-150x150.jpeg\" class=\"bdpp-img bdpp-post-feat-img\" alt=\"Un avivamiento que se extiende por la Patagonia Norte\" \/>\r\n\t\t\t\t\t\t\t\t\t<\/a>\r\n\t\t\t<\/div>\r\n\t\t<\/div>\r\n\t\t\r\n\t\t<div class=\"bdpp-col-s-8 bdpp-columns\">\r\n\t\t\t\r\n\t\t\t<div class=\"bdpp-post-content-overlay\">\r\n\t\t\t\t<h4 class=\"bdpp-post-title\">\r\n\t\t\t\t\t<a href=\"https:\/\/www.samnaz.org\/pt\/un-avivamiento-que-se-extiende-por-la-patagonia-norte\/\">Un avivamiento que se extiende por la Patagonia Norte<\/a>\r\n\t\t\t\t<\/h4>\r\n\r\n\t\t\t\t\t\t\t\t<div class=\"bdpp-post-meta bdpp-post-meta-up\">\r\n\t\t\t\t\t<span class=\"bdpp-post-meta-data bdpp-post-date\"><i class=\"fa fa-clock-o\"><\/i>janeiro 30, 2026<\/span>\t\t\t\t<\/div>\r\n\t\t\t\t\t\t\t<\/div>\r\n\t\t<\/div>\r\n\t<\/div>\r\n<\/div>\r\n\r\n<div class=\"bdpp-post-gridbox bdpp-post-gridbox-right bdpp-col-2 bdpp-columns bdpp-post-50544 bdpp-post-standard  bdpp-has-thumb\">\r\n\t<div class=\"bdpp-post-grid-content bdpp-clearfix\">\r\n\t\t\t\t<div class=\"bdpp-col-s-4 bdpp-columns\">\r\n\t\t\t<div class=\"bdpp-post-img-bg\">\r\n\t\t\t\t<a href=\"https:\/\/www.samnaz.org\/pt\/distrito-el-alto-noroeste-celebra-su-20a-asamblea-distrital-y-elige-nuevo-superintendente-distrital\/\">\r\n\t\t\t\t\t<img decoding=\"async\" src=\"https:\/\/www.samnaz.org\/wp-content\/uploads\/2026\/01\/IMG_6819-1-150x150.jpg\" class=\"bdpp-img bdpp-post-feat-img\" alt=\"Distrito El Alto Noroeste celebra su 20\u00aa Asamblea Distrital y elige nuevo Superintendente Distrital\" \/>\r\n\t\t\t\t\t\t\t\t\t<\/a>\r\n\t\t\t<\/div>\r\n\t\t<\/div>\r\n\t\t\r\n\t\t<div class=\"bdpp-col-s-8 bdpp-columns\">\r\n\t\t\t\r\n\t\t\t<div class=\"bdpp-post-content-overlay\">\r\n\t\t\t\t<h4 class=\"bdpp-post-title\">\r\n\t\t\t\t\t<a href=\"https:\/\/www.samnaz.org\/pt\/distrito-el-alto-noroeste-celebra-su-20a-asamblea-distrital-y-elige-nuevo-superintendente-distrital\/\">Distrito El Alto Noroeste celebra su 20\u00aa Asamblea Distrital y elige nuevo Superintendente Distrital<\/a>\r\n\t\t\t\t<\/h4>\r\n\r\n\t\t\t\t\t\t\t\t<div class=\"bdpp-post-meta bdpp-post-meta-up\">\r\n\t\t\t\t\t<span class=\"bdpp-post-meta-data bdpp-post-date\"><i class=\"fa fa-clock-o\"><\/i>janeiro 29, 2026<\/span>\t\t\t\t<\/div>\r\n\t\t\t\t\t\t\t<\/div>\r\n\t\t<\/div>\r\n\t<\/div>\r\n<\/div>\r\n\r\n<div class=\"bdpp-post-gridbox bdpp-post-gridbox-right bdpp-col-2 bdpp-columns bdpp-post-50506 bdpp-post-standard  bdpp-has-thumb\">\r\n\t<div class=\"bdpp-post-grid-content bdpp-clearfix\">\r\n\t\t\t\t<div class=\"bdpp-col-s-4 bdpp-columns\">\r\n\t\t\t<div class=\"bdpp-post-img-bg\">\r\n\t\t\t\t<a href=\"https:\/\/www.samnaz.org\/pt\/distrito-peru-norte-celebra-culto-especial-de-gratitud-y-honra-a-la-mujer-nazarena\/\">\r\n\t\t\t\t\t<img decoding=\"async\" src=\"https:\/\/www.samnaz.org\/wp-content\/uploads\/2026\/01\/701A1942-150x150.jpg\" class=\"bdpp-img bdpp-post-feat-img\" alt=\"Distrito Per\u00fa Norte celebra Culto Especial de Gratitud y Honra a la Mujer Nazarena\" \/>\r\n\t\t\t\t\t\t\t\t\t<\/a>\r\n\t\t\t<\/div>\r\n\t\t<\/div>\r\n\t\t\r\n\t\t<div class=\"bdpp-col-s-8 bdpp-columns\">\r\n\t\t\t\r\n\t\t\t<div class=\"bdpp-post-content-overlay\">\r\n\t\t\t\t<h4 class=\"bdpp-post-title\">\r\n\t\t\t\t\t<a href=\"https:\/\/www.samnaz.org\/pt\/distrito-peru-norte-celebra-culto-especial-de-gratitud-y-honra-a-la-mujer-nazarena\/\">Distrito Per\u00fa Norte celebra Culto Especial de Gratitud y Honra a la Mujer Nazarena<\/a>\r\n\t\t\t\t<\/h4>\r\n\r\n\t\t\t\t\t\t\t\t<div class=\"bdpp-post-meta bdpp-post-meta-up\">\r\n\t\t\t\t\t<span class=\"bdpp-post-meta-data bdpp-post-date\"><i class=\"fa fa-clock-o\"><\/i>janeiro 28, 2026<\/span>\t\t\t\t<\/div>\r\n\t\t\t\t\t\t\t<\/div>\r\n\t\t<\/div>\r\n\t<\/div>\r\n<\/div>\r\n\r\n<div class=\"bdpp-post-gridbox bdpp-post-gridbox-right bdpp-col-2 bdpp-columns bdpp-post-50471 bdpp-post-standard  bdpp-has-thumb\">\r\n\t<div class=\"bdpp-post-grid-content bdpp-clearfix\">\r\n\t\t\t\t<div class=\"bdpp-col-s-4 bdpp-columns\">\r\n\t\t\t<div class=\"bdpp-post-img-bg\">\r\n\t\t\t\t<a href=\"https:\/\/www.samnaz.org\/pt\/distrito-peru-norte-celebra-su-asamblea-distrital-no-106-como-un-tiempo-de-unidad-vision-y-afirmacion-ministerial\/\">\r\n\t\t\t\t\t<img decoding=\"async\" src=\"https:\/\/www.samnaz.org\/wp-content\/uploads\/2026\/01\/701A2380-150x150.jpg\" class=\"bdpp-img bdpp-post-feat-img\" alt=\"Distrito Per\u00fa Norte celebra su Asamblea Distrital N\u00ba 106 como un tiempo de unidad, visi\u00f3n y afirmaci\u00f3n ministerial\" \/>\r\n\t\t\t\t\t\t\t\t\t<\/a>\r\n\t\t\t<\/div>\r\n\t\t<\/div>\r\n\t\t\r\n\t\t<div class=\"bdpp-col-s-8 bdpp-columns\">\r\n\t\t\t\r\n\t\t\t<div class=\"bdpp-post-content-overlay\">\r\n\t\t\t\t<h4 class=\"bdpp-post-title\">\r\n\t\t\t\t\t<a href=\"https:\/\/www.samnaz.org\/pt\/distrito-peru-norte-celebra-su-asamblea-distrital-no-106-como-un-tiempo-de-unidad-vision-y-afirmacion-ministerial\/\">Distrito Per\u00fa Norte celebra su Asamblea Distrital N\u00ba 106 como un tiempo de unidad, visi\u00f3n y afirmaci\u00f3n ministerial<\/a>\r\n\t\t\t\t<\/h4>\r\n\r\n\t\t\t\t\t\t\t\t<div class=\"bdpp-post-meta bdpp-post-meta-up\">\r\n\t\t\t\t\t<span class=\"bdpp-post-meta-data bdpp-post-date\"><i class=\"fa fa-clock-o\"><\/i>janeiro 28, 2026<\/span>\t\t\t\t<\/div>\r\n\t\t\t\t\t\t\t<\/div>\r\n\t\t<\/div>\r\n\t<\/div>\r\n<\/div>\r\n\r\n<div class=\"bdpp-post-gridbox bdpp-post-gridbox-right bdpp-col-2 bdpp-columns bdpp-post-50443 bdpp-post-standard  bdpp-has-thumb\">\r\n\t<div class=\"bdpp-post-grid-content bdpp-clearfix\">\r\n\t\t\t\t<div class=\"bdpp-col-s-4 bdpp-columns\">\r\n\t\t\t<div class=\"bdpp-post-img-bg\">\r\n\t\t\t\t<a href=\"https:\/\/www.samnaz.org\/pt\/camaragibe-celebra-la-inauguracion-de-la-iglesia-del-nazareno-tras-una-semana-de-mision-y-servicio\/\">\r\n\t\t\t\t\t<img decoding=\"async\" src=\"https:\/\/www.samnaz.org\/wp-content\/uploads\/2026\/01\/WhatsApp-Image-2026-01-23-at-08.33.25-150x150.jpeg\" class=\"bdpp-img bdpp-post-feat-img\" alt=\"Camaragibe celebra la inauguraci\u00f3n de la Iglesia del Nazareno tras una semana de misi\u00f3n y servicio\" \/>\r\n\t\t\t\t\t\t\t\t\t<\/a>\r\n\t\t\t<\/div>\r\n\t\t<\/div>\r\n\t\t\r\n\t\t<div class=\"bdpp-col-s-8 bdpp-columns\">\r\n\t\t\t\r\n\t\t\t<div class=\"bdpp-post-content-overlay\">\r\n\t\t\t\t<h4 class=\"bdpp-post-title\">\r\n\t\t\t\t\t<a href=\"https:\/\/www.samnaz.org\/pt\/camaragibe-celebra-la-inauguracion-de-la-iglesia-del-nazareno-tras-una-semana-de-mision-y-servicio\/\">Camaragibe celebra la inauguraci\u00f3n de la Iglesia del Nazareno tras una semana de misi\u00f3n y servicio<\/a>\r\n\t\t\t\t<\/h4>\r\n\r\n\t\t\t\t\t\t\t\t<div class=\"bdpp-post-meta bdpp-post-meta-up\">\r\n\t\t\t\t\t<span class=\"bdpp-post-meta-data bdpp-post-date\"><i class=\"fa fa-clock-o\"><\/i>janeiro 26, 2026<\/span>\t\t\t\t<\/div>\r\n\t\t\t\t\t\t\t<\/div>\r\n\t\t<\/div>\r\n\t<\/div>\r\n<\/div>\r\n\r\n<div class=\"bdpp-post-gridbox bdpp-post-gridbox-right bdpp-col-2 bdpp-columns bdpp-post-50423 bdpp-post-standard  bdpp-has-thumb\">\r\n\t<div class=\"bdpp-post-grid-content bdpp-clearfix\">\r\n\t\t\t\t<div class=\"bdpp-col-s-4 bdpp-columns\">\r\n\t\t\t<div class=\"bdpp-post-img-bg\">\r\n\t\t\t\t<a href=\"https:\/\/www.samnaz.org\/pt\/distrito-peru-utcubamba-vive-un-tiempo-de-unidad-direccion-y-renovacion-durante-su-25a-asamblea-distrital\/\">\r\n\t\t\t\t\t<img decoding=\"async\" src=\"https:\/\/www.samnaz.org\/wp-content\/uploads\/2026\/01\/618687847_956912346850441_7185556557158037271_n-150x150.jpg\" class=\"bdpp-img bdpp-post-feat-img\" alt=\"Distrito Per\u00fa Utcubamba vive un tiempo de unidad, direcci\u00f3n y renovaci\u00f3n durante su 25\u00aa Asamblea Distrital\" \/>\r\n\t\t\t\t\t\t\t\t\t<\/a>\r\n\t\t\t<\/div>\r\n\t\t<\/div>\r\n\t\t\r\n\t\t<div class=\"bdpp-col-s-8 bdpp-columns\">\r\n\t\t\t\r\n\t\t\t<div class=\"bdpp-post-content-overlay\">\r\n\t\t\t\t<h4 class=\"bdpp-post-title\">\r\n\t\t\t\t\t<a href=\"https:\/\/www.samnaz.org\/pt\/distrito-peru-utcubamba-vive-un-tiempo-de-unidad-direccion-y-renovacion-durante-su-25a-asamblea-distrital\/\">Distrito Per\u00fa Utcubamba vive un tiempo de unidad, direcci\u00f3n y renovaci\u00f3n durante su 25\u00aa Asamblea Distrital<\/a>\r\n\t\t\t\t<\/h4>\r\n\r\n\t\t\t\t\t\t\t\t<div class=\"bdpp-post-meta bdpp-post-meta-up\">\r\n\t\t\t\t\t<span class=\"bdpp-post-meta-data bdpp-post-date\"><i class=\"fa fa-clock-o\"><\/i>janeiro 22, 2026<\/span>\t\t\t\t<\/div>\r\n\t\t\t\t\t\t\t<\/div>\r\n\t\t<\/div>\r\n\t<\/div>\r\n<\/div>\r\n\r\n<div class=\"bdpp-post-gridbox bdpp-post-gridbox-right bdpp-col-2 bdpp-columns bdpp-post-50407 bdpp-post-standard  bdpp-has-thumb\">\r\n\t<div class=\"bdpp-post-grid-content bdpp-clearfix\">\r\n\t\t\t\t<div class=\"bdpp-col-s-4 bdpp-columns\">\r\n\t\t\t<div class=\"bdpp-post-img-bg\">\r\n\t\t\t\t<a href=\"https:\/\/www.samnaz.org\/pt\/solidaridad-y-servicio-la-iglesia-del-nazareno-acompana-a-las-comunidades-afectadas-por-los-incendios-en-chile\/\">\r\n\t\t\t\t\t<img decoding=\"async\" src=\"https:\/\/www.samnaz.org\/wp-content\/uploads\/2026\/01\/Captura-de-Pantalla-2026-01-20-a-las-16.58.05-150x150.jpg\" class=\"bdpp-img bdpp-post-feat-img\" alt=\"Solidaridad y servicio: la Iglesia del Nazareno acompa\u00f1a a las comunidades afectadas por los incendios en Chile.\" \/>\r\n\t\t\t\t\t\t\t\t\t<\/a>\r\n\t\t\t<\/div>\r\n\t\t<\/div>\r\n\t\t\r\n\t\t<div class=\"bdpp-col-s-8 bdpp-columns\">\r\n\t\t\t\r\n\t\t\t<div class=\"bdpp-post-content-overlay\">\r\n\t\t\t\t<h4 class=\"bdpp-post-title\">\r\n\t\t\t\t\t<a href=\"https:\/\/www.samnaz.org\/pt\/solidaridad-y-servicio-la-iglesia-del-nazareno-acompana-a-las-comunidades-afectadas-por-los-incendios-en-chile\/\">Solidaridad y servicio: la Iglesia del Nazareno acompa\u00f1a a las comunidades afectadas por los incendios en Chile.<\/a>\r\n\t\t\t\t<\/h4>\r\n\r\n\t\t\t\t\t\t\t\t<div class=\"bdpp-post-meta bdpp-post-meta-up\">\r\n\t\t\t\t\t<span class=\"bdpp-post-meta-data bdpp-post-date\"><i class=\"fa fa-clock-o\"><\/i>janeiro 20, 2026<\/span>\t\t\t\t<\/div>\r\n\t\t\t\t\t\t\t<\/div>\r\n\t\t<\/div>\r\n\t<\/div>\r\n<\/div>\r\n\r\n<div class=\"bdpp-post-gridbox bdpp-post-gridbox-right bdpp-col-2 bdpp-columns bdpp-post-50398 bdpp-post-standard  bdpp-has-thumb\">\r\n\t<div class=\"bdpp-post-grid-content bdpp-clearfix\">\r\n\t\t\t\t<div class=\"bdpp-col-s-4 bdpp-columns\">\r\n\t\t\t<div class=\"bdpp-post-img-bg\">\r\n\t\t\t\t<a href=\"https:\/\/www.samnaz.org\/pt\/la-junta-de-regentes-del-stns-se-reune-para-fortalecer-la-vision-y-el-liderazgo-del-seminario\/\">\r\n\t\t\t\t\t<img decoding=\"async\" src=\"https:\/\/www.samnaz.org\/wp-content\/uploads\/2026\/01\/6b-150x150.jpg\" class=\"bdpp-img bdpp-post-feat-img\" alt=\"La Junta de Regentes del STNS se re\u00fane para fortalecer la visi\u00f3n y el liderazgo del Seminario\" \/>\r\n\t\t\t\t\t\t\t\t\t<\/a>\r\n\t\t\t<\/div>\r\n\t\t<\/div>\r\n\t\t\r\n\t\t<div class=\"bdpp-col-s-8 bdpp-columns\">\r\n\t\t\t\r\n\t\t\t<div class=\"bdpp-post-content-overlay\">\r\n\t\t\t\t<h4 class=\"bdpp-post-title\">\r\n\t\t\t\t\t<a href=\"https:\/\/www.samnaz.org\/pt\/la-junta-de-regentes-del-stns-se-reune-para-fortalecer-la-vision-y-el-liderazgo-del-seminario\/\">La Junta de Regentes del STNS se re\u00fane para fortalecer la visi\u00f3n y el liderazgo del Seminario<\/a>\r\n\t\t\t\t<\/h4>\r\n\r\n\t\t\t\t\t\t\t\t<div class=\"bdpp-post-meta bdpp-post-meta-up\">\r\n\t\t\t\t\t<span class=\"bdpp-post-meta-data bdpp-post-date\"><i class=\"fa fa-clock-o\"><\/i>janeiro 20, 2026<\/span>\t\t\t\t<\/div>\r\n\t\t\t\t\t\t\t<\/div>\r\n\t\t<\/div>\r\n\t<\/div>\r\n<\/div>\r\n\r\n<div class=\"bdpp-post-gridbox bdpp-post-gridbox-right bdpp-col-2 bdpp-columns bdpp-post-50381 bdpp-post-standard  bdpp-has-thumb\">\r\n\t<div class=\"bdpp-post-grid-content bdpp-clearfix\">\r\n\t\t\t\t<div class=\"bdpp-col-s-4 bdpp-columns\">\r\n\t\t\t<div class=\"bdpp-post-img-bg\">\r\n\t\t\t\t<a href=\"https:\/\/www.samnaz.org\/pt\/el-stns-celebra-su-37a-ceremonia-de-graduacion-formando-una-nueva-generacion-de-lideres-para-el-reino-de-dios\/\">\r\n\t\t\t\t\t<img decoding=\"async\" src=\"https:\/\/www.samnaz.org\/wp-content\/uploads\/2026\/01\/15-150x150.jpg\" class=\"bdpp-img bdpp-post-feat-img\" alt=\"El STNS celebra su 37\u00aa Ceremonia de Graduaci\u00f3n formando una nueva generaci\u00f3n de l\u00edderes para el Reino de Dios\" \/>\r\n\t\t\t\t\t\t\t\t\t<\/a>\r\n\t\t\t<\/div>\r\n\t\t<\/div>\r\n\t\t\r\n\t\t<div class=\"bdpp-col-s-8 bdpp-columns\">\r\n\t\t\t\r\n\t\t\t<div class=\"bdpp-post-content-overlay\">\r\n\t\t\t\t<h4 class=\"bdpp-post-title\">\r\n\t\t\t\t\t<a href=\"https:\/\/www.samnaz.org\/pt\/el-stns-celebra-su-37a-ceremonia-de-graduacion-formando-una-nueva-generacion-de-lideres-para-el-reino-de-dios\/\">El STNS celebra su 37\u00aa Ceremonia de Graduaci\u00f3n formando una nueva generaci\u00f3n de l\u00edderes para el Reino de Dios<\/a>\r\n\t\t\t\t<\/h4>\r\n\r\n\t\t\t\t\t\t\t\t<div class=\"bdpp-post-meta bdpp-post-meta-up\">\r\n\t\t\t\t\t<span class=\"bdpp-post-meta-data bdpp-post-date\"><i class=\"fa fa-clock-o\"><\/i>janeiro 20, 2026<\/span>\t\t\t\t<\/div>\r\n\t\t\t\t\t\t\t<\/div>\r\n\t\t<\/div>\r\n\t<\/div>\r\n<\/div>\r\n\t<\/div>\r\n\t\t<div class=\"bdpp-paging bdpp-clearfix\">\r\n\t\t<span aria-current=\"page\" class=\"page-numbers current\">1<\/span>\n<a class=\"page-numbers\" href=\"https:\/\/www.samnaz.org\/pt\/wp-json\/wp\/v2\/pages\/559\/page\/2\/\">2<\/a>\n<a class=\"page-numbers\" href=\"https:\/\/www.samnaz.org\/pt\/wp-json\/wp\/v2\/pages\/559\/page\/3\/\">3<\/a>\n<span class=\"page-numbers dots\">&hellip;<\/span>\n<a class=\"page-numbers\" href=\"https:\/\/www.samnaz.org\/pt\/wp-json\/wp\/v2\/pages\/559\/page\/37\/\">37<\/a>\n<a class=\"next page-numbers\" href=\"https:\/\/www.samnaz.org\/pt\/wp-json\/wp\/v2\/pages\/559\/page\/2\/\">Pr\u00f3ximo \u00bb &raquo;<\/a>\t<\/div>\r\n<\/div>[\/et_pb_code][et_pb_text _builder_version=\u00bb4.16&#8243; _module_preset=\u00bbdefault\u00bb text_font=\u00bb|700||on|||||\u00bb text_text_color=\u00bb#E02B20&#8243; text_font_size=\u00bb20px\u00bb custom_margin=\u00bb||19px|||\u00bb global_colors_info=\u00bb{}\u00bb]<\/p>\n<p><strong>Minist\u00e9rios<\/strong><\/p>\n<p>[\/et_pb_text][et_pb_divider color=\u00bb#dbdbdb\u00bb _builder_version=\u00bb4.16&#8243; _module_preset=\u00bbdefault\u00bb custom_margin=\u00bb||3px|||\u00bb global_colors_info=\u00bb{}\u00bb][\/et_pb_divider][et_pb_code admin_label=\u00bbCode\u00bb _builder_version=\u00bb4.16&#8243; _module_preset=\u00bbdefault\u00bb global_colors_info=\u00bb{}\u00bb]<div id=\"bdpp-post-gridbox-2\" class=\"bdpp-wrap bdpp-lite bdpp-post-grid-box-wrap bdpp-post-data-wrap bdpp-design-1  bdpp-clearfix\">\r\n\t<div class=\"bdpp-post-grid-box-inr-wrap bdpp-post-data-inr-wrap bdpp-clearfix\">\t<div class=\"bdpp-post-gridbox bdpp-post-gridbox-left bdpp-col-2 bdpp-columns bdpp-post-50813 bdpp-post-standard  bdpp-has-thumb\">\r\n\t\t<div class=\"bdpp-post-grid-content\">\r\n\t\t\t\t\r\n\t\t\t<div class=\"bdpp-post-img-link\">\t\r\n\t\t\t\t<a class=\"bdpp-post-linkoverlay\" href=\"https:\/\/www.samnaz.org\/pt\/culto-zonal-unidas-con-proposito-reune-a-130-mujeres-en-riobamba\/\"><\/a>\r\n\t\t\t\t<div class=\"bdpp-post-img-bg\" style=\"height:500px; background-image:url(https:\/\/www.samnaz.org\/wp-content\/uploads\/2026\/03\/6-1-1-1024x576.jpg);\"><\/div>\r\n\t\t\t\t\t\t\t<\/div>\r\n\t\t\t\r\n\t\t\t<div class=\"bdpp-post-content-overlay\">\r\n\t\t\t\t<h2 class=\"bdpp-post-title\">\r\n\t\t\t\t\t<a href=\"https:\/\/www.samnaz.org\/pt\/culto-zonal-unidas-con-proposito-reune-a-130-mujeres-en-riobamba\/\">Culto zonal \u201cUnidas con Prop\u00f3sito\u201d re\u00fane a 130 mujeres en Riobamba<\/a>\r\n\t\t\t\t<\/h2>\r\n\r\n\t\t\t\t\t\t\t\t<div class=\"bdpp-post-meta bdpp-post-meta-up\">\r\n\t\t\t\t\t<span class=\"bdpp-post-meta-data bdpp-post-date\"><i class=\"fa fa-clock-o\"><\/i>mar\u00e7o 18, 2026<\/span>\t\t\t\t<\/div>\r\n\t\t\t\t\t\t\t<\/div>\r\n\t\t<\/div>\r\n\t<\/div>\r\n\r\n<div class=\"bdpp-post-gridbox bdpp-post-gridbox-right bdpp-col-2 bdpp-columns bdpp-post-50790 bdpp-post-standard  bdpp-has-thumb\">\r\n\t<div class=\"bdpp-post-grid-content bdpp-clearfix\">\r\n\t\t\t\t<div class=\"bdpp-col-s-4 bdpp-columns\">\r\n\t\t\t<div class=\"bdpp-post-img-bg\">\r\n\t\t\t\t<a href=\"https:\/\/www.samnaz.org\/pt\/iglesia-del-nazareno-en-espital-avanza-en-la-construccion-de-su-nuevo-templo\/\">\r\n\t\t\t\t\t<img decoding=\"async\" src=\"https:\/\/www.samnaz.org\/wp-content\/uploads\/2026\/03\/648316603_993006806574328_5624002555600806235_n-150x150.jpg\" class=\"bdpp-img bdpp-post-feat-img\" alt=\"Iglesia del Nazareno en Espital avanza en la construcci\u00f3n de su nuevo templo\" \/>\r\n\t\t\t\t\t\t\t\t\t<\/a>\r\n\t\t\t<\/div>\r\n\t\t<\/div>\r\n\t\t\r\n\t\t<div class=\"bdpp-col-s-8 bdpp-columns\">\r\n\t\t\t\r\n\t\t\t<div class=\"bdpp-post-content-overlay\">\r\n\t\t\t\t<h4 class=\"bdpp-post-title\">\r\n\t\t\t\t\t<a href=\"https:\/\/www.samnaz.org\/pt\/iglesia-del-nazareno-en-espital-avanza-en-la-construccion-de-su-nuevo-templo\/\">Iglesia del Nazareno en Espital avanza en la construcci\u00f3n de su nuevo templo<\/a>\r\n\t\t\t\t<\/h4>\r\n\r\n\t\t\t\t\t\t\t\t<div class=\"bdpp-post-meta bdpp-post-meta-up\">\r\n\t\t\t\t\t<span class=\"bdpp-post-meta-data bdpp-post-date\"><i class=\"fa fa-clock-o\"><\/i>mar\u00e7o 12, 2026<\/span>\t\t\t\t<\/div>\r\n\t\t\t\t\t\t\t<\/div>\r\n\t\t<\/div>\r\n\t<\/div>\r\n<\/div>\r\n\r\n<div class=\"bdpp-post-gridbox bdpp-post-gridbox-right bdpp-col-2 bdpp-columns bdpp-post-50774 bdpp-post-standard  bdpp-has-thumb\">\r\n\t<div class=\"bdpp-post-grid-content bdpp-clearfix\">\r\n\t\t\t\t<div class=\"bdpp-col-s-4 bdpp-columns\">\r\n\t\t\t<div class=\"bdpp-post-img-bg\">\r\n\t\t\t\t<a href=\"https:\/\/www.samnaz.org\/pt\/inicia-el-diplomado-en-docencia-teologica-transformadora-para-profesores-de-seminarios-nazarenos\/\">\r\n\t\t\t\t\t<img decoding=\"async\" src=\"https:\/\/www.samnaz.org\/wp-content\/uploads\/2026\/03\/WhatsApp-Image-2026-03-12-at-14.03.45-150x150.jpeg\" class=\"bdpp-img bdpp-post-feat-img\" alt=\"Inicia el Diplomado en Docencia Teol\u00f3gica Transformadora para profesores de Seminarios Nazarenos\" \/>\r\n\t\t\t\t\t\t\t\t\t<\/a>\r\n\t\t\t<\/div>\r\n\t\t<\/div>\r\n\t\t\r\n\t\t<div class=\"bdpp-col-s-8 bdpp-columns\">\r\n\t\t\t\r\n\t\t\t<div class=\"bdpp-post-content-overlay\">\r\n\t\t\t\t<h4 class=\"bdpp-post-title\">\r\n\t\t\t\t\t<a href=\"https:\/\/www.samnaz.org\/pt\/inicia-el-diplomado-en-docencia-teologica-transformadora-para-profesores-de-seminarios-nazarenos\/\">Inicia el Diplomado en Docencia Teol\u00f3gica Transformadora para profesores de Seminarios Nazarenos<\/a>\r\n\t\t\t\t<\/h4>\r\n\r\n\t\t\t\t\t\t\t\t<div class=\"bdpp-post-meta bdpp-post-meta-up\">\r\n\t\t\t\t\t<span class=\"bdpp-post-meta-data bdpp-post-date\"><i class=\"fa fa-clock-o\"><\/i>mar\u00e7o 12, 2026<\/span>\t\t\t\t<\/div>\r\n\t\t\t\t\t\t\t<\/div>\r\n\t\t<\/div>\r\n\t<\/div>\r\n<\/div>\r\n\r\n<div class=\"bdpp-post-gridbox bdpp-post-gridbox-right bdpp-col-2 bdpp-columns bdpp-post-50737 bdpp-post-standard  bdpp-has-thumb\">\r\n\t<div class=\"bdpp-post-grid-content bdpp-clearfix\">\r\n\t\t\t\t<div class=\"bdpp-col-s-4 bdpp-columns\">\r\n\t\t\t<div class=\"bdpp-post-img-bg\">\r\n\t\t\t\t<a href=\"https:\/\/www.samnaz.org\/pt\/capacitacion-que-fortalece-las-bibliotecas-en-los-seminarios-nazarenos-de-america-del-sur\/\">\r\n\t\t\t\t\t<img decoding=\"async\" src=\"https:\/\/www.samnaz.org\/wp-content\/uploads\/2026\/03\/IMG_4414-150x150.jpg\" class=\"bdpp-img bdpp-post-feat-img\" alt=\"Capacitaci\u00f3n que fortalece las bibliotecas en los Seminarios Nazarenos de Am\u00e9rica del Sur\" \/>\r\n\t\t\t\t\t\t\t\t\t<\/a>\r\n\t\t\t<\/div>\r\n\t\t<\/div>\r\n\t\t\r\n\t\t<div class=\"bdpp-col-s-8 bdpp-columns\">\r\n\t\t\t\r\n\t\t\t<div class=\"bdpp-post-content-overlay\">\r\n\t\t\t\t<h4 class=\"bdpp-post-title\">\r\n\t\t\t\t\t<a href=\"https:\/\/www.samnaz.org\/pt\/capacitacion-que-fortalece-las-bibliotecas-en-los-seminarios-nazarenos-de-america-del-sur\/\">Capacitaci\u00f3n que fortalece las bibliotecas en los Seminarios Nazarenos de Am\u00e9rica del Sur<\/a>\r\n\t\t\t\t<\/h4>\r\n\r\n\t\t\t\t\t\t\t\t<div class=\"bdpp-post-meta bdpp-post-meta-up\">\r\n\t\t\t\t\t<span class=\"bdpp-post-meta-data bdpp-post-date\"><i class=\"fa fa-clock-o\"><\/i>mar\u00e7o 10, 2026<\/span>\t\t\t\t<\/div>\r\n\t\t\t\t\t\t\t<\/div>\r\n\t\t<\/div>\r\n\t<\/div>\r\n<\/div>\r\n\r\n<div class=\"bdpp-post-gridbox bdpp-post-gridbox-right bdpp-col-2 bdpp-columns bdpp-post-50719 bdpp-post-standard  bdpp-has-thumb\">\r\n\t<div class=\"bdpp-post-grid-content bdpp-clearfix\">\r\n\t\t\t\t<div class=\"bdpp-col-s-4 bdpp-columns\">\r\n\t\t\t<div class=\"bdpp-post-img-bg\">\r\n\t\t\t\t<a href=\"https:\/\/www.samnaz.org\/pt\/mas-de-350-mujeres-se-reunieron-en-arequipa-para-el-congreso-nacional-del-ministerio-a-la-mujer\/\">\r\n\t\t\t\t\t<img decoding=\"async\" src=\"https:\/\/www.samnaz.org\/wp-content\/uploads\/2026\/03\/0-150x150.jpg\" class=\"bdpp-img bdpp-post-feat-img\" alt=\"M\u00e1s de 350 mujeres se reunieron en Arequipa para el Congreso Nacional del Ministerio a la Mujer\" \/>\r\n\t\t\t\t\t\t\t\t\t<\/a>\r\n\t\t\t<\/div>\r\n\t\t<\/div>\r\n\t\t\r\n\t\t<div class=\"bdpp-col-s-8 bdpp-columns\">\r\n\t\t\t\r\n\t\t\t<div class=\"bdpp-post-content-overlay\">\r\n\t\t\t\t<h4 class=\"bdpp-post-title\">\r\n\t\t\t\t\t<a href=\"https:\/\/www.samnaz.org\/pt\/mas-de-350-mujeres-se-reunieron-en-arequipa-para-el-congreso-nacional-del-ministerio-a-la-mujer\/\">M\u00e1s de 350 mujeres se reunieron en Arequipa para el Congreso Nacional del Ministerio a la Mujer<\/a>\r\n\t\t\t\t<\/h4>\r\n\r\n\t\t\t\t\t\t\t\t<div class=\"bdpp-post-meta bdpp-post-meta-up\">\r\n\t\t\t\t\t<span class=\"bdpp-post-meta-data bdpp-post-date\"><i class=\"fa fa-clock-o\"><\/i>mar\u00e7o 9, 2026<\/span>\t\t\t\t<\/div>\r\n\t\t\t\t\t\t\t<\/div>\r\n\t\t<\/div>\r\n\t<\/div>\r\n<\/div>\r\n\r\n<div class=\"bdpp-post-gridbox bdpp-post-gridbox-right bdpp-col-2 bdpp-columns bdpp-post-50672 bdpp-post-standard  bdpp-has-thumb\">\r\n\t<div class=\"bdpp-post-grid-content bdpp-clearfix\">\r\n\t\t\t\t<div class=\"bdpp-col-s-4 bdpp-columns\">\r\n\t\t\t<div class=\"bdpp-post-img-bg\">\r\n\t\t\t\t<a href=\"https:\/\/www.samnaz.org\/pt\/sbn-chile-celebra-ceremonia-de-graduacion-2025-nuevos-bachilleres-y-licenciados-en-teologia-son-comisionados-para-servir\/\">\r\n\t\t\t\t\t<img decoding=\"async\" src=\"https:\/\/www.samnaz.org\/wp-content\/uploads\/2026\/02\/DSC06663-1-150x150.jpeg\" class=\"bdpp-img bdpp-post-feat-img\" alt=\"SBN Chile celebra ceremonia de graduaci\u00f3n 2025: nuevos bachilleres y licenciados en teolog\u00eda son comisionados para servir\" \/>\r\n\t\t\t\t\t\t\t\t\t<\/a>\r\n\t\t\t<\/div>\r\n\t\t<\/div>\r\n\t\t\r\n\t\t<div class=\"bdpp-col-s-8 bdpp-columns\">\r\n\t\t\t\r\n\t\t\t<div class=\"bdpp-post-content-overlay\">\r\n\t\t\t\t<h4 class=\"bdpp-post-title\">\r\n\t\t\t\t\t<a href=\"https:\/\/www.samnaz.org\/pt\/sbn-chile-celebra-ceremonia-de-graduacion-2025-nuevos-bachilleres-y-licenciados-en-teologia-son-comisionados-para-servir\/\">SBN Chile celebra ceremonia de graduaci\u00f3n 2025: nuevos bachilleres y licenciados en teolog\u00eda son comisionados para servir<\/a>\r\n\t\t\t\t<\/h4>\r\n\r\n\t\t\t\t\t\t\t\t<div class=\"bdpp-post-meta bdpp-post-meta-up\">\r\n\t\t\t\t\t<span class=\"bdpp-post-meta-data bdpp-post-date\"><i class=\"fa fa-clock-o\"><\/i>fevereiro 18, 2026<\/span>\t\t\t\t<\/div>\r\n\t\t\t\t\t\t\t<\/div>\r\n\t\t<\/div>\r\n\t<\/div>\r\n<\/div>\r\n\r\n<div class=\"bdpp-post-gridbox bdpp-post-gridbox-right bdpp-col-2 bdpp-columns bdpp-post-50597 bdpp-post-standard  bdpp-has-thumb\">\r\n\t<div class=\"bdpp-post-grid-content bdpp-clearfix\">\r\n\t\t\t\t<div class=\"bdpp-col-s-4 bdpp-columns\">\r\n\t\t\t<div class=\"bdpp-post-img-bg\">\r\n\t\t\t\t<a href=\"https:\/\/www.samnaz.org\/pt\/explosam-en-rio-de-janeiro-46-participantes-fueron-equipados-para-servir-evangelizar-y-llevar-esperanza\/\">\r\n\t\t\t\t\t<img decoding=\"async\" src=\"https:\/\/www.samnaz.org\/wp-content\/uploads\/2026\/02\/WhatsApp-Image-2026-01-26-at-01.22.30-150x150.jpeg\" class=\"bdpp-img bdpp-post-feat-img\" alt=\"ExploSAM en R\u00edo de Janeiro: 46 participantes fueron equipados para servir, evangelizar y llevar esperanza\" \/>\r\n\t\t\t\t\t\t\t\t\t<\/a>\r\n\t\t\t<\/div>\r\n\t\t<\/div>\r\n\t\t\r\n\t\t<div class=\"bdpp-col-s-8 bdpp-columns\">\r\n\t\t\t\r\n\t\t\t<div class=\"bdpp-post-content-overlay\">\r\n\t\t\t\t<h4 class=\"bdpp-post-title\">\r\n\t\t\t\t\t<a href=\"https:\/\/www.samnaz.org\/pt\/explosam-en-rio-de-janeiro-46-participantes-fueron-equipados-para-servir-evangelizar-y-llevar-esperanza\/\">ExploSAM en R\u00edo de Janeiro: 46 participantes fueron equipados para servir, evangelizar y llevar esperanza<\/a>\r\n\t\t\t\t<\/h4>\r\n\r\n\t\t\t\t\t\t\t\t<div class=\"bdpp-post-meta bdpp-post-meta-up\">\r\n\t\t\t\t\t<span class=\"bdpp-post-meta-data bdpp-post-date\"><i class=\"fa fa-clock-o\"><\/i>fevereiro 10, 2026<\/span>\t\t\t\t<\/div>\r\n\t\t\t\t\t\t\t<\/div>\r\n\t\t<\/div>\r\n\t<\/div>\r\n<\/div>\r\n\r\n<div class=\"bdpp-post-gridbox bdpp-post-gridbox-right bdpp-col-2 bdpp-columns bdpp-post-50580 bdpp-post-standard  bdpp-has-thumb\">\r\n\t<div class=\"bdpp-post-grid-content bdpp-clearfix\">\r\n\t\t\t\t<div class=\"bdpp-col-s-4 bdpp-columns\">\r\n\t\t\t<div class=\"bdpp-post-img-bg\">\r\n\t\t\t\t<a href=\"https:\/\/www.samnaz.org\/pt\/un-avivamiento-que-se-extiende-por-la-patagonia-norte\/\">\r\n\t\t\t\t\t<img decoding=\"async\" src=\"https:\/\/www.samnaz.org\/wp-content\/uploads\/2026\/01\/WhatsApp-Image-2026-01-29-at-13.16.53-1-150x150.jpeg\" class=\"bdpp-img bdpp-post-feat-img\" alt=\"Un avivamiento que se extiende por la Patagonia Norte\" \/>\r\n\t\t\t\t\t\t\t\t\t<\/a>\r\n\t\t\t<\/div>\r\n\t\t<\/div>\r\n\t\t\r\n\t\t<div class=\"bdpp-col-s-8 bdpp-columns\">\r\n\t\t\t\r\n\t\t\t<div class=\"bdpp-post-content-overlay\">\r\n\t\t\t\t<h4 class=\"bdpp-post-title\">\r\n\t\t\t\t\t<a href=\"https:\/\/www.samnaz.org\/pt\/un-avivamiento-que-se-extiende-por-la-patagonia-norte\/\">Un avivamiento que se extiende por la Patagonia Norte<\/a>\r\n\t\t\t\t<\/h4>\r\n\r\n\t\t\t\t\t\t\t\t<div class=\"bdpp-post-meta bdpp-post-meta-up\">\r\n\t\t\t\t\t<span class=\"bdpp-post-meta-data bdpp-post-date\"><i class=\"fa fa-clock-o\"><\/i>janeiro 30, 2026<\/span>\t\t\t\t<\/div>\r\n\t\t\t\t\t\t\t<\/div>\r\n\t\t<\/div>\r\n\t<\/div>\r\n<\/div>\r\n\r\n<div class=\"bdpp-post-gridbox bdpp-post-gridbox-right bdpp-col-2 bdpp-columns bdpp-post-50544 bdpp-post-standard  bdpp-has-thumb\">\r\n\t<div class=\"bdpp-post-grid-content bdpp-clearfix\">\r\n\t\t\t\t<div class=\"bdpp-col-s-4 bdpp-columns\">\r\n\t\t\t<div class=\"bdpp-post-img-bg\">\r\n\t\t\t\t<a href=\"https:\/\/www.samnaz.org\/pt\/distrito-el-alto-noroeste-celebra-su-20a-asamblea-distrital-y-elige-nuevo-superintendente-distrital\/\">\r\n\t\t\t\t\t<img decoding=\"async\" src=\"https:\/\/www.samnaz.org\/wp-content\/uploads\/2026\/01\/IMG_6819-1-150x150.jpg\" class=\"bdpp-img bdpp-post-feat-img\" alt=\"Distrito El Alto Noroeste celebra su 20\u00aa Asamblea Distrital y elige nuevo Superintendente Distrital\" \/>\r\n\t\t\t\t\t\t\t\t\t<\/a>\r\n\t\t\t<\/div>\r\n\t\t<\/div>\r\n\t\t\r\n\t\t<div class=\"bdpp-col-s-8 bdpp-columns\">\r\n\t\t\t\r\n\t\t\t<div class=\"bdpp-post-content-overlay\">\r\n\t\t\t\t<h4 class=\"bdpp-post-title\">\r\n\t\t\t\t\t<a href=\"https:\/\/www.samnaz.org\/pt\/distrito-el-alto-noroeste-celebra-su-20a-asamblea-distrital-y-elige-nuevo-superintendente-distrital\/\">Distrito El Alto Noroeste celebra su 20\u00aa Asamblea Distrital y elige nuevo Superintendente Distrital<\/a>\r\n\t\t\t\t<\/h4>\r\n\r\n\t\t\t\t\t\t\t\t<div class=\"bdpp-post-meta bdpp-post-meta-up\">\r\n\t\t\t\t\t<span class=\"bdpp-post-meta-data bdpp-post-date\"><i class=\"fa fa-clock-o\"><\/i>janeiro 29, 2026<\/span>\t\t\t\t<\/div>\r\n\t\t\t\t\t\t\t<\/div>\r\n\t\t<\/div>\r\n\t<\/div>\r\n<\/div>\r\n\r\n<div class=\"bdpp-post-gridbox bdpp-post-gridbox-right bdpp-col-2 bdpp-columns bdpp-post-50471 bdpp-post-standard  bdpp-has-thumb\">\r\n\t<div class=\"bdpp-post-grid-content bdpp-clearfix\">\r\n\t\t\t\t<div class=\"bdpp-col-s-4 bdpp-columns\">\r\n\t\t\t<div class=\"bdpp-post-img-bg\">\r\n\t\t\t\t<a href=\"https:\/\/www.samnaz.org\/pt\/distrito-peru-norte-celebra-su-asamblea-distrital-no-106-como-un-tiempo-de-unidad-vision-y-afirmacion-ministerial\/\">\r\n\t\t\t\t\t<img decoding=\"async\" src=\"https:\/\/www.samnaz.org\/wp-content\/uploads\/2026\/01\/701A2380-150x150.jpg\" class=\"bdpp-img bdpp-post-feat-img\" alt=\"Distrito Per\u00fa Norte celebra su Asamblea Distrital N\u00ba 106 como un tiempo de unidad, visi\u00f3n y afirmaci\u00f3n ministerial\" \/>\r\n\t\t\t\t\t\t\t\t\t<\/a>\r\n\t\t\t<\/div>\r\n\t\t<\/div>\r\n\t\t\r\n\t\t<div class=\"bdpp-col-s-8 bdpp-columns\">\r\n\t\t\t\r\n\t\t\t<div class=\"bdpp-post-content-overlay\">\r\n\t\t\t\t<h4 class=\"bdpp-post-title\">\r\n\t\t\t\t\t<a href=\"https:\/\/www.samnaz.org\/pt\/distrito-peru-norte-celebra-su-asamblea-distrital-no-106-como-un-tiempo-de-unidad-vision-y-afirmacion-ministerial\/\">Distrito Per\u00fa Norte celebra su Asamblea Distrital N\u00ba 106 como un tiempo de unidad, visi\u00f3n y afirmaci\u00f3n ministerial<\/a>\r\n\t\t\t\t<\/h4>\r\n\r\n\t\t\t\t\t\t\t\t<div class=\"bdpp-post-meta bdpp-post-meta-up\">\r\n\t\t\t\t\t<span class=\"bdpp-post-meta-data bdpp-post-date\"><i class=\"fa fa-clock-o\"><\/i>janeiro 28, 2026<\/span>\t\t\t\t<\/div>\r\n\t\t\t\t\t\t\t<\/div>\r\n\t\t<\/div>\r\n\t<\/div>\r\n<\/div>\r\n\r\n<div class=\"bdpp-post-gridbox bdpp-post-gridbox-right bdpp-col-2 bdpp-columns bdpp-post-50443 bdpp-post-standard  bdpp-has-thumb\">\r\n\t<div class=\"bdpp-post-grid-content bdpp-clearfix\">\r\n\t\t\t\t<div class=\"bdpp-col-s-4 bdpp-columns\">\r\n\t\t\t<div class=\"bdpp-post-img-bg\">\r\n\t\t\t\t<a href=\"https:\/\/www.samnaz.org\/pt\/camaragibe-celebra-la-inauguracion-de-la-iglesia-del-nazareno-tras-una-semana-de-mision-y-servicio\/\">\r\n\t\t\t\t\t<img decoding=\"async\" src=\"https:\/\/www.samnaz.org\/wp-content\/uploads\/2026\/01\/WhatsApp-Image-2026-01-23-at-08.33.25-150x150.jpeg\" class=\"bdpp-img bdpp-post-feat-img\" alt=\"Camaragibe celebra la inauguraci\u00f3n de la Iglesia del Nazareno tras una semana de misi\u00f3n y servicio\" \/>\r\n\t\t\t\t\t\t\t\t\t<\/a>\r\n\t\t\t<\/div>\r\n\t\t<\/div>\r\n\t\t\r\n\t\t<div class=\"bdpp-col-s-8 bdpp-columns\">\r\n\t\t\t\r\n\t\t\t<div class=\"bdpp-post-content-overlay\">\r\n\t\t\t\t<h4 class=\"bdpp-post-title\">\r\n\t\t\t\t\t<a href=\"https:\/\/www.samnaz.org\/pt\/camaragibe-celebra-la-inauguracion-de-la-iglesia-del-nazareno-tras-una-semana-de-mision-y-servicio\/\">Camaragibe celebra la inauguraci\u00f3n de la Iglesia del Nazareno tras una semana de misi\u00f3n y servicio<\/a>\r\n\t\t\t\t<\/h4>\r\n\r\n\t\t\t\t\t\t\t\t<div class=\"bdpp-post-meta bdpp-post-meta-up\">\r\n\t\t\t\t\t<span class=\"bdpp-post-meta-data bdpp-post-date\"><i class=\"fa fa-clock-o\"><\/i>janeiro 26, 2026<\/span>\t\t\t\t<\/div>\r\n\t\t\t\t\t\t\t<\/div>\r\n\t\t<\/div>\r\n\t<\/div>\r\n<\/div>\r\n\r\n<div class=\"bdpp-post-gridbox bdpp-post-gridbox-right bdpp-col-2 bdpp-columns bdpp-post-50407 bdpp-post-standard  bdpp-has-thumb\">\r\n\t<div class=\"bdpp-post-grid-content bdpp-clearfix\">\r\n\t\t\t\t<div class=\"bdpp-col-s-4 bdpp-columns\">\r\n\t\t\t<div class=\"bdpp-post-img-bg\">\r\n\t\t\t\t<a href=\"https:\/\/www.samnaz.org\/pt\/solidaridad-y-servicio-la-iglesia-del-nazareno-acompana-a-las-comunidades-afectadas-por-los-incendios-en-chile\/\">\r\n\t\t\t\t\t<img decoding=\"async\" src=\"https:\/\/www.samnaz.org\/wp-content\/uploads\/2026\/01\/Captura-de-Pantalla-2026-01-20-a-las-16.58.05-150x150.jpg\" class=\"bdpp-img bdpp-post-feat-img\" alt=\"Solidaridad y servicio: la Iglesia del Nazareno acompa\u00f1a a las comunidades afectadas por los incendios en Chile.\" \/>\r\n\t\t\t\t\t\t\t\t\t<\/a>\r\n\t\t\t<\/div>\r\n\t\t<\/div>\r\n\t\t\r\n\t\t<div class=\"bdpp-col-s-8 bdpp-columns\">\r\n\t\t\t\r\n\t\t\t<div class=\"bdpp-post-content-overlay\">\r\n\t\t\t\t<h4 class=\"bdpp-post-title\">\r\n\t\t\t\t\t<a href=\"https:\/\/www.samnaz.org\/pt\/solidaridad-y-servicio-la-iglesia-del-nazareno-acompana-a-las-comunidades-afectadas-por-los-incendios-en-chile\/\">Solidaridad y servicio: la Iglesia del Nazareno acompa\u00f1a a las comunidades afectadas por los incendios en Chile.<\/a>\r\n\t\t\t\t<\/h4>\r\n\r\n\t\t\t\t\t\t\t\t<div class=\"bdpp-post-meta bdpp-post-meta-up\">\r\n\t\t\t\t\t<span class=\"bdpp-post-meta-data bdpp-post-date\"><i class=\"fa fa-clock-o\"><\/i>janeiro 20, 2026<\/span>\t\t\t\t<\/div>\r\n\t\t\t\t\t\t\t<\/div>\r\n\t\t<\/div>\r\n\t<\/div>\r\n<\/div>\r\n\r\n<div class=\"bdpp-post-gridbox bdpp-post-gridbox-right bdpp-col-2 bdpp-columns bdpp-post-50398 bdpp-post-standard  bdpp-has-thumb\">\r\n\t<div class=\"bdpp-post-grid-content bdpp-clearfix\">\r\n\t\t\t\t<div class=\"bdpp-col-s-4 bdpp-columns\">\r\n\t\t\t<div class=\"bdpp-post-img-bg\">\r\n\t\t\t\t<a href=\"https:\/\/www.samnaz.org\/pt\/la-junta-de-regentes-del-stns-se-reune-para-fortalecer-la-vision-y-el-liderazgo-del-seminario\/\">\r\n\t\t\t\t\t<img decoding=\"async\" src=\"https:\/\/www.samnaz.org\/wp-content\/uploads\/2026\/01\/6b-150x150.jpg\" class=\"bdpp-img bdpp-post-feat-img\" alt=\"La Junta de Regentes del STNS se re\u00fane para fortalecer la visi\u00f3n y el liderazgo del Seminario\" \/>\r\n\t\t\t\t\t\t\t\t\t<\/a>\r\n\t\t\t<\/div>\r\n\t\t<\/div>\r\n\t\t\r\n\t\t<div class=\"bdpp-col-s-8 bdpp-columns\">\r\n\t\t\t\r\n\t\t\t<div class=\"bdpp-post-content-overlay\">\r\n\t\t\t\t<h4 class=\"bdpp-post-title\">\r\n\t\t\t\t\t<a href=\"https:\/\/www.samnaz.org\/pt\/la-junta-de-regentes-del-stns-se-reune-para-fortalecer-la-vision-y-el-liderazgo-del-seminario\/\">La Junta de Regentes del STNS se re\u00fane para fortalecer la visi\u00f3n y el liderazgo del Seminario<\/a>\r\n\t\t\t\t<\/h4>\r\n\r\n\t\t\t\t\t\t\t\t<div class=\"bdpp-post-meta bdpp-post-meta-up\">\r\n\t\t\t\t\t<span class=\"bdpp-post-meta-data bdpp-post-date\"><i class=\"fa fa-clock-o\"><\/i>janeiro 20, 2026<\/span>\t\t\t\t<\/div>\r\n\t\t\t\t\t\t\t<\/div>\r\n\t\t<\/div>\r\n\t<\/div>\r\n<\/div>\r\n\r\n<div class=\"bdpp-post-gridbox bdpp-post-gridbox-right bdpp-col-2 bdpp-columns bdpp-post-50381 bdpp-post-standard  bdpp-has-thumb\">\r\n\t<div class=\"bdpp-post-grid-content bdpp-clearfix\">\r\n\t\t\t\t<div class=\"bdpp-col-s-4 bdpp-columns\">\r\n\t\t\t<div class=\"bdpp-post-img-bg\">\r\n\t\t\t\t<a href=\"https:\/\/www.samnaz.org\/pt\/el-stns-celebra-su-37a-ceremonia-de-graduacion-formando-una-nueva-generacion-de-lideres-para-el-reino-de-dios\/\">\r\n\t\t\t\t\t<img decoding=\"async\" src=\"https:\/\/www.samnaz.org\/wp-content\/uploads\/2026\/01\/15-150x150.jpg\" class=\"bdpp-img bdpp-post-feat-img\" alt=\"El STNS celebra su 37\u00aa Ceremonia de Graduaci\u00f3n formando una nueva generaci\u00f3n de l\u00edderes para el Reino de Dios\" \/>\r\n\t\t\t\t\t\t\t\t\t<\/a>\r\n\t\t\t<\/div>\r\n\t\t<\/div>\r\n\t\t\r\n\t\t<div class=\"bdpp-col-s-8 bdpp-columns\">\r\n\t\t\t\r\n\t\t\t<div class=\"bdpp-post-content-overlay\">\r\n\t\t\t\t<h4 class=\"bdpp-post-title\">\r\n\t\t\t\t\t<a href=\"https:\/\/www.samnaz.org\/pt\/el-stns-celebra-su-37a-ceremonia-de-graduacion-formando-una-nueva-generacion-de-lideres-para-el-reino-de-dios\/\">El STNS celebra su 37\u00aa Ceremonia de Graduaci\u00f3n formando una nueva generaci\u00f3n de l\u00edderes para el Reino de Dios<\/a>\r\n\t\t\t\t<\/h4>\r\n\r\n\t\t\t\t\t\t\t\t<div class=\"bdpp-post-meta bdpp-post-meta-up\">\r\n\t\t\t\t\t<span class=\"bdpp-post-meta-data bdpp-post-date\"><i class=\"fa fa-clock-o\"><\/i>janeiro 20, 2026<\/span>\t\t\t\t<\/div>\r\n\t\t\t\t\t\t\t<\/div>\r\n\t\t<\/div>\r\n\t<\/div>\r\n<\/div>\r\n\r\n<div class=\"bdpp-post-gridbox bdpp-post-gridbox-right bdpp-col-2 bdpp-columns bdpp-post-50364 bdpp-post-standard  bdpp-has-thumb\">\r\n\t<div class=\"bdpp-post-grid-content bdpp-clearfix\">\r\n\t\t\t\t<div class=\"bdpp-col-s-4 bdpp-columns\">\r\n\t\t\t<div class=\"bdpp-post-img-bg\">\r\n\t\t\t\t<a href=\"https:\/\/www.samnaz.org\/pt\/maxima-mision-jama-2025-unidad-y-servicio-transforman-la-comunidad-de-las-palmitas\/\">\r\n\t\t\t\t\t<img decoding=\"async\" src=\"https:\/\/www.samnaz.org\/wp-content\/uploads\/2026\/01\/Jama-1-150x150.jpg\" class=\"bdpp-img bdpp-post-feat-img\" alt=\"M\u00e1xima Misi\u00f3n Jama 2025: Unidad y servicio transforman la comunidad de Las Palmitas\" \/>\r\n\t\t\t\t\t\t\t\t\t<\/a>\r\n\t\t\t<\/div>\r\n\t\t<\/div>\r\n\t\t\r\n\t\t<div class=\"bdpp-col-s-8 bdpp-columns\">\r\n\t\t\t\r\n\t\t\t<div class=\"bdpp-post-content-overlay\">\r\n\t\t\t\t<h4 class=\"bdpp-post-title\">\r\n\t\t\t\t\t<a href=\"https:\/\/www.samnaz.org\/pt\/maxima-mision-jama-2025-unidad-y-servicio-transforman-la-comunidad-de-las-palmitas\/\">M\u00e1xima Misi\u00f3n Jama 2025: Unidad y servicio transforman la comunidad de Las Palmitas<\/a>\r\n\t\t\t\t<\/h4>\r\n\r\n\t\t\t\t\t\t\t\t<div class=\"bdpp-post-meta bdpp-post-meta-up\">\r\n\t\t\t\t\t<span class=\"bdpp-post-meta-data bdpp-post-date\"><i class=\"fa fa-clock-o\"><\/i>janeiro 19, 2026<\/span>\t\t\t\t<\/div>\r\n\t\t\t\t\t\t\t<\/div>\r\n\t\t<\/div>\r\n\t<\/div>\r\n<\/div>\r\n\r\n<div class=\"bdpp-post-gridbox bdpp-post-gridbox-right bdpp-col-2 bdpp-columns bdpp-post-50346 bdpp-post-standard  bdpp-has-thumb\">\r\n\t<div class=\"bdpp-post-grid-content bdpp-clearfix\">\r\n\t\t\t\t<div class=\"bdpp-col-s-4 bdpp-columns\">\r\n\t\t\t<div class=\"bdpp-post-img-bg\">\r\n\t\t\t\t<a href=\"https:\/\/www.samnaz.org\/pt\/un-hito-historico-desde-la-amazonia-peruana-pastora-awajun-obtiene-licenciatura-en-teologia\/\">\r\n\t\t\t\t\t<img decoding=\"async\" src=\"https:\/\/www.samnaz.org\/wp-content\/uploads\/2026\/01\/foto-6-150x150.jpg\" class=\"bdpp-img bdpp-post-feat-img\" alt=\"Un hito hist\u00f3rico desde la Amazon\u00eda peruana: Pastora Awajun obtiene licenciatura en Teolog\u00eda\" \/>\r\n\t\t\t\t\t\t\t\t\t<\/a>\r\n\t\t\t<\/div>\r\n\t\t<\/div>\r\n\t\t\r\n\t\t<div class=\"bdpp-col-s-8 bdpp-columns\">\r\n\t\t\t\r\n\t\t\t<div class=\"bdpp-post-content-overlay\">\r\n\t\t\t\t<h4 class=\"bdpp-post-title\">\r\n\t\t\t\t\t<a href=\"https:\/\/www.samnaz.org\/pt\/un-hito-historico-desde-la-amazonia-peruana-pastora-awajun-obtiene-licenciatura-en-teologia\/\">Un hito hist\u00f3rico desde la Amazon\u00eda peruana: Pastora Awajun obtiene licenciatura en Teolog\u00eda<\/a>\r\n\t\t\t\t<\/h4>\r\n\r\n\t\t\t\t\t\t\t\t<div class=\"bdpp-post-meta bdpp-post-meta-up\">\r\n\t\t\t\t\t<span class=\"bdpp-post-meta-data bdpp-post-date\"><i class=\"fa fa-clock-o\"><\/i>janeiro 19, 2026<\/span>\t\t\t\t<\/div>\r\n\t\t\t\t\t\t\t<\/div>\r\n\t\t<\/div>\r\n\t<\/div>\r\n<\/div>\r\n\r\n<div class=\"bdpp-post-gridbox bdpp-post-gridbox-right bdpp-col-2 bdpp-columns bdpp-post-50330 bdpp-post-standard  bdpp-has-thumb\">\r\n\t<div class=\"bdpp-post-grid-content bdpp-clearfix\">\r\n\t\t\t\t<div class=\"bdpp-col-s-4 bdpp-columns\">\r\n\t\t\t<div class=\"bdpp-post-img-bg\">\r\n\t\t\t\t<a href=\"https:\/\/www.samnaz.org\/pt\/ninos-de-chile-celebran-la-iv-edicion-del-esgrima-biblico-infantil-nacional\/\">\r\n\t\t\t\t\t<img decoding=\"async\" src=\"https:\/\/www.samnaz.org\/wp-content\/uploads\/2026\/01\/ebchile2-150x150.jpg\" class=\"bdpp-img bdpp-post-feat-img\" alt=\"Ni\u00f1os de Chile celebran la IV edici\u00f3n del Esgrima B\u00edblico Infantil Nacional\" \/>\r\n\t\t\t\t\t\t\t\t\t<\/a>\r\n\t\t\t<\/div>\r\n\t\t<\/div>\r\n\t\t\r\n\t\t<div class=\"bdpp-col-s-8 bdpp-columns\">\r\n\t\t\t\r\n\t\t\t<div class=\"bdpp-post-content-overlay\">\r\n\t\t\t\t<h4 class=\"bdpp-post-title\">\r\n\t\t\t\t\t<a href=\"https:\/\/www.samnaz.org\/pt\/ninos-de-chile-celebran-la-iv-edicion-del-esgrima-biblico-infantil-nacional\/\">Ni\u00f1os de Chile celebran la IV edici\u00f3n del Esgrima B\u00edblico Infantil Nacional<\/a>\r\n\t\t\t\t<\/h4>\r\n\r\n\t\t\t\t\t\t\t\t<div class=\"bdpp-post-meta bdpp-post-meta-up\">\r\n\t\t\t\t\t<span class=\"bdpp-post-meta-data bdpp-post-date\"><i class=\"fa fa-clock-o\"><\/i>janeiro 14, 2026<\/span>\t\t\t\t<\/div>\r\n\t\t\t\t\t\t\t<\/div>\r\n\t\t<\/div>\r\n\t<\/div>\r\n<\/div>\r\n\r\n<div class=\"bdpp-post-gridbox bdpp-post-gridbox-right bdpp-col-2 bdpp-columns bdpp-post-50313 bdpp-post-standard  bdpp-has-thumb\">\r\n\t<div class=\"bdpp-post-grid-content bdpp-clearfix\">\r\n\t\t\t\t<div class=\"bdpp-col-s-4 bdpp-columns\">\r\n\t\t\t<div class=\"bdpp-post-img-bg\">\r\n\t\t\t\t<a href=\"https:\/\/www.samnaz.org\/pt\/vuelo-2028-mas-de-500-jovenes-lideres-nazarenos-se-reunen-en-jaen-para-fortalecer-un-liderazgo-de-servicio\/\">\r\n\t\t\t\t\t<img decoding=\"async\" src=\"https:\/\/www.samnaz.org\/wp-content\/uploads\/2026\/01\/701A77441-150x150.jpg\" class=\"bdpp-img bdpp-post-feat-img\" alt=\"VUELO 20:28: M\u00e1s de 500 j\u00f3venes l\u00edderes nazarenos se re\u00fanen en Ja\u00e9n para fortalecer un liderazgo de servicio\" \/>\r\n\t\t\t\t\t\t\t\t\t<\/a>\r\n\t\t\t<\/div>\r\n\t\t<\/div>\r\n\t\t\r\n\t\t<div class=\"bdpp-col-s-8 bdpp-columns\">\r\n\t\t\t\r\n\t\t\t<div class=\"bdpp-post-content-overlay\">\r\n\t\t\t\t<h4 class=\"bdpp-post-title\">\r\n\t\t\t\t\t<a href=\"https:\/\/www.samnaz.org\/pt\/vuelo-2028-mas-de-500-jovenes-lideres-nazarenos-se-reunen-en-jaen-para-fortalecer-un-liderazgo-de-servicio\/\">VUELO 20:28: M\u00e1s de 500 j\u00f3venes l\u00edderes nazarenos se re\u00fanen en Ja\u00e9n para fortalecer un liderazgo de servicio<\/a>\r\n\t\t\t\t<\/h4>\r\n\r\n\t\t\t\t\t\t\t\t<div class=\"bdpp-post-meta bdpp-post-meta-up\">\r\n\t\t\t\t\t<span class=\"bdpp-post-meta-data bdpp-post-date\"><i class=\"fa fa-clock-o\"><\/i>janeiro 13, 2026<\/span>\t\t\t\t<\/div>\r\n\t\t\t\t\t\t\t<\/div>\r\n\t\t<\/div>\r\n\t<\/div>\r\n<\/div>\r\n\r\n<div class=\"bdpp-post-gridbox bdpp-post-gridbox-right bdpp-col-2 bdpp-columns bdpp-post-50296 bdpp-post-standard  bdpp-has-thumb\">\r\n\t<div class=\"bdpp-post-grid-content bdpp-clearfix\">\r\n\t\t\t\t<div class=\"bdpp-col-s-4 bdpp-columns\">\r\n\t\t\t<div class=\"bdpp-post-img-bg\">\r\n\t\t\t\t<a href=\"https:\/\/www.samnaz.org\/pt\/maxima-mision-la-iglesia-del-nazareno-monumental-en-valencia-se-moviliza-en-servicio-y-compasion\/\">\r\n\t\t\t\t\t<img decoding=\"async\" src=\"https:\/\/www.samnaz.org\/wp-content\/uploads\/2026\/01\/IMG-20251208-WA0047-1-150x150.jpg\" class=\"bdpp-img bdpp-post-feat-img\" alt=\"M\u00e1xima Misi\u00f3n: La Iglesia del Nazareno Monumental en Valencia se moviliza en servicio y compasi\u00f3n\" \/>\r\n\t\t\t\t\t\t\t\t\t<\/a>\r\n\t\t\t<\/div>\r\n\t\t<\/div>\r\n\t\t\r\n\t\t<div class=\"bdpp-col-s-8 bdpp-columns\">\r\n\t\t\t\r\n\t\t\t<div class=\"bdpp-post-content-overlay\">\r\n\t\t\t\t<h4 class=\"bdpp-post-title\">\r\n\t\t\t\t\t<a href=\"https:\/\/www.samnaz.org\/pt\/maxima-mision-la-iglesia-del-nazareno-monumental-en-valencia-se-moviliza-en-servicio-y-compasion\/\">M\u00e1xima Misi\u00f3n: La Iglesia del Nazareno Monumental en Valencia se moviliza en servicio y compasi\u00f3n<\/a>\r\n\t\t\t\t<\/h4>\r\n\r\n\t\t\t\t\t\t\t\t<div class=\"bdpp-post-meta bdpp-post-meta-up\">\r\n\t\t\t\t\t<span class=\"bdpp-post-meta-data bdpp-post-date\"><i class=\"fa fa-clock-o\"><\/i>janeiro 13, 2026<\/span>\t\t\t\t<\/div>\r\n\t\t\t\t\t\t\t<\/div>\r\n\t\t<\/div>\r\n\t<\/div>\r\n<\/div>\r\n\r\n<div class=\"bdpp-post-gridbox bdpp-post-gridbox-right bdpp-col-2 bdpp-columns bdpp-post-50220 bdpp-post-standard  bdpp-has-thumb\">\r\n\t<div class=\"bdpp-post-grid-content bdpp-clearfix\">\r\n\t\t\t\t<div class=\"bdpp-col-s-4 bdpp-columns\">\r\n\t\t\t<div class=\"bdpp-post-img-bg\">\r\n\t\t\t\t<a href=\"https:\/\/www.samnaz.org\/pt\/bautismo-de-franco-garrido-celebra-la-transformacion-de-vidas-a-traves-del-ministerio-desafios-en-cristo-en-neuquen\/\">\r\n\t\t\t\t\t<img decoding=\"async\" src=\"https:\/\/www.samnaz.org\/wp-content\/uploads\/2025\/12\/Imagen-de-WhatsApp-2025-11-27-a-las-13.00.11_5756f435-150x150.jpg\" class=\"bdpp-img bdpp-post-feat-img\" alt=\"Bautismo de Franco Garrido celebra la transformaci\u00f3n de vidas a trav\u00e9s del ministerio \u201cDesaf\u00edos en Cristo\u201d en Neuqu\u00e9n\" \/>\r\n\t\t\t\t\t\t\t\t\t<\/a>\r\n\t\t\t<\/div>\r\n\t\t<\/div>\r\n\t\t\r\n\t\t<div class=\"bdpp-col-s-8 bdpp-columns\">\r\n\t\t\t\r\n\t\t\t<div class=\"bdpp-post-content-overlay\">\r\n\t\t\t\t<h4 class=\"bdpp-post-title\">\r\n\t\t\t\t\t<a href=\"https:\/\/www.samnaz.org\/pt\/bautismo-de-franco-garrido-celebra-la-transformacion-de-vidas-a-traves-del-ministerio-desafios-en-cristo-en-neuquen\/\">Bautismo de Franco Garrido celebra la transformaci\u00f3n de vidas a trav\u00e9s del ministerio \u201cDesaf\u00edos en Cristo\u201d en Neuqu\u00e9n<\/a>\r\n\t\t\t\t<\/h4>\r\n\r\n\t\t\t\t\t\t\t\t<div class=\"bdpp-post-meta bdpp-post-meta-up\">\r\n\t\t\t\t\t<span class=\"bdpp-post-meta-data bdpp-post-date\"><i class=\"fa fa-clock-o\"><\/i>dezembro 10, 2025<\/span>\t\t\t\t<\/div>\r\n\t\t\t\t\t\t\t<\/div>\r\n\t\t<\/div>\r\n\t<\/div>\r\n<\/div>\r\n\t<\/div>\r\n\t\t<div class=\"bdpp-paging bdpp-clearfix\">\r\n\t\t<span aria-current=\"page\" class=\"page-numbers current\">1<\/span>\n<a class=\"page-numbers\" href=\"https:\/\/www.samnaz.org\/pt\/wp-json\/wp\/v2\/pages\/559\/page\/2\/\">2<\/a>\n<a class=\"page-numbers\" href=\"https:\/\/www.samnaz.org\/pt\/wp-json\/wp\/v2\/pages\/559\/page\/3\/\">3<\/a>\n<span class=\"page-numbers dots\">&hellip;<\/span>\n<a class=\"page-numbers\" href=\"https:\/\/www.samnaz.org\/pt\/wp-json\/wp\/v2\/pages\/559\/page\/15\/\">15<\/a>\n<a class=\"next page-numbers\" href=\"https:\/\/www.samnaz.org\/pt\/wp-json\/wp\/v2\/pages\/559\/page\/2\/\">Pr\u00f3ximo \u00bb &raquo;<\/a>\t<\/div>\r\n<\/div>[\/et_pb_code][et_pb_text _builder_version=\u00bb4.16&#8243; _module_preset=\u00bbdefault\u00bb text_font=\u00bb|700||on|||||\u00bb text_text_color=\u00bb#E02B20&#8243; text_font_size=\u00bb20px\u00bb custom_margin=\u00bb||19px|||\u00bb global_colors_info=\u00bb{}\u00bb]<\/p>\n<p><strong>Obitu\u00e1rio<\/strong><\/p>\n<p>[\/et_pb_text][et_pb_divider color=\u00bb#dbdbdb\u00bb _builder_version=\u00bb4.16&#8243; _module_preset=\u00bbdefault\u00bb custom_margin=\u00bb||3px|||\u00bb global_colors_info=\u00bb{}\u00bb][\/et_pb_divider][et_pb_code _builder_version=\u00bb4.16&#8243; _module_preset=\u00bbdefault\u00bb global_colors_info=\u00bb{}\u00bb]<div id=\"bdpp-post-gridbox-3\" class=\"bdpp-wrap bdpp-lite bdpp-post-grid-box-wrap bdpp-post-data-wrap bdpp-design-1  bdpp-clearfix\">\r\n\t<div class=\"bdpp-post-grid-box-inr-wrap bdpp-post-data-inr-wrap bdpp-clearfix\">\t<div class=\"bdpp-post-gridbox bdpp-post-gridbox-left bdpp-col-2 bdpp-columns bdpp-post-49016 bdpp-post-standard  bdpp-has-thumb\">\r\n\t\t<div class=\"bdpp-post-grid-content\">\r\n\t\t\t\t\r\n\t\t\t<div class=\"bdpp-post-img-link\">\t\r\n\t\t\t\t<a class=\"bdpp-post-linkoverlay\" href=\"https:\/\/www.samnaz.org\/pt\/un-legado-de-amor-y-servicio-despedimos-al-rev-dr-alberto-ainscough\/\"><\/a>\r\n\t\t\t\t<div class=\"bdpp-post-img-bg\" style=\"height:500px; background-image:url(https:\/\/www.samnaz.org\/wp-content\/uploads\/2025\/07\/WhatsApp-Image-2025-07-11-at-16.54.32-1-1024x678.jpeg);\"><\/div>\r\n\t\t\t\t\t\t\t<\/div>\r\n\t\t\t\r\n\t\t\t<div class=\"bdpp-post-content-overlay\">\r\n\t\t\t\t<h2 class=\"bdpp-post-title\">\r\n\t\t\t\t\t<a href=\"https:\/\/www.samnaz.org\/pt\/un-legado-de-amor-y-servicio-despedimos-al-rev-dr-alberto-ainscough\/\">Un legado de amor y servicio: Despedimos al Rev. Dr. Alberto Ainscough<\/a>\r\n\t\t\t\t<\/h2>\r\n\r\n\t\t\t\t\t\t\t\t<div class=\"bdpp-post-meta bdpp-post-meta-up\">\r\n\t\t\t\t\t<span class=\"bdpp-post-meta-data bdpp-post-date\"><i class=\"fa fa-clock-o\"><\/i>julho 11, 2025<\/span>\t\t\t\t<\/div>\r\n\t\t\t\t\t\t\t<\/div>\r\n\t\t<\/div>\r\n\t<\/div>\r\n\r\n<div class=\"bdpp-post-gridbox bdpp-post-gridbox-right bdpp-col-2 bdpp-columns bdpp-post-48874 bdpp-post-standard  bdpp-has-thumb\">\r\n\t<div class=\"bdpp-post-grid-content bdpp-clearfix\">\r\n\t\t\t\t<div class=\"bdpp-col-s-4 bdpp-columns\">\r\n\t\t\t<div class=\"bdpp-post-img-bg\">\r\n\t\t\t\t<a href=\"https:\/\/www.samnaz.org\/pt\/una-vida-dedicada-al-reino\/\">\r\n\t\t\t\t\t<img decoding=\"async\" src=\"https:\/\/www.samnaz.org\/wp-content\/uploads\/2025\/06\/WhatsApp-Image-2025-06-25-at-15.12.56-150x150.jpeg\" class=\"bdpp-img bdpp-post-feat-img\" alt=\"Una Vida Dedicada al Reino\" \/>\r\n\t\t\t\t\t\t\t\t\t<\/a>\r\n\t\t\t<\/div>\r\n\t\t<\/div>\r\n\t\t\r\n\t\t<div class=\"bdpp-col-s-8 bdpp-columns\">\r\n\t\t\t\r\n\t\t\t<div class=\"bdpp-post-content-overlay\">\r\n\t\t\t\t<h4 class=\"bdpp-post-title\">\r\n\t\t\t\t\t<a href=\"https:\/\/www.samnaz.org\/pt\/una-vida-dedicada-al-reino\/\">Una Vida Dedicada al Reino<\/a>\r\n\t\t\t\t<\/h4>\r\n\r\n\t\t\t\t\t\t\t\t<div class=\"bdpp-post-meta bdpp-post-meta-up\">\r\n\t\t\t\t\t<span class=\"bdpp-post-meta-data bdpp-post-date\"><i class=\"fa fa-clock-o\"><\/i>junho 24, 2025<\/span>\t\t\t\t<\/div>\r\n\t\t\t\t\t\t\t<\/div>\r\n\t\t<\/div>\r\n\t<\/div>\r\n<\/div>\r\n\r\n<div class=\"bdpp-post-gridbox bdpp-post-gridbox-right bdpp-col-2 bdpp-columns bdpp-post-42018 bdpp-post-standard  bdpp-has-thumb\">\r\n\t<div class=\"bdpp-post-grid-content bdpp-clearfix\">\r\n\t\t\t\t<div class=\"bdpp-col-s-4 bdpp-columns\">\r\n\t\t\t<div class=\"bdpp-post-img-bg\">\r\n\t\t\t\t<a href=\"https:\/\/www.samnaz.org\/pt\/fallecimiento-de-guilhermina-melo-lima-de-lima\/\">\r\n\t\t\t\t\t<img decoding=\"async\" src=\"https:\/\/www.samnaz.org\/wp-content\/uploads\/2023\/01\/Guilhermina-150x150.jpg\" class=\"bdpp-img bdpp-post-feat-img\" alt=\"FALLECIMIENTO DE GUILHERMINA MELO LIMA DE LIMA\" \/>\r\n\t\t\t\t\t\t\t\t\t<\/a>\r\n\t\t\t<\/div>\r\n\t\t<\/div>\r\n\t\t\r\n\t\t<div class=\"bdpp-col-s-8 bdpp-columns\">\r\n\t\t\t\r\n\t\t\t<div class=\"bdpp-post-content-overlay\">\r\n\t\t\t\t<h4 class=\"bdpp-post-title\">\r\n\t\t\t\t\t<a href=\"https:\/\/www.samnaz.org\/pt\/fallecimiento-de-guilhermina-melo-lima-de-lima\/\">FALECIMENTO DE GUILHERMINA MELO LIMA DE LIMA<\/a>\r\n\t\t\t\t<\/h4>\r\n\r\n\t\t\t\t\t\t\t\t<div class=\"bdpp-post-meta bdpp-post-meta-up\">\r\n\t\t\t\t\t<span class=\"bdpp-post-meta-data bdpp-post-date\"><i class=\"fa fa-clock-o\"><\/i>janeiro 6, 2023<\/span>\t\t\t\t<\/div>\r\n\t\t\t\t\t\t\t<\/div>\r\n\t\t<\/div>\r\n\t<\/div>\r\n<\/div>\r\n\r\n<div class=\"bdpp-post-gridbox bdpp-post-gridbox-right bdpp-col-2 bdpp-columns bdpp-post-38101 bdpp-post-standard  bdpp-has-thumb\">\r\n\t<div class=\"bdpp-post-grid-content bdpp-clearfix\">\r\n\t\t\t\t<div class=\"bdpp-col-s-4 bdpp-columns\">\r\n\t\t\t<div class=\"bdpp-post-img-bg\">\r\n\t\t\t\t<a href=\"https:\/\/www.samnaz.org\/pt\/denisse-alejandra-pinto-orellana-de-regreso-al-hogar-celestial\/\">\r\n\t\t\t\t\t<img decoding=\"async\" src=\"https:\/\/www.samnaz.org\/wp-content\/uploads\/2022\/01\/Denisse-150x150.jpeg\" class=\"bdpp-img bdpp-post-feat-img\" alt=\"DENISSE ALEJANDRA PINTO ORELLANA DE REGRESO AL HOGAR CELESTIAL\" \/>\r\n\t\t\t\t\t\t\t\t\t<\/a>\r\n\t\t\t<\/div>\r\n\t\t<\/div>\r\n\t\t\r\n\t\t<div class=\"bdpp-col-s-8 bdpp-columns\">\r\n\t\t\t\r\n\t\t\t<div class=\"bdpp-post-content-overlay\">\r\n\t\t\t\t<h4 class=\"bdpp-post-title\">\r\n\t\t\t\t\t<a href=\"https:\/\/www.samnaz.org\/pt\/denisse-alejandra-pinto-orellana-de-regreso-al-hogar-celestial\/\">DENISSE ALEJANDRA PINTO ORELLANA DE VOLTA AO LAR CELESTIAL<\/a>\r\n\t\t\t\t<\/h4>\r\n\r\n\t\t\t\t\t\t\t\t<div class=\"bdpp-post-meta bdpp-post-meta-up\">\r\n\t\t\t\t\t<span class=\"bdpp-post-meta-data bdpp-post-date\"><i class=\"fa fa-clock-o\"><\/i>janeiro 30, 2022<\/span>\t\t\t\t<\/div>\r\n\t\t\t\t\t\t\t<\/div>\r\n\t\t<\/div>\r\n\t<\/div>\r\n<\/div>\r\n\r\n<div class=\"bdpp-post-gridbox bdpp-post-gridbox-right bdpp-col-2 bdpp-columns bdpp-post-37450 bdpp-post-standard  bdpp-has-thumb\">\r\n\t<div class=\"bdpp-post-grid-content bdpp-clearfix\">\r\n\t\t\t\t<div class=\"bdpp-col-s-4 bdpp-columns\">\r\n\t\t\t<div class=\"bdpp-post-img-bg\">\r\n\t\t\t\t<a href=\"https:\/\/www.samnaz.org\/pt\/rev-jose-zito-oliveira-1922-2022-2\/\">\r\n\t\t\t\t\t<img decoding=\"async\" src=\"https:\/\/www.samnaz.org\/wp-content\/uploads\/2022\/01\/jose-zito-150x150.jpg\" class=\"bdpp-img bdpp-post-feat-img\" alt=\"REV. JOS\u00c9 ZITO OLIVEIRA (1922-2022)\" \/>\r\n\t\t\t\t\t\t\t\t\t<\/a>\r\n\t\t\t<\/div>\r\n\t\t<\/div>\r\n\t\t\r\n\t\t<div class=\"bdpp-col-s-8 bdpp-columns\">\r\n\t\t\t\r\n\t\t\t<div class=\"bdpp-post-content-overlay\">\r\n\t\t\t\t<h4 class=\"bdpp-post-title\">\r\n\t\t\t\t\t<a href=\"https:\/\/www.samnaz.org\/pt\/rev-jose-zito-oliveira-1922-2022-2\/\">REV. JOS\u00c9 ZITO OLIVEIRA (1922-2022)<\/a>\r\n\t\t\t\t<\/h4>\r\n\r\n\t\t\t\t\t\t\t\t<div class=\"bdpp-post-meta bdpp-post-meta-up\">\r\n\t\t\t\t\t<span class=\"bdpp-post-meta-data bdpp-post-date\"><i class=\"fa fa-clock-o\"><\/i>janeiro 16, 2022<\/span>\t\t\t\t<\/div>\r\n\t\t\t\t\t\t\t<\/div>\r\n\t\t<\/div>\r\n\t<\/div>\r\n<\/div>\r\n\r\n<div class=\"bdpp-post-gridbox bdpp-post-gridbox-right bdpp-col-2 bdpp-columns bdpp-post-35370 bdpp-post-standard  bdpp-has-thumb\">\r\n\t<div class=\"bdpp-post-grid-content bdpp-clearfix\">\r\n\t\t\t\t<div class=\"bdpp-col-s-4 bdpp-columns\">\r\n\t\t\t<div class=\"bdpp-post-img-bg\">\r\n\t\t\t\t<a href=\"https:\/\/www.samnaz.org\/pt\/conferencia-aviva\/\">\r\n\t\t\t\t\t<img decoding=\"async\" src=\"https:\/\/www.samnaz.org\/wp-content\/uploads\/2021\/05\/Foto1-3-150x150.jpeg\" class=\"bdpp-img bdpp-post-feat-img\" alt=\"CONFERENCIA AVIVA\" \/>\r\n\t\t\t\t\t\t\t\t\t<\/a>\r\n\t\t\t<\/div>\r\n\t\t<\/div>\r\n\t\t\r\n\t\t<div class=\"bdpp-col-s-8 bdpp-columns\">\r\n\t\t\t\r\n\t\t\t<div class=\"bdpp-post-content-overlay\">\r\n\t\t\t\t<h4 class=\"bdpp-post-title\">\r\n\t\t\t\t\t<a href=\"https:\/\/www.samnaz.org\/pt\/conferencia-aviva\/\">CONFER\u00caNCIA AVIVA<\/a>\r\n\t\t\t\t<\/h4>\r\n\r\n\t\t\t\t\t\t\t\t<div class=\"bdpp-post-meta bdpp-post-meta-up\">\r\n\t\t\t\t\t<span class=\"bdpp-post-meta-data bdpp-post-date\"><i class=\"fa fa-clock-o\"><\/i>maio 18, 2021<\/span>\t\t\t\t<\/div>\r\n\t\t\t\t\t\t\t<\/div>\r\n\t\t<\/div>\r\n\t<\/div>\r\n<\/div>\r\n\r\n<div class=\"bdpp-post-gridbox bdpp-post-gridbox-right bdpp-col-2 bdpp-columns bdpp-post-35257 bdpp-post-standard  bdpp-has-thumb\">\r\n\t<div class=\"bdpp-post-grid-content bdpp-clearfix\">\r\n\t\t\t\t<div class=\"bdpp-col-s-4 bdpp-columns\">\r\n\t\t\t<div class=\"bdpp-post-img-bg\">\r\n\t\t\t\t<a href=\"https:\/\/www.samnaz.org\/pt\/fallece-el-rev-cosme-guzman\/\">\r\n\t\t\t\t\t<img decoding=\"async\" src=\"https:\/\/www.samnaz.org\/wp-content\/uploads\/2021\/05\/234CC8CD-FCF1-4BEB-988D-26C2EDF07827-150x150.jpeg\" class=\"bdpp-img bdpp-post-feat-img\" alt=\"FALLECE EL REV. COSME GUZMAN\" \/>\r\n\t\t\t\t\t\t\t\t\t<\/a>\r\n\t\t\t<\/div>\r\n\t\t<\/div>\r\n\t\t\r\n\t\t<div class=\"bdpp-col-s-8 bdpp-columns\">\r\n\t\t\t\r\n\t\t\t<div class=\"bdpp-post-content-overlay\">\r\n\t\t\t\t<h4 class=\"bdpp-post-title\">\r\n\t\t\t\t\t<a href=\"https:\/\/www.samnaz.org\/pt\/fallece-el-rev-cosme-guzman\/\">FALLECE EL REV. COSME GUZMAN<\/a>\r\n\t\t\t\t<\/h4>\r\n\r\n\t\t\t\t\t\t\t\t<div class=\"bdpp-post-meta bdpp-post-meta-up\">\r\n\t\t\t\t\t<span class=\"bdpp-post-meta-data bdpp-post-date\"><i class=\"fa fa-clock-o\"><\/i>maio 17, 2021<\/span>\t\t\t\t<\/div>\r\n\t\t\t\t\t\t\t<\/div>\r\n\t\t<\/div>\r\n\t<\/div>\r\n<\/div>\r\n\r\n<div class=\"bdpp-post-gridbox bdpp-post-gridbox-right bdpp-col-2 bdpp-columns bdpp-post-35383 bdpp-post-standard  bdpp-has-thumb\">\r\n\t<div class=\"bdpp-post-grid-content bdpp-clearfix\">\r\n\t\t\t\t<div class=\"bdpp-col-s-4 bdpp-columns\">\r\n\t\t\t<div class=\"bdpp-post-img-bg\">\r\n\t\t\t\t<a href=\"https:\/\/www.samnaz.org\/pt\/rev-daniel-maldonado-1964-2021\/\">\r\n\t\t\t\t\t<img decoding=\"async\" src=\"https:\/\/www.samnaz.org\/wp-content\/uploads\/2021\/05\/DanielMaldonadoMain-150x150.jpeg\" class=\"bdpp-img bdpp-post-feat-img\" alt=\"REV. DANIEL MALDONADO (1964-2021)\" \/>\r\n\t\t\t\t\t\t\t\t\t<\/a>\r\n\t\t\t<\/div>\r\n\t\t<\/div>\r\n\t\t\r\n\t\t<div class=\"bdpp-col-s-8 bdpp-columns\">\r\n\t\t\t\r\n\t\t\t<div class=\"bdpp-post-content-overlay\">\r\n\t\t\t\t<h4 class=\"bdpp-post-title\">\r\n\t\t\t\t\t<a href=\"https:\/\/www.samnaz.org\/pt\/rev-daniel-maldonado-1964-2021\/\">REV. DANIEL MALDONADO (1964-2021)<\/a>\r\n\t\t\t\t<\/h4>\r\n\r\n\t\t\t\t\t\t\t\t<div class=\"bdpp-post-meta bdpp-post-meta-up\">\r\n\t\t\t\t\t<span class=\"bdpp-post-meta-data bdpp-post-date\"><i class=\"fa fa-clock-o\"><\/i>maio 17, 2021<\/span>\t\t\t\t<\/div>\r\n\t\t\t\t\t\t\t<\/div>\r\n\t\t<\/div>\r\n\t<\/div>\r\n<\/div>\r\n\r\n<div class=\"bdpp-post-gridbox bdpp-post-gridbox-right bdpp-col-2 bdpp-columns bdpp-post-35393 bdpp-post-standard  bdpp-has-thumb\">\r\n\t<div class=\"bdpp-post-grid-content bdpp-clearfix\">\r\n\t\t\t\t<div class=\"bdpp-col-s-4 bdpp-columns\">\r\n\t\t\t<div class=\"bdpp-post-img-bg\">\r\n\t\t\t\t<a href=\"https:\/\/www.samnaz.org\/pt\/rev-fernando-sa-nogueira-1935-2021\/\">\r\n\t\t\t\t\t<img decoding=\"async\" src=\"https:\/\/www.samnaz.org\/wp-content\/uploads\/2021\/05\/Rev.-Fernando-Sa\u0301-Nogueira-150x150.jpeg\" class=\"bdpp-img bdpp-post-feat-img\" alt=\"REV. FERNANDO S\u00c1 NOGUEIRA &#8211; (1935-2021)\" \/>\r\n\t\t\t\t\t\t\t\t\t<\/a>\r\n\t\t\t<\/div>\r\n\t\t<\/div>\r\n\t\t\r\n\t\t<div class=\"bdpp-col-s-8 bdpp-columns\">\r\n\t\t\t\r\n\t\t\t<div class=\"bdpp-post-content-overlay\">\r\n\t\t\t\t<h4 class=\"bdpp-post-title\">\r\n\t\t\t\t\t<a href=\"https:\/\/www.samnaz.org\/pt\/rev-fernando-sa-nogueira-1935-2021\/\">REV. FERNANDO S\u00c1 NOGUEIRA &#8211; (1935-2021)<\/a>\r\n\t\t\t\t<\/h4>\r\n\r\n\t\t\t\t\t\t\t\t<div class=\"bdpp-post-meta bdpp-post-meta-up\">\r\n\t\t\t\t\t<span class=\"bdpp-post-meta-data bdpp-post-date\"><i class=\"fa fa-clock-o\"><\/i>maio 11, 2021<\/span>\t\t\t\t<\/div>\r\n\t\t\t\t\t\t\t<\/div>\r\n\t\t<\/div>\r\n\t<\/div>\r\n<\/div>\r\n\r\n<div class=\"bdpp-post-gridbox bdpp-post-gridbox-right bdpp-col-2 bdpp-columns bdpp-post-35423 bdpp-post-standard  bdpp-has-thumb\">\r\n\t<div class=\"bdpp-post-grid-content bdpp-clearfix\">\r\n\t\t\t\t<div class=\"bdpp-col-s-4 bdpp-columns\">\r\n\t\t\t<div class=\"bdpp-post-img-bg\">\r\n\t\t\t\t<a href=\"https:\/\/www.samnaz.org\/pt\/hasta-siempre-rev-enrique-solano-castro-1961-2021\/\">\r\n\t\t\t\t\t<img decoding=\"async\" src=\"https:\/\/www.samnaz.org\/wp-content\/uploads\/2021\/05\/3-e1620262656457-150x150.jpg\" class=\"bdpp-img bdpp-post-feat-img\" alt=\"\u00a1HASTA SIEMPRE! Rev. Enrique Solano Castro (1961 &#8211; 2021)\" \/>\r\n\t\t\t\t\t\t\t\t\t<\/a>\r\n\t\t\t<\/div>\r\n\t\t<\/div>\r\n\t\t\r\n\t\t<div class=\"bdpp-col-s-8 bdpp-columns\">\r\n\t\t\t\r\n\t\t\t<div class=\"bdpp-post-content-overlay\">\r\n\t\t\t\t<h4 class=\"bdpp-post-title\">\r\n\t\t\t\t\t<a href=\"https:\/\/www.samnaz.org\/pt\/hasta-siempre-rev-enrique-solano-castro-1961-2021\/\"><strong>\u00a1HASTA SIEMPRE!<\/strong> Rev. Enrique Solano Castro (1961 &#8211; 2021)<\/a>\r\n\t\t\t\t<\/h4>\r\n\r\n\t\t\t\t\t\t\t\t<div class=\"bdpp-post-meta bdpp-post-meta-up\">\r\n\t\t\t\t\t<span class=\"bdpp-post-meta-data bdpp-post-date\"><i class=\"fa fa-clock-o\"><\/i>maio 5, 2021<\/span>\t\t\t\t<\/div>\r\n\t\t\t\t\t\t\t<\/div>\r\n\t\t<\/div>\r\n\t<\/div>\r\n<\/div>\r\n\r\n<div class=\"bdpp-post-gridbox bdpp-post-gridbox-right bdpp-col-2 bdpp-columns bdpp-post-35768 bdpp-post-standard  bdpp-has-thumb\">\r\n\t<div class=\"bdpp-post-grid-content bdpp-clearfix\">\r\n\t\t\t\t<div class=\"bdpp-col-s-4 bdpp-columns\">\r\n\t\t\t<div class=\"bdpp-post-img-bg\">\r\n\t\t\t\t<a href=\"https:\/\/www.samnaz.org\/pt\/fallecimiento-del-rev-alberto-croce\/\">\r\n\t\t\t\t\t<img decoding=\"async\" src=\"https:\/\/www.samnaz.org\/wp-content\/uploads\/2020\/02\/AlbertoCroce-150x150.jpeg\" class=\"bdpp-img bdpp-post-feat-img\" alt=\"FALLECIMIENTO DEL REV. ALBERTO CROCE\" \/>\r\n\t\t\t\t\t\t\t\t\t<\/a>\r\n\t\t\t<\/div>\r\n\t\t<\/div>\r\n\t\t\r\n\t\t<div class=\"bdpp-col-s-8 bdpp-columns\">\r\n\t\t\t\r\n\t\t\t<div class=\"bdpp-post-content-overlay\">\r\n\t\t\t\t<h4 class=\"bdpp-post-title\">\r\n\t\t\t\t\t<a href=\"https:\/\/www.samnaz.org\/pt\/fallecimiento-del-rev-alberto-croce\/\">MORTE DE REV. ALBERTO CROCE<\/a>\r\n\t\t\t\t<\/h4>\r\n\r\n\t\t\t\t\t\t\t\t<div class=\"bdpp-post-meta bdpp-post-meta-up\">\r\n\t\t\t\t\t<span class=\"bdpp-post-meta-data bdpp-post-date\"><i class=\"fa fa-clock-o\"><\/i>fevereiro 20, 2020<\/span>\t\t\t\t<\/div>\r\n\t\t\t\t\t\t\t<\/div>\r\n\t\t<\/div>\r\n\t<\/div>\r\n<\/div>\r\n\r\n<div class=\"bdpp-post-gridbox bdpp-post-gridbox-right bdpp-col-2 bdpp-columns bdpp-post-35276 bdpp-post-standard  bdpp-has-thumb\">\r\n\t<div class=\"bdpp-post-grid-content bdpp-clearfix\">\r\n\t\t\t\t<div class=\"bdpp-col-s-4 bdpp-columns\">\r\n\t\t\t<div class=\"bdpp-post-img-bg\">\r\n\t\t\t\t<a href=\"https:\/\/www.samnaz.org\/pt\/fallece-superintendente-del-distrito-peru-central\/\">\r\n\t\t\t\t\t<img decoding=\"async\" src=\"https:\/\/www.samnaz.org\/wp-content\/uploads\/2018\/09\/AA29D7D8-E2B1-4B35-A40E-6BE08C43CB43-150x150.jpeg\" class=\"bdpp-img bdpp-post-feat-img\" alt=\"FALLECE SUPERINTENDENTE DEL DISTRITO PER\u00da CENTRAL\" \/>\r\n\t\t\t\t\t\t\t\t\t<\/a>\r\n\t\t\t<\/div>\r\n\t\t<\/div>\r\n\t\t\r\n\t\t<div class=\"bdpp-col-s-8 bdpp-columns\">\r\n\t\t\t\r\n\t\t\t<div class=\"bdpp-post-content-overlay\">\r\n\t\t\t\t<h4 class=\"bdpp-post-title\">\r\n\t\t\t\t\t<a href=\"https:\/\/www.samnaz.org\/pt\/fallece-superintendente-del-distrito-peru-central\/\">SUPERINTENDENTE DO DISTRITO CENTRAL DO PERU MORRE<\/a>\r\n\t\t\t\t<\/h4>\r\n\r\n\t\t\t\t\t\t\t\t<div class=\"bdpp-post-meta bdpp-post-meta-up\">\r\n\t\t\t\t\t<span class=\"bdpp-post-meta-data bdpp-post-date\"><i class=\"fa fa-clock-o\"><\/i>setembro 3, 2018<\/span>\t\t\t\t<\/div>\r\n\t\t\t\t\t\t\t<\/div>\r\n\t\t<\/div>\r\n\t<\/div>\r\n<\/div>\r\n\t<\/div>\r\n\t<\/div>[\/et_pb_code][\/et_pb_column][et_pb_column type=\u00bb1_3&#8243; _builder_version=\u00bb4.16&#8243; _module_preset=\u00bbdefault\u00bb global_colors_info=\u00bb{}\u00bb][et_pb_text _builder_version=\u00bb4.16&#8243; _module_preset=\u00bbdefault\u00bb text_font=\u00bb|700||on|||||\u00bb text_text_color=\u00bb#E02B20&#8243; text_font_size=\u00bb20px\u00bb custom_margin=\u00bb||19px|||\u00bb global_colors_info=\u00bb{}\u00bb]<\/p>\n<p>\u00daLTIMAS NOT\u00cdCIAS<\/p>\n<p>[\/et_pb_text][et_pb_divider color=\u00bb#dbdbdb\u00bb _builder_version=\u00bb4.16&#8243; _module_preset=\u00bbdefault\u00bb custom_margin=\u00bb||3px|||\u00bb global_colors_info=\u00bb{}\u00bb][\/et_pb_divider][et_pb_code _builder_version=\u00bb4.25.1&#8243; _module_preset=\u00bbdefault\u00bb custom_margin=\u00bb10px|||||\u00bb hover_enabled=\u00bb0&#8243; global_colors_info=\u00bb{}\u00bb sticky_enabled=\u00bb0&#8243;]<div id=\"bdpp-post-list-4\" class=\"bdpp-wrap bdpp-lite bdpp-post-list-wrap bdpp-post-data-wrap bdpp-design-1  bdpp-clearfix\">\r\n\t<div class=\"bdpp-post-list-inr-wrap bdpp-post-data-inr-wrap bdpp-clearfix\"><div class=\"bdpp-post-list-main bdpp-post-51057 bdpp-post-standard bdpp-has-thumb\">\r\n\t<div class=\"bdpp-post-list-content bdpp-clearfix\">\r\n\t\t\t\t<div class=\"bdpp-post-list-left bdpp-col-2 bdpp-columns\">\r\n\t\t\t<div class=\"bdpp-post-img-bg\">\r\n\t\t\t\t<a href=\"https:\/\/www.samnaz.org\/pt\/iglesia-del-nazareno-monumental-celebra-la-resurreccion-con-fe-y-gratitud\/\">\r\n\t\t\t\t\t<img decoding=\"async\" src=\"https:\/\/www.samnaz.org\/wp-content\/uploads\/2026\/04\/WhatsApp-Image-2026-04-16-at-2.01.23-PM-1-150x150.jpeg\" class=\"bdpp-img bdpp-post-feat-img\" alt=\"Iglesia del Nazareno Monumental celebra la Resurrecci\u00f3n con F\u00e9 y gratitud.\" \/>\r\n\t\t\t\t\t\t\t\t\t<\/a>\r\n\t\t\t<\/div>\r\n\t\t<\/div>\r\n\t\t\r\n\t\t<div class=\"bdpp-post-list-right bdpp-col-2 bdpp-columns\">\r\n\t\t\t\r\n\t\t\t<h2 class=\"bdpp-post-title\">\r\n\t\t\t\t<a href=\"https:\/\/www.samnaz.org\/pt\/iglesia-del-nazareno-monumental-celebra-la-resurreccion-con-fe-y-gratitud\/\">Iglesia del Nazareno Monumental celebra la Resurrecci\u00f3n con F\u00e9 y gratitud.<\/a>\r\n\t\t\t<\/h2>\r\n\r\n\t\t\t\t\t\t<div class=\"bdpp-post-meta bdpp-post-meta-up\">\r\n\t\t\t\t<span class=\"bdpp-post-meta-data bdpp-post-date\"><i class=\"fa fa-clock-o\"><\/i>abril 23, 2026<\/span>\t\t\t<\/div>\r\n\t\t\t\t\t<\/div>\r\n\t<\/div>\r\n<\/div><div class=\"bdpp-post-list-main bdpp-post-51046 bdpp-post-standard bdpp-has-thumb\">\r\n\t<div class=\"bdpp-post-list-content bdpp-clearfix\">\r\n\t\t\t\t<div class=\"bdpp-post-list-left bdpp-col-2 bdpp-columns\">\r\n\t\t\t<div class=\"bdpp-post-img-bg\">\r\n\t\t\t\t<a href=\"https:\/\/www.samnaz.org\/pt\/mirando-a-los-ninos-como-jesus-los-ve-2\/\">\r\n\t\t\t\t\t<img decoding=\"async\" src=\"https:\/\/www.samnaz.org\/wp-content\/uploads\/2026\/04\/IMG-20220303-WA0026-150x150.jpg\" class=\"bdpp-img bdpp-post-feat-img\" alt=\"Mirando a los ni\u00f1os como Jes\u00fas los ve.\" \/>\r\n\t\t\t\t\t\t\t\t\t<\/a>\r\n\t\t\t<\/div>\r\n\t\t<\/div>\r\n\t\t\r\n\t\t<div class=\"bdpp-post-list-right bdpp-col-2 bdpp-columns\">\r\n\t\t\t\r\n\t\t\t<h2 class=\"bdpp-post-title\">\r\n\t\t\t\t<a href=\"https:\/\/www.samnaz.org\/pt\/mirando-a-los-ninos-como-jesus-los-ve-2\/\">Mirando a los ni\u00f1os como Jes\u00fas los ve.<\/a>\r\n\t\t\t<\/h2>\r\n\r\n\t\t\t\t\t\t<div class=\"bdpp-post-meta bdpp-post-meta-up\">\r\n\t\t\t\t<span class=\"bdpp-post-meta-data bdpp-post-date\"><i class=\"fa fa-clock-o\"><\/i>abril 21, 2026<\/span>\t\t\t<\/div>\r\n\t\t\t\t\t<\/div>\r\n\t<\/div>\r\n<\/div><div class=\"bdpp-post-list-main bdpp-post-51029 bdpp-post-standard bdpp-has-thumb\">\r\n\t<div class=\"bdpp-post-list-content bdpp-clearfix\">\r\n\t\t\t\t<div class=\"bdpp-post-list-left bdpp-col-2 bdpp-columns\">\r\n\t\t\t<div class=\"bdpp-post-img-bg\">\r\n\t\t\t\t<a href=\"https:\/\/www.samnaz.org\/pt\/nace-el-distrito-pantanal-nuevo-distrito-reune-1-726-miembros-en-8-ciudades\/\">\r\n\t\t\t\t\t<img decoding=\"async\" src=\"https:\/\/www.samnaz.org\/wp-content\/uploads\/2026\/04\/IMG_6850-2-150x150.jpg\" class=\"bdpp-img bdpp-post-feat-img\" alt=\"Nace el Distrito Pantanal: Nuevo distrito re\u00fane 1.726 miembros en 8 ciudades.\" \/>\r\n\t\t\t\t\t\t\t\t\t<\/a>\r\n\t\t\t<\/div>\r\n\t\t<\/div>\r\n\t\t\r\n\t\t<div class=\"bdpp-post-list-right bdpp-col-2 bdpp-columns\">\r\n\t\t\t\r\n\t\t\t<h2 class=\"bdpp-post-title\">\r\n\t\t\t\t<a href=\"https:\/\/www.samnaz.org\/pt\/nace-el-distrito-pantanal-nuevo-distrito-reune-1-726-miembros-en-8-ciudades\/\">Nace el Distrito Pantanal: Nuevo distrito re\u00fane 1.726 miembros en 8 ciudades.<\/a>\r\n\t\t\t<\/h2>\r\n\r\n\t\t\t\t\t\t<div class=\"bdpp-post-meta bdpp-post-meta-up\">\r\n\t\t\t\t<span class=\"bdpp-post-meta-data bdpp-post-date\"><i class=\"fa fa-clock-o\"><\/i>abril 17, 2026<\/span>\t\t\t<\/div>\r\n\t\t\t\t\t<\/div>\r\n\t<\/div>\r\n<\/div><div class=\"bdpp-post-list-main bdpp-post-50995 bdpp-post-standard bdpp-has-thumb\">\r\n\t<div class=\"bdpp-post-list-content bdpp-clearfix\">\r\n\t\t\t\t<div class=\"bdpp-post-list-left bdpp-col-2 bdpp-columns\">\r\n\t\t\t<div class=\"bdpp-post-img-bg\">\r\n\t\t\t\t<a href=\"https:\/\/www.samnaz.org\/pt\/congreso-de-misiones-nazarenas-internacionales-chiclayo-2026\/\">\r\n\t\t\t\t\t<img decoding=\"async\" src=\"https:\/\/www.samnaz.org\/wp-content\/uploads\/2026\/03\/11-150x150.jpg\" class=\"bdpp-img bdpp-post-feat-img\" alt=\"CONGRESO DE MISIONES NAZARENAS INTERNACIONALES CHICLAYO 2026\" \/>\r\n\t\t\t\t\t\t\t\t\t<\/a>\r\n\t\t\t<\/div>\r\n\t\t<\/div>\r\n\t\t\r\n\t\t<div class=\"bdpp-post-list-right bdpp-col-2 bdpp-columns\">\r\n\t\t\t\r\n\t\t\t<h2 class=\"bdpp-post-title\">\r\n\t\t\t\t<a href=\"https:\/\/www.samnaz.org\/pt\/congreso-de-misiones-nazarenas-internacionales-chiclayo-2026\/\">CONGRESO DE MISIONES NAZARENAS INTERNACIONALES CHICLAYO 2026<\/a>\r\n\t\t\t<\/h2>\r\n\r\n\t\t\t\t\t\t<div class=\"bdpp-post-meta bdpp-post-meta-up\">\r\n\t\t\t\t<span class=\"bdpp-post-meta-data bdpp-post-date\"><i class=\"fa fa-clock-o\"><\/i>abril 10, 2026<\/span>\t\t\t<\/div>\r\n\t\t\t\t\t<\/div>\r\n\t<\/div>\r\n<\/div>\t<\/div>\r\n\t<\/div>[\/et_pb_code][\/et_pb_column][\/et_pb_row][\/et_pb_section]<\/p>\n<span class=\"et_bloom_bottom_trigger\"><\/span>","protected":false},"excerpt":{"rendered":"<p>CONTENIDO EN ESPA\u00d1OL<\/p>","protected":false},"author":2,"featured_media":0,"parent":0,"menu_order":0,"comment_status":"closed","ping_status":"closed","template":"","meta":{"_et_pb_use_builder":"on","_et_pb_old_content":"","_et_gb_content_width":"","_monsterinsights_skip_tracking":false,"_monsterinsights_sitenote_active":false,"_monsterinsights_sitenote_note":"","_monsterinsights_sitenote_category":0,"_vp_format_video_url":"","_vp_image_focal_point":[],"footnotes":""},"class_list":["post-559","page","type-page","status-publish","hentry"],"yoast_head":"<!-- This site is optimized with the Yoast SEO Premium plugin v23.6 (Yoast SEO v27.5) - https:\/\/yoast.com\/product\/yoast-seo-premium-wordpress\/ -->\n<title>Noticias | Iglesia del Nazareno Am\u00e9rica del Sur samnaz<\/title>\n<meta name=\"description\" content=\"Iglesia del Nazareno Am\u00e9rica del Sur Noticias Iglesia del Nazareno\" \/>\n<meta name=\"robots\" content=\"index, follow, max-snippet:-1, max-image-preview:large, max-video-preview:-1\" \/>\n<link rel=\"canonical\" href=\"https:\/\/www.samnaz.org\/pt\/noticias\/\" \/>\n<meta property=\"og:locale\" content=\"pt_BR\" \/>\n<meta property=\"og:type\" content=\"article\" \/>\n<meta property=\"og:title\" content=\"Noticias\" \/>\n<meta property=\"og:description\" content=\"Noticias\" \/>\n<meta property=\"og:url\" content=\"https:\/\/www.samnaz.org\/pt\/noticias\/\" \/>\n<meta property=\"og:site_name\" content=\"Iglesia del Nazareno Am\u00e9rica del Sur\" \/>\n<meta property=\"article:publisher\" content=\"https:\/\/www.facebook.com\/NazarenoEsp\" \/>\n<meta property=\"article:modified_time\" content=\"2024-06-06T13:37:59+00:00\" \/>\n<meta property=\"og:image\" content=\"https:\/\/www.samnaz.org\/wp-content\/uploads\/2021\/04\/Logo-3-ESP.png\" \/>\n\t<meta property=\"og:image:width\" content=\"1041\" \/>\n\t<meta property=\"og:image:height\" content=\"780\" \/>\n\t<meta property=\"og:image:type\" content=\"image\/png\" \/>\n<meta name=\"twitter:card\" content=\"summary_large_image\" \/>\n<meta name=\"twitter:label1\" content=\"Est. tempo de leitura\" \/>\n\t<meta name=\"twitter:data1\" content=\"4 minutos\" \/>\n<script type=\"application\/ld+json\" class=\"yoast-schema-graph\">{\"@context\":\"https:\\\/\\\/schema.org\",\"@graph\":[{\"@type\":\"WebPage\",\"@id\":\"https:\\\/\\\/www.samnaz.org\\\/noticias\\\/\",\"url\":\"https:\\\/\\\/www.samnaz.org\\\/noticias\\\/\",\"name\":\"Noticias | Iglesia del Nazareno Am\u00e9rica del Sur samnaz\",\"isPartOf\":{\"@id\":\"https:\\\/\\\/www.samnaz.org\\\/#website\"},\"datePublished\":\"2021-02-03T20:51:08+00:00\",\"dateModified\":\"2024-06-06T13:37:59+00:00\",\"description\":\"Iglesia del Nazareno Am\u00e9rica del Sur Noticias Iglesia del Nazareno\",\"inLanguage\":\"pt-BR\",\"potentialAction\":[{\"@type\":\"ReadAction\",\"target\":[\"https:\\\/\\\/www.samnaz.org\\\/noticias\\\/\"]}]},{\"@type\":\"WebSite\",\"@id\":\"https:\\\/\\\/www.samnaz.org\\\/#website\",\"url\":\"https:\\\/\\\/www.samnaz.org\\\/\",\"name\":\"Haciendo Disc\u00edpulos Semejantes a Cristo en las naciones\",\"description\":\"Haciendo disc\u00edpulos semejantes a Cristo en las Naciones\",\"publisher\":{\"@id\":\"https:\\\/\\\/www.samnaz.org\\\/#organization\"},\"alternateName\":\"Viviendo la Gran Comisi\u00f3n\",\"potentialAction\":[{\"@type\":\"SearchAction\",\"target\":{\"@type\":\"EntryPoint\",\"urlTemplate\":\"https:\\\/\\\/www.samnaz.org\\\/?s={search_term_string}\"},\"query-input\":{\"@type\":\"PropertyValueSpecification\",\"valueRequired\":true,\"valueName\":\"search_term_string\"}}],\"inLanguage\":\"pt-BR\"},{\"@type\":\"Organization\",\"@id\":\"https:\\\/\\\/www.samnaz.org\\\/#organization\",\"name\":\"Iglesia del Nazareno Am\u00e9rica del Sur\",\"url\":\"https:\\\/\\\/www.samnaz.org\\\/\",\"logo\":{\"@type\":\"ImageObject\",\"inLanguage\":\"pt-BR\",\"@id\":\"https:\\\/\\\/www.samnaz.org\\\/#\\\/schema\\\/logo\\\/image\\\/\",\"url\":\"https:\\\/\\\/www.samnaz.org\\\/wp-content\\\/uploads\\\/2021\\\/04\\\/Logo-3-ESP.png\",\"contentUrl\":\"https:\\\/\\\/www.samnaz.org\\\/wp-content\\\/uploads\\\/2021\\\/04\\\/Logo-3-ESP.png\",\"width\":1041,\"height\":780,\"caption\":\"Iglesia del Nazareno Am\u00e9rica del Sur\"},\"image\":{\"@id\":\"https:\\\/\\\/www.samnaz.org\\\/#\\\/schema\\\/logo\\\/image\\\/\"},\"sameAs\":[\"https:\\\/\\\/www.facebook.com\\\/NazarenoEsp\",\"https:\\\/\\\/www.instagram.com\\\/nazarenoesp\\\/\"],\"publishingPrinciples\":\"https:\\\/\\\/www.samnaz.org\\\/\"}]}<\/script>\n<!-- \/ Yoast SEO Premium plugin. -->","yoast_head_json":{"title":"Noticias | Iglesia del Nazareno Am\u00e9rica del Sur samnaz","description":"Iglesia del Nazareno Am\u00e9rica del Sur Noticias Iglesia del Nazareno","robots":{"index":"index","follow":"follow","max-snippet":"max-snippet:-1","max-image-preview":"max-image-preview:large","max-video-preview":"max-video-preview:-1"},"canonical":"https:\/\/www.samnaz.org\/pt\/noticias\/","og_locale":"pt_BR","og_type":"article","og_title":"Noticias","og_description":"Noticias","og_url":"https:\/\/www.samnaz.org\/pt\/noticias\/","og_site_name":"Iglesia del Nazareno Am\u00e9rica del Sur","article_publisher":"https:\/\/www.facebook.com\/NazarenoEsp","article_modified_time":"2024-06-06T13:37:59+00:00","og_image":[{"width":1041,"height":780,"url":"https:\/\/www.samnaz.org\/wp-content\/uploads\/2021\/04\/Logo-3-ESP.png","type":"image\/png"}],"twitter_card":"summary_large_image","twitter_misc":{"Est. tempo de leitura":"4 minutos"},"schema":{"@context":"https:\/\/schema.org","@graph":[{"@type":"WebPage","@id":"https:\/\/www.samnaz.org\/noticias\/","url":"https:\/\/www.samnaz.org\/noticias\/","name":"Noticias | Iglesia del Nazareno Am\u00e9rica del Sur samnaz","isPartOf":{"@id":"https:\/\/www.samnaz.org\/#website"},"datePublished":"2021-02-03T20:51:08+00:00","dateModified":"2024-06-06T13:37:59+00:00","description":"Iglesia del Nazareno Am\u00e9rica del Sur Noticias Iglesia del Nazareno","inLanguage":"pt-BR","potentialAction":[{"@type":"ReadAction","target":["https:\/\/www.samnaz.org\/noticias\/"]}]},{"@type":"WebSite","@id":"https:\/\/www.samnaz.org\/#website","url":"https:\/\/www.samnaz.org\/","name":"Haciendo Disc\u00edpulos Semejantes a Cristo en las naciones","description":"Haciendo disc\u00edpulos semejantes a Cristo en las Naciones","publisher":{"@id":"https:\/\/www.samnaz.org\/#organization"},"alternateName":"Viviendo la Gran Comisi\u00f3n","potentialAction":[{"@type":"SearchAction","target":{"@type":"EntryPoint","urlTemplate":"https:\/\/www.samnaz.org\/?s={search_term_string}"},"query-input":{"@type":"PropertyValueSpecification","valueRequired":true,"valueName":"search_term_string"}}],"inLanguage":"pt-BR"},{"@type":"Organization","@id":"https:\/\/www.samnaz.org\/#organization","name":"Iglesia del Nazareno Am\u00e9rica del Sur","url":"https:\/\/www.samnaz.org\/","logo":{"@type":"ImageObject","inLanguage":"pt-BR","@id":"https:\/\/www.samnaz.org\/#\/schema\/logo\/image\/","url":"https:\/\/www.samnaz.org\/wp-content\/uploads\/2021\/04\/Logo-3-ESP.png","contentUrl":"https:\/\/www.samnaz.org\/wp-content\/uploads\/2021\/04\/Logo-3-ESP.png","width":1041,"height":780,"caption":"Iglesia del Nazareno Am\u00e9rica del Sur"},"image":{"@id":"https:\/\/www.samnaz.org\/#\/schema\/logo\/image\/"},"sameAs":["https:\/\/www.facebook.com\/NazarenoEsp","https:\/\/www.instagram.com\/nazarenoesp\/"],"publishingPrinciples":"https:\/\/www.samnaz.org\/"}]}},"_links":{"self":[{"href":"https:\/\/www.samnaz.org\/pt\/wp-json\/wp\/v2\/pages\/559","targetHints":{"allow":["GET"]}}],"collection":[{"href":"https:\/\/www.samnaz.org\/pt\/wp-json\/wp\/v2\/pages"}],"about":[{"href":"https:\/\/www.samnaz.org\/pt\/wp-json\/wp\/v2\/types\/page"}],"author":[{"embeddable":true,"href":"https:\/\/www.samnaz.org\/pt\/wp-json\/wp\/v2\/users\/2"}],"replies":[{"embeddable":true,"href":"https:\/\/www.samnaz.org\/pt\/wp-json\/wp\/v2\/comments?post=559"}],"version-history":[{"count":29,"href":"https:\/\/www.samnaz.org\/pt\/wp-json\/wp\/v2\/pages\/559\/revisions"}],"predecessor-version":[{"id":46311,"href":"https:\/\/www.samnaz.org\/pt\/wp-json\/wp\/v2\/pages\/559\/revisions\/46311"}],"wp:attachment":[{"href":"https:\/\/www.samnaz.org\/pt\/wp-json\/wp\/v2\/media?parent=559"}],"curies":[{"name":"wp","href":"https:\/\/api.w.org\/{rel}","templated":true}]}}